{"id":4813,"date":"2021-05-27T11:34:45","date_gmt":"2021-05-27T09:34:45","guid":{"rendered":"https:\/\/esemineu.ro\/product\/placa-vermiculita-1000x610x30\/"},"modified":"2023-09-04T02:17:49","modified_gmt":"2023-09-03T23:17:49","slug":"szilikikat-tabla-1000x610x30","status":"publish","type":"product","link":"https:\/\/esemineu.ro\/hu\/termek\/szilikikat-tabla-1000x610x30\/","title":{"rendered":"Szilikik\u00e1t t\u00e1bla 1000X610X30"},"content":{"rendered":"<p>Szilikik\u00e1t t\u00e1bla 1000X610X30<\/p>\n<p><span class=\"Y2IQFc\" lang=\"hu\">A Skamol \u00e1ltal gy\u00e1rtott szilikik\u00e1t (vermikulit) t\u00e1bl\u00e1k az \u00e1sv\u00e1nyi alap\u00fa szigetel\u0151lemezek kateg\u00f3ri\u00e1j\u00e1ba tartoznak, amelyek ak\u00e1r 1100 \u00b0 C h\u0151m\u00e9rs\u00e9kletnek is ellen\u00e1llnak. A Skamol t\u00e1bl\u00e1k mechanikai szempontb\u00f3l is nagyon ellen\u00e1ll\u00f3ak \u00e9s nagyon alacsony h\u0151vezet\u0151 k\u00e9pess\u00e9g\u0171ek a h\u0151sokkokkal szemben. Az anyag k\u00f6nnyen feldolgozhat\u00f3 \u00e9s \u00f6sszeszerelhet\u0151, szok\u00e1sos asztalos szersz\u00e1mokkal. <\/span><\/p>\n<p><span class=\"Y2IQFc\" lang=\"hu\">Felhaszn\u00e1l\u00e1si ter\u00fcletek:<\/span><\/p>\n<ul>\n<li><span class=\"Y2IQFc\" lang=\"hu\">k\u00e1lyh\u00e1k \u00e9p\u00edt\u00e9se <\/span><\/li>\n<li><span class=\"Y2IQFc\" lang=\"hu\">kemenc\u00e9k szigetel\u00e9se<\/span><\/li>\n<li><span class=\"Y2IQFc\" lang=\"hu\">pufferek \u00e9s h\u0151t\u00e1rol\u00f3k szigetel\u00e9se <\/span><\/li>\n<li><span class=\"Y2IQFc\" lang=\"hu\">\u00a0kandall\u00f3k \u00e9p\u00edt\u00e9se <\/span><\/li>\n<li><span class=\"Y2IQFc\" lang=\"hu\">kandall\u00f3k b\u00e9lel\u00e9se<\/span><\/li>\n<li><span class=\"Y2IQFc\" lang=\"hu\">k\u00e9m\u00e9nyek szigetel\u00e9se <\/span><\/li>\n<\/ul>\n<p><span class=\"Y2IQFc\" lang=\"hu\">\u00a0M\u00e9retek: 30x610x1000 mm<\/span><\/p>\n<h6><strong>Sz\u00e1ll\u00edt\u00e1s:<\/strong><\/h6>\n<p>Szilikik\u00e1t t\u00e1bla 1000X610X30, a k\u00f6vetkez\u0151 m\u00f3don sz\u00e1ll\u00edtjuk:\u00a0 H\u00e1rom soros f\u00f3li\u00e1ba van csomagolva. L\u00e9gbubor\u00e9kos- \u00e9s sztreccsf\u00f3li\u00e1ba csomagoljuk, majd karton dobozban rakjuk hogy megakad\u00e1lyozzuk b\u00e1rmif\u00e9le s\u00e9r\u00fcl\u00e9s lehet\u0151s\u00e9g\u00e9t. A sz\u00e1ll\u00edt\u00e1si hat\u00e1rid\u0151 Rom\u00e1ni\u00e1ban 2-3 munkanap, Magyarorsz\u00e1g ra az \u00e1tutal\u00e1s ut\u00e1ni 5 munkanap alatt t\u00f6rt\u00e9nik.<\/p>\n<p><strong>Kisz\u00e1ll\u00edtjuk Magyarorsz\u00e1g \u00e9s eg\u00e9sz Eur\u00f3pa szerte<\/strong>.<\/p>\n<p><a href=\"https:\/\/esemineu.ro\/\">eSemineu.ro<\/a>\u00a0 \u00a0Te adod a t\u0171zet mi adjuk a meleget!<\/p>\n","protected":false},"excerpt":{"rendered":"<p>Szilikik\u00e1t t\u00e1bla 1000X610X30 A Skamol \u00e1ltal gy\u00e1rtott szilikik\u00e1t (vermikulit) t\u00e1bl\u00e1k az \u00e1sv\u00e1nyi alap\u00fa szigetel\u0151lemezek kateg\u00f3ri\u00e1j\u00e1ba tartoznak, amelyek ak\u00e1r 1100 \u00b0 C h\u0151m\u00e9rs\u00e9kletnek is ellen\u00e1llnak. A Skamol t\u00e1bl\u00e1k mechanikai szempontb\u00f3l is nagyon ellen\u00e1ll\u00f3ak \u00e9s nagyon alacsony h\u0151vezet\u0151 k\u00e9pess\u00e9g\u0171ek a h\u0151sokkokkal szemben. Az anyag k\u00f6nnyen feldolgozhat\u00f3 \u00e9s \u00f6sszeszerelhet\u0151, szok\u00e1sos asztalos szersz\u00e1mokkal. Felhaszn\u00e1l\u00e1si ter\u00fcletek: k\u00e1lyh\u00e1k \u00e9p\u00edt\u00e9se kemenc\u00e9k szigetel\u00e9se pufferek \u00e9s h\u0151t\u00e1rol\u00f3k szigetel\u00e9se \u00a0kandall\u00f3k \u00e9p\u00edt\u00e9se kandall\u00f3k b\u00e9lel\u00e9se k\u00e9m\u00e9nyek szigetel\u00e9se \u00a0M\u00e9retek: 30x610x1000 mm Sz\u00e1ll\u00edt\u00e1s: Szilikik\u00e1t t\u00e1bla 1000X610X30, a k\u00f6vetkez\u0151 m\u00f3don sz\u00e1ll\u00edtjuk:\u00a0 H\u00e1rom soros f\u00f3li\u00e1ba van csomagolva. L\u00e9gbubor\u00e9kos- \u00e9s sztreccsf\u00f3li\u00e1ba csomagoljuk, majd karton dobozban rakjuk hogy megakad\u00e1lyozzuk b\u00e1rmif\u00e9le s\u00e9r\u00fcl\u00e9s lehet\u0151s\u00e9g\u00e9t. A sz\u00e1ll\u00edt\u00e1si hat\u00e1rid\u0151 Rom\u00e1ni\u00e1ban 2-3 munkanap, Magyarorsz\u00e1g ra az \u00e1tutal\u00e1s ut\u00e1ni 5 munkanap alatt t\u00f6rt\u00e9nik. Kisz\u00e1ll\u00edtjuk Magyarorsz\u00e1g \u00e9s eg\u00e9sz Eur\u00f3pa szerte. eSemineu.ro\u00a0 \u00a0Te adod a t\u0171zet mi adjuk a meleget!<\/p>\n","protected":false},"featured_media":10006,"comment_status":"open","ping_status":"closed","template":"","meta":[],"product_brand":[699],"product_cat":[813],"product_tag":[],"class_list":{"0":"post-4813","1":"product","2":"type-product","3":"status-publish","4":"has-post-thumbnail","6":"product_brand-skamol","7":"product_cat-hoallo-szigetelesek","8":"product_shipping_class-hoallo-szigetelesek","9":"pa_culoare-krem-bezs","10":"pa_material-vermikulit","11":"producer-interceram","13":"first","14":"outofstock","15":"shipping-taxable","16":"purchasable","17":"product-type-simple"},"acf":[],"yoast_head":"<!-- This site is optimized with the Yoast SEO Premium plugin v21.0 (Yoast SEO v27.3) - https:\/\/yoast.com\/product\/yoast-seo-premium-wordpress\/ -->\n<title>Szilikik\u00e1t t\u00e1bla 1000X610X30 | eSemineu.ro<\/title>\n<meta name=\"description\" content=\"Szilikik\u00e1t t\u00e1bla 1000X610X30, fa t\u00fczel\u00e9s\u0171 cser\u00e9pk\u00e1lyha h\u0151\u00e1ll\u00f3 \u00fcveggel. Meg t\u0151bb aj\u00e1nlat\u00e9rt keresse a kandall\u00f3,szigetel\u00e9s, kategori\u00e1t | eSemineu.ro\" \/>\n<meta name=\"robots\" content=\"index, follow, max-snippet:-1, max-image-preview:large, max-video-preview:-1\" \/>\n<link rel=\"canonical\" href=\"https:\/\/esemineu.ro\/hu\/termek\/szilikikat-tabla-1000x610x30\/\" \/>\n<meta property=\"og:locale\" content=\"hu_HU\" \/>\n<meta property=\"og:type\" content=\"article\" \/>\n<meta property=\"og:title\" content=\"Szilikik\u00e1t t\u00e1bla 1000X610X30 | eSemineu.ro\" \/>\n<meta property=\"og:description\" content=\"Szilikik\u00e1t t\u00e1bla 1000X610X30, fa t\u00fczel\u00e9s\u0171 cser\u00e9pk\u00e1lyha h\u0151\u00e1ll\u00f3 \u00fcveggel. Meg t\u0151bb aj\u00e1nlat\u00e9rt keresse a kandall\u00f3,szigetel\u00e9s, kategori\u00e1t | eSemineu.ro\" \/>\n<meta property=\"og:url\" content=\"https:\/\/esemineu.ro\/hu\/termek\/szilikikat-tabla-1000x610x30\/\" \/>\n<meta property=\"og:site_name\" content=\"eSemineu\" \/>\n<meta property=\"article:publisher\" content=\"https:\/\/web.facebook.com\/eSemineu\" \/>\n<meta property=\"article:modified_time\" content=\"2023-09-03T23:17:49+00:00\" \/>\n<meta property=\"og:image\" content=\"https:\/\/esemineu.ro\/wp-content\/uploads\/2023\/09\/Nevtelen-1.jpg\" \/>\n\t<meta property=\"og:image:width\" content=\"1000\" \/>\n\t<meta property=\"og:image:height\" content=\"1000\" \/>\n\t<meta property=\"og:image:type\" content=\"image\/jpeg\" \/>\n<meta name=\"twitter:card\" content=\"summary_large_image\" \/>\n<meta name=\"twitter:label1\" content=\"Becs\u00fclt olvas\u00e1si id\u0151\" \/>\n\t<meta name=\"twitter:data1\" content=\"2 perc\" \/>\n<script type=\"application\/ld+json\" class=\"yoast-schema-graph\">{\"@context\":\"https:\\\/\\\/schema.org\",\"@graph\":[{\"@type\":\"WebPage\",\"@id\":\"https:\\\/\\\/esemineu.ro\\\/hu\\\/termek\\\/szilikikat-tabla-1000x610x30\\\/\",\"url\":\"https:\\\/\\\/esemineu.ro\\\/hu\\\/termek\\\/szilikikat-tabla-1000x610x30\\\/\",\"name\":\"Szilikik\u00e1t t\u00e1bla 1000X610X30 | eSemineu.ro\",\"isPartOf\":{\"@id\":\"https:\\\/\\\/esemineu.ro\\\/hu\\\/#website\"},\"primaryImageOfPage\":{\"@id\":\"https:\\\/\\\/esemineu.ro\\\/hu\\\/termek\\\/szilikikat-tabla-1000x610x30\\\/#primaryimage\"},\"image\":{\"@id\":\"https:\\\/\\\/esemineu.ro\\\/hu\\\/termek\\\/szilikikat-tabla-1000x610x30\\\/#primaryimage\"},\"thumbnailUrl\":\"https:\\\/\\\/esemineu.ro\\\/wp-content\\\/uploads\\\/2023\\\/09\\\/Nevtelen-1.jpg\",\"datePublished\":\"2021-05-27T09:34:45+00:00\",\"dateModified\":\"2023-09-03T23:17:49+00:00\",\"description\":\"Szilikik\u00e1t t\u00e1bla 1000X610X30, fa t\u00fczel\u00e9s\u0171 cser\u00e9pk\u00e1lyha h\u0151\u00e1ll\u00f3 \u00fcveggel. Meg t\u0151bb aj\u00e1nlat\u00e9rt keresse a kandall\u00f3,szigetel\u00e9s, kategori\u00e1t | eSemineu.ro\",\"breadcrumb\":{\"@id\":\"https:\\\/\\\/esemineu.ro\\\/hu\\\/termek\\\/szilikikat-tabla-1000x610x30\\\/#breadcrumb\"},\"inLanguage\":\"hu\",\"potentialAction\":[{\"@type\":\"ReadAction\",\"target\":[\"https:\\\/\\\/esemineu.ro\\\/hu\\\/termek\\\/szilikikat-tabla-1000x610x30\\\/\"]}]},{\"@type\":\"ImageObject\",\"inLanguage\":\"hu\",\"@id\":\"https:\\\/\\\/esemineu.ro\\\/hu\\\/termek\\\/szilikikat-tabla-1000x610x30\\\/#primaryimage\",\"url\":\"https:\\\/\\\/esemineu.ro\\\/wp-content\\\/uploads\\\/2023\\\/09\\\/Nevtelen-1.jpg\",\"contentUrl\":\"https:\\\/\\\/esemineu.ro\\\/wp-content\\\/uploads\\\/2023\\\/09\\\/Nevtelen-1.jpg\",\"width\":1000,\"height\":1000},{\"@type\":\"BreadcrumbList\",\"@id\":\"https:\\\/\\\/esemineu.ro\\\/hu\\\/termek\\\/szilikikat-tabla-1000x610x30\\\/#breadcrumb\",\"itemListElement\":[{\"@type\":\"ListItem\",\"position\":1,\"name\":\"Kezd\u0151lap\",\"item\":\"https:\\\/\\\/esemineu.ro\\\/hu\\\/\"},{\"@type\":\"ListItem\",\"position\":2,\"name\":\"\u00c1ruh\u00e1z\",\"item\":\"https:\\\/\\\/esemineu.ro\\\/hu\\\/aruhaz\\\/\"},{\"@type\":\"ListItem\",\"position\":3,\"name\":\"Szilikik\u00e1t t\u00e1bla 1000X610X30\"}]},{\"@type\":\"WebSite\",\"@id\":\"https:\\\/\\\/esemineu.ro\\\/hu\\\/#website\",\"url\":\"https:\\\/\\\/esemineu.ro\\\/hu\\\/\",\"name\":\"eSemineu\",\"description\":\"\u0218eminee de cea mai \u00eenalt\u0103 calitate\",\"potentialAction\":[{\"@type\":\"SearchAction\",\"target\":{\"@type\":\"EntryPoint\",\"urlTemplate\":\"https:\\\/\\\/esemineu.ro\\\/hu\\\/?s={search_term_string}\"},\"query-input\":{\"@type\":\"PropertyValueSpecification\",\"valueRequired\":true,\"valueName\":\"search_term_string\"}}],\"inLanguage\":\"hu\"}]}<\/script>\n<!-- \/ Yoast SEO Premium plugin. -->","yoast_head_json":{"title":"Szilikik\u00e1t t\u00e1bla 1000X610X30 | eSemineu.ro","description":"Szilikik\u00e1t t\u00e1bla 1000X610X30, fa t\u00fczel\u00e9s\u0171 cser\u00e9pk\u00e1lyha h\u0151\u00e1ll\u00f3 \u00fcveggel. Meg t\u0151bb aj\u00e1nlat\u00e9rt keresse a kandall\u00f3,szigetel\u00e9s, kategori\u00e1t | eSemineu.ro","robots":{"index":"index","follow":"follow","max-snippet":"max-snippet:-1","max-image-preview":"max-image-preview:large","max-video-preview":"max-video-preview:-1"},"canonical":"https:\/\/esemineu.ro\/hu\/termek\/szilikikat-tabla-1000x610x30\/","og_locale":"hu_HU","og_type":"article","og_title":"Szilikik\u00e1t t\u00e1bla 1000X610X30 | eSemineu.ro","og_description":"Szilikik\u00e1t t\u00e1bla 1000X610X30, fa t\u00fczel\u00e9s\u0171 cser\u00e9pk\u00e1lyha h\u0151\u00e1ll\u00f3 \u00fcveggel. Meg t\u0151bb aj\u00e1nlat\u00e9rt keresse a kandall\u00f3,szigetel\u00e9s, kategori\u00e1t | eSemineu.ro","og_url":"https:\/\/esemineu.ro\/hu\/termek\/szilikikat-tabla-1000x610x30\/","og_site_name":"eSemineu","article_publisher":"https:\/\/web.facebook.com\/eSemineu","article_modified_time":"2023-09-03T23:17:49+00:00","og_image":[{"width":1000,"height":1000,"url":"https:\/\/esemineu.ro\/wp-content\/uploads\/2023\/09\/Nevtelen-1.jpg","type":"image\/jpeg"}],"twitter_card":"summary_large_image","twitter_misc":{"Becs\u00fclt olvas\u00e1si id\u0151":"2 perc"},"schema":{"@context":"https:\/\/schema.org","@graph":[{"@type":"WebPage","@id":"https:\/\/esemineu.ro\/hu\/termek\/szilikikat-tabla-1000x610x30\/","url":"https:\/\/esemineu.ro\/hu\/termek\/szilikikat-tabla-1000x610x30\/","name":"Szilikik\u00e1t t\u00e1bla 1000X610X30 | eSemineu.ro","isPartOf":{"@id":"https:\/\/esemineu.ro\/hu\/#website"},"primaryImageOfPage":{"@id":"https:\/\/esemineu.ro\/hu\/termek\/szilikikat-tabla-1000x610x30\/#primaryimage"},"image":{"@id":"https:\/\/esemineu.ro\/hu\/termek\/szilikikat-tabla-1000x610x30\/#primaryimage"},"thumbnailUrl":"https:\/\/esemineu.ro\/wp-content\/uploads\/2023\/09\/Nevtelen-1.jpg","datePublished":"2021-05-27T09:34:45+00:00","dateModified":"2023-09-03T23:17:49+00:00","description":"Szilikik\u00e1t t\u00e1bla 1000X610X30, fa t\u00fczel\u00e9s\u0171 cser\u00e9pk\u00e1lyha h\u0151\u00e1ll\u00f3 \u00fcveggel. Meg t\u0151bb aj\u00e1nlat\u00e9rt keresse a kandall\u00f3,szigetel\u00e9s, kategori\u00e1t | eSemineu.ro","breadcrumb":{"@id":"https:\/\/esemineu.ro\/hu\/termek\/szilikikat-tabla-1000x610x30\/#breadcrumb"},"inLanguage":"hu","potentialAction":[{"@type":"ReadAction","target":["https:\/\/esemineu.ro\/hu\/termek\/szilikikat-tabla-1000x610x30\/"]}]},{"@type":"ImageObject","inLanguage":"hu","@id":"https:\/\/esemineu.ro\/hu\/termek\/szilikikat-tabla-1000x610x30\/#primaryimage","url":"https:\/\/esemineu.ro\/wp-content\/uploads\/2023\/09\/Nevtelen-1.jpg","contentUrl":"https:\/\/esemineu.ro\/wp-content\/uploads\/2023\/09\/Nevtelen-1.jpg","width":1000,"height":1000},{"@type":"BreadcrumbList","@id":"https:\/\/esemineu.ro\/hu\/termek\/szilikikat-tabla-1000x610x30\/#breadcrumb","itemListElement":[{"@type":"ListItem","position":1,"name":"Kezd\u0151lap","item":"https:\/\/esemineu.ro\/hu\/"},{"@type":"ListItem","position":2,"name":"\u00c1ruh\u00e1z","item":"https:\/\/esemineu.ro\/hu\/aruhaz\/"},{"@type":"ListItem","position":3,"name":"Szilikik\u00e1t t\u00e1bla 1000X610X30"}]},{"@type":"WebSite","@id":"https:\/\/esemineu.ro\/hu\/#website","url":"https:\/\/esemineu.ro\/hu\/","name":"eSemineu","description":"\u0218eminee de cea mai \u00eenalt\u0103 calitate","potentialAction":[{"@type":"SearchAction","target":{"@type":"EntryPoint","urlTemplate":"https:\/\/esemineu.ro\/hu\/?s={search_term_string}"},"query-input":{"@type":"PropertyValueSpecification","valueRequired":true,"valueName":"search_term_string"}}],"inLanguage":"hu"}]}},"_links":{"self":[{"href":"https:\/\/esemineu.ro\/hu\/wp-json\/wp\/v2\/product\/4813","targetHints":{"allow":["GET"]}}],"collection":[{"href":"https:\/\/esemineu.ro\/hu\/wp-json\/wp\/v2\/product"}],"about":[{"href":"https:\/\/esemineu.ro\/hu\/wp-json\/wp\/v2\/types\/product"}],"replies":[{"embeddable":true,"href":"https:\/\/esemineu.ro\/hu\/wp-json\/wp\/v2\/comments?post=4813"}],"wp:featuredmedia":[{"embeddable":true,"href":"https:\/\/esemineu.ro\/hu\/wp-json\/wp\/v2\/media\/10006"}],"wp:attachment":[{"href":"https:\/\/esemineu.ro\/hu\/wp-json\/wp\/v2\/media?parent=4813"}],"wp:term":[{"taxonomy":"product_brand","embeddable":true,"href":"https:\/\/esemineu.ro\/hu\/wp-json\/wp\/v2\/product_brand?post=4813"},{"taxonomy":"product_cat","embeddable":true,"href":"https:\/\/esemineu.ro\/hu\/wp-json\/wp\/v2\/product_cat?post=4813"},{"taxonomy":"product_tag","embeddable":true,"href":"https:\/\/esemineu.ro\/hu\/wp-json\/wp\/v2\/product_tag?post=4813"}],"curies":[{"name":"wp","href":"https:\/\/api.w.org\/{rel}","templated":true}]}}