{"id":4733,"date":"2021-09-13T11:11:11","date_gmt":"2021-09-13T09:11:11","guid":{"rendered":"https:\/\/esemineu.ro\/product\/soba-de-teracota-romane-sieben\/"},"modified":"2023-08-28T17:37:32","modified_gmt":"2023-08-28T14:37:32","slug":"romane-sieben-csempekalyha","status":"publish","type":"product","link":"https:\/\/esemineu.ro\/hu\/termek\/romane-sieben-csempekalyha\/","title":{"rendered":"Romane &#8222;Sieben&#8221; csempek\u00e1lyha"},"content":{"rendered":"<p>Romane &#8222;Sieben&#8221; csempek\u00e1lyha<\/p>\n<h5>1906 \u00f3ta , A medgyesi csempe gy\u00e1rban minden csemp\u00e9t\u00a0 k\u00e9zzel k\u00e9szit\u00fcnk,\u00e9getjuk \u00e9s festj\u00fck.<\/h5>\n<p><iframe title=\"TERACOTA\" src=\"https:\/\/player.vimeo.com\/video\/394114536?dnt=1&amp;app_id=122963\" width=\"500\" height=\"281\" frameborder=\"0\" allow=\"autoplay; fullscreen; picture-in-picture; clipboard-write\"><\/iframe><\/p>\n<p>&nbsp;<\/p>\n<p>Vil\u00e1gosbarna csempe k\u00e9zzel festett feh\u00e9r es piros virag mint\u00e1val<\/p>\n<p>A mai\u00a0cser\u00e9pk\u00e1lyh\u00e1k\u00a0\u0151s\u00e9t a\u00a0<a href=\"https:\/\/hu.wikipedia.org\/wiki\/12._sz%C3%A1zad\">12<\/a>&#8211;<a href=\"https:\/\/hu.wikipedia.org\/wiki\/13._sz%C3%A1zad\">13. sz\u00e1zadban<\/a>\u00a0<a href=\"https:\/\/hu.wikipedia.org\/wiki\/N%C3%A9metek\">n\u00e9met<\/a>\u00a0\u00e9s\u00a0<a href=\"https:\/\/hu.wikipedia.org\/wiki\/Sv%C3%A1jc\">sv\u00e1jci<\/a>\u00a0mesteremberek folyamatos k\u00eds\u00e9rletez\u00e9s eredm\u00e9nyek\u00e9ppen \u00e9p\u00edtett\u00e9k fel el\u0151sz\u00f6r. Kezdetben a t\u00f6bbc\u00e9l\u00fa\u00a0<a href=\"https:\/\/hu.wikipedia.org\/wiki\/Kemence_(%C3%A9p%C3%ADtm%C3%A9ny)\">kemenc\u00e9khez<\/a>\u00a0hasonl\u00f3an agyagb\u00f3l k\u00e9sz\u00fclt k\u00e1lyh\u00e1k fal\u00e1ra\u00a0<a href=\"https:\/\/hu.wikipedia.org\/wiki\/S%C3%A1rk%C3%B6zi_ker%C3%A1mia\">cser\u00e9pt\u00e1ny\u00e9rokat<\/a>\u00a0tapasztottak, ami jobban megtartotta a meleget, \u00e9s ezzel n\u00f6velt\u00e9k a f\u0171t\u0151teljes\u00edtm\u00e9nyt. K\u00e9s\u0151bb k\u00fcl\u00f6n erre a c\u00e9lra kifejlesztett k\u00e1lyhaszemekb\u0151l \u2013 amelyek a mai \u00e9getett\u00a0<a href=\"https:\/\/hu.wikipedia.org\/wiki\/Ker%C3%A1mia\">ker\u00e1mi\u00e1b\u00f3l<\/a>\u00a0k\u00e9sz\u00fclt k\u00e1lyhacsemp\u00e9k el\u0151dei voltak \u2013 \u00e9p\u00edtett\u00e9k a\u00a0<a href=\"https:\/\/hu.wikipedia.org\/wiki\/K%C3%A1lyha\">k\u00e1lyh\u00e1kat<\/a>. Hallatlan n\u00e9pszer\u0171s\u00e9ge k\u00f6vetkezt\u00e9ben hihetetlen\u00fcl gazdag forma- \u00e9s sz\u00ednvil\u00e1ga alakult ki a cser\u00e9pk\u00e1lyh\u00e1knak \u00e9s a kandall\u00f3knak.<br \/>\nNapjainkban \u00fajra\u00a0<a href=\"https:\/\/hu.wikipedia.org\/wiki\/Renesz%C3%A1nsz\">renesz\u00e1nsz\u00e1t<\/a>\u00a0\u00e9li ez az \u0151si mesters\u00e9g, a hagyom\u00e1nyos form\u00e1k mellett egyre sz\u00ednesebb, d\u00edszesebb \u00e9s profilosabb elk\u00e9pzel\u00e9seket val\u00f3s\u00edtva meg.<\/p>\n","protected":false},"excerpt":{"rendered":"<p>Romane &#8222;Sieben&#8221; csempek\u00e1lyha 1906 \u00f3ta , A medgyesi csempe gy\u00e1rban minden csemp\u00e9t\u00a0 k\u00e9zzel k\u00e9szit\u00fcnk,\u00e9getjuk \u00e9s festj\u00fck. &nbsp; Vil\u00e1gosbarna csempe k\u00e9zzel festett feh\u00e9r es piros virag mint\u00e1val A mai\u00a0cser\u00e9pk\u00e1lyh\u00e1k\u00a0\u0151s\u00e9t a\u00a012&#8211;13. sz\u00e1zadban\u00a0n\u00e9met\u00a0\u00e9s\u00a0sv\u00e1jci\u00a0mesteremberek folyamatos k\u00eds\u00e9rletez\u00e9s eredm\u00e9nyek\u00e9ppen \u00e9p\u00edtett\u00e9k fel el\u0151sz\u00f6r. Kezdetben a t\u00f6bbc\u00e9l\u00fa\u00a0kemenc\u00e9khez\u00a0hasonl\u00f3an agyagb\u00f3l k\u00e9sz\u00fclt k\u00e1lyh\u00e1k fal\u00e1ra\u00a0cser\u00e9pt\u00e1ny\u00e9rokat\u00a0tapasztottak, ami jobban megtartotta a meleget, \u00e9s ezzel n\u00f6velt\u00e9k a f\u0171t\u0151teljes\u00edtm\u00e9nyt. K\u00e9s\u0151bb k\u00fcl\u00f6n erre a c\u00e9lra kifejlesztett k\u00e1lyhaszemekb\u0151l \u2013 amelyek a mai \u00e9getett\u00a0ker\u00e1mi\u00e1b\u00f3l\u00a0k\u00e9sz\u00fclt k\u00e1lyhacsemp\u00e9k el\u0151dei voltak \u2013 \u00e9p\u00edtett\u00e9k a\u00a0k\u00e1lyh\u00e1kat. Hallatlan n\u00e9pszer\u0171s\u00e9ge k\u00f6vetkezt\u00e9ben hihetetlen\u00fcl gazdag forma- \u00e9s sz\u00ednvil\u00e1ga alakult ki a cser\u00e9pk\u00e1lyh\u00e1knak \u00e9s a kandall\u00f3knak. Napjainkban \u00fajra\u00a0renesz\u00e1nsz\u00e1t\u00a0\u00e9li ez az \u0151si mesters\u00e9g, a hagyom\u00e1nyos form\u00e1k mellett egyre sz\u00ednesebb, d\u00edszesebb \u00e9s profilosabb elk\u00e9pzel\u00e9seket val\u00f3s\u00edtva meg.<\/p>\n","protected":false},"featured_media":10680,"comment_status":"open","ping_status":"closed","template":"","meta":[],"product_brand":[704],"product_cat":[24],"product_tag":[],"class_list":{"0":"post-4733","1":"product","2":"type-product","3":"status-publish","4":"has-post-thumbnail","6":"product_brand-sn-deco-group","7":"product_cat-kategoria-nelkul","8":"product_shipping_class-csempekalyhak","9":"pa_combustibil-utilizat-fa","10":"pa_diametru-racordului-la-cos-120-mm-hu","11":"pa_eficienta-70-hu","12":"pa_material-exterior-ontveny-labak-ajtok-fozolap-teto-es-fustcso-kivezetes-hu","13":"pa_material-interior-csempe-tegla","14":"pa_putere-9-kw-hu","15":"pa_randuri-teracota-4-hu","16":"pa_suprafata-maxima-mc-60-hu","17":"producer-sn-deco-group","19":"first","20":"outofstock","21":"featured","22":"shipping-taxable","23":"purchasable","24":"product-type-simple"},"acf":[],"yoast_head":"<!-- This site is optimized with the Yoast SEO Premium plugin v21.0 (Yoast SEO v27.3) - https:\/\/yoast.com\/product\/yoast-seo-premium-wordpress\/ -->\n<title>Romane &quot;Sieben&quot; csempek\u00e1lyha I eSemineu.ro<\/title>\n<meta name=\"description\" content=\"Romane &quot;Sieben&quot; csempek\u00e1lyha. Melegit\u0151 csempe, \u0151ntveny l\u00e1bakkal \u00e9s bel\u00e1that\u00f3 t\u00fczt\u00e9rrel. Te rakod a t\u00fczet mi adjuk a meleget\" \/>\n<meta name=\"robots\" content=\"index, follow, max-snippet:-1, max-image-preview:large, max-video-preview:-1\" \/>\n<link rel=\"canonical\" href=\"https:\/\/esemineu.ro\/hu\/termek\/romane-sieben-csempekalyha\/\" \/>\n<meta property=\"og:locale\" content=\"hu_HU\" \/>\n<meta property=\"og:type\" content=\"article\" \/>\n<meta property=\"og:title\" content=\"Romane &quot;Sieben&quot; csempek\u00e1lyha I eSemineu.ro\" \/>\n<meta property=\"og:description\" content=\"Romane &quot;Sieben&quot; csempek\u00e1lyha. Melegit\u0151 csempe, \u0151ntveny l\u00e1bakkal \u00e9s bel\u00e1that\u00f3 t\u00fczt\u00e9rrel. Te rakod a t\u00fczet mi adjuk a meleget\" \/>\n<meta property=\"og:url\" content=\"https:\/\/esemineu.ro\/hu\/termek\/romane-sieben-csempekalyha\/\" \/>\n<meta property=\"og:site_name\" content=\"eSemineu\" \/>\n<meta property=\"article:publisher\" content=\"https:\/\/web.facebook.com\/eSemineu\" \/>\n<meta property=\"article:modified_time\" content=\"2023-08-28T14:37:32+00:00\" \/>\n<meta property=\"og:image\" content=\"https:\/\/esemineu.ro\/wp-content\/uploads\/2023\/09\/Front-27.jpg\" \/>\n\t<meta property=\"og:image:width\" content=\"1000\" \/>\n\t<meta property=\"og:image:height\" content=\"1000\" \/>\n\t<meta property=\"og:image:type\" content=\"image\/jpeg\" \/>\n<meta name=\"twitter:card\" content=\"summary_large_image\" \/>\n<meta name=\"twitter:label1\" content=\"Becs\u00fclt olvas\u00e1si id\u0151\" \/>\n\t<meta name=\"twitter:data1\" content=\"1 perc\" \/>\n<script type=\"application\/ld+json\" class=\"yoast-schema-graph\">{\"@context\":\"https:\\\/\\\/schema.org\",\"@graph\":[{\"@type\":\"WebPage\",\"@id\":\"https:\\\/\\\/esemineu.ro\\\/hu\\\/termek\\\/romane-sieben-csempekalyha\\\/\",\"url\":\"https:\\\/\\\/esemineu.ro\\\/hu\\\/termek\\\/romane-sieben-csempekalyha\\\/\",\"name\":\"Romane \\\"Sieben\\\" csempek\u00e1lyha I eSemineu.ro\",\"isPartOf\":{\"@id\":\"https:\\\/\\\/esemineu.ro\\\/hu\\\/#website\"},\"primaryImageOfPage\":{\"@id\":\"https:\\\/\\\/esemineu.ro\\\/hu\\\/termek\\\/romane-sieben-csempekalyha\\\/#primaryimage\"},\"image\":{\"@id\":\"https:\\\/\\\/esemineu.ro\\\/hu\\\/termek\\\/romane-sieben-csempekalyha\\\/#primaryimage\"},\"thumbnailUrl\":\"https:\\\/\\\/esemineu.ro\\\/wp-content\\\/uploads\\\/2023\\\/09\\\/Front-27.jpg\",\"datePublished\":\"2021-09-13T09:11:11+00:00\",\"dateModified\":\"2023-08-28T14:37:32+00:00\",\"description\":\"Romane \\\"Sieben\\\" csempek\u00e1lyha. Melegit\u0151 csempe, \u0151ntveny l\u00e1bakkal \u00e9s bel\u00e1that\u00f3 t\u00fczt\u00e9rrel. Te rakod a t\u00fczet mi adjuk a meleget\",\"breadcrumb\":{\"@id\":\"https:\\\/\\\/esemineu.ro\\\/hu\\\/termek\\\/romane-sieben-csempekalyha\\\/#breadcrumb\"},\"inLanguage\":\"hu\",\"potentialAction\":[{\"@type\":\"ReadAction\",\"target\":[\"https:\\\/\\\/esemineu.ro\\\/hu\\\/termek\\\/romane-sieben-csempekalyha\\\/\"]}]},{\"@type\":\"ImageObject\",\"inLanguage\":\"hu\",\"@id\":\"https:\\\/\\\/esemineu.ro\\\/hu\\\/termek\\\/romane-sieben-csempekalyha\\\/#primaryimage\",\"url\":\"https:\\\/\\\/esemineu.ro\\\/wp-content\\\/uploads\\\/2023\\\/09\\\/Front-27.jpg\",\"contentUrl\":\"https:\\\/\\\/esemineu.ro\\\/wp-content\\\/uploads\\\/2023\\\/09\\\/Front-27.jpg\",\"width\":1000,\"height\":1000},{\"@type\":\"BreadcrumbList\",\"@id\":\"https:\\\/\\\/esemineu.ro\\\/hu\\\/termek\\\/romane-sieben-csempekalyha\\\/#breadcrumb\",\"itemListElement\":[{\"@type\":\"ListItem\",\"position\":1,\"name\":\"Kezd\u0151lap\",\"item\":\"https:\\\/\\\/esemineu.ro\\\/hu\\\/\"},{\"@type\":\"ListItem\",\"position\":2,\"name\":\"\u00c1ruh\u00e1z\",\"item\":\"https:\\\/\\\/esemineu.ro\\\/hu\\\/aruhaz\\\/\"},{\"@type\":\"ListItem\",\"position\":3,\"name\":\"Romane &#8222;Sieben&#8221; csempek\u00e1lyha\"}]},{\"@type\":\"WebSite\",\"@id\":\"https:\\\/\\\/esemineu.ro\\\/hu\\\/#website\",\"url\":\"https:\\\/\\\/esemineu.ro\\\/hu\\\/\",\"name\":\"eSemineu\",\"description\":\"\u0218eminee de cea mai \u00eenalt\u0103 calitate\",\"potentialAction\":[{\"@type\":\"SearchAction\",\"target\":{\"@type\":\"EntryPoint\",\"urlTemplate\":\"https:\\\/\\\/esemineu.ro\\\/hu\\\/?s={search_term_string}\"},\"query-input\":{\"@type\":\"PropertyValueSpecification\",\"valueRequired\":true,\"valueName\":\"search_term_string\"}}],\"inLanguage\":\"hu\"}]}<\/script>\n<!-- \/ Yoast SEO Premium plugin. -->","yoast_head_json":{"title":"Romane \"Sieben\" csempek\u00e1lyha I eSemineu.ro","description":"Romane \"Sieben\" csempek\u00e1lyha. Melegit\u0151 csempe, \u0151ntveny l\u00e1bakkal \u00e9s bel\u00e1that\u00f3 t\u00fczt\u00e9rrel. Te rakod a t\u00fczet mi adjuk a meleget","robots":{"index":"index","follow":"follow","max-snippet":"max-snippet:-1","max-image-preview":"max-image-preview:large","max-video-preview":"max-video-preview:-1"},"canonical":"https:\/\/esemineu.ro\/hu\/termek\/romane-sieben-csempekalyha\/","og_locale":"hu_HU","og_type":"article","og_title":"Romane \"Sieben\" csempek\u00e1lyha I eSemineu.ro","og_description":"Romane \"Sieben\" csempek\u00e1lyha. Melegit\u0151 csempe, \u0151ntveny l\u00e1bakkal \u00e9s bel\u00e1that\u00f3 t\u00fczt\u00e9rrel. Te rakod a t\u00fczet mi adjuk a meleget","og_url":"https:\/\/esemineu.ro\/hu\/termek\/romane-sieben-csempekalyha\/","og_site_name":"eSemineu","article_publisher":"https:\/\/web.facebook.com\/eSemineu","article_modified_time":"2023-08-28T14:37:32+00:00","og_image":[{"width":1000,"height":1000,"url":"https:\/\/esemineu.ro\/wp-content\/uploads\/2023\/09\/Front-27.jpg","type":"image\/jpeg"}],"twitter_card":"summary_large_image","twitter_misc":{"Becs\u00fclt olvas\u00e1si id\u0151":"1 perc"},"schema":{"@context":"https:\/\/schema.org","@graph":[{"@type":"WebPage","@id":"https:\/\/esemineu.ro\/hu\/termek\/romane-sieben-csempekalyha\/","url":"https:\/\/esemineu.ro\/hu\/termek\/romane-sieben-csempekalyha\/","name":"Romane \"Sieben\" csempek\u00e1lyha I eSemineu.ro","isPartOf":{"@id":"https:\/\/esemineu.ro\/hu\/#website"},"primaryImageOfPage":{"@id":"https:\/\/esemineu.ro\/hu\/termek\/romane-sieben-csempekalyha\/#primaryimage"},"image":{"@id":"https:\/\/esemineu.ro\/hu\/termek\/romane-sieben-csempekalyha\/#primaryimage"},"thumbnailUrl":"https:\/\/esemineu.ro\/wp-content\/uploads\/2023\/09\/Front-27.jpg","datePublished":"2021-09-13T09:11:11+00:00","dateModified":"2023-08-28T14:37:32+00:00","description":"Romane \"Sieben\" csempek\u00e1lyha. Melegit\u0151 csempe, \u0151ntveny l\u00e1bakkal \u00e9s bel\u00e1that\u00f3 t\u00fczt\u00e9rrel. Te rakod a t\u00fczet mi adjuk a meleget","breadcrumb":{"@id":"https:\/\/esemineu.ro\/hu\/termek\/romane-sieben-csempekalyha\/#breadcrumb"},"inLanguage":"hu","potentialAction":[{"@type":"ReadAction","target":["https:\/\/esemineu.ro\/hu\/termek\/romane-sieben-csempekalyha\/"]}]},{"@type":"ImageObject","inLanguage":"hu","@id":"https:\/\/esemineu.ro\/hu\/termek\/romane-sieben-csempekalyha\/#primaryimage","url":"https:\/\/esemineu.ro\/wp-content\/uploads\/2023\/09\/Front-27.jpg","contentUrl":"https:\/\/esemineu.ro\/wp-content\/uploads\/2023\/09\/Front-27.jpg","width":1000,"height":1000},{"@type":"BreadcrumbList","@id":"https:\/\/esemineu.ro\/hu\/termek\/romane-sieben-csempekalyha\/#breadcrumb","itemListElement":[{"@type":"ListItem","position":1,"name":"Kezd\u0151lap","item":"https:\/\/esemineu.ro\/hu\/"},{"@type":"ListItem","position":2,"name":"\u00c1ruh\u00e1z","item":"https:\/\/esemineu.ro\/hu\/aruhaz\/"},{"@type":"ListItem","position":3,"name":"Romane &#8222;Sieben&#8221; csempek\u00e1lyha"}]},{"@type":"WebSite","@id":"https:\/\/esemineu.ro\/hu\/#website","url":"https:\/\/esemineu.ro\/hu\/","name":"eSemineu","description":"\u0218eminee de cea mai \u00eenalt\u0103 calitate","potentialAction":[{"@type":"SearchAction","target":{"@type":"EntryPoint","urlTemplate":"https:\/\/esemineu.ro\/hu\/?s={search_term_string}"},"query-input":{"@type":"PropertyValueSpecification","valueRequired":true,"valueName":"search_term_string"}}],"inLanguage":"hu"}]}},"_links":{"self":[{"href":"https:\/\/esemineu.ro\/hu\/wp-json\/wp\/v2\/product\/4733","targetHints":{"allow":["GET"]}}],"collection":[{"href":"https:\/\/esemineu.ro\/hu\/wp-json\/wp\/v2\/product"}],"about":[{"href":"https:\/\/esemineu.ro\/hu\/wp-json\/wp\/v2\/types\/product"}],"replies":[{"embeddable":true,"href":"https:\/\/esemineu.ro\/hu\/wp-json\/wp\/v2\/comments?post=4733"}],"wp:featuredmedia":[{"embeddable":true,"href":"https:\/\/esemineu.ro\/hu\/wp-json\/wp\/v2\/media\/10680"}],"wp:attachment":[{"href":"https:\/\/esemineu.ro\/hu\/wp-json\/wp\/v2\/media?parent=4733"}],"wp:term":[{"taxonomy":"product_brand","embeddable":true,"href":"https:\/\/esemineu.ro\/hu\/wp-json\/wp\/v2\/product_brand?post=4733"},{"taxonomy":"product_cat","embeddable":true,"href":"https:\/\/esemineu.ro\/hu\/wp-json\/wp\/v2\/product_cat?post=4733"},{"taxonomy":"product_tag","embeddable":true,"href":"https:\/\/esemineu.ro\/hu\/wp-json\/wp\/v2\/product_tag?post=4733"}],"curies":[{"name":"wp","href":"https:\/\/api.w.org\/{rel}","templated":true}]}}