{"id":4707,"date":"2021-12-05T19:47:02","date_gmt":"2021-12-05T16:47:02","guid":{"rendered":"https:\/\/esemineu.ro\/product\/boiler-otel-pe-lemne-120l-premium-fm-fara-focar\/"},"modified":"2025-10-09T19:04:19","modified_gmt":"2025-10-09T17:04:19","slug":"acel-fatuzelesu-bojler-120l-tuzter-nelkul","status":"publish","type":"product","link":"https:\/\/esemineu.ro\/hu\/termek\/acel-fatuzelesu-bojler-120l-tuzter-nelkul\/","title":{"rendered":"Ac\u00e9l Fat\u00fczel\u00e9s\u0171 Bojler 120L, T\u0171zt\u00e9r n\u00e9lk\u00fcl"},"content":{"rendered":"<p>Ac\u00e9l Fat\u00fczel\u00e9s\u0171 Bojler 120L<\/p>\n<p>Fedezze fel az <strong>esemineu.ro<\/strong> oldalon az <strong>FM \u00e1ltal gy\u00e1rtott Ac\u00e9l boiler 120L-t<\/strong>, amely kiv\u00e1l\u00f3 megold\u00e1st k\u00edn\u00e1l a melegv\u00edz-sz\u00fcks\u00e9glet kiel\u00e9g\u00edt\u00e9s\u00e9re minden h\u00e1ztart\u00e1sban. Ez a term\u00e9k <strong>40 \u00d7 40 \u00d7 115 cm-es m\u00e9reteivel<\/strong> jelent\u0151s <strong>120 literes kapacit\u00e1st<\/strong> biztos\u00edt, elegend\u0151 mennyis\u00e9g\u0171 meleg vizet garant\u00e1lva az \u00d6n sz\u00e1m\u00e1ra \u00e9s csal\u00e1dja sz\u00e1m\u00e1ra.<\/p>\n<p><strong>7,5 kW teljes\u00edtm\u00e9ny\u00e9vel<\/strong> ez a boiler gyors \u00e9s hat\u00e9kony v\u00edzmeleg\u00edt\u00e9st k\u00edn\u00e1l, mik\u00f6zben az <strong>ac\u00e9lb\u00f3l k\u00e9sz\u00fclt 3 mm vastags\u00e1g\u00fa anyaga<\/strong> hossz\u00fa t\u00e1v\u00fa tart\u00f3ss\u00e1got \u00e9s ellen\u00e1ll\u00f3 k\u00e9pess\u00e9get biztos\u00edt. A <strong>120 mm \u00e1tm\u00e9r\u0151j\u0171 k\u00e9m\u00e9ny csatlakoz\u00e1s<\/strong> lehet\u0151v\u00e9 teszi a k\u00f6nny\u0171 telep\u00edt\u00e9st \u00e9s a z\u00f6kken\u0151mentes integr\u00e1ci\u00f3t a megl\u00e9v\u0151 rendszerekbe.<\/p>\n<p>A <strong>maxim\u00e1lis 3 bar \u00fczemi nyom\u00e1s<\/strong> \u00e9s a <strong>be\u00e1ll\u00edthat\u00f3 maxim\u00e1lis h\u0151m\u00e9rs\u00e9klet<\/strong> gondoskodik a boiler biztons\u00e1gos \u00e9s hat\u00e9kony m\u0171k\u00f6d\u00e9s\u00e9r\u0151l minden k\u00f6r\u00fclm\u00e9nyek k\u00f6z\u00f6tt. Tov\u00e1bb\u00e1, a <strong>2 \u00e9v garancia<\/strong> hossz\u00fa t\u00e1v\u00fa nyugalomra ad lehet\u0151s\u00e9get, bizony\u00edtva az FM elk\u00f6telezetts\u00e9g\u00e9t a min\u0151s\u00e9g \u00e9s a megb\u00edzhat\u00f3s\u00e1g ir\u00e1nt.<\/p>\n<p>V\u00e1lassza az <strong>Ac\u00e9l boiler 120L-t az FM-t\u0151l<\/strong>, ha egy megb\u00edzhat\u00f3, energiatakar\u00e9kos \u00e9s hosszan tart\u00f3 megold\u00e1st keres a melegv\u00edz-ell\u00e1t\u00e1sra. Az <strong>esemineu.ro<\/strong> k\u00edn\u00e1lata egy olyan term\u00e9ket tartalmaz, amely nem csup\u00e1n a napi haszn\u00e1lati ig\u00e9nyeket el\u00e9g\u00edti ki, hanem egyben hozz\u00e1j\u00e1rul otthona k\u00e9nyelm\u00e9hez \u00e9s fenntarthat\u00f3s\u00e1g\u00e1hoz is.<\/p>\n<h4>Aj\u00e1nl\u00e1s a maxim\u00e1lis hat\u00e1sfok el\u00e9r\u00e9s\u00e9hez:<\/h4>\n<p>Az \u00e9g\u00e9s sor\u00e1n aj\u00e1nljuk, hogy tartsa az hamuz\u00f3 ajtaj\u00e1t legal\u00e1bb egy ujjnyira nyitva, hogy legyen megfelel\u0151 huzat. Miut\u00e1n a t\u0171z lelohadt, z\u00e1rja be az hamuz\u00f3t, hogy ne \u00e1ramoljon leveg\u0151 a k\u00e1lyh\u00e1ba \u00e9s a h\u0151 min\u00e9l hosszabb ideig megmaradjon. Ez el\u0151seg\u00edti az \u00e9g\u00e9si folyamat hat\u00e9konys\u00e1g\u00e1t \u00e9s a h\u0151m\u00e9rs\u00e9klet hosszabb ideig t\u00f6rt\u00e9n\u0151 fenntart\u00e1s\u00e1t. Az els\u0151 n\u00e9h\u00e1ny t\u0171zn\u00e9l ne f\u0171ts\u00f6n intenz\u00edven \u00e9s meleg\u00edtse fel a k\u00e1lyh\u00e1t fokozatosan. A k\u00e9m\u00e9ny (f\u0171stelvezet\u0151 cs\u0151) hossz\u00e1nak legal\u00e1bb 5 m\u00e9ternek kell lennie.<\/p>\n<h4>Ne \u00e9gessen!<\/h4>\n<p>H\u00e1ztart\u00e1si hullad\u00e9kot, ragasztott vagy festett falemezt, forg\u00e1cslapot vagy egy\u00e9b fapartikul\u00e1kat tartalmaz\u00f3 lapokat, vagy m\u00e1s, mesters\u00e9ges k\u00e9miai kever\u00e9keket tartalmaz\u00f3 hullad\u00e9kokat, mivel a m\u00e9rgek nem \u00e9gnek el, csak megv\u00e1ltoztatj\u00e1k form\u00e1jukat, \u00e9s amikor a l\u00e9gk\u00f6rbe ker\u00fclnek, kisz\u00e1m\u00edthatatlan k\u00f6vetkezm\u00e9nyekhez vezethetnek. Ha hullad\u00e9kot \u00e9get a k\u00e1lyh\u00e1ban, elt\u00f6m\u0151dhet a Kaz\u00e1n f\u00fcstelvezet\u0151 ny\u00edl\u00e1sa.<\/p>\n<h4>Figyelmeztet\u00e9s!<\/h4>\n<p>Minden kaz\u00e1nt, kandall\u00f3t \u00e9s t\u0171zhelyet a k\u00e9m\u00e9nysepr\u0151nek kell j\u00f3v\u00e1hagynia, amikor azokat csatlakoztatj\u00e1k. Ez t\u00f6rv\u00e9nyileg k\u00f6telez\u0151, ellenkez\u0151 esetben a term\u00e9kre semmilyen garancia nem vonatkozik:<\/p>\n<p>\u2022 A 2012-es XC. EU torv\u00e9ny a k\u00f6zszolg\u00e1lati k\u00e9m\u00e9nysepr\u00e9sr\u0151l \u00e9s a (XII.11) BM rendelet kimondja, hogy egy \u00e9g\u0151berendez\u00e9s k\u00e9m\u00e9nyhez t\u00f6rt\u00e9n\u0151 csatlakoztat\u00e1s\u00e1t a k\u00e9m\u00e9nysepr\u0151nek kell j\u00f3v\u00e1hagynia.<\/p>\n<p>\u2022 Az ipari k\u00e9m\u00e9nytiszt\u00edt\u00e1s nyilatkozata nem helyettes\u00edti a k\u00f6zszolg\u00e1lati k\u00e9m\u00e9nysepr\u0151 igazol\u00e1s\u00e1t.<\/p>\n<h4>Az Ac\u00e9l Fat\u00fczel\u00e9s\u0171 Bojler 120L sz\u00e1ll\u00edt\u00e1si hat\u00e1rideje:<\/h4>\n<ul>\n<li><strong>Magyarorsz\u00e1g \u00e9s az eg\u00e9sz Eur\u00f3pai Uni\u00f3 ter\u00fclet\u00e9n<\/strong>\u00a0is sz\u00e1ll\u00edtjuk.<\/li>\n<li>Rom\u00e1ni\u00e1ba 2-3 munkanap alatt sz\u00e1ll\u00edtjuk<\/li>\n<li>Magyarorsz\u00e1gra \u00e9s az EU ter\u00fclet\u00e9re az \u00e1tutal\u00e1s ut\u00e1n 5 munkanapon bel\u00fcl \u00e9rkezik meg a term\u00e9k.<\/li>\n<\/ul>\n<p>Ha b\u00e1rmilyen k\u00e9rd\u00e9se van, k\u00e9rj\u00fck, l\u00e9pjen kapcsolatba vel\u00fcnk.<\/p>\n<p>Tov\u00e1bbi aj\u00e1nlatok\u00e9rt kattintson\u00a0<a href=\"https:\/\/esemineu.ro\/hu\/termek-kategoria\/furdoszobai-kazanok\/\">ide<\/a><\/p>\n<p>T\u0151bb inform\u00e1ci\u00f3\u00e9rt l\u00e1togasson el\u00a0<a href=\"https:\/\/www.youtube.com\/@esemineuromania\">YouTube<\/a>-csatorn\u00e1nkra, valamint\u00a0<a href=\"https:\/\/www.facebook.com\/eSemineu\">Facebook<\/a>\u00a0\u00e9s\u00a0<a href=\"https:\/\/www.instagram.com\/esemineu\/\">Instagram<\/a>\u00a0oldalainkra.<\/p>\n<p><a href=\"https:\/\/esemineu.ro\/\">eSemineu.ro<\/a>\u00a0 \u00a0Te rakod a t\u0171zet mi adjuk a meleget!<\/p>\n","protected":false},"excerpt":{"rendered":"<p>Ac\u00e9l Fat\u00fczel\u00e9s\u0171 Bojler 120L Fedezze fel az esemineu.ro oldalon az FM \u00e1ltal gy\u00e1rtott Ac\u00e9l boiler 120L-t, amely kiv\u00e1l\u00f3 megold\u00e1st k\u00edn\u00e1l a melegv\u00edz-sz\u00fcks\u00e9glet kiel\u00e9g\u00edt\u00e9s\u00e9re minden h\u00e1ztart\u00e1sban. Ez a term\u00e9k 40 \u00d7 40 \u00d7 115 cm-es m\u00e9reteivel jelent\u0151s 120 literes kapacit\u00e1st biztos\u00edt, elegend\u0151 mennyis\u00e9g\u0171 meleg vizet garant\u00e1lva az \u00d6n sz\u00e1m\u00e1ra \u00e9s csal\u00e1dja sz\u00e1m\u00e1ra. 7,5 kW teljes\u00edtm\u00e9ny\u00e9vel ez a boiler gyors \u00e9s hat\u00e9kony v\u00edzmeleg\u00edt\u00e9st k\u00edn\u00e1l, mik\u00f6zben az ac\u00e9lb\u00f3l k\u00e9sz\u00fclt 3 mm vastags\u00e1g\u00fa anyaga hossz\u00fa t\u00e1v\u00fa tart\u00f3ss\u00e1got \u00e9s ellen\u00e1ll\u00f3 k\u00e9pess\u00e9get biztos\u00edt. A 120 mm \u00e1tm\u00e9r\u0151j\u0171 k\u00e9m\u00e9ny csatlakoz\u00e1s lehet\u0151v\u00e9 teszi a k\u00f6nny\u0171 telep\u00edt\u00e9st \u00e9s a z\u00f6kken\u0151mentes integr\u00e1ci\u00f3t a megl\u00e9v\u0151 rendszerekbe. A maxim\u00e1lis 3 bar \u00fczemi nyom\u00e1s \u00e9s a be\u00e1ll\u00edthat\u00f3 maxim\u00e1lis h\u0151m\u00e9rs\u00e9klet gondoskodik a boiler biztons\u00e1gos \u00e9s hat\u00e9kony m\u0171k\u00f6d\u00e9s\u00e9r\u0151l minden k\u00f6r\u00fclm\u00e9nyek k\u00f6z\u00f6tt. Tov\u00e1bb\u00e1, a 2 \u00e9v garancia hossz\u00fa t\u00e1v\u00fa nyugalomra ad lehet\u0151s\u00e9get, bizony\u00edtva az FM elk\u00f6telezetts\u00e9g\u00e9t a min\u0151s\u00e9g \u00e9s a megb\u00edzhat\u00f3s\u00e1g ir\u00e1nt. V\u00e1lassza az Ac\u00e9l boiler 120L-t az FM-t\u0151l, ha egy megb\u00edzhat\u00f3, energiatakar\u00e9kos \u00e9s hosszan tart\u00f3 &hellip; <a href=\"https:\/\/esemineu.ro\/hu\/termek\/acel-fatuzelesu-bojler-120l-tuzter-nelkul\/\">Folytatva<\/a><\/p>\n","protected":false},"featured_media":11188,"comment_status":"open","ping_status":"closed","template":"","meta":[],"product_brand":[1904],"product_cat":[1140],"product_tag":[],"class_list":{"0":"post-4707","1":"product","2":"type-product","3":"status-publish","4":"has-post-thumbnail","6":"product_brand-mss","7":"product_cat-fatuzelesu-bojlerek","8":"product_shipping_class-furdoszobai-kazanok","9":"pa_capacitate-120-l-hu","10":"pa_diametru-racordului-la-cos-120-mm-hu","11":"pa_grosime-material-3-mm-hu","12":"pa_material-acel","13":"pa_presiune-maxima-de-lucru-3-bar-hu","14":"pa_putere-75-kw-hu","15":"pa_temperatura-maxima-80-c-hu","16":"producer-miklos-steel","18":"first","19":"onbackorder","20":"shipping-taxable","21":"purchasable","22":"product-type-simple"},"acf":[],"yoast_head":"<!-- This site is optimized with the Yoast SEO Premium plugin v21.0 (Yoast SEO v27.3) - https:\/\/yoast.com\/product\/yoast-seo-premium-wordpress\/ -->\n<title>Ac\u00e9l Fat\u00fczel\u00e9s\u0171 Bojler 120L | Ac\u00e9l f\u0171rd\u0151szobai kaz\u00e1n 120L<\/title>\n<meta name=\"description\" content=\"Ac\u00e9l Fat\u00fczel\u00e9s\u0171 Bojler 120L - 7,5 kW teljes\u00edtm\u00e9ny, 120 liter kapacit\u00e1s, 3 mm anyagvastags\u00e1g. Ide\u00e1lis v\u00e1laszt\u00e1s minden h\u00e1ztart\u00e1s melegv\u00edz-sz\u00fcks\u00e9glet\u00e9re.\" \/>\n<meta name=\"robots\" content=\"index, follow, max-snippet:-1, max-image-preview:large, max-video-preview:-1\" \/>\n<link rel=\"canonical\" href=\"https:\/\/esemineu.ro\/hu\/termek\/acel-fatuzelesu-bojler-120l-tuzter-nelkul\/\" \/>\n<meta property=\"og:locale\" content=\"hu_HU\" \/>\n<meta property=\"og:type\" content=\"article\" \/>\n<meta property=\"og:title\" content=\"Ac\u00e9l Fat\u00fczel\u00e9s\u0171 Bojler 120L | Ac\u00e9l f\u0171rd\u0151szobai kaz\u00e1n 120L\" \/>\n<meta property=\"og:description\" content=\"Ac\u00e9l Fat\u00fczel\u00e9s\u0171 Bojler 120L - 7,5 kW teljes\u00edtm\u00e9ny, 120 liter kapacit\u00e1s, 3 mm anyagvastags\u00e1g. Ide\u00e1lis v\u00e1laszt\u00e1s minden h\u00e1ztart\u00e1s melegv\u00edz-sz\u00fcks\u00e9glet\u00e9re.\" \/>\n<meta property=\"og:url\" content=\"https:\/\/esemineu.ro\/hu\/termek\/acel-fatuzelesu-bojler-120l-tuzter-nelkul\/\" \/>\n<meta property=\"og:site_name\" content=\"eSemineu\" \/>\n<meta property=\"article:publisher\" content=\"https:\/\/web.facebook.com\/eSemineu\" \/>\n<meta property=\"article:modified_time\" content=\"2025-10-09T17:04:19+00:00\" \/>\n<meta property=\"og:image\" content=\"https:\/\/esemineu.ro\/wp-content\/uploads\/2023\/09\/eg.png\" \/>\n\t<meta property=\"og:image:width\" content=\"1000\" \/>\n\t<meta property=\"og:image:height\" content=\"1000\" \/>\n\t<meta property=\"og:image:type\" content=\"image\/png\" \/>\n<meta name=\"twitter:card\" content=\"summary_large_image\" \/>\n<meta name=\"twitter:label1\" content=\"Becs\u00fclt olvas\u00e1si id\u0151\" \/>\n\t<meta name=\"twitter:data1\" content=\"3 perc\" \/>\n<script type=\"application\/ld+json\" class=\"yoast-schema-graph\">{\"@context\":\"https:\\\/\\\/schema.org\",\"@graph\":[{\"@type\":\"WebPage\",\"@id\":\"https:\\\/\\\/esemineu.ro\\\/hu\\\/termek\\\/acel-fatuzelesu-bojler-120l-tuzter-nelkul\\\/\",\"url\":\"https:\\\/\\\/esemineu.ro\\\/hu\\\/termek\\\/acel-fatuzelesu-bojler-120l-tuzter-nelkul\\\/\",\"name\":\"Ac\u00e9l Fat\u00fczel\u00e9s\u0171 Bojler 120L | Ac\u00e9l f\u0171rd\u0151szobai kaz\u00e1n 120L\",\"isPartOf\":{\"@id\":\"https:\\\/\\\/esemineu.ro\\\/hu\\\/#website\"},\"primaryImageOfPage\":{\"@id\":\"https:\\\/\\\/esemineu.ro\\\/hu\\\/termek\\\/acel-fatuzelesu-bojler-120l-tuzter-nelkul\\\/#primaryimage\"},\"image\":{\"@id\":\"https:\\\/\\\/esemineu.ro\\\/hu\\\/termek\\\/acel-fatuzelesu-bojler-120l-tuzter-nelkul\\\/#primaryimage\"},\"thumbnailUrl\":\"https:\\\/\\\/esemineu.ro\\\/wp-content\\\/uploads\\\/2023\\\/09\\\/eg.png\",\"datePublished\":\"2021-12-05T16:47:02+00:00\",\"dateModified\":\"2025-10-09T17:04:19+00:00\",\"description\":\"Ac\u00e9l Fat\u00fczel\u00e9s\u0171 Bojler 120L - 7,5 kW teljes\u00edtm\u00e9ny, 120 liter kapacit\u00e1s, 3 mm anyagvastags\u00e1g. Ide\u00e1lis v\u00e1laszt\u00e1s minden h\u00e1ztart\u00e1s melegv\u00edz-sz\u00fcks\u00e9glet\u00e9re.\",\"breadcrumb\":{\"@id\":\"https:\\\/\\\/esemineu.ro\\\/hu\\\/termek\\\/acel-fatuzelesu-bojler-120l-tuzter-nelkul\\\/#breadcrumb\"},\"inLanguage\":\"hu\",\"potentialAction\":[{\"@type\":\"ReadAction\",\"target\":[\"https:\\\/\\\/esemineu.ro\\\/hu\\\/termek\\\/acel-fatuzelesu-bojler-120l-tuzter-nelkul\\\/\"]}]},{\"@type\":\"ImageObject\",\"inLanguage\":\"hu\",\"@id\":\"https:\\\/\\\/esemineu.ro\\\/hu\\\/termek\\\/acel-fatuzelesu-bojler-120l-tuzter-nelkul\\\/#primaryimage\",\"url\":\"https:\\\/\\\/esemineu.ro\\\/wp-content\\\/uploads\\\/2023\\\/09\\\/eg.png\",\"contentUrl\":\"https:\\\/\\\/esemineu.ro\\\/wp-content\\\/uploads\\\/2023\\\/09\\\/eg.png\",\"width\":1000,\"height\":1000,\"caption\":\"Ac\u00e9l Fat\u00fczel\u00e9s\u0171 Bojler 120L\"},{\"@type\":\"BreadcrumbList\",\"@id\":\"https:\\\/\\\/esemineu.ro\\\/hu\\\/termek\\\/acel-fatuzelesu-bojler-120l-tuzter-nelkul\\\/#breadcrumb\",\"itemListElement\":[{\"@type\":\"ListItem\",\"position\":1,\"name\":\"Kezd\u0151lap\",\"item\":\"https:\\\/\\\/esemineu.ro\\\/hu\\\/\"},{\"@type\":\"ListItem\",\"position\":2,\"name\":\"\u00c1ruh\u00e1z\",\"item\":\"https:\\\/\\\/esemineu.ro\\\/hu\\\/aruhaz\\\/\"},{\"@type\":\"ListItem\",\"position\":3,\"name\":\"Ac\u00e9l Fat\u00fczel\u00e9s\u0171 Bojler 120L, T\u0171zt\u00e9r n\u00e9lk\u00fcl\"}]},{\"@type\":\"WebSite\",\"@id\":\"https:\\\/\\\/esemineu.ro\\\/hu\\\/#website\",\"url\":\"https:\\\/\\\/esemineu.ro\\\/hu\\\/\",\"name\":\"eSemineu\",\"description\":\"\u0218eminee de cea mai \u00eenalt\u0103 calitate\",\"potentialAction\":[{\"@type\":\"SearchAction\",\"target\":{\"@type\":\"EntryPoint\",\"urlTemplate\":\"https:\\\/\\\/esemineu.ro\\\/hu\\\/?s={search_term_string}\"},\"query-input\":{\"@type\":\"PropertyValueSpecification\",\"valueRequired\":true,\"valueName\":\"search_term_string\"}}],\"inLanguage\":\"hu\"}]}<\/script>\n<!-- \/ Yoast SEO Premium plugin. -->","yoast_head_json":{"title":"Ac\u00e9l Fat\u00fczel\u00e9s\u0171 Bojler 120L | Ac\u00e9l f\u0171rd\u0151szobai kaz\u00e1n 120L","description":"Ac\u00e9l Fat\u00fczel\u00e9s\u0171 Bojler 120L - 7,5 kW teljes\u00edtm\u00e9ny, 120 liter kapacit\u00e1s, 3 mm anyagvastags\u00e1g. Ide\u00e1lis v\u00e1laszt\u00e1s minden h\u00e1ztart\u00e1s melegv\u00edz-sz\u00fcks\u00e9glet\u00e9re.","robots":{"index":"index","follow":"follow","max-snippet":"max-snippet:-1","max-image-preview":"max-image-preview:large","max-video-preview":"max-video-preview:-1"},"canonical":"https:\/\/esemineu.ro\/hu\/termek\/acel-fatuzelesu-bojler-120l-tuzter-nelkul\/","og_locale":"hu_HU","og_type":"article","og_title":"Ac\u00e9l Fat\u00fczel\u00e9s\u0171 Bojler 120L | Ac\u00e9l f\u0171rd\u0151szobai kaz\u00e1n 120L","og_description":"Ac\u00e9l Fat\u00fczel\u00e9s\u0171 Bojler 120L - 7,5 kW teljes\u00edtm\u00e9ny, 120 liter kapacit\u00e1s, 3 mm anyagvastags\u00e1g. Ide\u00e1lis v\u00e1laszt\u00e1s minden h\u00e1ztart\u00e1s melegv\u00edz-sz\u00fcks\u00e9glet\u00e9re.","og_url":"https:\/\/esemineu.ro\/hu\/termek\/acel-fatuzelesu-bojler-120l-tuzter-nelkul\/","og_site_name":"eSemineu","article_publisher":"https:\/\/web.facebook.com\/eSemineu","article_modified_time":"2025-10-09T17:04:19+00:00","og_image":[{"width":1000,"height":1000,"url":"https:\/\/esemineu.ro\/wp-content\/uploads\/2023\/09\/eg.png","type":"image\/png"}],"twitter_card":"summary_large_image","twitter_misc":{"Becs\u00fclt olvas\u00e1si id\u0151":"3 perc"},"schema":{"@context":"https:\/\/schema.org","@graph":[{"@type":"WebPage","@id":"https:\/\/esemineu.ro\/hu\/termek\/acel-fatuzelesu-bojler-120l-tuzter-nelkul\/","url":"https:\/\/esemineu.ro\/hu\/termek\/acel-fatuzelesu-bojler-120l-tuzter-nelkul\/","name":"Ac\u00e9l Fat\u00fczel\u00e9s\u0171 Bojler 120L | Ac\u00e9l f\u0171rd\u0151szobai kaz\u00e1n 120L","isPartOf":{"@id":"https:\/\/esemineu.ro\/hu\/#website"},"primaryImageOfPage":{"@id":"https:\/\/esemineu.ro\/hu\/termek\/acel-fatuzelesu-bojler-120l-tuzter-nelkul\/#primaryimage"},"image":{"@id":"https:\/\/esemineu.ro\/hu\/termek\/acel-fatuzelesu-bojler-120l-tuzter-nelkul\/#primaryimage"},"thumbnailUrl":"https:\/\/esemineu.ro\/wp-content\/uploads\/2023\/09\/eg.png","datePublished":"2021-12-05T16:47:02+00:00","dateModified":"2025-10-09T17:04:19+00:00","description":"Ac\u00e9l Fat\u00fczel\u00e9s\u0171 Bojler 120L - 7,5 kW teljes\u00edtm\u00e9ny, 120 liter kapacit\u00e1s, 3 mm anyagvastags\u00e1g. Ide\u00e1lis v\u00e1laszt\u00e1s minden h\u00e1ztart\u00e1s melegv\u00edz-sz\u00fcks\u00e9glet\u00e9re.","breadcrumb":{"@id":"https:\/\/esemineu.ro\/hu\/termek\/acel-fatuzelesu-bojler-120l-tuzter-nelkul\/#breadcrumb"},"inLanguage":"hu","potentialAction":[{"@type":"ReadAction","target":["https:\/\/esemineu.ro\/hu\/termek\/acel-fatuzelesu-bojler-120l-tuzter-nelkul\/"]}]},{"@type":"ImageObject","inLanguage":"hu","@id":"https:\/\/esemineu.ro\/hu\/termek\/acel-fatuzelesu-bojler-120l-tuzter-nelkul\/#primaryimage","url":"https:\/\/esemineu.ro\/wp-content\/uploads\/2023\/09\/eg.png","contentUrl":"https:\/\/esemineu.ro\/wp-content\/uploads\/2023\/09\/eg.png","width":1000,"height":1000,"caption":"Ac\u00e9l Fat\u00fczel\u00e9s\u0171 Bojler 120L"},{"@type":"BreadcrumbList","@id":"https:\/\/esemineu.ro\/hu\/termek\/acel-fatuzelesu-bojler-120l-tuzter-nelkul\/#breadcrumb","itemListElement":[{"@type":"ListItem","position":1,"name":"Kezd\u0151lap","item":"https:\/\/esemineu.ro\/hu\/"},{"@type":"ListItem","position":2,"name":"\u00c1ruh\u00e1z","item":"https:\/\/esemineu.ro\/hu\/aruhaz\/"},{"@type":"ListItem","position":3,"name":"Ac\u00e9l Fat\u00fczel\u00e9s\u0171 Bojler 120L, T\u0171zt\u00e9r n\u00e9lk\u00fcl"}]},{"@type":"WebSite","@id":"https:\/\/esemineu.ro\/hu\/#website","url":"https:\/\/esemineu.ro\/hu\/","name":"eSemineu","description":"\u0218eminee de cea mai \u00eenalt\u0103 calitate","potentialAction":[{"@type":"SearchAction","target":{"@type":"EntryPoint","urlTemplate":"https:\/\/esemineu.ro\/hu\/?s={search_term_string}"},"query-input":{"@type":"PropertyValueSpecification","valueRequired":true,"valueName":"search_term_string"}}],"inLanguage":"hu"}]}},"_links":{"self":[{"href":"https:\/\/esemineu.ro\/hu\/wp-json\/wp\/v2\/product\/4707","targetHints":{"allow":["GET"]}}],"collection":[{"href":"https:\/\/esemineu.ro\/hu\/wp-json\/wp\/v2\/product"}],"about":[{"href":"https:\/\/esemineu.ro\/hu\/wp-json\/wp\/v2\/types\/product"}],"replies":[{"embeddable":true,"href":"https:\/\/esemineu.ro\/hu\/wp-json\/wp\/v2\/comments?post=4707"}],"wp:featuredmedia":[{"embeddable":true,"href":"https:\/\/esemineu.ro\/hu\/wp-json\/wp\/v2\/media\/11188"}],"wp:attachment":[{"href":"https:\/\/esemineu.ro\/hu\/wp-json\/wp\/v2\/media?parent=4707"}],"wp:term":[{"taxonomy":"product_brand","embeddable":true,"href":"https:\/\/esemineu.ro\/hu\/wp-json\/wp\/v2\/product_brand?post=4707"},{"taxonomy":"product_cat","embeddable":true,"href":"https:\/\/esemineu.ro\/hu\/wp-json\/wp\/v2\/product_cat?post=4707"},{"taxonomy":"product_tag","embeddable":true,"href":"https:\/\/esemineu.ro\/hu\/wp-json\/wp\/v2\/product_tag?post=4707"}],"curies":[{"name":"wp","href":"https:\/\/api.w.org\/{rel}","templated":true}]}}