{"id":4656,"date":"2022-06-21T06:40:42","date_gmt":"2022-06-21T04:40:42","guid":{"rendered":"https:\/\/esemineu.ro\/product\/carbune-pentru-grill-si-gratar\/"},"modified":"2024-03-26T07:34:27","modified_gmt":"2024-03-26T05:34:27","slug":"fa-szen-grillhez-10kg","status":"publish","type":"product","link":"https:\/\/esemineu.ro\/hu\/termek\/fa-szen-grillhez-10kg\/","title":{"rendered":"Fa sz\u00e9n grillhez, 10kg"},"content":{"rendered":"<p>Fa sz\u00e9n grillhez, 10kg<\/p>\n<div class=\"flex-1 overflow-hidden\">\n<div class=\"react-scroll-to-bottom--css-ijnsu-79elbk h-full\">\n<div class=\"react-scroll-to-bottom--css-ijnsu-1n7m0yu\">\n<div class=\"flex flex-col text-sm pb-9\">\n<div class=\"w-full text-token-text-primary\" data-testid=\"conversation-turn-25\">\n<div class=\"px-4 py-2 justify-center text-base md:gap-6 m-auto\">\n<div class=\"flex flex-1 text-base mx-auto gap-3 md:px-5 lg:px-1 xl:px-5 md:max-w-3xl lg:max-w-[40rem] xl:max-w-[48rem] group final-completion\">\n<div class=\"relative flex w-full flex-col agent-turn\">\n<div class=\"flex-col gap-1 md:gap-3\">\n<div class=\"flex flex-grow flex-col max-w-full\">\n<div class=\"min-h-[20px] text-message flex flex-col items-start gap-3 whitespace-pre-wrap break-words [.text-message+&amp;]:mt-5 overflow-x-auto\" data-message-author-role=\"assistant\" data-message-id=\"e07550d9-2e91-474a-826a-76f4a8b0085a\">\n<div class=\"markdown prose w-full break-words dark:prose-invert light\">\n<p>Az <strong>esemineu.ro<\/strong> k\u00edn\u00e1lat\u00e1ban megtal\u00e1lhat\u00f3 a <strong>10kg Fa sz\u00e9n grillhez<\/strong>, amely ide\u00e1lis t\u00e1rs a grillez\u00e9si szezonban. Ez a <strong>kiv\u00e1l\u00f3 min\u0151s\u00e9g\u0171<\/strong> fa sz\u00e9n garant\u00e1lja, hogy a grillezett \u00e9telek <strong>\u00edzletesek<\/strong> \u00e9s <strong>f\u00fcst\u00f6sek<\/strong> legyenek, mik\u00f6zben egyenletes h\u0151t biztos\u00edt. A <strong>10kg-os kiszerel\u00e9s<\/strong> t\u00f6k\u00e9letes v\u00e1laszt\u00e1s csal\u00e1di vagy bar\u00e1ti \u00f6sszej\u00f6vetelekhez, biztos\u00edtva, hogy elegend\u0151 <strong>t\u00fczel\u0151anyag<\/strong> \u00e1lljon rendelkez\u00e9sre a s\u00fct\u00e9s eg\u00e9sz id\u0151tartama alatt.<\/p>\n<p>A <strong>Fa sz\u00e9n grillhez<\/strong> nem csak <strong>hat\u00e9kony<\/strong>, de <strong>k\u00f6rnyezetbar\u00e1t<\/strong> opci\u00f3 is, mivel term\u00e9szetes anyagb\u00f3l k\u00e9sz\u00fcl. Az <strong>esemineu.ro<\/strong> \u00e1ltal k\u00edn\u00e1lt fa sz\u00e9n a <strong>tisztas\u00e1ga<\/strong> \u00e9s <strong>magas energia\u00e9rt\u00e9ke<\/strong> miatt kiemelkedik a piacon. A fa sz\u00e9n gyorsan gyullad \u00e9s hossz\u00fa ideig tart\u00f3, <strong>stabil h\u0151t<\/strong> biztos\u00edt, \u00edgy ide\u00e1lis v\u00e1laszt\u00e1s mindenf\u00e9le grillez\u00e9si technik\u00e1hoz, legyen sz\u00f3 h\u00fasokr\u00f3l, z\u00f6lds\u00e9gekr\u0151l vagy ak\u00e1r halakr\u00f3l.<\/p>\n<p>Az <strong>esemineu.ro<\/strong> gondosan v\u00e1logatja term\u00e9keit, \u00edgy a <strong>10kg Fa sz\u00e9n<\/strong> eset\u00e9ben is biztos\u00edtott a <strong>magas min\u0151s\u00e9g<\/strong>. Ez a fa sz\u00e9n <strong>kev\u00e9s f\u00fcst\u00f6t<\/strong> termel, \u00edgy a grillez\u00e9s sor\u00e1n az \u00e9telek csak a legfinomabb f\u00fcst\u00f6s \u00edzeket veszik fel. A <strong>k\u00f6nny\u0171 gy\u00fajt\u00e1s<\/strong> \u00e9s a <strong>hosszantart\u00f3 \u00e9g\u00e9s<\/strong> r\u00e9v\u00e9n a fa sz\u00e9n ide\u00e1lis v\u00e1laszt\u00e1s azok sz\u00e1m\u00e1ra, akik szeretik a z\u00f6kken\u0151mentes grillez\u00e9si \u00e9lm\u00e9nyt.<\/p>\n<p>A <strong>10kg-os kiszerel\u00e9s<\/strong> praktikus \u00e9s gazdas\u00e1gos, biztos\u00edtva, hogy hosszabb ideig ne kelljen agg\u00f3dni a t\u00fczel\u0151anyag p\u00f3tl\u00e1sa miatt. Az <strong>esemineu.ro<\/strong> \u00e1ltal k\u00edn\u00e1lt fa sz\u00e9n lehet\u0151v\u00e9 teszi, hogy t\u00f6bb \u00f3r\u00e1n kereszt\u00fcl fenntartsa a <strong>k\u00edv\u00e1nt h\u0151m\u00e9rs\u00e9kletet<\/strong>, ami elengedhetetlen a t\u00f6k\u00e9letes grillez\u00e9si eredm\u00e9nyek el\u00e9r\u00e9s\u00e9hez.<\/p>\n<p>\u00d6sszefoglalva, a <strong>Fa sz\u00e9n grillhez, 10kg<\/strong>, kaphat\u00f3 az <strong>esemineu.ro<\/strong> weboldalon, t\u00f6k\u00e9letes v\u00e1laszt\u00e1s a grillez\u00e9si szezonra. Kiv\u00e1l\u00f3 min\u0151s\u00e9g\u0171, k\u00f6rnyezetbar\u00e1t \u00e9s hat\u00e9kony, ez a fa sz\u00e9n minden grillez\u0151 sz\u00e1m\u00e1ra elengedhetetlen kell\u00e9k, hogy a grillezett \u00e9telek mindig \u00edzletesek \u00e9s f\u00fcst\u00f6sek legyenek. V\u00e1s\u00e1rolja meg most, \u00e9s emelje \u00faj szintre grillez\u00e9si \u00e9lm\u00e9ny\u00e9t!<\/p>\n<\/div>\n<\/div>\n<\/div>\n<\/div>\n<\/div>\n<\/div>\n<\/div>\n<\/div>\n<\/div>\n<\/div>\n<\/div>\n<\/div>\n<h4>Sz\u00e1ll\u00edt\u00e1si hat\u00e1rid\u0151:<\/h4>\n<ul>\n<li><strong>Magyarorsz\u00e1g \u00e9s az eg\u00e9sz Eur\u00f3pai Uni\u00f3 ter\u00fclet\u00e9n<\/strong>\u00a0is sz\u00e1ll\u00edtjuk.<\/li>\n<li>Rom\u00e1ni\u00e1ba 2-3 munkanap alatt sz\u00e1ll\u00edtjuk<\/li>\n<li>Magyarorsz\u00e1gra es az EU ter\u00fclet\u00e9re az \u00e1tutal\u00e1s ut\u00e1n 5 munkanapon bel\u00fcl \u00e9rkezik meg a term\u00e9k.<\/li>\n<\/ul>\n<p>Ha b\u00e1rmilyen k\u00e9rd\u00e9se van, k\u00e9rj\u00fck, l\u00e9pjen kapcsolatba vel\u00fcnk.<\/p>\n<p>T\u0151bb inform\u00e1ci\u00f3\u00e9rt l\u00e1togasson el\u00a0<a href=\"https:\/\/www.youtube.com\/@esemineuromania\">YouTube<\/a>-csatorn\u00e1nkra, valamint\u00a0<a href=\"https:\/\/www.facebook.com\/eSemineu\">Facebook<\/a>\u00a0\u00e9s\u00a0<a href=\"https:\/\/www.instagram.com\/esemineu\/\">Instagram<\/a>\u00a0oldalainkra.<\/p>\n<p><a href=\"https:\/\/esemineu.ro\/\">eSemineu.ro<\/a>\u00a0 \u00a0Te adod a t\u0171zet mi adjuk a meleget!<\/p>\n","protected":false},"excerpt":{"rendered":"<p>Fa sz\u00e9n grillhez, 10kg Az esemineu.ro k\u00edn\u00e1lat\u00e1ban megtal\u00e1lhat\u00f3 a 10kg Fa sz\u00e9n grillhez, amely ide\u00e1lis t\u00e1rs a grillez\u00e9si szezonban. Ez a kiv\u00e1l\u00f3 min\u0151s\u00e9g\u0171 fa sz\u00e9n garant\u00e1lja, hogy a grillezett \u00e9telek \u00edzletesek \u00e9s f\u00fcst\u00f6sek legyenek, mik\u00f6zben egyenletes h\u0151t biztos\u00edt. A 10kg-os kiszerel\u00e9s t\u00f6k\u00e9letes v\u00e1laszt\u00e1s csal\u00e1di vagy bar\u00e1ti \u00f6sszej\u00f6vetelekhez, biztos\u00edtva, hogy elegend\u0151 t\u00fczel\u0151anyag \u00e1lljon rendelkez\u00e9sre a s\u00fct\u00e9s eg\u00e9sz id\u0151tartama alatt. A Fa sz\u00e9n grillhez nem csak hat\u00e9kony, de k\u00f6rnyezetbar\u00e1t opci\u00f3 is, mivel term\u00e9szetes anyagb\u00f3l k\u00e9sz\u00fcl. Az esemineu.ro \u00e1ltal k\u00edn\u00e1lt fa sz\u00e9n a tisztas\u00e1ga \u00e9s magas energia\u00e9rt\u00e9ke miatt kiemelkedik a piacon. A fa sz\u00e9n gyorsan gyullad \u00e9s hossz\u00fa ideig tart\u00f3, stabil h\u0151t biztos\u00edt, \u00edgy ide\u00e1lis v\u00e1laszt\u00e1s mindenf\u00e9le grillez\u00e9si technik\u00e1hoz, legyen sz\u00f3 h\u00fasokr\u00f3l, z\u00f6lds\u00e9gekr\u0151l vagy ak\u00e1r halakr\u00f3l. Az esemineu.ro gondosan v\u00e1logatja term\u00e9keit, \u00edgy a 10kg Fa sz\u00e9n eset\u00e9ben is biztos\u00edtott a magas min\u0151s\u00e9g. Ez a fa sz\u00e9n kev\u00e9s f\u00fcst\u00f6t termel, \u00edgy a grillez\u00e9s sor\u00e1n az \u00e9telek csak a legfinomabb f\u00fcst\u00f6s \u00edzeket veszik fel. A &hellip; <a href=\"https:\/\/esemineu.ro\/hu\/termek\/fa-szen-grillhez-10kg\/\">Folytatva<\/a><\/p>\n","protected":false},"featured_media":22829,"comment_status":"open","ping_status":"closed","template":"","meta":[],"product_brand":[],"product_cat":[1622,1037],"product_tag":[],"class_list":{"0":"post-4656","1":"product","2":"type-product","3":"status-publish","4":"has-post-thumbnail","6":"product_cat-grillsutok","7":"product_cat-kerti-sutok","8":"product_shipping_class-fustcsovek","9":"producer-metro","11":"first","12":"outofstock","13":"shipping-taxable","14":"purchasable","15":"product-type-simple"},"acf":[],"yoast_head":"<!-- This site is optimized with the Yoast SEO Premium plugin v21.0 (Yoast SEO v27.3) - https:\/\/yoast.com\/product\/yoast-seo-premium-wordpress\/ -->\n<title>Fa sz\u00e9n grillhez 10kg | Grill | eSemineu.ro<\/title>\n<meta name=\"description\" content=\"Fa sz\u00e9n grillhez, 10kg, t\u00f6k\u00e9letes v\u00e1laszt\u00e1s minden grillez\u00e9si \u00e9lm\u00e9nyhez. Magas min\u0151s\u00e9g\u0171, hosszan \u00e9g\u0151 fa sz\u00e9n, ami \u00edzletes, f\u00fcst\u00f6s arom\u00e1t biztos\u00edt.\" \/>\n<meta name=\"robots\" content=\"index, follow, max-snippet:-1, max-image-preview:large, max-video-preview:-1\" \/>\n<link rel=\"canonical\" href=\"https:\/\/esemineu.ro\/hu\/termek\/fa-szen-grillhez-10kg\/\" \/>\n<meta property=\"og:locale\" content=\"hu_HU\" \/>\n<meta property=\"og:type\" content=\"article\" \/>\n<meta property=\"og:title\" content=\"Fa sz\u00e9n grillhez 10kg | Grill | eSemineu.ro\" \/>\n<meta property=\"og:description\" content=\"Fa sz\u00e9n grillhez, 10kg, t\u00f6k\u00e9letes v\u00e1laszt\u00e1s minden grillez\u00e9si \u00e9lm\u00e9nyhez. Magas min\u0151s\u00e9g\u0171, hosszan \u00e9g\u0151 fa sz\u00e9n, ami \u00edzletes, f\u00fcst\u00f6s arom\u00e1t biztos\u00edt.\" \/>\n<meta property=\"og:url\" content=\"https:\/\/esemineu.ro\/hu\/termek\/fa-szen-grillhez-10kg\/\" \/>\n<meta property=\"og:site_name\" content=\"eSemineu\" \/>\n<meta property=\"article:publisher\" content=\"https:\/\/web.facebook.com\/eSemineu\" \/>\n<meta property=\"article:modified_time\" content=\"2024-03-26T05:34:27+00:00\" \/>\n<meta property=\"og:image\" content=\"https:\/\/esemineu.ro\/wp-content\/uploads\/2024\/03\/Carbune.jpg\" \/>\n\t<meta property=\"og:image:width\" content=\"1000\" \/>\n\t<meta property=\"og:image:height\" content=\"1000\" \/>\n\t<meta property=\"og:image:type\" content=\"image\/jpeg\" \/>\n<meta name=\"twitter:card\" content=\"summary_large_image\" \/>\n<meta name=\"twitter:label1\" content=\"Becs\u00fclt olvas\u00e1si id\u0151\" \/>\n\t<meta name=\"twitter:data1\" content=\"1 perc\" \/>\n<script type=\"application\/ld+json\" class=\"yoast-schema-graph\">{\"@context\":\"https:\\\/\\\/schema.org\",\"@graph\":[{\"@type\":\"WebPage\",\"@id\":\"https:\\\/\\\/esemineu.ro\\\/hu\\\/termek\\\/fa-szen-grillhez-10kg\\\/\",\"url\":\"https:\\\/\\\/esemineu.ro\\\/hu\\\/termek\\\/fa-szen-grillhez-10kg\\\/\",\"name\":\"Fa sz\u00e9n grillhez 10kg | Grill | eSemineu.ro\",\"isPartOf\":{\"@id\":\"https:\\\/\\\/esemineu.ro\\\/hu\\\/#website\"},\"primaryImageOfPage\":{\"@id\":\"https:\\\/\\\/esemineu.ro\\\/hu\\\/termek\\\/fa-szen-grillhez-10kg\\\/#primaryimage\"},\"image\":{\"@id\":\"https:\\\/\\\/esemineu.ro\\\/hu\\\/termek\\\/fa-szen-grillhez-10kg\\\/#primaryimage\"},\"thumbnailUrl\":\"https:\\\/\\\/esemineu.ro\\\/wp-content\\\/uploads\\\/2024\\\/03\\\/Carbune.jpg\",\"datePublished\":\"2022-06-21T04:40:42+00:00\",\"dateModified\":\"2024-03-26T05:34:27+00:00\",\"description\":\"Fa sz\u00e9n grillhez, 10kg, t\u00f6k\u00e9letes v\u00e1laszt\u00e1s minden grillez\u00e9si \u00e9lm\u00e9nyhez. Magas min\u0151s\u00e9g\u0171, hosszan \u00e9g\u0151 fa sz\u00e9n, ami \u00edzletes, f\u00fcst\u00f6s arom\u00e1t biztos\u00edt.\",\"breadcrumb\":{\"@id\":\"https:\\\/\\\/esemineu.ro\\\/hu\\\/termek\\\/fa-szen-grillhez-10kg\\\/#breadcrumb\"},\"inLanguage\":\"hu\",\"potentialAction\":[{\"@type\":\"ReadAction\",\"target\":[\"https:\\\/\\\/esemineu.ro\\\/hu\\\/termek\\\/fa-szen-grillhez-10kg\\\/\"]}]},{\"@type\":\"ImageObject\",\"inLanguage\":\"hu\",\"@id\":\"https:\\\/\\\/esemineu.ro\\\/hu\\\/termek\\\/fa-szen-grillhez-10kg\\\/#primaryimage\",\"url\":\"https:\\\/\\\/esemineu.ro\\\/wp-content\\\/uploads\\\/2024\\\/03\\\/Carbune.jpg\",\"contentUrl\":\"https:\\\/\\\/esemineu.ro\\\/wp-content\\\/uploads\\\/2024\\\/03\\\/Carbune.jpg\",\"width\":1000,\"height\":1000,\"caption\":\"Fa sz\u00e9n grillhez\"},{\"@type\":\"BreadcrumbList\",\"@id\":\"https:\\\/\\\/esemineu.ro\\\/hu\\\/termek\\\/fa-szen-grillhez-10kg\\\/#breadcrumb\",\"itemListElement\":[{\"@type\":\"ListItem\",\"position\":1,\"name\":\"Kezd\u0151lap\",\"item\":\"https:\\\/\\\/esemineu.ro\\\/hu\\\/\"},{\"@type\":\"ListItem\",\"position\":2,\"name\":\"\u00c1ruh\u00e1z\",\"item\":\"https:\\\/\\\/esemineu.ro\\\/hu\\\/aruhaz\\\/\"},{\"@type\":\"ListItem\",\"position\":3,\"name\":\"Fa sz\u00e9n grillhez, 10kg\"}]},{\"@type\":\"WebSite\",\"@id\":\"https:\\\/\\\/esemineu.ro\\\/hu\\\/#website\",\"url\":\"https:\\\/\\\/esemineu.ro\\\/hu\\\/\",\"name\":\"eSemineu\",\"description\":\"\u0218eminee de cea mai \u00eenalt\u0103 calitate\",\"potentialAction\":[{\"@type\":\"SearchAction\",\"target\":{\"@type\":\"EntryPoint\",\"urlTemplate\":\"https:\\\/\\\/esemineu.ro\\\/hu\\\/?s={search_term_string}\"},\"query-input\":{\"@type\":\"PropertyValueSpecification\",\"valueRequired\":true,\"valueName\":\"search_term_string\"}}],\"inLanguage\":\"hu\"}]}<\/script>\n<!-- \/ Yoast SEO Premium plugin. -->","yoast_head_json":{"title":"Fa sz\u00e9n grillhez 10kg | Grill | eSemineu.ro","description":"Fa sz\u00e9n grillhez, 10kg, t\u00f6k\u00e9letes v\u00e1laszt\u00e1s minden grillez\u00e9si \u00e9lm\u00e9nyhez. Magas min\u0151s\u00e9g\u0171, hosszan \u00e9g\u0151 fa sz\u00e9n, ami \u00edzletes, f\u00fcst\u00f6s arom\u00e1t biztos\u00edt.","robots":{"index":"index","follow":"follow","max-snippet":"max-snippet:-1","max-image-preview":"max-image-preview:large","max-video-preview":"max-video-preview:-1"},"canonical":"https:\/\/esemineu.ro\/hu\/termek\/fa-szen-grillhez-10kg\/","og_locale":"hu_HU","og_type":"article","og_title":"Fa sz\u00e9n grillhez 10kg | Grill | eSemineu.ro","og_description":"Fa sz\u00e9n grillhez, 10kg, t\u00f6k\u00e9letes v\u00e1laszt\u00e1s minden grillez\u00e9si \u00e9lm\u00e9nyhez. Magas min\u0151s\u00e9g\u0171, hosszan \u00e9g\u0151 fa sz\u00e9n, ami \u00edzletes, f\u00fcst\u00f6s arom\u00e1t biztos\u00edt.","og_url":"https:\/\/esemineu.ro\/hu\/termek\/fa-szen-grillhez-10kg\/","og_site_name":"eSemineu","article_publisher":"https:\/\/web.facebook.com\/eSemineu","article_modified_time":"2024-03-26T05:34:27+00:00","og_image":[{"width":1000,"height":1000,"url":"https:\/\/esemineu.ro\/wp-content\/uploads\/2024\/03\/Carbune.jpg","type":"image\/jpeg"}],"twitter_card":"summary_large_image","twitter_misc":{"Becs\u00fclt olvas\u00e1si id\u0151":"1 perc"},"schema":{"@context":"https:\/\/schema.org","@graph":[{"@type":"WebPage","@id":"https:\/\/esemineu.ro\/hu\/termek\/fa-szen-grillhez-10kg\/","url":"https:\/\/esemineu.ro\/hu\/termek\/fa-szen-grillhez-10kg\/","name":"Fa sz\u00e9n grillhez 10kg | Grill | eSemineu.ro","isPartOf":{"@id":"https:\/\/esemineu.ro\/hu\/#website"},"primaryImageOfPage":{"@id":"https:\/\/esemineu.ro\/hu\/termek\/fa-szen-grillhez-10kg\/#primaryimage"},"image":{"@id":"https:\/\/esemineu.ro\/hu\/termek\/fa-szen-grillhez-10kg\/#primaryimage"},"thumbnailUrl":"https:\/\/esemineu.ro\/wp-content\/uploads\/2024\/03\/Carbune.jpg","datePublished":"2022-06-21T04:40:42+00:00","dateModified":"2024-03-26T05:34:27+00:00","description":"Fa sz\u00e9n grillhez, 10kg, t\u00f6k\u00e9letes v\u00e1laszt\u00e1s minden grillez\u00e9si \u00e9lm\u00e9nyhez. Magas min\u0151s\u00e9g\u0171, hosszan \u00e9g\u0151 fa sz\u00e9n, ami \u00edzletes, f\u00fcst\u00f6s arom\u00e1t biztos\u00edt.","breadcrumb":{"@id":"https:\/\/esemineu.ro\/hu\/termek\/fa-szen-grillhez-10kg\/#breadcrumb"},"inLanguage":"hu","potentialAction":[{"@type":"ReadAction","target":["https:\/\/esemineu.ro\/hu\/termek\/fa-szen-grillhez-10kg\/"]}]},{"@type":"ImageObject","inLanguage":"hu","@id":"https:\/\/esemineu.ro\/hu\/termek\/fa-szen-grillhez-10kg\/#primaryimage","url":"https:\/\/esemineu.ro\/wp-content\/uploads\/2024\/03\/Carbune.jpg","contentUrl":"https:\/\/esemineu.ro\/wp-content\/uploads\/2024\/03\/Carbune.jpg","width":1000,"height":1000,"caption":"Fa sz\u00e9n grillhez"},{"@type":"BreadcrumbList","@id":"https:\/\/esemineu.ro\/hu\/termek\/fa-szen-grillhez-10kg\/#breadcrumb","itemListElement":[{"@type":"ListItem","position":1,"name":"Kezd\u0151lap","item":"https:\/\/esemineu.ro\/hu\/"},{"@type":"ListItem","position":2,"name":"\u00c1ruh\u00e1z","item":"https:\/\/esemineu.ro\/hu\/aruhaz\/"},{"@type":"ListItem","position":3,"name":"Fa sz\u00e9n grillhez, 10kg"}]},{"@type":"WebSite","@id":"https:\/\/esemineu.ro\/hu\/#website","url":"https:\/\/esemineu.ro\/hu\/","name":"eSemineu","description":"\u0218eminee de cea mai \u00eenalt\u0103 calitate","potentialAction":[{"@type":"SearchAction","target":{"@type":"EntryPoint","urlTemplate":"https:\/\/esemineu.ro\/hu\/?s={search_term_string}"},"query-input":{"@type":"PropertyValueSpecification","valueRequired":true,"valueName":"search_term_string"}}],"inLanguage":"hu"}]}},"_links":{"self":[{"href":"https:\/\/esemineu.ro\/hu\/wp-json\/wp\/v2\/product\/4656","targetHints":{"allow":["GET"]}}],"collection":[{"href":"https:\/\/esemineu.ro\/hu\/wp-json\/wp\/v2\/product"}],"about":[{"href":"https:\/\/esemineu.ro\/hu\/wp-json\/wp\/v2\/types\/product"}],"replies":[{"embeddable":true,"href":"https:\/\/esemineu.ro\/hu\/wp-json\/wp\/v2\/comments?post=4656"}],"wp:featuredmedia":[{"embeddable":true,"href":"https:\/\/esemineu.ro\/hu\/wp-json\/wp\/v2\/media\/22829"}],"wp:attachment":[{"href":"https:\/\/esemineu.ro\/hu\/wp-json\/wp\/v2\/media?parent=4656"}],"wp:term":[{"taxonomy":"product_brand","embeddable":true,"href":"https:\/\/esemineu.ro\/hu\/wp-json\/wp\/v2\/product_brand?post=4656"},{"taxonomy":"product_cat","embeddable":true,"href":"https:\/\/esemineu.ro\/hu\/wp-json\/wp\/v2\/product_cat?post=4656"},{"taxonomy":"product_tag","embeddable":true,"href":"https:\/\/esemineu.ro\/hu\/wp-json\/wp\/v2\/product_tag?post=4656"}],"curies":[{"name":"wp","href":"https:\/\/api.w.org\/{rel}","templated":true}]}}