{"id":4637,"date":"2022-10-13T04:57:41","date_gmt":"2022-10-13T02:57:41","guid":{"rendered":"https:\/\/esemineu.ro\/product\/set-placi-vermiculita-economic-s\/"},"modified":"2023-08-28T17:39:30","modified_gmt":"2023-08-28T14:39:30","slug":"vermikulit-kandallo-betet-economic-s-5kw-fm","status":"publish","type":"product","link":"https:\/\/esemineu.ro\/hu\/termek\/vermikulit-kandallo-betet-economic-s-5kw-fm\/","title":{"rendered":"Vermikulit Kandall\u00f3 bet\u00e9t Economic S, 5kw FM"},"content":{"rendered":"<p>Vermikulit Kandall\u00f3 bet\u00e9t Economic S<br \/>\nA Vermikulit bet\u00e9t speci\u00e1lis term\u00e9k, amely gazdas\u00e1gos \u00e9s ellen\u00e1ll a magas h\u0151m\u00e9rs\u00e9kletnek. Kandall\u00f3k \u00e9s kemenc\u00e9k szigetel\u00e9s\u00e9hez haszn\u00e1ljuk.<\/p>\n<p>A csomag az \u00e1ltalunk forgalmazott FM Group gy\u00e1rt\u00e1s\u00fa <a href=\"https:\/\/esemineu.ro\/hu\/termek\/fm-economic-7-kw-lapos-kandallo\/\">Economic 7kW<\/a> lapos tetej\u0171 kandall\u00f3 bet\u00e9tet tartalmazza, pontosabban a modellhez tartoz\u00f3 \u00f6sszes Vermikulit elemet.<br \/>\nM\u00e9g t\u00f6bb h\u0151szigetel\u0151 <a href=\"https:\/\/esemineu.ro\/categorie-produs\/etansare-usa-semineu-izolatie-termorezistenta-pentru-usile-semineului\/\">anyag<\/a><br \/>\nSz\u00e1ll\u00edt\u00e1s:<br \/>\nVermikulit Kandall\u00f3 bet\u00e9t Economic S, f\u00f3li\u00e1ban \u00e9s karton dobozban sz\u00e1ll\u00edtjuk. Sz\u00e1ll\u00edt\u00e1si hat\u00e1rid\u0151 2-3 munkanap Rom\u00e1ni\u00e1ban \u00e9s 5 munkanap a kifizet\u00e9st\u0151l sz\u00e1m\u00edtva Magyarorsz\u00e1g \u00e9s az Eur\u00f3pai Uni\u00f3 ter\u00fclet\u00e9n.<\/p>\n<p>eSemineu.ro\u00a0 \u00a0 \u00a0 \u00a0 Te adod a t\u00fczet mi adjuk a meleget!<\/p>\n","protected":false},"excerpt":{"rendered":"<p>Vermikulit Kandall\u00f3 bet\u00e9t Economic S A Vermikulit bet\u00e9t speci\u00e1lis term\u00e9k, amely gazdas\u00e1gos \u00e9s ellen\u00e1ll a magas h\u0151m\u00e9rs\u00e9kletnek. Kandall\u00f3k \u00e9s kemenc\u00e9k szigetel\u00e9s\u00e9hez haszn\u00e1ljuk. A csomag az \u00e1ltalunk forgalmazott FM Group gy\u00e1rt\u00e1s\u00fa Economic 7kW lapos tetej\u0171 kandall\u00f3 bet\u00e9tet tartalmazza, pontosabban a modellhez tartoz\u00f3 \u00f6sszes Vermikulit elemet. M\u00e9g t\u00f6bb h\u0151szigetel\u0151 anyag Sz\u00e1ll\u00edt\u00e1s: Vermikulit Kandall\u00f3 bet\u00e9t Economic S, f\u00f3li\u00e1ban \u00e9s karton dobozban sz\u00e1ll\u00edtjuk. Sz\u00e1ll\u00edt\u00e1si hat\u00e1rid\u0151 2-3 munkanap Rom\u00e1ni\u00e1ban \u00e9s 5 munkanap a kifizet\u00e9st\u0151l sz\u00e1m\u00edtva Magyarorsz\u00e1g \u00e9s az Eur\u00f3pai Uni\u00f3 ter\u00fclet\u00e9n. eSemineu.ro\u00a0 \u00a0 \u00a0 \u00a0 Te adod a t\u00fczet mi adjuk a meleget!<\/p>\n","protected":false},"featured_media":12061,"comment_status":"open","ping_status":"closed","template":"","meta":[],"product_brand":[690],"product_cat":[813],"product_tag":[],"class_list":{"0":"post-4637","1":"product","2":"type-product","3":"status-publish","4":"has-post-thumbnail","6":"product_brand-fm-group","7":"product_cat-hoallo-szigetelesek","8":"product_shipping_class-hoallo-szigetelesek","9":"producer-miklos-steel","11":"first","12":"instock","13":"shipping-taxable","14":"purchasable","15":"product-type-simple"},"acf":[],"yoast_head":"<!-- This site is optimized with the Yoast SEO Premium plugin v21.0 (Yoast SEO v27.3) - https:\/\/yoast.com\/product\/yoast-seo-premium-wordpress\/ -->\n<title>Vermikulit Kandall\u00f3 bet\u00e9t Economic S | eSemineu.ro<\/title>\n<meta name=\"description\" content=\"Vermikulit Kandall\u00f3 bet\u00e9t Economic S, Kanndall\u00f3k \u00e9s kemenc\u00e9k szigetel\u00e9s\u00e9hez haszn\u00e1llatos szigetel\u0151 anyag. M\u00e9g t\u0151bb aj\u00e1nlat\u00e9rt l\u00e1togasson el az eSemineu.ro\" \/>\n<meta name=\"robots\" content=\"index, follow, max-snippet:-1, max-image-preview:large, max-video-preview:-1\" \/>\n<link rel=\"canonical\" href=\"https:\/\/esemineu.ro\/hu\/termek\/vermikulit-kandallo-betet-economic-s-5kw-fm\/\" \/>\n<meta property=\"og:locale\" content=\"hu_HU\" \/>\n<meta property=\"og:type\" content=\"article\" \/>\n<meta property=\"og:title\" content=\"Vermikulit Kandall\u00f3 bet\u00e9t Economic S | eSemineu.ro\" \/>\n<meta property=\"og:description\" content=\"Vermikulit Kandall\u00f3 bet\u00e9t Economic S, Kanndall\u00f3k \u00e9s kemenc\u00e9k szigetel\u00e9s\u00e9hez haszn\u00e1llatos szigetel\u0151 anyag. M\u00e9g t\u0151bb aj\u00e1nlat\u00e9rt l\u00e1togasson el az eSemineu.ro\" \/>\n<meta property=\"og:url\" content=\"https:\/\/esemineu.ro\/hu\/termek\/vermikulit-kandallo-betet-economic-s-5kw-fm\/\" \/>\n<meta property=\"og:site_name\" content=\"eSemineu\" \/>\n<meta property=\"article:publisher\" content=\"https:\/\/web.facebook.com\/eSemineu\" \/>\n<meta property=\"article:modified_time\" content=\"2023-08-28T14:39:30+00:00\" \/>\n<meta property=\"og:image\" content=\"https:\/\/esemineu.ro\/wp-content\/uploads\/2023\/09\/Set-7kw_cleanup-1.jpg-2.png\" \/>\n\t<meta property=\"og:image:width\" content=\"1000\" \/>\n\t<meta property=\"og:image:height\" content=\"1000\" \/>\n\t<meta property=\"og:image:type\" content=\"image\/png\" \/>\n<meta name=\"twitter:card\" content=\"summary_large_image\" \/>\n<meta name=\"twitter:label1\" content=\"Becs\u00fclt olvas\u00e1si id\u0151\" \/>\n\t<meta name=\"twitter:data1\" content=\"1 perc\" \/>\n<script type=\"application\/ld+json\" class=\"yoast-schema-graph\">{\"@context\":\"https:\\\/\\\/schema.org\",\"@graph\":[{\"@type\":\"WebPage\",\"@id\":\"https:\\\/\\\/esemineu.ro\\\/hu\\\/termek\\\/vermikulit-kandallo-betet-economic-s-5kw-fm\\\/\",\"url\":\"https:\\\/\\\/esemineu.ro\\\/hu\\\/termek\\\/vermikulit-kandallo-betet-economic-s-5kw-fm\\\/\",\"name\":\"Vermikulit Kandall\u00f3 bet\u00e9t Economic S | eSemineu.ro\",\"isPartOf\":{\"@id\":\"https:\\\/\\\/esemineu.ro\\\/hu\\\/#website\"},\"primaryImageOfPage\":{\"@id\":\"https:\\\/\\\/esemineu.ro\\\/hu\\\/termek\\\/vermikulit-kandallo-betet-economic-s-5kw-fm\\\/#primaryimage\"},\"image\":{\"@id\":\"https:\\\/\\\/esemineu.ro\\\/hu\\\/termek\\\/vermikulit-kandallo-betet-economic-s-5kw-fm\\\/#primaryimage\"},\"thumbnailUrl\":\"https:\\\/\\\/esemineu.ro\\\/wp-content\\\/uploads\\\/2023\\\/09\\\/Set-7kw_cleanup-1.jpg-2.png\",\"datePublished\":\"2022-10-13T02:57:41+00:00\",\"dateModified\":\"2023-08-28T14:39:30+00:00\",\"description\":\"Vermikulit Kandall\u00f3 bet\u00e9t Economic S, Kanndall\u00f3k \u00e9s kemenc\u00e9k szigetel\u00e9s\u00e9hez haszn\u00e1llatos szigetel\u0151 anyag. M\u00e9g t\u0151bb aj\u00e1nlat\u00e9rt l\u00e1togasson el az eSemineu.ro\",\"breadcrumb\":{\"@id\":\"https:\\\/\\\/esemineu.ro\\\/hu\\\/termek\\\/vermikulit-kandallo-betet-economic-s-5kw-fm\\\/#breadcrumb\"},\"inLanguage\":\"hu\",\"potentialAction\":[{\"@type\":\"ReadAction\",\"target\":[\"https:\\\/\\\/esemineu.ro\\\/hu\\\/termek\\\/vermikulit-kandallo-betet-economic-s-5kw-fm\\\/\"]}]},{\"@type\":\"ImageObject\",\"inLanguage\":\"hu\",\"@id\":\"https:\\\/\\\/esemineu.ro\\\/hu\\\/termek\\\/vermikulit-kandallo-betet-economic-s-5kw-fm\\\/#primaryimage\",\"url\":\"https:\\\/\\\/esemineu.ro\\\/wp-content\\\/uploads\\\/2023\\\/09\\\/Set-7kw_cleanup-1.jpg-2.png\",\"contentUrl\":\"https:\\\/\\\/esemineu.ro\\\/wp-content\\\/uploads\\\/2023\\\/09\\\/Set-7kw_cleanup-1.jpg-2.png\",\"width\":1000,\"height\":1000},{\"@type\":\"BreadcrumbList\",\"@id\":\"https:\\\/\\\/esemineu.ro\\\/hu\\\/termek\\\/vermikulit-kandallo-betet-economic-s-5kw-fm\\\/#breadcrumb\",\"itemListElement\":[{\"@type\":\"ListItem\",\"position\":1,\"name\":\"Kezd\u0151lap\",\"item\":\"https:\\\/\\\/esemineu.ro\\\/hu\\\/\"},{\"@type\":\"ListItem\",\"position\":2,\"name\":\"\u00c1ruh\u00e1z\",\"item\":\"https:\\\/\\\/esemineu.ro\\\/hu\\\/aruhaz\\\/\"},{\"@type\":\"ListItem\",\"position\":3,\"name\":\"Vermikulit Kandall\u00f3 bet\u00e9t Economic S, 5kw FM\"}]},{\"@type\":\"WebSite\",\"@id\":\"https:\\\/\\\/esemineu.ro\\\/hu\\\/#website\",\"url\":\"https:\\\/\\\/esemineu.ro\\\/hu\\\/\",\"name\":\"eSemineu\",\"description\":\"\u0218eminee de cea mai \u00eenalt\u0103 calitate\",\"potentialAction\":[{\"@type\":\"SearchAction\",\"target\":{\"@type\":\"EntryPoint\",\"urlTemplate\":\"https:\\\/\\\/esemineu.ro\\\/hu\\\/?s={search_term_string}\"},\"query-input\":{\"@type\":\"PropertyValueSpecification\",\"valueRequired\":true,\"valueName\":\"search_term_string\"}}],\"inLanguage\":\"hu\"}]}<\/script>\n<!-- \/ Yoast SEO Premium plugin. -->","yoast_head_json":{"title":"Vermikulit Kandall\u00f3 bet\u00e9t Economic S | eSemineu.ro","description":"Vermikulit Kandall\u00f3 bet\u00e9t Economic S, Kanndall\u00f3k \u00e9s kemenc\u00e9k szigetel\u00e9s\u00e9hez haszn\u00e1llatos szigetel\u0151 anyag. M\u00e9g t\u0151bb aj\u00e1nlat\u00e9rt l\u00e1togasson el az eSemineu.ro","robots":{"index":"index","follow":"follow","max-snippet":"max-snippet:-1","max-image-preview":"max-image-preview:large","max-video-preview":"max-video-preview:-1"},"canonical":"https:\/\/esemineu.ro\/hu\/termek\/vermikulit-kandallo-betet-economic-s-5kw-fm\/","og_locale":"hu_HU","og_type":"article","og_title":"Vermikulit Kandall\u00f3 bet\u00e9t Economic S | eSemineu.ro","og_description":"Vermikulit Kandall\u00f3 bet\u00e9t Economic S, Kanndall\u00f3k \u00e9s kemenc\u00e9k szigetel\u00e9s\u00e9hez haszn\u00e1llatos szigetel\u0151 anyag. M\u00e9g t\u0151bb aj\u00e1nlat\u00e9rt l\u00e1togasson el az eSemineu.ro","og_url":"https:\/\/esemineu.ro\/hu\/termek\/vermikulit-kandallo-betet-economic-s-5kw-fm\/","og_site_name":"eSemineu","article_publisher":"https:\/\/web.facebook.com\/eSemineu","article_modified_time":"2023-08-28T14:39:30+00:00","og_image":[{"width":1000,"height":1000,"url":"https:\/\/esemineu.ro\/wp-content\/uploads\/2023\/09\/Set-7kw_cleanup-1.jpg-2.png","type":"image\/png"}],"twitter_card":"summary_large_image","twitter_misc":{"Becs\u00fclt olvas\u00e1si id\u0151":"1 perc"},"schema":{"@context":"https:\/\/schema.org","@graph":[{"@type":"WebPage","@id":"https:\/\/esemineu.ro\/hu\/termek\/vermikulit-kandallo-betet-economic-s-5kw-fm\/","url":"https:\/\/esemineu.ro\/hu\/termek\/vermikulit-kandallo-betet-economic-s-5kw-fm\/","name":"Vermikulit Kandall\u00f3 bet\u00e9t Economic S | eSemineu.ro","isPartOf":{"@id":"https:\/\/esemineu.ro\/hu\/#website"},"primaryImageOfPage":{"@id":"https:\/\/esemineu.ro\/hu\/termek\/vermikulit-kandallo-betet-economic-s-5kw-fm\/#primaryimage"},"image":{"@id":"https:\/\/esemineu.ro\/hu\/termek\/vermikulit-kandallo-betet-economic-s-5kw-fm\/#primaryimage"},"thumbnailUrl":"https:\/\/esemineu.ro\/wp-content\/uploads\/2023\/09\/Set-7kw_cleanup-1.jpg-2.png","datePublished":"2022-10-13T02:57:41+00:00","dateModified":"2023-08-28T14:39:30+00:00","description":"Vermikulit Kandall\u00f3 bet\u00e9t Economic S, Kanndall\u00f3k \u00e9s kemenc\u00e9k szigetel\u00e9s\u00e9hez haszn\u00e1llatos szigetel\u0151 anyag. M\u00e9g t\u0151bb aj\u00e1nlat\u00e9rt l\u00e1togasson el az eSemineu.ro","breadcrumb":{"@id":"https:\/\/esemineu.ro\/hu\/termek\/vermikulit-kandallo-betet-economic-s-5kw-fm\/#breadcrumb"},"inLanguage":"hu","potentialAction":[{"@type":"ReadAction","target":["https:\/\/esemineu.ro\/hu\/termek\/vermikulit-kandallo-betet-economic-s-5kw-fm\/"]}]},{"@type":"ImageObject","inLanguage":"hu","@id":"https:\/\/esemineu.ro\/hu\/termek\/vermikulit-kandallo-betet-economic-s-5kw-fm\/#primaryimage","url":"https:\/\/esemineu.ro\/wp-content\/uploads\/2023\/09\/Set-7kw_cleanup-1.jpg-2.png","contentUrl":"https:\/\/esemineu.ro\/wp-content\/uploads\/2023\/09\/Set-7kw_cleanup-1.jpg-2.png","width":1000,"height":1000},{"@type":"BreadcrumbList","@id":"https:\/\/esemineu.ro\/hu\/termek\/vermikulit-kandallo-betet-economic-s-5kw-fm\/#breadcrumb","itemListElement":[{"@type":"ListItem","position":1,"name":"Kezd\u0151lap","item":"https:\/\/esemineu.ro\/hu\/"},{"@type":"ListItem","position":2,"name":"\u00c1ruh\u00e1z","item":"https:\/\/esemineu.ro\/hu\/aruhaz\/"},{"@type":"ListItem","position":3,"name":"Vermikulit Kandall\u00f3 bet\u00e9t Economic S, 5kw FM"}]},{"@type":"WebSite","@id":"https:\/\/esemineu.ro\/hu\/#website","url":"https:\/\/esemineu.ro\/hu\/","name":"eSemineu","description":"\u0218eminee de cea mai \u00eenalt\u0103 calitate","potentialAction":[{"@type":"SearchAction","target":{"@type":"EntryPoint","urlTemplate":"https:\/\/esemineu.ro\/hu\/?s={search_term_string}"},"query-input":{"@type":"PropertyValueSpecification","valueRequired":true,"valueName":"search_term_string"}}],"inLanguage":"hu"}]}},"_links":{"self":[{"href":"https:\/\/esemineu.ro\/hu\/wp-json\/wp\/v2\/product\/4637","targetHints":{"allow":["GET"]}}],"collection":[{"href":"https:\/\/esemineu.ro\/hu\/wp-json\/wp\/v2\/product"}],"about":[{"href":"https:\/\/esemineu.ro\/hu\/wp-json\/wp\/v2\/types\/product"}],"replies":[{"embeddable":true,"href":"https:\/\/esemineu.ro\/hu\/wp-json\/wp\/v2\/comments?post=4637"}],"wp:featuredmedia":[{"embeddable":true,"href":"https:\/\/esemineu.ro\/hu\/wp-json\/wp\/v2\/media\/12061"}],"wp:attachment":[{"href":"https:\/\/esemineu.ro\/hu\/wp-json\/wp\/v2\/media?parent=4637"}],"wp:term":[{"taxonomy":"product_brand","embeddable":true,"href":"https:\/\/esemineu.ro\/hu\/wp-json\/wp\/v2\/product_brand?post=4637"},{"taxonomy":"product_cat","embeddable":true,"href":"https:\/\/esemineu.ro\/hu\/wp-json\/wp\/v2\/product_cat?post=4637"},{"taxonomy":"product_tag","embeddable":true,"href":"https:\/\/esemineu.ro\/hu\/wp-json\/wp\/v2\/product_tag?post=4637"}],"curies":[{"name":"wp","href":"https:\/\/api.w.org\/{rel}","templated":true}]}}