{"id":4619,"date":"2022-11-09T05:39:56","date_gmt":"2022-11-09T02:39:56","guid":{"rendered":"https:\/\/esemineu.ro\/product\/semineu-samotat-pe-lemne-strong-cu-geam-de-sticla-5-kw-fm\/"},"modified":"2025-10-22T19:33:16","modified_gmt":"2025-10-22T17:33:16","slug":"piros-clasic-lux-kandallo-5kw-7kw-hoallo-uveggel","status":"publish","type":"product","link":"https:\/\/esemineu.ro\/hu\/termek\/piros-clasic-lux-kandallo-5kw-7kw-hoallo-uveggel\/","title":{"rendered":"Piros Clasic-Lux kandall\u00f3, 5kW-7kW, h\u0151\u00e1ll\u00f3 \u00fcveggel"},"content":{"rendered":"<p>Piros Clasic-Lux kandall\u00f3, 5kW-7kW<\/p>\n<p>Fedezze fel a <strong>Piros Clasic-Lux kandall\u00f3t<\/strong>, a <strong>kandall\u00f3<\/strong> vil\u00e1g\u00e1nak egyed\u00fcl\u00e1ll\u00f3 csod\u00e1j\u00e1t! Ez az innovat\u00edv term\u00e9k a kandall\u00f3k k\u00f6z\u00f6tt 5kW-7kW k\u00f6z\u00f6tti teljes\u00edtm\u00e9nnyel b\u00fcszk\u00e9lkedhet. A <strong>75 sz\u00e1zal\u00e9kos hat\u00e9konys\u00e1ggal<\/strong> rendelkez\u0151 k\u00e9sz\u00fcl\u00e9k nem csak dekorat\u00edv elemk\u00e9nt funkcion\u00e1l, hanem ak\u00e1r <strong>20-25 m3 teret<\/strong> is k\u00e9pes felmeleg\u00edteni. A v\u00e1lasztott <strong>t\u00fczel\u0151anyag<\/strong> lehet <strong>brikett<\/strong> vagy <strong>fa<\/strong>, \u00edgy a t\u00fczel\u00e9s sokoldal\u00faan alkalmazhat\u00f3.<\/p>\n<p>Az anyag, amelyb\u0151l k\u00e9sz\u00fclt, tart\u00f3s <strong>ac\u00e9l lemez<\/strong>, mely garant\u00e1lja a kandall\u00f3 hossz\u00fa \u00e9lettartam\u00e1t. A <strong>f\u0151z\u0151lap<\/strong> kiv\u00e1l\u00f3 min\u0151s\u00e9g\u0171 <strong>\u00f6ntv\u00e9ny<\/strong>, ami a konyhai haszn\u00e1latra is t\u00f6k\u00e9letesen megfelel. K\u00e9t k\u00fcl\u00f6nf\u00e9le sz\u00ednben \u00e9rhet\u0151 el: leny\u0171g\u00f6z\u0151 <strong>fekete<\/strong> \u00e9s ragyog\u00f3 <strong>piros<\/strong>, amelyek k\u00f6z\u00fcl v\u00e1laszthat az \u00d6n otthon\u00e1hoz legink\u00e1bb illeszked\u0151t.<\/p>\n<p>A <strong>kandall\u00f3<\/strong> kiv\u00e1l\u00f3 v\u00e1laszt\u00e1s hideg \u0151szi \u00e9s t\u00e9li napokra, amikor a h\u0151m\u00e9rs\u00e9klet cs\u00f6kken \u00e9s a komfortos, meleg bels\u0151 t\u00e9r egyre fontosabb\u00e1 v\u00e1lik. Ezen napokon a kandall\u00f3 l\u00e1ngjai nem csak kellemes h\u0151t biztos\u00edtanak, hanem otthonos, meghitt hangulatot is teremtenek.<\/p>\n<p><strong>A kandall\u00f3 optim\u00e1lis f\u00fcstcs\u0151 kivezet\u00e9s m\u00e9rete<\/strong>: A 120mm \u00e1tm\u00e9r\u0151j\u0171 f\u00fcstcs\u0151 a k\u00f6zepes \u00e9s nagyobb teljes\u00edtm\u00e9ny\u0171 berendez\u00e9sek sz\u00e1m\u00e1ra k\u00e9sz\u00fclt. Megfelel\u0151 mennyis\u00e9g\u0171 f\u00fcst \u00e9s \u00e9g\u00e9sterm\u00e9k elvezet\u00e9s\u00e9re k\u00e9pes an\u00e9lk\u00fcl, hogy torl\u00f3d\u00e1st okozna.<\/p>\n<p>A <strong>Piros Clasic-Lux kandall\u00f3<\/strong> k\u00fcl\u00f6n\u00f6sen praktikus, hiszen <strong>hordozhat\u00f3<\/strong> \u00e9s <strong>szabadon \u00e1ll\u00f3 kandall\u00f3<\/strong> t\u00edpus\u00fa. Legyen sz\u00f3 b\u00e1rmilyen helyis\u00e9gr\u0151l, k\u00f6nnyen integr\u00e1lhat\u00f3 \u00e9s alkalmazkodik az \u00d6n ig\u00e9nyeihez.<\/p>\n<p>V\u00e1s\u00e1rl\u00e1skor nem csak egy kiv\u00e1l\u00f3 min\u0151s\u00e9g\u0171 term\u00e9ket kap, hanem egy st\u00edlusos, modern diz\u00e1jn\u00fa berendez\u00e9st is, amely t\u00f6k\u00e9letesen kieg\u00e9sz\u00edti otthon\u00e1t. A <strong>Piros Clasic-Lux kandall\u00f3<\/strong>t az <strong>esemineu.ro<\/strong> weboldalon tal\u00e1lja, ahol m\u00e9g t\u00f6bb r\u00e9szletet \u00e9s inform\u00e1ci\u00f3t olvashat err\u0151l a remek term\u00e9kr\u0151l. Ne hagyja ki ezt a p\u00e1ratlan aj\u00e1nlatot!<\/p>\n<h6>Sz\u00e1ll\u00edt\u00e1si hat\u00e1rid\u0151:<\/h6>\n<ul>\n<li><strong>Magyarorsz\u00e1g \u00e9s az eg\u00e9sz Eur\u00f3pai Uni\u00f3 ter\u00fclet\u00e9n<\/strong>\u00a0is sz\u00e1ll\u00edtjuk.<\/li>\n<li>Rom\u00e1ni\u00e1ba 2-3 munkanap alatt sz\u00e1ll\u00edtjuk<\/li>\n<li>Magyarorsz\u00e1gra \u00e9s az EU ter\u00fclet\u00e9re az \u00e1tutal\u00e1s ut\u00e1n 5 munkanapon bel\u00fcl \u00e9rkezik meg a term\u00e9k.<\/li>\n<\/ul>\n<p>Ha b\u00e1rmilyen k\u00e9rd\u00e9se van, k\u00e9rj\u00fck, l\u00e9pjen kapcsolatba vel\u00fcnk.<\/p>\n<p>Tov\u00e1bbi aj\u00e1nlatok\u00e9rt kattintson\u00a0<a href=\"https:\/\/esemineu.ro\/hu\/termek-kategoria\/mobil-hordozhato-szabadon-allo-kandallok\/\">ide<\/a><\/p>\n<p>T\u0151bb inform\u00e1ci\u00f3\u00e9rt l\u00e1togasson el\u00a0<a href=\"https:\/\/www.youtube.com\/@esemineuromania\">YouTube<\/a>-csatorn\u00e1nkra, valamint\u00a0<a href=\"https:\/\/www.facebook.com\/eSemineu\">Facebook<\/a>\u00a0\u00e9s\u00a0<a href=\"https:\/\/www.instagram.com\/esemineu\/\">Instagram<\/a>\u00a0oldalainkra.<\/p>\n<p><a href=\"https:\/\/esemineu.ro\/\">eSemineu.ro<\/a>\u00a0 \u00a0Te rakod a t\u0171zet mi adjuk a meleget!<\/p>\n","protected":false},"excerpt":{"rendered":"<p>Piros Clasic-Lux kandall\u00f3, 5kW-7kW Fedezze fel a Piros Clasic-Lux kandall\u00f3t, a kandall\u00f3 vil\u00e1g\u00e1nak egyed\u00fcl\u00e1ll\u00f3 csod\u00e1j\u00e1t! Ez az innovat\u00edv term\u00e9k a kandall\u00f3k k\u00f6z\u00f6tt 5kW-7kW k\u00f6z\u00f6tti teljes\u00edtm\u00e9nnyel b\u00fcszk\u00e9lkedhet. A 75 sz\u00e1zal\u00e9kos hat\u00e9konys\u00e1ggal rendelkez\u0151 k\u00e9sz\u00fcl\u00e9k nem csak dekorat\u00edv elemk\u00e9nt funkcion\u00e1l, hanem ak\u00e1r 20-25 m3 teret is k\u00e9pes felmeleg\u00edteni. A v\u00e1lasztott t\u00fczel\u0151anyag lehet brikett vagy fa, \u00edgy a t\u00fczel\u00e9s sokoldal\u00faan alkalmazhat\u00f3. Az anyag, amelyb\u0151l k\u00e9sz\u00fclt, tart\u00f3s ac\u00e9l lemez, mely garant\u00e1lja a kandall\u00f3 hossz\u00fa \u00e9lettartam\u00e1t. A f\u0151z\u0151lap kiv\u00e1l\u00f3 min\u0151s\u00e9g\u0171 \u00f6ntv\u00e9ny, ami a konyhai haszn\u00e1latra is t\u00f6k\u00e9letesen megfelel. K\u00e9t k\u00fcl\u00f6nf\u00e9le sz\u00ednben \u00e9rhet\u0151 el: leny\u0171g\u00f6z\u0151 fekete \u00e9s ragyog\u00f3 piros, amelyek k\u00f6z\u00fcl v\u00e1laszthat az \u00d6n otthon\u00e1hoz legink\u00e1bb illeszked\u0151t. A kandall\u00f3 kiv\u00e1l\u00f3 v\u00e1laszt\u00e1s hideg \u0151szi \u00e9s t\u00e9li napokra, amikor a h\u0151m\u00e9rs\u00e9klet cs\u00f6kken \u00e9s a komfortos, meleg bels\u0151 t\u00e9r egyre fontosabb\u00e1 v\u00e1lik. Ezen napokon a kandall\u00f3 l\u00e1ngjai nem csak kellemes h\u0151t biztos\u00edtanak, hanem otthonos, meghitt hangulatot is teremtenek. A kandall\u00f3 optim\u00e1lis f\u00fcstcs\u0151 kivezet\u00e9s m\u00e9rete: A 120mm \u00e1tm\u00e9r\u0151j\u0171 f\u00fcstcs\u0151 a k\u00f6zepes &hellip; <a href=\"https:\/\/esemineu.ro\/hu\/termek\/piros-clasic-lux-kandallo-5kw-7kw-hoallo-uveggel\/\">Folytatva<\/a><\/p>\n","protected":false},"featured_media":18202,"comment_status":"open","ping_status":"closed","template":"","meta":[],"product_brand":[],"product_cat":[2346,836],"product_tag":[],"class_list":{"0":"post-4619","1":"product","2":"type-product","3":"status-publish","4":"has-post-thumbnail","6":"product_cat-fatuzelesu-kandallok-2","7":"product_cat-mobil-hordozhato-szabadon-allo-kandallok","8":"product_shipping_class-kandallok","9":"pa_combustibil-utilizat-brikett","10":"pa_combustibil-utilizat-fa","11":"pa_culoare-matt-fekete","12":"pa_culoare-piros","13":"pa_diametru-racordului-la-cos-120-mm-hu","14":"pa_material-acel","15":"pa_model-hordozhato-hu","16":"pa_putere-5kw-7kw-hu","17":"pa_randament-75-hu","18":"pa_spatiu-de-aer-incalzit-90-140-m3-hu","19":"producer-hasinto","21":"first","22":"instock","23":"sale","24":"shipping-taxable","25":"purchasable","26":"product-type-simple"},"acf":[],"yoast_head":"<!-- This site is optimized with the Yoast SEO Premium plugin v21.0 (Yoast SEO v27.3) - https:\/\/yoast.com\/product\/yoast-seo-premium-wordpress\/ -->\n<title>Piros Clasic-Lux kandall\u00f3 | Hordozhat\u00f3, szabadon \u00e1ll\u00f3 kandall\u00f3<\/title>\n<meta name=\"description\" content=\"Piros Clasic-Lux kandall\u00f3, a term\u00e9k mely ide\u00e1lis a megfelel\u0151 hangulat megteremt\u00e9s\u00e9hez. | eSemineu.ro | Te rakod a t\u00fczet, mi adjuk a meleget!\" \/>\n<meta name=\"robots\" content=\"index, follow, max-snippet:-1, max-image-preview:large, max-video-preview:-1\" \/>\n<link rel=\"canonical\" href=\"https:\/\/esemineu.ro\/hu\/termek\/piros-clasic-lux-kandallo-5kw-7kw-hoallo-uveggel\/\" \/>\n<meta property=\"og:locale\" content=\"hu_HU\" \/>\n<meta property=\"og:type\" content=\"article\" \/>\n<meta property=\"og:title\" content=\"Piros Clasic-Lux kandall\u00f3 | Hordozhat\u00f3, szabadon \u00e1ll\u00f3 kandall\u00f3\" \/>\n<meta property=\"og:description\" content=\"Piros Clasic-Lux kandall\u00f3, a term\u00e9k mely ide\u00e1lis a megfelel\u0151 hangulat megteremt\u00e9s\u00e9hez. | eSemineu.ro | Te rakod a t\u00fczet, mi adjuk a meleget!\" \/>\n<meta property=\"og:url\" content=\"https:\/\/esemineu.ro\/hu\/termek\/piros-clasic-lux-kandallo-5kw-7kw-hoallo-uveggel\/\" \/>\n<meta property=\"og:site_name\" content=\"eSemineu\" \/>\n<meta property=\"article:publisher\" content=\"https:\/\/web.facebook.com\/eSemineu\" \/>\n<meta property=\"article:modified_time\" content=\"2025-10-22T17:33:16+00:00\" \/>\n<meta property=\"og:image\" content=\"https:\/\/esemineu.ro\/wp-content\/uploads\/2022\/11\/THALIA-FRONT-FR.jpg\" \/>\n\t<meta property=\"og:image:width\" content=\"1000\" \/>\n\t<meta property=\"og:image:height\" content=\"1000\" \/>\n\t<meta property=\"og:image:type\" content=\"image\/jpeg\" \/>\n<meta name=\"twitter:card\" content=\"summary_large_image\" \/>\n<meta name=\"twitter:label1\" content=\"Becs\u00fclt olvas\u00e1si id\u0151\" \/>\n\t<meta name=\"twitter:data1\" content=\"2 perc\" \/>\n<script type=\"application\/ld+json\" class=\"yoast-schema-graph\">{\"@context\":\"https:\\\/\\\/schema.org\",\"@graph\":[{\"@type\":\"WebPage\",\"@id\":\"https:\\\/\\\/esemineu.ro\\\/hu\\\/termek\\\/piros-clasic-lux-kandallo-5kw-7kw-hoallo-uveggel\\\/\",\"url\":\"https:\\\/\\\/esemineu.ro\\\/hu\\\/termek\\\/piros-clasic-lux-kandallo-5kw-7kw-hoallo-uveggel\\\/\",\"name\":\"Piros Clasic-Lux kandall\u00f3 | Hordozhat\u00f3, szabadon \u00e1ll\u00f3 kandall\u00f3\",\"isPartOf\":{\"@id\":\"https:\\\/\\\/esemineu.ro\\\/hu\\\/#website\"},\"primaryImageOfPage\":{\"@id\":\"https:\\\/\\\/esemineu.ro\\\/hu\\\/termek\\\/piros-clasic-lux-kandallo-5kw-7kw-hoallo-uveggel\\\/#primaryimage\"},\"image\":{\"@id\":\"https:\\\/\\\/esemineu.ro\\\/hu\\\/termek\\\/piros-clasic-lux-kandallo-5kw-7kw-hoallo-uveggel\\\/#primaryimage\"},\"thumbnailUrl\":\"https:\\\/\\\/esemineu.ro\\\/wp-content\\\/uploads\\\/2022\\\/11\\\/THALIA-FRONT-FR.jpg\",\"datePublished\":\"2022-11-09T02:39:56+00:00\",\"dateModified\":\"2025-10-22T17:33:16+00:00\",\"description\":\"Piros Clasic-Lux kandall\u00f3, a term\u00e9k mely ide\u00e1lis a megfelel\u0151 hangulat megteremt\u00e9s\u00e9hez. | eSemineu.ro | Te rakod a t\u00fczet, mi adjuk a meleget!\",\"breadcrumb\":{\"@id\":\"https:\\\/\\\/esemineu.ro\\\/hu\\\/termek\\\/piros-clasic-lux-kandallo-5kw-7kw-hoallo-uveggel\\\/#breadcrumb\"},\"inLanguage\":\"hu\",\"potentialAction\":[{\"@type\":\"ReadAction\",\"target\":[\"https:\\\/\\\/esemineu.ro\\\/hu\\\/termek\\\/piros-clasic-lux-kandallo-5kw-7kw-hoallo-uveggel\\\/\"]}]},{\"@type\":\"ImageObject\",\"inLanguage\":\"hu\",\"@id\":\"https:\\\/\\\/esemineu.ro\\\/hu\\\/termek\\\/piros-clasic-lux-kandallo-5kw-7kw-hoallo-uveggel\\\/#primaryimage\",\"url\":\"https:\\\/\\\/esemineu.ro\\\/wp-content\\\/uploads\\\/2022\\\/11\\\/THALIA-FRONT-FR.jpg\",\"contentUrl\":\"https:\\\/\\\/esemineu.ro\\\/wp-content\\\/uploads\\\/2022\\\/11\\\/THALIA-FRONT-FR.jpg\",\"width\":1000,\"height\":1000,\"caption\":\"Piros Clasic-Lux kandall\u00f3\"},{\"@type\":\"BreadcrumbList\",\"@id\":\"https:\\\/\\\/esemineu.ro\\\/hu\\\/termek\\\/piros-clasic-lux-kandallo-5kw-7kw-hoallo-uveggel\\\/#breadcrumb\",\"itemListElement\":[{\"@type\":\"ListItem\",\"position\":1,\"name\":\"Kezd\u0151lap\",\"item\":\"https:\\\/\\\/esemineu.ro\\\/hu\\\/\"},{\"@type\":\"ListItem\",\"position\":2,\"name\":\"\u00c1ruh\u00e1z\",\"item\":\"https:\\\/\\\/esemineu.ro\\\/hu\\\/aruhaz\\\/\"},{\"@type\":\"ListItem\",\"position\":3,\"name\":\"Piros Clasic-Lux kandall\u00f3, 5kW-7kW, h\u0151\u00e1ll\u00f3 \u00fcveggel\"}]},{\"@type\":\"WebSite\",\"@id\":\"https:\\\/\\\/esemineu.ro\\\/hu\\\/#website\",\"url\":\"https:\\\/\\\/esemineu.ro\\\/hu\\\/\",\"name\":\"eSemineu\",\"description\":\"\u0218eminee de cea mai \u00eenalt\u0103 calitate\",\"potentialAction\":[{\"@type\":\"SearchAction\",\"target\":{\"@type\":\"EntryPoint\",\"urlTemplate\":\"https:\\\/\\\/esemineu.ro\\\/hu\\\/?s={search_term_string}\"},\"query-input\":{\"@type\":\"PropertyValueSpecification\",\"valueRequired\":true,\"valueName\":\"search_term_string\"}}],\"inLanguage\":\"hu\"}]}<\/script>\n<!-- \/ Yoast SEO Premium plugin. -->","yoast_head_json":{"title":"Piros Clasic-Lux kandall\u00f3 | Hordozhat\u00f3, szabadon \u00e1ll\u00f3 kandall\u00f3","description":"Piros Clasic-Lux kandall\u00f3, a term\u00e9k mely ide\u00e1lis a megfelel\u0151 hangulat megteremt\u00e9s\u00e9hez. | eSemineu.ro | Te rakod a t\u00fczet, mi adjuk a meleget!","robots":{"index":"index","follow":"follow","max-snippet":"max-snippet:-1","max-image-preview":"max-image-preview:large","max-video-preview":"max-video-preview:-1"},"canonical":"https:\/\/esemineu.ro\/hu\/termek\/piros-clasic-lux-kandallo-5kw-7kw-hoallo-uveggel\/","og_locale":"hu_HU","og_type":"article","og_title":"Piros Clasic-Lux kandall\u00f3 | Hordozhat\u00f3, szabadon \u00e1ll\u00f3 kandall\u00f3","og_description":"Piros Clasic-Lux kandall\u00f3, a term\u00e9k mely ide\u00e1lis a megfelel\u0151 hangulat megteremt\u00e9s\u00e9hez. | eSemineu.ro | Te rakod a t\u00fczet, mi adjuk a meleget!","og_url":"https:\/\/esemineu.ro\/hu\/termek\/piros-clasic-lux-kandallo-5kw-7kw-hoallo-uveggel\/","og_site_name":"eSemineu","article_publisher":"https:\/\/web.facebook.com\/eSemineu","article_modified_time":"2025-10-22T17:33:16+00:00","og_image":[{"width":1000,"height":1000,"url":"https:\/\/esemineu.ro\/wp-content\/uploads\/2022\/11\/THALIA-FRONT-FR.jpg","type":"image\/jpeg"}],"twitter_card":"summary_large_image","twitter_misc":{"Becs\u00fclt olvas\u00e1si id\u0151":"2 perc"},"schema":{"@context":"https:\/\/schema.org","@graph":[{"@type":"WebPage","@id":"https:\/\/esemineu.ro\/hu\/termek\/piros-clasic-lux-kandallo-5kw-7kw-hoallo-uveggel\/","url":"https:\/\/esemineu.ro\/hu\/termek\/piros-clasic-lux-kandallo-5kw-7kw-hoallo-uveggel\/","name":"Piros Clasic-Lux kandall\u00f3 | Hordozhat\u00f3, szabadon \u00e1ll\u00f3 kandall\u00f3","isPartOf":{"@id":"https:\/\/esemineu.ro\/hu\/#website"},"primaryImageOfPage":{"@id":"https:\/\/esemineu.ro\/hu\/termek\/piros-clasic-lux-kandallo-5kw-7kw-hoallo-uveggel\/#primaryimage"},"image":{"@id":"https:\/\/esemineu.ro\/hu\/termek\/piros-clasic-lux-kandallo-5kw-7kw-hoallo-uveggel\/#primaryimage"},"thumbnailUrl":"https:\/\/esemineu.ro\/wp-content\/uploads\/2022\/11\/THALIA-FRONT-FR.jpg","datePublished":"2022-11-09T02:39:56+00:00","dateModified":"2025-10-22T17:33:16+00:00","description":"Piros Clasic-Lux kandall\u00f3, a term\u00e9k mely ide\u00e1lis a megfelel\u0151 hangulat megteremt\u00e9s\u00e9hez. | eSemineu.ro | Te rakod a t\u00fczet, mi adjuk a meleget!","breadcrumb":{"@id":"https:\/\/esemineu.ro\/hu\/termek\/piros-clasic-lux-kandallo-5kw-7kw-hoallo-uveggel\/#breadcrumb"},"inLanguage":"hu","potentialAction":[{"@type":"ReadAction","target":["https:\/\/esemineu.ro\/hu\/termek\/piros-clasic-lux-kandallo-5kw-7kw-hoallo-uveggel\/"]}]},{"@type":"ImageObject","inLanguage":"hu","@id":"https:\/\/esemineu.ro\/hu\/termek\/piros-clasic-lux-kandallo-5kw-7kw-hoallo-uveggel\/#primaryimage","url":"https:\/\/esemineu.ro\/wp-content\/uploads\/2022\/11\/THALIA-FRONT-FR.jpg","contentUrl":"https:\/\/esemineu.ro\/wp-content\/uploads\/2022\/11\/THALIA-FRONT-FR.jpg","width":1000,"height":1000,"caption":"Piros Clasic-Lux kandall\u00f3"},{"@type":"BreadcrumbList","@id":"https:\/\/esemineu.ro\/hu\/termek\/piros-clasic-lux-kandallo-5kw-7kw-hoallo-uveggel\/#breadcrumb","itemListElement":[{"@type":"ListItem","position":1,"name":"Kezd\u0151lap","item":"https:\/\/esemineu.ro\/hu\/"},{"@type":"ListItem","position":2,"name":"\u00c1ruh\u00e1z","item":"https:\/\/esemineu.ro\/hu\/aruhaz\/"},{"@type":"ListItem","position":3,"name":"Piros Clasic-Lux kandall\u00f3, 5kW-7kW, h\u0151\u00e1ll\u00f3 \u00fcveggel"}]},{"@type":"WebSite","@id":"https:\/\/esemineu.ro\/hu\/#website","url":"https:\/\/esemineu.ro\/hu\/","name":"eSemineu","description":"\u0218eminee de cea mai \u00eenalt\u0103 calitate","potentialAction":[{"@type":"SearchAction","target":{"@type":"EntryPoint","urlTemplate":"https:\/\/esemineu.ro\/hu\/?s={search_term_string}"},"query-input":{"@type":"PropertyValueSpecification","valueRequired":true,"valueName":"search_term_string"}}],"inLanguage":"hu"}]}},"_links":{"self":[{"href":"https:\/\/esemineu.ro\/hu\/wp-json\/wp\/v2\/product\/4619","targetHints":{"allow":["GET"]}}],"collection":[{"href":"https:\/\/esemineu.ro\/hu\/wp-json\/wp\/v2\/product"}],"about":[{"href":"https:\/\/esemineu.ro\/hu\/wp-json\/wp\/v2\/types\/product"}],"replies":[{"embeddable":true,"href":"https:\/\/esemineu.ro\/hu\/wp-json\/wp\/v2\/comments?post=4619"}],"wp:featuredmedia":[{"embeddable":true,"href":"https:\/\/esemineu.ro\/hu\/wp-json\/wp\/v2\/media\/18202"}],"wp:attachment":[{"href":"https:\/\/esemineu.ro\/hu\/wp-json\/wp\/v2\/media?parent=4619"}],"wp:term":[{"taxonomy":"product_brand","embeddable":true,"href":"https:\/\/esemineu.ro\/hu\/wp-json\/wp\/v2\/product_brand?post=4619"},{"taxonomy":"product_cat","embeddable":true,"href":"https:\/\/esemineu.ro\/hu\/wp-json\/wp\/v2\/product_cat?post=4619"},{"taxonomy":"product_tag","embeddable":true,"href":"https:\/\/esemineu.ro\/hu\/wp-json\/wp\/v2\/product_tag?post=4619"}],"curies":[{"name":"wp","href":"https:\/\/api.w.org\/{rel}","templated":true}]}}