{"id":4529,"date":"2023-03-03T13:08:21","date_gmt":"2023-03-03T10:08:21","guid":{"rendered":"https:\/\/esemineu.ro\/product\/soba-teracota-vulcano-natur-4r-cu-usa-sticla-plita-din-fonta-8-kw\/"},"modified":"2026-04-01T12:27:27","modified_gmt":"2026-04-01T09:27:27","slug":"vulcano-cserepkalyha-natur-4-soros-acel-keretben-epitve-belathato-tuzterrel-6kw","status":"publish","type":"product","link":"https:\/\/esemineu.ro\/hu\/termek\/vulcano-cserepkalyha-natur-4-soros-acel-keretben-epitve-belathato-tuzterrel-6kw\/","title":{"rendered":"Vulcano Cser\u00e9pk\u00e1lyha Natur 4 soros, Ac\u00e9lkeretbe \u00e9p\u00edtve bel\u00e1that\u00f3 t\u0171zt\u00e9rrel, 6kW"},"content":{"rendered":"<p>Vulcano Cser\u00e9pk\u00e1lyha Natur 4 soros<\/p>\n<p>Az <strong>Vulcano Cser\u00e9pk\u00e1lyha Natur 4 soros<\/strong> nem csup\u00e1n egy egyszer\u0171 f\u0171t\u0151berendez\u00e9s. Ez egy igazi m\u0171remek, amely a funkcionalit\u00e1s, eszt\u00e9tika \u00e9s megb\u00edzhat\u00f3s\u00e1g t\u00f6k\u00e9letes egyens\u00faly\u00e1t k\u00edn\u00e1lja. Az <strong>ac\u00e9lkeretes<\/strong>\u00a0design moderns\u00e9get sugall, ami m\u00e9gis t\u00f6k\u00e9letesen beleillik a hagyom\u00e1nyos otthonokba is.<\/p>\n<p>K\u00e9pzelje el, ahogy a hideg t\u00e9li est\u00e9ken a k\u00e1lyha meleg f\u00e9nye bevil\u00e1g\u00edtja a szob\u00e1t. A <strong>bel\u00e1that\u00f3 t\u0171zt\u00e9r<\/strong> lehet\u0151v\u00e9 teszi, hogy megfigyelj\u00fck a t\u0171z t\u00e1nc\u00e1t, amely mag\u00e1val ragadja a figyelmet \u00e9s kellemes hangulatot teremt. A k\u00e1lyha <strong>6kW<\/strong> teljes\u00edtm\u00e9nye ide\u00e1lis k\u00f6zepes m\u00e9ret\u0171 helyis\u00e9gek gyors felmeleg\u00edt\u00e9s\u00e9hez. Ezzel nemcsak a kellemes h\u0151\u00e9rzetet biztos\u00edtja, hanem jelent\u0151s megtakar\u00edt\u00e1st is eredm\u00e9nyezhet a f\u0171t\u00e9ssz\u00e1ml\u00e1n.<\/p>\n<p>A <strong>Natur barna sz\u00edn<\/strong> az id\u0151tlens\u00e9g \u00e9rzet\u00e9t kelti. Egy olyan \u00e1rnyalat, ami sosem megy ki a divatb\u00f3l, \u00e9s k\u00f6nnyed\u00e9n \u00f6sszehangolhat\u00f3 a legt\u00f6bb bels\u0151 t\u00e9rrel. A <strong>hordozhat\u00f3s\u00e1g<\/strong> pedig rugalmass\u00e1got k\u00edn\u00e1l, lehet\u0151v\u00e9 t\u00e9ve a berendez\u00e9s k\u00fcl\u00f6nb\u00f6z\u0151 helyis\u00e9gekben val\u00f3 haszn\u00e1lat\u00e1t.<\/p>\n<p>Ez a cserepk\u00e1lyha sokkal t\u00f6bb, mint csak egy h\u0151forr\u00e1s. A <strong>vastag \u00f6nt\u00f6ttvas f\u0151z\u0151lap<\/strong> megk\u00f6nny\u00edti az \u00e9telk\u00e9sz\u00edt\u00e9st, \u00edgy a csal\u00e1d minden tagja k\u00f6z\u00f6sen t\u00f6ltheti az id\u0151t a meleg mellett, mik\u00f6zben \u00edzletes fog\u00e1sok k\u00e9sz\u00fclnek. Az <strong>\u00f6nt\u00f6ttvas ajt\u00f3<\/strong> \u00e9s a <strong>h\u0151\u00e1ll\u00f3 \u00fcveg<\/strong>\u00a0garant\u00e1lja a berendez\u00e9s hossz\u00fa \u00e9lettartam\u00e1t.<\/p>\n<p>A <strong>samottal belelt<\/strong> bels\u0151 fel\u00fclet egy tov\u00e1bbi el\u0151nyt k\u00edn\u00e1l. Az anyag h\u0151t\u00e1rol\u00f3 tulajdons\u00e1gai miatt a k\u00e1lyha m\u00e9g a t\u0171z kihuny\u00e1sa ut\u00e1n is k\u00e9pes meleget adni, \u00edgy az otthon\u00e1t hosszabb ideig melegen tartja.<\/p>\n<p>Az <strong>esemineu premium term\u00e9k<\/strong> garancia arra, hogy egy kiv\u00e1l\u00f3 min\u0151s\u00e9g\u0171 berendez\u00e9ssel gazdagodik, amely \u00e9veken kereszt\u00fcl megb\u00edzhat\u00f3 szolg\u00e1ltat\u00e1st ny\u00fajt. Az <strong>esemineu.ro<\/strong> aj\u00e1nl\u00e1s\u00e1val biztos lehet benne, hogy a legjobbat kapja, legyen sz\u00f3 ak\u00e1r term\u00e9kmin\u0151s\u00e9gr\u0151l, ak\u00e1r \u00fcgyf\u00e9lszolg\u00e1latr\u00f3l. Szerezze be ezt a csod\u00e1latos cserepk\u00e1lyh\u00e1t, \u00e9s \u00e9lvezze a kellemes h\u0151t \u00e9s a csal\u00e1di \u00f6sszej\u00f6vetelek meghitt pillanatait!<\/p>\n<h4>Figyelem!<\/h4>\n<p>A t\u0171zhely hullad\u00e9k \u00e9get\u00e9s\u00e9re nem alkalmas, kiz\u00e1r\u00f3lag f\u0171t\u00e9sre \u00e9s f\u0151z\u00e9sre haszn\u00e1lhat\u00f3. Az ilyen hullad\u00e9k \u00e9get\u00e9sekor a cser\u00e9pk\u00e1lyha f\u00fcstkivezet\u0151 ny\u00edl\u00e1sa k\u00f6nnyen elt\u00f6m\u0151dhet, ez\u00e9rt aj\u00e1nlott kiz\u00e1r\u00f3lag f\u00e1t vagy brikettet \u00e9getni benne.<\/p>\n<h4>Vulcano Cser\u00e9pk\u00e1lyha Natur 4 soros sz\u00e1ll\u00edt\u00e1si hat\u00e1rideje:<\/h4>\n<ul>\n<li><strong>Magyarorsz\u00e1g \u00e9s az eg\u00e9sz Eur\u00f3pai Uni\u00f3 ter\u00fclet\u00e9n<\/strong>\u00a0is sz\u00e1ll\u00edtjuk.<\/li>\n<li>Rom\u00e1ni\u00e1ba 2-3 munkanap alatt sz\u00e1ll\u00edtjuk<\/li>\n<li>Magyarorsz\u00e1gra \u00e9s az EU ter\u00fclet\u00e9re az \u00e1tutal\u00e1s ut\u00e1n 5 munkanapon bel\u00fcl \u00e9rkezik meg a term\u00e9k.<\/li>\n<\/ul>\n<p>Ha b\u00e1rmilyen k\u00e9rd\u00e9se van, k\u00e9rj\u00fck, l\u00e9pjen kapcsolatba vel\u00fcnk.<\/p>\n<p>Tov\u00e1bbi aj\u00e1nlatok\u00e9rt kattintson\u00a0<a href=\"https:\/\/esemineu.ro\/hu\/termek-kategoria\/hordozhato-cserepkalyhak\/\">ide<\/a><\/p>\n<p>T\u0151bb inform\u00e1ci\u00f3\u00e9rt l\u00e1togasson el\u00a0<a href=\"https:\/\/www.youtube.com\/@esemineuromania\">YouTube<\/a>-csatorn\u00e1nkra, valamint\u00a0<a href=\"https:\/\/www.facebook.com\/eSemineu\">Facebook<\/a>\u00a0\u00e9s\u00a0<a href=\"https:\/\/www.instagram.com\/esemineu\/\">Instagram<\/a>\u00a0oldalainkra.<\/p>\n<p><a href=\"https:\/\/esemineu.ro\/\">eSemineu.ro<\/a>\u00a0 \u00a0Te rakod a t\u0171zet mi adjuk a meleget!<\/p>\n","protected":false},"excerpt":{"rendered":"<p>Vulcano Cser\u00e9pk\u00e1lyha Natur 4 soros Az Vulcano Cser\u00e9pk\u00e1lyha Natur 4 soros nem csup\u00e1n egy egyszer\u0171 f\u0171t\u0151berendez\u00e9s. Ez egy igazi m\u0171remek, amely a funkcionalit\u00e1s, eszt\u00e9tika \u00e9s megb\u00edzhat\u00f3s\u00e1g t\u00f6k\u00e9letes egyens\u00faly\u00e1t k\u00edn\u00e1lja. Az ac\u00e9lkeretes\u00a0design moderns\u00e9get sugall, ami m\u00e9gis t\u00f6k\u00e9letesen beleillik a hagyom\u00e1nyos otthonokba is. K\u00e9pzelje el, ahogy a hideg t\u00e9li est\u00e9ken a k\u00e1lyha meleg f\u00e9nye bevil\u00e1g\u00edtja a szob\u00e1t. A bel\u00e1that\u00f3 t\u0171zt\u00e9r lehet\u0151v\u00e9 teszi, hogy megfigyelj\u00fck a t\u0171z t\u00e1nc\u00e1t, amely mag\u00e1val ragadja a figyelmet \u00e9s kellemes hangulatot teremt. A k\u00e1lyha 6kW teljes\u00edtm\u00e9nye ide\u00e1lis k\u00f6zepes m\u00e9ret\u0171 helyis\u00e9gek gyors felmeleg\u00edt\u00e9s\u00e9hez. Ezzel nemcsak a kellemes h\u0151\u00e9rzetet biztos\u00edtja, hanem jelent\u0151s megtakar\u00edt\u00e1st is eredm\u00e9nyezhet a f\u0171t\u00e9ssz\u00e1ml\u00e1n. A Natur barna sz\u00edn az id\u0151tlens\u00e9g \u00e9rzet\u00e9t kelti. Egy olyan \u00e1rnyalat, ami sosem megy ki a divatb\u00f3l, \u00e9s k\u00f6nnyed\u00e9n \u00f6sszehangolhat\u00f3 a legt\u00f6bb bels\u0151 t\u00e9rrel. A hordozhat\u00f3s\u00e1g pedig rugalmass\u00e1got k\u00edn\u00e1l, lehet\u0151v\u00e9 t\u00e9ve a berendez\u00e9s k\u00fcl\u00f6nb\u00f6z\u0151 helyis\u00e9gekben val\u00f3 haszn\u00e1lat\u00e1t. Ez a cserepk\u00e1lyha sokkal t\u00f6bb, mint csak egy h\u0151forr\u00e1s. A vastag \u00f6nt\u00f6ttvas f\u0151z\u0151lap megk\u00f6nny\u00edti az \u00e9telk\u00e9sz\u00edt\u00e9st, &hellip; <a href=\"https:\/\/esemineu.ro\/hu\/termek\/vulcano-cserepkalyha-natur-4-soros-acel-keretben-epitve-belathato-tuzterrel-6kw\/\">Folytatva<\/a><\/p>\n","protected":false},"featured_media":17188,"comment_status":"open","ping_status":"closed","template":"","meta":[],"product_brand":[706],"product_cat":[729,1680],"product_tag":[],"class_list":{"0":"post-4529","1":"product","2":"type-product","3":"status-publish","4":"has-post-thumbnail","6":"product_brand-esemineu-premium","7":"product_cat-hordozhato-cserepkalyhak","8":"product_cat-melegito","9":"product_shipping_class-csempekalyhak","10":"pa_combustibil-utilizat-brikett","11":"pa_combustibil-utilizat-fa","12":"pa_culoare-maro-natur-hu","13":"pa_diametru-racordului-la-cos-120-mm-hu","14":"pa_material-teracota-hu","15":"pa_material-ontotvas-ajto-hoallo-uveggel","16":"pa_material-ontveny-fozolap","17":"pa_material-ontveny-labak","18":"pa_model-4-soros-melegito-acel-keretben-hu","19":"pa_putere-7-kw-hu","20":"pa_randament-94-hu","21":"pa_suprafata-incalzita-mp-26-37-hu","22":"producer-norbo","24":"first","25":"instock","26":"shipping-taxable","27":"purchasable","28":"product-type-simple"},"acf":[],"yoast_head":"<!-- This site is optimized with the Yoast SEO Premium plugin v21.0 (Yoast SEO v27.3) - https:\/\/yoast.com\/product\/yoast-seo-premium-wordpress\/ -->\n<title>Vulcano Cser\u00e9pk\u00e1lyha Natur 4 soros, 6kW | eSemineu.ro<\/title>\n<meta name=\"description\" content=\"Vulcano Cser\u00e9pk\u00e1lyha Natur 4 soros - Kiv\u00e1l\u00f3 min\u0151s\u00e9g\u0171, 6kW teljes\u00edtm\u00e9ny\u0171 cser\u00e9pk\u00e1lyha, modern ac\u00e9lkeretbe \u00e9p\u00edtve. Az eSemineu.ro aj\u00e1nl\u00e1s\u00e1val!\" \/>\n<meta name=\"robots\" content=\"index, follow, max-snippet:-1, max-image-preview:large, max-video-preview:-1\" \/>\n<link rel=\"canonical\" href=\"https:\/\/esemineu.ro\/hu\/termek\/vulcano-cserepkalyha-natur-4-soros-acel-keretben-epitve-belathato-tuzterrel-6kw\/\" \/>\n<meta property=\"og:locale\" content=\"hu_HU\" \/>\n<meta property=\"og:type\" content=\"article\" \/>\n<meta property=\"og:title\" content=\"Vulcano Cser\u00e9pk\u00e1lyha Natur 4 soros, 6kW | eSemineu.ro\" \/>\n<meta property=\"og:description\" content=\"Vulcano Cser\u00e9pk\u00e1lyha Natur 4 soros - Kiv\u00e1l\u00f3 min\u0151s\u00e9g\u0171, 6kW teljes\u00edtm\u00e9ny\u0171 cser\u00e9pk\u00e1lyha, modern ac\u00e9lkeretbe \u00e9p\u00edtve. Az eSemineu.ro aj\u00e1nl\u00e1s\u00e1val!\" \/>\n<meta property=\"og:url\" content=\"https:\/\/esemineu.ro\/hu\/termek\/vulcano-cserepkalyha-natur-4-soros-acel-keretben-epitve-belathato-tuzterrel-6kw\/\" \/>\n<meta property=\"og:site_name\" content=\"eSemineu\" \/>\n<meta property=\"article:publisher\" content=\"https:\/\/web.facebook.com\/eSemineu\" \/>\n<meta property=\"article:modified_time\" content=\"2026-04-01T09:27:27+00:00\" \/>\n<meta property=\"og:image\" content=\"https:\/\/esemineu.ro\/wp-content\/uploads\/2023\/03\/4R-VULCANO-NATUR-WIN-FR.jpg\" \/>\n\t<meta property=\"og:image:width\" content=\"1000\" \/>\n\t<meta property=\"og:image:height\" content=\"1000\" \/>\n\t<meta property=\"og:image:type\" content=\"image\/jpeg\" \/>\n<meta name=\"twitter:card\" content=\"summary_large_image\" \/>\n<meta name=\"twitter:label1\" content=\"Becs\u00fclt olvas\u00e1si id\u0151\" \/>\n\t<meta name=\"twitter:data1\" content=\"3 perc\" \/>\n<script type=\"application\/ld+json\" class=\"yoast-schema-graph\">{\"@context\":\"https:\\\/\\\/schema.org\",\"@graph\":[{\"@type\":\"WebPage\",\"@id\":\"https:\\\/\\\/esemineu.ro\\\/hu\\\/termek\\\/vulcano-cserepkalyha-natur-4-soros-acel-keretben-epitve-belathato-tuzterrel-6kw\\\/\",\"url\":\"https:\\\/\\\/esemineu.ro\\\/hu\\\/termek\\\/vulcano-cserepkalyha-natur-4-soros-acel-keretben-epitve-belathato-tuzterrel-6kw\\\/\",\"name\":\"Vulcano Cser\u00e9pk\u00e1lyha Natur 4 soros, 6kW | eSemineu.ro\",\"isPartOf\":{\"@id\":\"https:\\\/\\\/esemineu.ro\\\/hu\\\/#website\"},\"primaryImageOfPage\":{\"@id\":\"https:\\\/\\\/esemineu.ro\\\/hu\\\/termek\\\/vulcano-cserepkalyha-natur-4-soros-acel-keretben-epitve-belathato-tuzterrel-6kw\\\/#primaryimage\"},\"image\":{\"@id\":\"https:\\\/\\\/esemineu.ro\\\/hu\\\/termek\\\/vulcano-cserepkalyha-natur-4-soros-acel-keretben-epitve-belathato-tuzterrel-6kw\\\/#primaryimage\"},\"thumbnailUrl\":\"https:\\\/\\\/esemineu.ro\\\/wp-content\\\/uploads\\\/2023\\\/03\\\/4R-VULCANO-NATUR-WIN-FR.jpg\",\"datePublished\":\"2023-03-03T10:08:21+00:00\",\"dateModified\":\"2026-04-01T09:27:27+00:00\",\"description\":\"Vulcano Cser\u00e9pk\u00e1lyha Natur 4 soros - Kiv\u00e1l\u00f3 min\u0151s\u00e9g\u0171, 6kW teljes\u00edtm\u00e9ny\u0171 cser\u00e9pk\u00e1lyha, modern ac\u00e9lkeretbe \u00e9p\u00edtve. Az eSemineu.ro aj\u00e1nl\u00e1s\u00e1val!\",\"breadcrumb\":{\"@id\":\"https:\\\/\\\/esemineu.ro\\\/hu\\\/termek\\\/vulcano-cserepkalyha-natur-4-soros-acel-keretben-epitve-belathato-tuzterrel-6kw\\\/#breadcrumb\"},\"inLanguage\":\"hu\",\"potentialAction\":[{\"@type\":\"ReadAction\",\"target\":[\"https:\\\/\\\/esemineu.ro\\\/hu\\\/termek\\\/vulcano-cserepkalyha-natur-4-soros-acel-keretben-epitve-belathato-tuzterrel-6kw\\\/\"]}]},{\"@type\":\"ImageObject\",\"inLanguage\":\"hu\",\"@id\":\"https:\\\/\\\/esemineu.ro\\\/hu\\\/termek\\\/vulcano-cserepkalyha-natur-4-soros-acel-keretben-epitve-belathato-tuzterrel-6kw\\\/#primaryimage\",\"url\":\"https:\\\/\\\/esemineu.ro\\\/wp-content\\\/uploads\\\/2023\\\/03\\\/4R-VULCANO-NATUR-WIN-FR.jpg\",\"contentUrl\":\"https:\\\/\\\/esemineu.ro\\\/wp-content\\\/uploads\\\/2023\\\/03\\\/4R-VULCANO-NATUR-WIN-FR.jpg\",\"width\":1000,\"height\":1000,\"caption\":\"Vulcano Cser\u00e9pk\u00e1lyha Natur 4 soros\"},{\"@type\":\"BreadcrumbList\",\"@id\":\"https:\\\/\\\/esemineu.ro\\\/hu\\\/termek\\\/vulcano-cserepkalyha-natur-4-soros-acel-keretben-epitve-belathato-tuzterrel-6kw\\\/#breadcrumb\",\"itemListElement\":[{\"@type\":\"ListItem\",\"position\":1,\"name\":\"Kezd\u0151lap\",\"item\":\"https:\\\/\\\/esemineu.ro\\\/hu\\\/\"},{\"@type\":\"ListItem\",\"position\":2,\"name\":\"\u00c1ruh\u00e1z\",\"item\":\"https:\\\/\\\/esemineu.ro\\\/hu\\\/aruhaz\\\/\"},{\"@type\":\"ListItem\",\"position\":3,\"name\":\"Vulcano Cser\u00e9pk\u00e1lyha Natur 4 soros, Ac\u00e9lkeretbe \u00e9p\u00edtve bel\u00e1that\u00f3 t\u0171zt\u00e9rrel, 6kW\"}]},{\"@type\":\"WebSite\",\"@id\":\"https:\\\/\\\/esemineu.ro\\\/hu\\\/#website\",\"url\":\"https:\\\/\\\/esemineu.ro\\\/hu\\\/\",\"name\":\"eSemineu\",\"description\":\"\u0218eminee de cea mai \u00eenalt\u0103 calitate\",\"potentialAction\":[{\"@type\":\"SearchAction\",\"target\":{\"@type\":\"EntryPoint\",\"urlTemplate\":\"https:\\\/\\\/esemineu.ro\\\/hu\\\/?s={search_term_string}\"},\"query-input\":{\"@type\":\"PropertyValueSpecification\",\"valueRequired\":true,\"valueName\":\"search_term_string\"}}],\"inLanguage\":\"hu\"}]}<\/script>\n<!-- \/ Yoast SEO Premium plugin. -->","yoast_head_json":{"title":"Vulcano Cser\u00e9pk\u00e1lyha Natur 4 soros, 6kW | eSemineu.ro","description":"Vulcano Cser\u00e9pk\u00e1lyha Natur 4 soros - Kiv\u00e1l\u00f3 min\u0151s\u00e9g\u0171, 6kW teljes\u00edtm\u00e9ny\u0171 cser\u00e9pk\u00e1lyha, modern ac\u00e9lkeretbe \u00e9p\u00edtve. Az eSemineu.ro aj\u00e1nl\u00e1s\u00e1val!","robots":{"index":"index","follow":"follow","max-snippet":"max-snippet:-1","max-image-preview":"max-image-preview:large","max-video-preview":"max-video-preview:-1"},"canonical":"https:\/\/esemineu.ro\/hu\/termek\/vulcano-cserepkalyha-natur-4-soros-acel-keretben-epitve-belathato-tuzterrel-6kw\/","og_locale":"hu_HU","og_type":"article","og_title":"Vulcano Cser\u00e9pk\u00e1lyha Natur 4 soros, 6kW | eSemineu.ro","og_description":"Vulcano Cser\u00e9pk\u00e1lyha Natur 4 soros - Kiv\u00e1l\u00f3 min\u0151s\u00e9g\u0171, 6kW teljes\u00edtm\u00e9ny\u0171 cser\u00e9pk\u00e1lyha, modern ac\u00e9lkeretbe \u00e9p\u00edtve. Az eSemineu.ro aj\u00e1nl\u00e1s\u00e1val!","og_url":"https:\/\/esemineu.ro\/hu\/termek\/vulcano-cserepkalyha-natur-4-soros-acel-keretben-epitve-belathato-tuzterrel-6kw\/","og_site_name":"eSemineu","article_publisher":"https:\/\/web.facebook.com\/eSemineu","article_modified_time":"2026-04-01T09:27:27+00:00","og_image":[{"width":1000,"height":1000,"url":"https:\/\/esemineu.ro\/wp-content\/uploads\/2023\/03\/4R-VULCANO-NATUR-WIN-FR.jpg","type":"image\/jpeg"}],"twitter_card":"summary_large_image","twitter_misc":{"Becs\u00fclt olvas\u00e1si id\u0151":"3 perc"},"schema":{"@context":"https:\/\/schema.org","@graph":[{"@type":"WebPage","@id":"https:\/\/esemineu.ro\/hu\/termek\/vulcano-cserepkalyha-natur-4-soros-acel-keretben-epitve-belathato-tuzterrel-6kw\/","url":"https:\/\/esemineu.ro\/hu\/termek\/vulcano-cserepkalyha-natur-4-soros-acel-keretben-epitve-belathato-tuzterrel-6kw\/","name":"Vulcano Cser\u00e9pk\u00e1lyha Natur 4 soros, 6kW | eSemineu.ro","isPartOf":{"@id":"https:\/\/esemineu.ro\/hu\/#website"},"primaryImageOfPage":{"@id":"https:\/\/esemineu.ro\/hu\/termek\/vulcano-cserepkalyha-natur-4-soros-acel-keretben-epitve-belathato-tuzterrel-6kw\/#primaryimage"},"image":{"@id":"https:\/\/esemineu.ro\/hu\/termek\/vulcano-cserepkalyha-natur-4-soros-acel-keretben-epitve-belathato-tuzterrel-6kw\/#primaryimage"},"thumbnailUrl":"https:\/\/esemineu.ro\/wp-content\/uploads\/2023\/03\/4R-VULCANO-NATUR-WIN-FR.jpg","datePublished":"2023-03-03T10:08:21+00:00","dateModified":"2026-04-01T09:27:27+00:00","description":"Vulcano Cser\u00e9pk\u00e1lyha Natur 4 soros - Kiv\u00e1l\u00f3 min\u0151s\u00e9g\u0171, 6kW teljes\u00edtm\u00e9ny\u0171 cser\u00e9pk\u00e1lyha, modern ac\u00e9lkeretbe \u00e9p\u00edtve. Az eSemineu.ro aj\u00e1nl\u00e1s\u00e1val!","breadcrumb":{"@id":"https:\/\/esemineu.ro\/hu\/termek\/vulcano-cserepkalyha-natur-4-soros-acel-keretben-epitve-belathato-tuzterrel-6kw\/#breadcrumb"},"inLanguage":"hu","potentialAction":[{"@type":"ReadAction","target":["https:\/\/esemineu.ro\/hu\/termek\/vulcano-cserepkalyha-natur-4-soros-acel-keretben-epitve-belathato-tuzterrel-6kw\/"]}]},{"@type":"ImageObject","inLanguage":"hu","@id":"https:\/\/esemineu.ro\/hu\/termek\/vulcano-cserepkalyha-natur-4-soros-acel-keretben-epitve-belathato-tuzterrel-6kw\/#primaryimage","url":"https:\/\/esemineu.ro\/wp-content\/uploads\/2023\/03\/4R-VULCANO-NATUR-WIN-FR.jpg","contentUrl":"https:\/\/esemineu.ro\/wp-content\/uploads\/2023\/03\/4R-VULCANO-NATUR-WIN-FR.jpg","width":1000,"height":1000,"caption":"Vulcano Cser\u00e9pk\u00e1lyha Natur 4 soros"},{"@type":"BreadcrumbList","@id":"https:\/\/esemineu.ro\/hu\/termek\/vulcano-cserepkalyha-natur-4-soros-acel-keretben-epitve-belathato-tuzterrel-6kw\/#breadcrumb","itemListElement":[{"@type":"ListItem","position":1,"name":"Kezd\u0151lap","item":"https:\/\/esemineu.ro\/hu\/"},{"@type":"ListItem","position":2,"name":"\u00c1ruh\u00e1z","item":"https:\/\/esemineu.ro\/hu\/aruhaz\/"},{"@type":"ListItem","position":3,"name":"Vulcano Cser\u00e9pk\u00e1lyha Natur 4 soros, Ac\u00e9lkeretbe \u00e9p\u00edtve bel\u00e1that\u00f3 t\u0171zt\u00e9rrel, 6kW"}]},{"@type":"WebSite","@id":"https:\/\/esemineu.ro\/hu\/#website","url":"https:\/\/esemineu.ro\/hu\/","name":"eSemineu","description":"\u0218eminee de cea mai \u00eenalt\u0103 calitate","potentialAction":[{"@type":"SearchAction","target":{"@type":"EntryPoint","urlTemplate":"https:\/\/esemineu.ro\/hu\/?s={search_term_string}"},"query-input":{"@type":"PropertyValueSpecification","valueRequired":true,"valueName":"search_term_string"}}],"inLanguage":"hu"}]}},"_links":{"self":[{"href":"https:\/\/esemineu.ro\/hu\/wp-json\/wp\/v2\/product\/4529","targetHints":{"allow":["GET"]}}],"collection":[{"href":"https:\/\/esemineu.ro\/hu\/wp-json\/wp\/v2\/product"}],"about":[{"href":"https:\/\/esemineu.ro\/hu\/wp-json\/wp\/v2\/types\/product"}],"replies":[{"embeddable":true,"href":"https:\/\/esemineu.ro\/hu\/wp-json\/wp\/v2\/comments?post=4529"}],"wp:featuredmedia":[{"embeddable":true,"href":"https:\/\/esemineu.ro\/hu\/wp-json\/wp\/v2\/media\/17188"}],"wp:attachment":[{"href":"https:\/\/esemineu.ro\/hu\/wp-json\/wp\/v2\/media?parent=4529"}],"wp:term":[{"taxonomy":"product_brand","embeddable":true,"href":"https:\/\/esemineu.ro\/hu\/wp-json\/wp\/v2\/product_brand?post=4529"},{"taxonomy":"product_cat","embeddable":true,"href":"https:\/\/esemineu.ro\/hu\/wp-json\/wp\/v2\/product_cat?post=4529"},{"taxonomy":"product_tag","embeddable":true,"href":"https:\/\/esemineu.ro\/hu\/wp-json\/wp\/v2\/product_tag?post=4529"}],"curies":[{"name":"wp","href":"https:\/\/api.w.org\/{rel}","templated":true}]}}