{"id":4528,"date":"2023-03-04T10:19:23","date_gmt":"2023-03-04T07:19:23","guid":{"rendered":"https:\/\/esemineu.ro\/product\/soba-teracota-morano-crem-4r-de-incalzit-cu-granit-pe-deasupra\/"},"modified":"2026-02-06T15:39:36","modified_gmt":"2026-02-06T13:39:36","slug":"melegito-cserepkalyha-morano-krem-4r-fatuzelesu-cserepkalyha-4-soros-granitlappal-8kw","status":"publish","type":"product","link":"https:\/\/esemineu.ro\/hu\/termek\/melegito-cserepkalyha-morano-krem-4r-fatuzelesu-cserepkalyha-4-soros-granitlappal-8kw\/","title":{"rendered":"Meleg\u00edt\u0151 cser\u00e9pk\u00e1lyha Morano Kr\u00e9m 4R, Fat\u00fczel\u00e9s\u0171 cser\u00e9pk\u00e1lyha 4 soros Gr\u00e1nitlappal, 8kW"},"content":{"rendered":"<p>Meleg\u00edt\u0151 cser\u00e9pk\u00e1lyha Morano Kr\u00e9m 4R<\/p>\n<p>Fedezze fel az eleganci\u00e1t \u00e9s hat\u00e9konys\u00e1got a Meleg\u00edt\u0151 cser\u00e9pk\u00e1lyha Morano Kr\u00e9m 4R sz\u00e1m\u00e1ra! Ez a fat\u00fczel\u00e9s\u0171 cser\u00e9pk\u00e1lyha egy igazi st\u00edlusos \u00e9s megb\u00edzhat\u00f3 f\u0171t\u0151berendez\u00e9s, amely kiv\u00e1l\u00f3 min\u0151s\u00e9get \u00e9s meleg otthon hangulat\u00e1t biztos\u00edtja \u00d6nnek. Az 8 kW-os teljes\u00edtm\u00e9nynek \u00e9s 70%-os hat\u00e9konys\u00e1gnak k\u00f6sz\u00f6nhet\u0151en hat\u00e9konyan \u00e9s gazdas\u00e1gosan f\u0171t a hideg t\u00e9li est\u00e9ken. Ez az \u00e9rt\u00e9k azt mutatja meg, hogy mennyi h\u0151t k\u00e9pes a k\u00e1lyha el\u0151\u00e1ll\u00edtani \u00e9s leadni a k\u00f6rnyez\u0151 t\u00e9rbe. Min\u00e9l magasabb a teljes\u00edtm\u00e9ny \u00e9rt\u00e9ke, ann\u00e1l nagyobb ter\u00fcletet \u00e9s helyis\u00e9get tud hat\u00e9konyan f\u0171teni a k\u00e1lyha.<\/p>\n<p>A cser\u00e9pk\u00e1lyha kialak\u00edt\u00e1s\u00e1ban az \u00f6ntv\u00e9ny l\u00e1bak, ajt\u00f3k, f\u0151z\u0151lap, tet\u0151 \u00e9s f\u00fcstcs\u0151 kivezet\u00e9s valamint a k\u00e1lyhacsempe egys\u00e9gesen eleg\u00e1ns megjelen\u00e9st k\u00f6lcs\u00f6n\u00f6znek, mely kiv\u00e1l\u00f3an illik a kr\u00e9msz\u00edn\u0171 \u00e9s fekete sz\u00ednkombin\u00e1ci\u00f3val. A cser\u00e9pk\u00e1lyha gr\u00e1nitlappal van ell\u00e1tva, ami nem csak eszt\u00e9tikus, hanem ellen\u00e1ll\u00f3 is a h\u0151 hat\u00e1s\u00e1ra.<\/p>\n<p>A 120 mm-es f\u00fcstcs\u0151 m\u00e9rete optim\u00e1lis f\u00fcstelvezet\u00e9st biztos\u00edt, \u00e9s a brikett \u00e9s t\u0171zifa t\u00fczel\u0151anyagok haszn\u00e1lata lehet\u0151v\u00e9 teszi a rugalmas t\u00fczel\u00e9st az \u00d6n k\u00e9nyelme \u00e9rdek\u00e9ben.<\/p>\n<p>A Meleg\u00edt\u0151 cser\u00e9pk\u00e1lyha Morano Kr\u00e9m 4R m\u00e9retei, 500 mm sz\u00e9less\u00e9g, 500 mm m\u00e9lys\u00e9g \u00e9s 1050 mm magass\u00e1g, megfelel\u0151en kompaktak, \u00edgy k\u00f6nnyed\u00e9n illeszthet\u0151k be b\u00e1rmelyik helyis\u00e9gbe. A 180 kg-os s\u00falya stabil m\u0171k\u00f6d\u00e9st \u00e9s tart\u00f3ss\u00e1got biztos\u00edt a hossz\u00fa \u00e9lettartam \u00e9rdek\u00e9ben.<\/p>\n<p>B\u00edzza r\u00e1 a Meleg\u00edt\u0151 cser\u00e9pk\u00e1lyh\u00e1ra a meghitt hangulat \u00e9s meleg otthon teremt\u00e9s\u00e9t! Az eleg\u00e1ns megjelen\u00e9s \u00e9s a hat\u00e9kony f\u0171t\u00e9si k\u00e9pess\u00e9g r\u00e9v\u00e9n ez a cser\u00e9pk\u00e1lyha a t\u00f6k\u00e9letes v\u00e1laszt\u00e1s a hideg id\u0151szakban. Ne habozzon, rendelje meg m\u00e9g ma, \u00e9s \u00e9lvezze a kellemes \u00e9s meleg t\u00e9li napokat!<\/p>\n<p>Fontos megjegyezni, hogy a t\u0171zhely hullad\u00e9k \u00e9get\u00e9s\u00e9re nem alkalmas, kiz\u00e1r\u00f3lag f\u0171t\u00e9sre \u00e9s f\u0151z\u00e9sre haszn\u00e1lhat\u00f3. Az ilyen hullad\u00e9k \u00e9get\u00e9sekor a cser\u00e9pk\u00e1lyha f\u00fcstkivezet\u0151 ny\u00edl\u00e1sa k\u00f6nnyen elt\u00f6m\u0151dhet, ez\u00e9rt aj\u00e1nlott kiz\u00e1r\u00f3lag megfelel\u0151 anyagokat \u00e9getni benne.<\/p>\n<h6>Sz\u00e1ll\u00edt\u00e1si hat\u00e1rid\u0151:<\/h6>\n<ul>\n<li><strong>Magyarorsz\u00e1g \u00e9s az eg\u00e9sz Eur\u00f3pai Uni\u00f3 ter\u00fclet\u00e9n<\/strong>\u00a0is sz\u00e1ll\u00edtjuk.<\/li>\n<li>Rom\u00e1ni\u00e1ba 2-3 munkanap alatt sz\u00e1ll\u00edtjuk<\/li>\n<li>Magyarorsz\u00e1gra \u00e9s az EU ter\u00fclet\u00e9re az \u00e1tutal\u00e1s ut\u00e1n 5 munkanapon bel\u00fcl \u00e9rkezik meg a term\u00e9k.<\/li>\n<\/ul>\n<p>Ha b\u00e1rmilyen k\u00e9rd\u00e9se van, k\u00e9rj\u00fck, l\u00e9pjen kapcsolatba vel\u00fcnk.<\/p>\n<p>Tov\u00e1bbi aj\u00e1nlatok\u00e9rt kattintson\u00a0<a href=\"https:\/\/esemineu.ro\/hu\/termek-kategoria\/hordozhato-cserepkalyhak\/\">ide<\/a><\/p>\n<p>T\u0151bb inform\u00e1ci\u00f3\u00e9rt l\u00e1togasson el\u00a0<a href=\"https:\/\/www.youtube.com\/@esemineuromania\">YouTube<\/a>-csatorn\u00e1nkra, valamint\u00a0<a href=\"https:\/\/www.facebook.com\/eSemineu\">Facebook<\/a>\u00a0\u00e9s\u00a0<a href=\"https:\/\/www.instagram.com\/esemineu\/\">Instagram<\/a>\u00a0oldalainkra.<\/p>\n<p><a href=\"https:\/\/esemineu.ro\/\">eSemineu.ro<\/a>\u00a0 \u00a0Te rakod a t\u0171zet mi adjuk a meleget!<\/p>\n","protected":false},"excerpt":{"rendered":"<p>Meleg\u00edt\u0151 cser\u00e9pk\u00e1lyha Morano Kr\u00e9m 4R Fedezze fel az eleganci\u00e1t \u00e9s hat\u00e9konys\u00e1got a Meleg\u00edt\u0151 cser\u00e9pk\u00e1lyha Morano Kr\u00e9m 4R sz\u00e1m\u00e1ra! Ez a fat\u00fczel\u00e9s\u0171 cser\u00e9pk\u00e1lyha egy igazi st\u00edlusos \u00e9s megb\u00edzhat\u00f3 f\u0171t\u0151berendez\u00e9s, amely kiv\u00e1l\u00f3 min\u0151s\u00e9get \u00e9s meleg otthon hangulat\u00e1t biztos\u00edtja \u00d6nnek. Az 8 kW-os teljes\u00edtm\u00e9nynek \u00e9s 70%-os hat\u00e9konys\u00e1gnak k\u00f6sz\u00f6nhet\u0151en hat\u00e9konyan \u00e9s gazdas\u00e1gosan f\u0171t a hideg t\u00e9li est\u00e9ken. Ez az \u00e9rt\u00e9k azt mutatja meg, hogy mennyi h\u0151t k\u00e9pes a k\u00e1lyha el\u0151\u00e1ll\u00edtani \u00e9s leadni a k\u00f6rnyez\u0151 t\u00e9rbe. Min\u00e9l magasabb a teljes\u00edtm\u00e9ny \u00e9rt\u00e9ke, ann\u00e1l nagyobb ter\u00fcletet \u00e9s helyis\u00e9get tud hat\u00e9konyan f\u0171teni a k\u00e1lyha. A cser\u00e9pk\u00e1lyha kialak\u00edt\u00e1s\u00e1ban az \u00f6ntv\u00e9ny l\u00e1bak, ajt\u00f3k, f\u0151z\u0151lap, tet\u0151 \u00e9s f\u00fcstcs\u0151 kivezet\u00e9s valamint a k\u00e1lyhacsempe egys\u00e9gesen eleg\u00e1ns megjelen\u00e9st k\u00f6lcs\u00f6n\u00f6znek, mely kiv\u00e1l\u00f3an illik a kr\u00e9msz\u00edn\u0171 \u00e9s fekete sz\u00ednkombin\u00e1ci\u00f3val. A cser\u00e9pk\u00e1lyha gr\u00e1nitlappal van ell\u00e1tva, ami nem csak eszt\u00e9tikus, hanem ellen\u00e1ll\u00f3 is a h\u0151 hat\u00e1s\u00e1ra. A 120 mm-es f\u00fcstcs\u0151 m\u00e9rete optim\u00e1lis f\u00fcstelvezet\u00e9st biztos\u00edt, \u00e9s a brikett \u00e9s t\u0171zifa t\u00fczel\u0151anyagok haszn\u00e1lata lehet\u0151v\u00e9 teszi a rugalmas t\u00fczel\u00e9st az \u00d6n &hellip; <a href=\"https:\/\/esemineu.ro\/hu\/termek\/melegito-cserepkalyha-morano-krem-4r-fatuzelesu-cserepkalyha-4-soros-granitlappal-8kw\/\">Folytatva<\/a><\/p>\n","protected":false},"featured_media":23426,"comment_status":"open","ping_status":"closed","template":"","meta":[],"product_brand":[706],"product_cat":[729,1680],"product_tag":[],"class_list":{"0":"post-4528","1":"product","2":"type-product","3":"status-publish","4":"has-post-thumbnail","6":"product_brand-esemineu-premium","7":"product_cat-hordozhato-cserepkalyhak","8":"product_cat-melegito","9":"product_shipping_class-csempekalyhak","10":"pa_combustibil-utilizat-brikett","11":"pa_combustibil-utilizat-tuzifa-hu","12":"pa_culoare-krem-bezs","13":"pa_diametru-racordului-la-cos-120-mm-hu","14":"pa_material-teracota-hu","15":"pa_material-ontotvas-ajto-hoallo-uveggel","16":"pa_material-ontveny-labak-hu","17":"pa_model-4-soros-melegito-hu","18":"pa_putere-8-kw-hu","19":"pa_randament-94-hu","20":"pa_suprafata-incalzita-mp-38-44-hu","21":"producer-teramix","23":"first","24":"instock","25":"shipping-taxable","26":"purchasable","27":"product-type-simple"},"acf":[],"yoast_head":"<!-- This site is optimized with the Yoast SEO Premium plugin v21.0 (Yoast SEO v27.3) - https:\/\/yoast.com\/product\/yoast-seo-premium-wordpress\/ -->\n<title>Melegit\u0151 cser\u00e9pk\u00e1lyha Morano Kr\u00e9m 4R | eSemineu.ro<\/title>\n<meta name=\"description\" content=\"Meleg\u00edt\u0151 cser\u00e9pk\u00e1lyha Morano Kr\u00e9m 4R, fat\u00fczel\u00e9s\u0171 cser\u00e9pk\u00e1lyha \u00f6ntv\u00e9ny ajt\u00f3kkal \u00e9s h\u0151\u00e1ll\u00f3 \u00fcveggel. M\u00e9gt\u00f6bb aj\u00e1nlat\u00e9rt hordozhato-cser\u00e9pk\u00e1lyha eSemineu.ro\" \/>\n<meta name=\"robots\" content=\"index, follow, max-snippet:-1, max-image-preview:large, max-video-preview:-1\" \/>\n<link rel=\"canonical\" href=\"https:\/\/esemineu.ro\/hu\/termek\/melegito-cserepkalyha-morano-krem-4r-fatuzelesu-cserepkalyha-4-soros-granitlappal-8kw\/\" \/>\n<meta property=\"og:locale\" content=\"hu_HU\" \/>\n<meta property=\"og:type\" content=\"article\" \/>\n<meta property=\"og:title\" content=\"Melegit\u0151 cser\u00e9pk\u00e1lyha Morano Kr\u00e9m 4R | eSemineu.ro\" \/>\n<meta property=\"og:description\" content=\"Meleg\u00edt\u0151 cser\u00e9pk\u00e1lyha Morano Kr\u00e9m 4R, fat\u00fczel\u00e9s\u0171 cser\u00e9pk\u00e1lyha \u00f6ntv\u00e9ny ajt\u00f3kkal \u00e9s h\u0151\u00e1ll\u00f3 \u00fcveggel. M\u00e9gt\u00f6bb aj\u00e1nlat\u00e9rt hordozhato-cser\u00e9pk\u00e1lyha eSemineu.ro\" \/>\n<meta property=\"og:url\" content=\"https:\/\/esemineu.ro\/hu\/termek\/melegito-cserepkalyha-morano-krem-4r-fatuzelesu-cserepkalyha-4-soros-granitlappal-8kw\/\" \/>\n<meta property=\"og:site_name\" content=\"eSemineu\" \/>\n<meta property=\"article:publisher\" content=\"https:\/\/web.facebook.com\/eSemineu\" \/>\n<meta property=\"article:modified_time\" content=\"2026-02-06T13:39:36+00:00\" \/>\n<meta property=\"og:image\" content=\"https:\/\/esemineu.ro\/wp-content\/uploads\/2023\/03\/4R-MORANO-CREM-GRANIT-FR-2.jpg\" \/>\n\t<meta property=\"og:image:width\" content=\"1000\" \/>\n\t<meta property=\"og:image:height\" content=\"1000\" \/>\n\t<meta property=\"og:image:type\" content=\"image\/jpeg\" \/>\n<meta name=\"twitter:card\" content=\"summary_large_image\" \/>\n<meta name=\"twitter:label1\" content=\"Becs\u00fclt olvas\u00e1si id\u0151\" \/>\n\t<meta name=\"twitter:data1\" content=\"3 perc\" \/>\n<script type=\"application\/ld+json\" class=\"yoast-schema-graph\">{\"@context\":\"https:\\\/\\\/schema.org\",\"@graph\":[{\"@type\":\"WebPage\",\"@id\":\"https:\\\/\\\/esemineu.ro\\\/hu\\\/termek\\\/melegito-cserepkalyha-morano-krem-4r-fatuzelesu-cserepkalyha-4-soros-granitlappal-8kw\\\/\",\"url\":\"https:\\\/\\\/esemineu.ro\\\/hu\\\/termek\\\/melegito-cserepkalyha-morano-krem-4r-fatuzelesu-cserepkalyha-4-soros-granitlappal-8kw\\\/\",\"name\":\"Melegit\u0151 cser\u00e9pk\u00e1lyha Morano Kr\u00e9m 4R | eSemineu.ro\",\"isPartOf\":{\"@id\":\"https:\\\/\\\/esemineu.ro\\\/hu\\\/#website\"},\"primaryImageOfPage\":{\"@id\":\"https:\\\/\\\/esemineu.ro\\\/hu\\\/termek\\\/melegito-cserepkalyha-morano-krem-4r-fatuzelesu-cserepkalyha-4-soros-granitlappal-8kw\\\/#primaryimage\"},\"image\":{\"@id\":\"https:\\\/\\\/esemineu.ro\\\/hu\\\/termek\\\/melegito-cserepkalyha-morano-krem-4r-fatuzelesu-cserepkalyha-4-soros-granitlappal-8kw\\\/#primaryimage\"},\"thumbnailUrl\":\"https:\\\/\\\/esemineu.ro\\\/wp-content\\\/uploads\\\/2023\\\/03\\\/4R-MORANO-CREM-GRANIT-FR-2.jpg\",\"datePublished\":\"2023-03-04T07:19:23+00:00\",\"dateModified\":\"2026-02-06T13:39:36+00:00\",\"description\":\"Meleg\u00edt\u0151 cser\u00e9pk\u00e1lyha Morano Kr\u00e9m 4R, fat\u00fczel\u00e9s\u0171 cser\u00e9pk\u00e1lyha \u00f6ntv\u00e9ny ajt\u00f3kkal \u00e9s h\u0151\u00e1ll\u00f3 \u00fcveggel. M\u00e9gt\u00f6bb aj\u00e1nlat\u00e9rt hordozhato-cser\u00e9pk\u00e1lyha eSemineu.ro\",\"breadcrumb\":{\"@id\":\"https:\\\/\\\/esemineu.ro\\\/hu\\\/termek\\\/melegito-cserepkalyha-morano-krem-4r-fatuzelesu-cserepkalyha-4-soros-granitlappal-8kw\\\/#breadcrumb\"},\"inLanguage\":\"hu\",\"potentialAction\":[{\"@type\":\"ReadAction\",\"target\":[\"https:\\\/\\\/esemineu.ro\\\/hu\\\/termek\\\/melegito-cserepkalyha-morano-krem-4r-fatuzelesu-cserepkalyha-4-soros-granitlappal-8kw\\\/\"]}]},{\"@type\":\"ImageObject\",\"inLanguage\":\"hu\",\"@id\":\"https:\\\/\\\/esemineu.ro\\\/hu\\\/termek\\\/melegito-cserepkalyha-morano-krem-4r-fatuzelesu-cserepkalyha-4-soros-granitlappal-8kw\\\/#primaryimage\",\"url\":\"https:\\\/\\\/esemineu.ro\\\/wp-content\\\/uploads\\\/2023\\\/03\\\/4R-MORANO-CREM-GRANIT-FR-2.jpg\",\"contentUrl\":\"https:\\\/\\\/esemineu.ro\\\/wp-content\\\/uploads\\\/2023\\\/03\\\/4R-MORANO-CREM-GRANIT-FR-2.jpg\",\"width\":1000,\"height\":1000,\"caption\":\"Sob\u0103 teracot\u0103 Morano Crem 4R\"},{\"@type\":\"BreadcrumbList\",\"@id\":\"https:\\\/\\\/esemineu.ro\\\/hu\\\/termek\\\/melegito-cserepkalyha-morano-krem-4r-fatuzelesu-cserepkalyha-4-soros-granitlappal-8kw\\\/#breadcrumb\",\"itemListElement\":[{\"@type\":\"ListItem\",\"position\":1,\"name\":\"Kezd\u0151lap\",\"item\":\"https:\\\/\\\/esemineu.ro\\\/hu\\\/\"},{\"@type\":\"ListItem\",\"position\":2,\"name\":\"\u00c1ruh\u00e1z\",\"item\":\"https:\\\/\\\/esemineu.ro\\\/hu\\\/aruhaz\\\/\"},{\"@type\":\"ListItem\",\"position\":3,\"name\":\"Meleg\u00edt\u0151 cser\u00e9pk\u00e1lyha Morano Kr\u00e9m 4R, Fat\u00fczel\u00e9s\u0171 cser\u00e9pk\u00e1lyha 4 soros Gr\u00e1nitlappal, 8kW\"}]},{\"@type\":\"WebSite\",\"@id\":\"https:\\\/\\\/esemineu.ro\\\/hu\\\/#website\",\"url\":\"https:\\\/\\\/esemineu.ro\\\/hu\\\/\",\"name\":\"eSemineu\",\"description\":\"\u0218eminee de cea mai \u00eenalt\u0103 calitate\",\"potentialAction\":[{\"@type\":\"SearchAction\",\"target\":{\"@type\":\"EntryPoint\",\"urlTemplate\":\"https:\\\/\\\/esemineu.ro\\\/hu\\\/?s={search_term_string}\"},\"query-input\":{\"@type\":\"PropertyValueSpecification\",\"valueRequired\":true,\"valueName\":\"search_term_string\"}}],\"inLanguage\":\"hu\"}]}<\/script>\n<!-- \/ Yoast SEO Premium plugin. -->","yoast_head_json":{"title":"Melegit\u0151 cser\u00e9pk\u00e1lyha Morano Kr\u00e9m 4R | eSemineu.ro","description":"Meleg\u00edt\u0151 cser\u00e9pk\u00e1lyha Morano Kr\u00e9m 4R, fat\u00fczel\u00e9s\u0171 cser\u00e9pk\u00e1lyha \u00f6ntv\u00e9ny ajt\u00f3kkal \u00e9s h\u0151\u00e1ll\u00f3 \u00fcveggel. M\u00e9gt\u00f6bb aj\u00e1nlat\u00e9rt hordozhato-cser\u00e9pk\u00e1lyha eSemineu.ro","robots":{"index":"index","follow":"follow","max-snippet":"max-snippet:-1","max-image-preview":"max-image-preview:large","max-video-preview":"max-video-preview:-1"},"canonical":"https:\/\/esemineu.ro\/hu\/termek\/melegito-cserepkalyha-morano-krem-4r-fatuzelesu-cserepkalyha-4-soros-granitlappal-8kw\/","og_locale":"hu_HU","og_type":"article","og_title":"Melegit\u0151 cser\u00e9pk\u00e1lyha Morano Kr\u00e9m 4R | eSemineu.ro","og_description":"Meleg\u00edt\u0151 cser\u00e9pk\u00e1lyha Morano Kr\u00e9m 4R, fat\u00fczel\u00e9s\u0171 cser\u00e9pk\u00e1lyha \u00f6ntv\u00e9ny ajt\u00f3kkal \u00e9s h\u0151\u00e1ll\u00f3 \u00fcveggel. M\u00e9gt\u00f6bb aj\u00e1nlat\u00e9rt hordozhato-cser\u00e9pk\u00e1lyha eSemineu.ro","og_url":"https:\/\/esemineu.ro\/hu\/termek\/melegito-cserepkalyha-morano-krem-4r-fatuzelesu-cserepkalyha-4-soros-granitlappal-8kw\/","og_site_name":"eSemineu","article_publisher":"https:\/\/web.facebook.com\/eSemineu","article_modified_time":"2026-02-06T13:39:36+00:00","og_image":[{"width":1000,"height":1000,"url":"https:\/\/esemineu.ro\/wp-content\/uploads\/2023\/03\/4R-MORANO-CREM-GRANIT-FR-2.jpg","type":"image\/jpeg"}],"twitter_card":"summary_large_image","twitter_misc":{"Becs\u00fclt olvas\u00e1si id\u0151":"3 perc"},"schema":{"@context":"https:\/\/schema.org","@graph":[{"@type":"WebPage","@id":"https:\/\/esemineu.ro\/hu\/termek\/melegito-cserepkalyha-morano-krem-4r-fatuzelesu-cserepkalyha-4-soros-granitlappal-8kw\/","url":"https:\/\/esemineu.ro\/hu\/termek\/melegito-cserepkalyha-morano-krem-4r-fatuzelesu-cserepkalyha-4-soros-granitlappal-8kw\/","name":"Melegit\u0151 cser\u00e9pk\u00e1lyha Morano Kr\u00e9m 4R | eSemineu.ro","isPartOf":{"@id":"https:\/\/esemineu.ro\/hu\/#website"},"primaryImageOfPage":{"@id":"https:\/\/esemineu.ro\/hu\/termek\/melegito-cserepkalyha-morano-krem-4r-fatuzelesu-cserepkalyha-4-soros-granitlappal-8kw\/#primaryimage"},"image":{"@id":"https:\/\/esemineu.ro\/hu\/termek\/melegito-cserepkalyha-morano-krem-4r-fatuzelesu-cserepkalyha-4-soros-granitlappal-8kw\/#primaryimage"},"thumbnailUrl":"https:\/\/esemineu.ro\/wp-content\/uploads\/2023\/03\/4R-MORANO-CREM-GRANIT-FR-2.jpg","datePublished":"2023-03-04T07:19:23+00:00","dateModified":"2026-02-06T13:39:36+00:00","description":"Meleg\u00edt\u0151 cser\u00e9pk\u00e1lyha Morano Kr\u00e9m 4R, fat\u00fczel\u00e9s\u0171 cser\u00e9pk\u00e1lyha \u00f6ntv\u00e9ny ajt\u00f3kkal \u00e9s h\u0151\u00e1ll\u00f3 \u00fcveggel. M\u00e9gt\u00f6bb aj\u00e1nlat\u00e9rt hordozhato-cser\u00e9pk\u00e1lyha eSemineu.ro","breadcrumb":{"@id":"https:\/\/esemineu.ro\/hu\/termek\/melegito-cserepkalyha-morano-krem-4r-fatuzelesu-cserepkalyha-4-soros-granitlappal-8kw\/#breadcrumb"},"inLanguage":"hu","potentialAction":[{"@type":"ReadAction","target":["https:\/\/esemineu.ro\/hu\/termek\/melegito-cserepkalyha-morano-krem-4r-fatuzelesu-cserepkalyha-4-soros-granitlappal-8kw\/"]}]},{"@type":"ImageObject","inLanguage":"hu","@id":"https:\/\/esemineu.ro\/hu\/termek\/melegito-cserepkalyha-morano-krem-4r-fatuzelesu-cserepkalyha-4-soros-granitlappal-8kw\/#primaryimage","url":"https:\/\/esemineu.ro\/wp-content\/uploads\/2023\/03\/4R-MORANO-CREM-GRANIT-FR-2.jpg","contentUrl":"https:\/\/esemineu.ro\/wp-content\/uploads\/2023\/03\/4R-MORANO-CREM-GRANIT-FR-2.jpg","width":1000,"height":1000,"caption":"Sob\u0103 teracot\u0103 Morano Crem 4R"},{"@type":"BreadcrumbList","@id":"https:\/\/esemineu.ro\/hu\/termek\/melegito-cserepkalyha-morano-krem-4r-fatuzelesu-cserepkalyha-4-soros-granitlappal-8kw\/#breadcrumb","itemListElement":[{"@type":"ListItem","position":1,"name":"Kezd\u0151lap","item":"https:\/\/esemineu.ro\/hu\/"},{"@type":"ListItem","position":2,"name":"\u00c1ruh\u00e1z","item":"https:\/\/esemineu.ro\/hu\/aruhaz\/"},{"@type":"ListItem","position":3,"name":"Meleg\u00edt\u0151 cser\u00e9pk\u00e1lyha Morano Kr\u00e9m 4R, Fat\u00fczel\u00e9s\u0171 cser\u00e9pk\u00e1lyha 4 soros Gr\u00e1nitlappal, 8kW"}]},{"@type":"WebSite","@id":"https:\/\/esemineu.ro\/hu\/#website","url":"https:\/\/esemineu.ro\/hu\/","name":"eSemineu","description":"\u0218eminee de cea mai \u00eenalt\u0103 calitate","potentialAction":[{"@type":"SearchAction","target":{"@type":"EntryPoint","urlTemplate":"https:\/\/esemineu.ro\/hu\/?s={search_term_string}"},"query-input":{"@type":"PropertyValueSpecification","valueRequired":true,"valueName":"search_term_string"}}],"inLanguage":"hu"}]}},"_links":{"self":[{"href":"https:\/\/esemineu.ro\/hu\/wp-json\/wp\/v2\/product\/4528","targetHints":{"allow":["GET"]}}],"collection":[{"href":"https:\/\/esemineu.ro\/hu\/wp-json\/wp\/v2\/product"}],"about":[{"href":"https:\/\/esemineu.ro\/hu\/wp-json\/wp\/v2\/types\/product"}],"replies":[{"embeddable":true,"href":"https:\/\/esemineu.ro\/hu\/wp-json\/wp\/v2\/comments?post=4528"}],"wp:featuredmedia":[{"embeddable":true,"href":"https:\/\/esemineu.ro\/hu\/wp-json\/wp\/v2\/media\/23426"}],"wp:attachment":[{"href":"https:\/\/esemineu.ro\/hu\/wp-json\/wp\/v2\/media?parent=4528"}],"wp:term":[{"taxonomy":"product_brand","embeddable":true,"href":"https:\/\/esemineu.ro\/hu\/wp-json\/wp\/v2\/product_brand?post=4528"},{"taxonomy":"product_cat","embeddable":true,"href":"https:\/\/esemineu.ro\/hu\/wp-json\/wp\/v2\/product_cat?post=4528"},{"taxonomy":"product_tag","embeddable":true,"href":"https:\/\/esemineu.ro\/hu\/wp-json\/wp\/v2\/product_tag?post=4528"}],"curies":[{"name":"wp","href":"https:\/\/api.w.org\/{rel}","templated":true}]}}