{"id":4494,"date":"2023-04-06T12:57:25","date_gmt":"2023-04-06T09:57:25","guid":{"rendered":"https:\/\/esemineu.ro\/product\/teracota-premium-cizma-mica-maro-de-incalzit-si-gatit-cu-usa-sticla-8kw\/"},"modified":"2025-02-02T21:47:37","modified_gmt":"2025-02-02T19:47:37","slug":"premium-barna-kis-csiko-cserepkalyha-fatuzelesu-jobbos-balos-fust-kivezetessel-8kw","status":"publish","type":"product","link":"https:\/\/esemineu.ro\/hu\/termek\/premium-barna-kis-csiko-cserepkalyha-fatuzelesu-jobbos-balos-fust-kivezetessel-8kw\/","title":{"rendered":"Pr\u00e9mium Barna Kis Csik\u00f3 Cser\u00e9pk\u00e1lyha, Fat\u0171zel\u00e9s\u0171 jobbos\/balos f\u0171st kivezet\u00e9ssel, 8kW"},"content":{"rendered":"<p>A Pr\u00e9mium Barna Kis Csik\u00f3 Cser\u00e9pk\u00e1lyha egy er\u0151s \u00e9s hat\u00e9kony fat\u00fczel\u00e9s\u0171 k\u00e1lyha, amely kiv\u00e1l\u00f3an alkalmas kisebb helyis\u00e9gek f\u0171t\u00e9s\u00e9re. Teljes\u00edtm\u00e9nye 8 kW, \u00e9s rendk\u00edv\u00fcl hat\u00e9kony, hiszen 94%-os hat\u00e9konys\u00e1ggal m\u0171k\u00f6dik. A k\u00e1lyha s\u00f6t\u00e9tbarna sz\u00edn\u0171, amely eleganci\u00e1t \u00e9s melegs\u00e9get k\u00f6lcs\u00f6n\u00f6z a helyis\u00e9gnek.<\/p>\n<p>A 94 sz\u00e1zal\u00e9kos hat\u00e9konys\u00e1g azt jelenti, hogy a k\u00e1lyha az el\u00e9getett t\u00fczel\u0151anyag 94 sz\u00e1zal\u00e9k\u00e1t haszn\u00e1lja fel h\u0151termel\u00e9sre. Ez azt jelenti, hogy nagyon kev\u00e9s energia veszik k\u00e1rba, \u00e9s a legt\u00f6bb energia a helyis\u00e9g f\u0171t\u00e9s\u00e9re hasznosul. Egy 94 sz\u00e1zal\u00e9kos hat\u00e9konys\u00e1g\u00fa k\u00e1lyha rendk\u00edv\u00fcl gazdas\u00e1gos \u00e9s energiatakar\u00e9kos, mivel kevesebb t\u00fczel\u0151anyagot ig\u00e9nyel ugyanannyi h\u0151 kibocs\u00e1t\u00e1s\u00e1hoz.<\/p>\n<p>A k\u00e1lyh\u00e1ba brikettet \u00e9s t\u0171zif\u00e1t is haszn\u00e1lhat t\u00fczel\u0151anyagk\u00e9nt, \u00edgy k\u00e9nyelmesen \u00e9s gazdas\u00e1gosan tudja f\u0171teni otthon\u00e1t. Az \u0150nt\u0151tvas ajt\u00f3 h\u0151\u00e1ll\u00f3 \u00fcveggel rendelkezik, ami lehet\u0151v\u00e9 teszi, hogy \u00e9lvezhesse a l\u00e1ngok j\u00e1t\u00e9k\u00e1t \u00e9s meleg\u00e9t an\u00e9lk\u00fcl, hogy agg\u00f3dn\u00e1nk az \u00e9g\u0151 fahas\u00e1bok miatt.<\/p>\n<p>A k\u00e1lyha f\u00fcstcs\u00f6ve 120 mm m\u00e9ret\u0171, \u00e9s a k\u00e1lyha jobbos-balos f\u00fcst kivezet\u00e9ssel rendelkezik, amely lehet\u0151v\u00e9 teszi, hogy a k\u00e1lyh\u00e1t az adott helyis\u00e9g elrendez\u00e9s\u00e9hez igaz\u00edtsa. A k\u00e1lyha anyaga magas min\u0151s\u00e9g\u0171 \u0150nt\u0151tvasb\u00f3l k\u00e9sz\u00fcl, \u00e9s \u00f6ntv\u00e9ny f\u0151z\u0151lappal is rendelkezik, amely lehet\u0151v\u00e9 teszi, hogy az \u00e9tel meleg\u00edt\u00e9se k\u00f6zben \u00e9lvezhesse a k\u00e1lyha adta meleget \u00e9s hangulatot.<\/p>\n<p>A k\u00e1lyha hossz\u00fas\u00e1ga\/sz\u00e9less\u00e9ge 86-88 cm, m\u00e9lys\u00e9ge 530 mm, magass\u00e1ga pedig 98-100 cm. A k\u00e1lyha s\u00falya 178 kg, ami stabilit\u00e1st \u00e9s tart\u00f3ss\u00e1got biztos\u00edt sz\u00e1m\u00e1ra.<\/p>\n<p>Ha olyan k\u00e1lyh\u00e1t keres, amely kis helyis\u00e9gekben is hat\u00e9kony f\u0171t\u00e9st ny\u00fajt, \u00e9s egyedi \u00e9s eleg\u00e1ns megjelen\u00e9st k\u00f6lcs\u00f6n\u00f6z otthon\u00e1nak, akkor a Pr\u00e9mium Barna Kis Csik\u00f3 Cser\u00e9pk\u00e1lyha t\u00f6k\u00e9letes v\u00e1laszt\u00e1snak bizonyulhat.<\/p>\n<p>Fontos megjegyezni, hogy a t\u0171zhely hullad\u00e9k \u00e9get\u00e9s\u00e9re nem alkalmas, kiz\u00e1r\u00f3lag f\u0171t\u00e9sre \u00e9s f\u0151z\u00e9sre haszn\u00e1lhat\u00f3. Az ilyen hullad\u00e9k \u00e9get\u00e9sekor a cser\u00e9pk\u00e1lyha f\u00fcstkivezet\u0151 ny\u00edl\u00e1sa k\u00f6nnyen elt\u00f6m\u0151dhet, ez\u00e9rt aj\u00e1nlott kiz\u00e1r\u00f3lag megfelel\u0151 anyagokat \u00e9getni benne.<\/p>\n<h6>Sz\u00e1ll\u00edt\u00e1si hat\u00e1rid\u0151:<\/h6>\n<ul>\n<li><strong>Magyarorsz\u00e1g \u00e9s az eg\u00e9sz Eur\u00f3pai Uni\u00f3 ter\u00fclet\u00e9n<\/strong>\u00a0is sz\u00e1ll\u00edtjuk.<\/li>\n<li>Rom\u00e1ni\u00e1ba 2-3 munkanap alatt sz\u00e1ll\u00edtjuk<\/li>\n<li>Magyarorsz\u00e1gra \u00e9s az EU ter\u00fclet\u00e9re az \u00e1tutal\u00e1s ut\u00e1n 5 munkanapon bel\u00fcl \u00e9rkezik meg a term\u00e9k.<\/li>\n<\/ul>\n<p>Ha b\u00e1rmilyen k\u00e9rd\u00e9se van, k\u00e9rj\u00fck, l\u00e9pjen kapcsolatba vel\u00fcnk.<\/p>\n<p>Tov\u00e1bbi aj\u00e1nlatok\u00e9rt kattintson\u00a0<a href=\"https:\/\/esemineu.ro\/hu\/termek-kategoria\/hordozhato-cserepkalyhak\/\">ide<\/a><\/p>\n<p>T\u0151bb inform\u00e1ci\u00f3\u00e9rt l\u00e1togasson el\u00a0<a href=\"https:\/\/www.youtube.com\/@esemineuromania\">YouTube<\/a>-csatorn\u00e1nkra, valamint\u00a0<a href=\"https:\/\/www.facebook.com\/eSemineu\">Facebook<\/a>\u00a0\u00e9s\u00a0<a href=\"https:\/\/www.instagram.com\/esemineu\/\">Instagram<\/a>\u00a0oldalainkra.<\/p>\n<p><a href=\"https:\/\/esemineu.ro\/\">eSemineu.ro<\/a>\u00a0 \u00a0Te rakod a t\u0171zet, mi adjuk a meleget!<\/p>\n","protected":false},"excerpt":{"rendered":"<p>A Pr\u00e9mium Barna Kis Csik\u00f3 Cser\u00e9pk\u00e1lyha egy er\u0151s \u00e9s hat\u00e9kony fat\u00fczel\u00e9s\u0171 k\u00e1lyha, amely kiv\u00e1l\u00f3an alkalmas kisebb helyis\u00e9gek f\u0171t\u00e9s\u00e9re. Teljes\u00edtm\u00e9nye 8 kW, \u00e9s rendk\u00edv\u00fcl hat\u00e9kony, hiszen 94%-os hat\u00e9konys\u00e1ggal m\u0171k\u00f6dik. A k\u00e1lyha s\u00f6t\u00e9tbarna sz\u00edn\u0171, amely eleganci\u00e1t \u00e9s melegs\u00e9get k\u00f6lcs\u00f6n\u00f6z a helyis\u00e9gnek. A 94 sz\u00e1zal\u00e9kos hat\u00e9konys\u00e1g azt jelenti, hogy a k\u00e1lyha az el\u00e9getett t\u00fczel\u0151anyag 94 sz\u00e1zal\u00e9k\u00e1t haszn\u00e1lja fel h\u0151termel\u00e9sre. Ez azt jelenti, hogy nagyon kev\u00e9s energia veszik k\u00e1rba, \u00e9s a legt\u00f6bb energia a helyis\u00e9g f\u0171t\u00e9s\u00e9re hasznosul. Egy 94 sz\u00e1zal\u00e9kos hat\u00e9konys\u00e1g\u00fa k\u00e1lyha rendk\u00edv\u00fcl gazdas\u00e1gos \u00e9s energiatakar\u00e9kos, mivel kevesebb t\u00fczel\u0151anyagot ig\u00e9nyel ugyanannyi h\u0151 kibocs\u00e1t\u00e1s\u00e1hoz. A k\u00e1lyh\u00e1ba brikettet \u00e9s t\u0171zif\u00e1t is haszn\u00e1lhat t\u00fczel\u0151anyagk\u00e9nt, \u00edgy k\u00e9nyelmesen \u00e9s gazdas\u00e1gosan tudja f\u0171teni otthon\u00e1t. Az \u0150nt\u0151tvas ajt\u00f3 h\u0151\u00e1ll\u00f3 \u00fcveggel rendelkezik, ami lehet\u0151v\u00e9 teszi, hogy \u00e9lvezhesse a l\u00e1ngok j\u00e1t\u00e9k\u00e1t \u00e9s meleg\u00e9t an\u00e9lk\u00fcl, hogy agg\u00f3dn\u00e1nk az \u00e9g\u0151 fahas\u00e1bok miatt. A k\u00e1lyha f\u00fcstcs\u00f6ve 120 mm m\u00e9ret\u0171, \u00e9s a k\u00e1lyha jobbos-balos f\u00fcst kivezet\u00e9ssel rendelkezik, amely lehet\u0151v\u00e9 teszi, hogy a k\u00e1lyh\u00e1t az adott helyis\u00e9g elrendez\u00e9s\u00e9hez &hellip; <a href=\"https:\/\/esemineu.ro\/hu\/termek\/premium-barna-kis-csiko-cserepkalyha-fatuzelesu-jobbos-balos-fust-kivezetessel-8kw\/\">Folytatva<\/a><\/p>\n","protected":false},"featured_media":22146,"comment_status":"open","ping_status":"closed","template":"","meta":[],"product_brand":[706],"product_cat":[1678,729],"product_tag":[],"class_list":{"0":"post-4494","1":"product","2":"type-product","3":"status-publish","4":"has-post-thumbnail","6":"product_brand-esemineu-premium","7":"product_cat-csiko","8":"product_cat-hordozhato-cserepkalyhak","9":"product_shipping_class-csempekalyhak","10":"pa_combustibil-utilizat-brikett","11":"pa_combustibil-utilizat-tuzifa","12":"pa_culoare-sotet-barna","13":"pa_diametru-racordului-la-cos-120-mm-hu","14":"pa_evacuare-fum-bal","15":"pa_evacuare-fum-jobb","16":"pa_material-teracota-hu","17":"pa_material-ontotvas-ajto-hoallo-uveggel","18":"pa_material-ontveny-fozolap","19":"pa_model-csiko-hu","20":"pa_putere-8-kw-hu","21":"pa_randament-94-hu","22":"pa_suprafata-incalzita-mp-38-45-hu","23":"producer-teramix","25":"first","26":"instock","27":"shipping-taxable","28":"purchasable","29":"product-type-variable"},"acf":[],"yoast_head":"<!-- This site is optimized with the Yoast SEO Premium plugin v21.0 (Yoast SEO v27.3) - https:\/\/yoast.com\/product\/yoast-seo-premium-wordpress\/ -->\n<title>Pr\u00e9mium Barna Kis Csik\u00f3 Cser\u00e9pk\u00e1lyha | eSemineu.ro<\/title>\n<meta name=\"description\" content=\"Pr\u00e9mium Barna Kis Csik\u00f3 Cser\u00e9pk\u00e1lyha, fa t\u00fczel\u00e9s\u0171 cser\u00e9pk\u00e1lyha h\u0151\u00e1ll\u00f3 \u00fcveggel. T\u0151bb aj\u00e1nlat\u00e9rt keresse a hordozhato-cser\u00e9pk\u00e1lyha kategori\u00e1t | eSemineu.ro\" \/>\n<meta name=\"robots\" content=\"index, follow, max-snippet:-1, max-image-preview:large, max-video-preview:-1\" \/>\n<link rel=\"canonical\" href=\"https:\/\/esemineu.ro\/hu\/termek\/premium-barna-kis-csiko-cserepkalyha-fatuzelesu-jobbos-balos-fust-kivezetessel-8kw\/\" \/>\n<meta property=\"og:locale\" content=\"hu_HU\" \/>\n<meta property=\"og:type\" content=\"article\" \/>\n<meta property=\"og:title\" content=\"Pr\u00e9mium Barna Kis Csik\u00f3 Cser\u00e9pk\u00e1lyha | eSemineu.ro\" \/>\n<meta property=\"og:description\" content=\"Pr\u00e9mium Barna Kis Csik\u00f3 Cser\u00e9pk\u00e1lyha, fa t\u00fczel\u00e9s\u0171 cser\u00e9pk\u00e1lyha h\u0151\u00e1ll\u00f3 \u00fcveggel. T\u0151bb aj\u00e1nlat\u00e9rt keresse a hordozhato-cser\u00e9pk\u00e1lyha kategori\u00e1t | eSemineu.ro\" \/>\n<meta property=\"og:url\" content=\"https:\/\/esemineu.ro\/hu\/termek\/premium-barna-kis-csiko-cserepkalyha-fatuzelesu-jobbos-balos-fust-kivezetessel-8kw\/\" \/>\n<meta property=\"og:site_name\" content=\"eSemineu\" \/>\n<meta property=\"article:publisher\" content=\"https:\/\/web.facebook.com\/eSemineu\" \/>\n<meta property=\"article:modified_time\" content=\"2025-02-02T19:47:37+00:00\" \/>\n<meta property=\"og:image\" content=\"https:\/\/esemineu.ro\/wp-content\/uploads\/2023\/04\/CIZMA-MICA-TM-MARO-LANDING-FR.jpg\" \/>\n\t<meta property=\"og:image:width\" content=\"1000\" \/>\n\t<meta property=\"og:image:height\" content=\"1000\" \/>\n\t<meta property=\"og:image:type\" content=\"image\/jpeg\" \/>\n<meta name=\"twitter:card\" content=\"summary_large_image\" \/>\n<meta name=\"twitter:label1\" content=\"Becs\u00fclt olvas\u00e1si id\u0151\" \/>\n\t<meta name=\"twitter:data1\" content=\"4 perc\" \/>\n<script type=\"application\/ld+json\" class=\"yoast-schema-graph\">{\"@context\":\"https:\\\/\\\/schema.org\",\"@graph\":[{\"@type\":\"WebPage\",\"@id\":\"https:\\\/\\\/esemineu.ro\\\/hu\\\/termek\\\/premium-barna-kis-csiko-cserepkalyha-fatuzelesu-jobbos-balos-fust-kivezetessel-8kw\\\/\",\"url\":\"https:\\\/\\\/esemineu.ro\\\/hu\\\/termek\\\/premium-barna-kis-csiko-cserepkalyha-fatuzelesu-jobbos-balos-fust-kivezetessel-8kw\\\/\",\"name\":\"Pr\u00e9mium Barna Kis Csik\u00f3 Cser\u00e9pk\u00e1lyha | eSemineu.ro\",\"isPartOf\":{\"@id\":\"https:\\\/\\\/esemineu.ro\\\/hu\\\/#website\"},\"primaryImageOfPage\":{\"@id\":\"https:\\\/\\\/esemineu.ro\\\/hu\\\/termek\\\/premium-barna-kis-csiko-cserepkalyha-fatuzelesu-jobbos-balos-fust-kivezetessel-8kw\\\/#primaryimage\"},\"image\":{\"@id\":\"https:\\\/\\\/esemineu.ro\\\/hu\\\/termek\\\/premium-barna-kis-csiko-cserepkalyha-fatuzelesu-jobbos-balos-fust-kivezetessel-8kw\\\/#primaryimage\"},\"thumbnailUrl\":\"https:\\\/\\\/esemineu.ro\\\/wp-content\\\/uploads\\\/2023\\\/04\\\/CIZMA-MICA-TM-MARO-LANDING-FR.jpg\",\"datePublished\":\"2023-04-06T09:57:25+00:00\",\"dateModified\":\"2025-02-02T19:47:37+00:00\",\"description\":\"Pr\u00e9mium Barna Kis Csik\u00f3 Cser\u00e9pk\u00e1lyha, fa t\u00fczel\u00e9s\u0171 cser\u00e9pk\u00e1lyha h\u0151\u00e1ll\u00f3 \u00fcveggel. T\u0151bb aj\u00e1nlat\u00e9rt keresse a hordozhato-cser\u00e9pk\u00e1lyha kategori\u00e1t | eSemineu.ro\",\"breadcrumb\":{\"@id\":\"https:\\\/\\\/esemineu.ro\\\/hu\\\/termek\\\/premium-barna-kis-csiko-cserepkalyha-fatuzelesu-jobbos-balos-fust-kivezetessel-8kw\\\/#breadcrumb\"},\"inLanguage\":\"hu\",\"potentialAction\":[{\"@type\":\"ReadAction\",\"target\":[\"https:\\\/\\\/esemineu.ro\\\/hu\\\/termek\\\/premium-barna-kis-csiko-cserepkalyha-fatuzelesu-jobbos-balos-fust-kivezetessel-8kw\\\/\"]}]},{\"@type\":\"ImageObject\",\"inLanguage\":\"hu\",\"@id\":\"https:\\\/\\\/esemineu.ro\\\/hu\\\/termek\\\/premium-barna-kis-csiko-cserepkalyha-fatuzelesu-jobbos-balos-fust-kivezetessel-8kw\\\/#primaryimage\",\"url\":\"https:\\\/\\\/esemineu.ro\\\/wp-content\\\/uploads\\\/2023\\\/04\\\/CIZMA-MICA-TM-MARO-LANDING-FR.jpg\",\"contentUrl\":\"https:\\\/\\\/esemineu.ro\\\/wp-content\\\/uploads\\\/2023\\\/04\\\/CIZMA-MICA-TM-MARO-LANDING-FR.jpg\",\"width\":1000,\"height\":1000,\"caption\":\"Teracot\u0103 Premium cizm\u0103 mic\u0103 Maro\"},{\"@type\":\"BreadcrumbList\",\"@id\":\"https:\\\/\\\/esemineu.ro\\\/hu\\\/termek\\\/premium-barna-kis-csiko-cserepkalyha-fatuzelesu-jobbos-balos-fust-kivezetessel-8kw\\\/#breadcrumb\",\"itemListElement\":[{\"@type\":\"ListItem\",\"position\":1,\"name\":\"Kezd\u0151lap\",\"item\":\"https:\\\/\\\/esemineu.ro\\\/hu\\\/\"},{\"@type\":\"ListItem\",\"position\":2,\"name\":\"\u00c1ruh\u00e1z\",\"item\":\"https:\\\/\\\/esemineu.ro\\\/hu\\\/aruhaz\\\/\"},{\"@type\":\"ListItem\",\"position\":3,\"name\":\"Pr\u00e9mium Barna Kis Csik\u00f3 Cser\u00e9pk\u00e1lyha, Fat\u0171zel\u00e9s\u0171 jobbos\\\/balos f\u0171st kivezet\u00e9ssel, 8kW\"}]},{\"@type\":\"WebSite\",\"@id\":\"https:\\\/\\\/esemineu.ro\\\/hu\\\/#website\",\"url\":\"https:\\\/\\\/esemineu.ro\\\/hu\\\/\",\"name\":\"eSemineu\",\"description\":\"\u0218eminee de cea mai \u00eenalt\u0103 calitate\",\"potentialAction\":[{\"@type\":\"SearchAction\",\"target\":{\"@type\":\"EntryPoint\",\"urlTemplate\":\"https:\\\/\\\/esemineu.ro\\\/hu\\\/?s={search_term_string}\"},\"query-input\":{\"@type\":\"PropertyValueSpecification\",\"valueRequired\":true,\"valueName\":\"search_term_string\"}}],\"inLanguage\":\"hu\"}]}<\/script>\n<!-- \/ Yoast SEO Premium plugin. -->","yoast_head_json":{"title":"Pr\u00e9mium Barna Kis Csik\u00f3 Cser\u00e9pk\u00e1lyha | eSemineu.ro","description":"Pr\u00e9mium Barna Kis Csik\u00f3 Cser\u00e9pk\u00e1lyha, fa t\u00fczel\u00e9s\u0171 cser\u00e9pk\u00e1lyha h\u0151\u00e1ll\u00f3 \u00fcveggel. T\u0151bb aj\u00e1nlat\u00e9rt keresse a hordozhato-cser\u00e9pk\u00e1lyha kategori\u00e1t | eSemineu.ro","robots":{"index":"index","follow":"follow","max-snippet":"max-snippet:-1","max-image-preview":"max-image-preview:large","max-video-preview":"max-video-preview:-1"},"canonical":"https:\/\/esemineu.ro\/hu\/termek\/premium-barna-kis-csiko-cserepkalyha-fatuzelesu-jobbos-balos-fust-kivezetessel-8kw\/","og_locale":"hu_HU","og_type":"article","og_title":"Pr\u00e9mium Barna Kis Csik\u00f3 Cser\u00e9pk\u00e1lyha | eSemineu.ro","og_description":"Pr\u00e9mium Barna Kis Csik\u00f3 Cser\u00e9pk\u00e1lyha, fa t\u00fczel\u00e9s\u0171 cser\u00e9pk\u00e1lyha h\u0151\u00e1ll\u00f3 \u00fcveggel. T\u0151bb aj\u00e1nlat\u00e9rt keresse a hordozhato-cser\u00e9pk\u00e1lyha kategori\u00e1t | eSemineu.ro","og_url":"https:\/\/esemineu.ro\/hu\/termek\/premium-barna-kis-csiko-cserepkalyha-fatuzelesu-jobbos-balos-fust-kivezetessel-8kw\/","og_site_name":"eSemineu","article_publisher":"https:\/\/web.facebook.com\/eSemineu","article_modified_time":"2025-02-02T19:47:37+00:00","og_image":[{"width":1000,"height":1000,"url":"https:\/\/esemineu.ro\/wp-content\/uploads\/2023\/04\/CIZMA-MICA-TM-MARO-LANDING-FR.jpg","type":"image\/jpeg"}],"twitter_card":"summary_large_image","twitter_misc":{"Becs\u00fclt olvas\u00e1si id\u0151":"4 perc"},"schema":{"@context":"https:\/\/schema.org","@graph":[{"@type":"WebPage","@id":"https:\/\/esemineu.ro\/hu\/termek\/premium-barna-kis-csiko-cserepkalyha-fatuzelesu-jobbos-balos-fust-kivezetessel-8kw\/","url":"https:\/\/esemineu.ro\/hu\/termek\/premium-barna-kis-csiko-cserepkalyha-fatuzelesu-jobbos-balos-fust-kivezetessel-8kw\/","name":"Pr\u00e9mium Barna Kis Csik\u00f3 Cser\u00e9pk\u00e1lyha | eSemineu.ro","isPartOf":{"@id":"https:\/\/esemineu.ro\/hu\/#website"},"primaryImageOfPage":{"@id":"https:\/\/esemineu.ro\/hu\/termek\/premium-barna-kis-csiko-cserepkalyha-fatuzelesu-jobbos-balos-fust-kivezetessel-8kw\/#primaryimage"},"image":{"@id":"https:\/\/esemineu.ro\/hu\/termek\/premium-barna-kis-csiko-cserepkalyha-fatuzelesu-jobbos-balos-fust-kivezetessel-8kw\/#primaryimage"},"thumbnailUrl":"https:\/\/esemineu.ro\/wp-content\/uploads\/2023\/04\/CIZMA-MICA-TM-MARO-LANDING-FR.jpg","datePublished":"2023-04-06T09:57:25+00:00","dateModified":"2025-02-02T19:47:37+00:00","description":"Pr\u00e9mium Barna Kis Csik\u00f3 Cser\u00e9pk\u00e1lyha, fa t\u00fczel\u00e9s\u0171 cser\u00e9pk\u00e1lyha h\u0151\u00e1ll\u00f3 \u00fcveggel. T\u0151bb aj\u00e1nlat\u00e9rt keresse a hordozhato-cser\u00e9pk\u00e1lyha kategori\u00e1t | eSemineu.ro","breadcrumb":{"@id":"https:\/\/esemineu.ro\/hu\/termek\/premium-barna-kis-csiko-cserepkalyha-fatuzelesu-jobbos-balos-fust-kivezetessel-8kw\/#breadcrumb"},"inLanguage":"hu","potentialAction":[{"@type":"ReadAction","target":["https:\/\/esemineu.ro\/hu\/termek\/premium-barna-kis-csiko-cserepkalyha-fatuzelesu-jobbos-balos-fust-kivezetessel-8kw\/"]}]},{"@type":"ImageObject","inLanguage":"hu","@id":"https:\/\/esemineu.ro\/hu\/termek\/premium-barna-kis-csiko-cserepkalyha-fatuzelesu-jobbos-balos-fust-kivezetessel-8kw\/#primaryimage","url":"https:\/\/esemineu.ro\/wp-content\/uploads\/2023\/04\/CIZMA-MICA-TM-MARO-LANDING-FR.jpg","contentUrl":"https:\/\/esemineu.ro\/wp-content\/uploads\/2023\/04\/CIZMA-MICA-TM-MARO-LANDING-FR.jpg","width":1000,"height":1000,"caption":"Teracot\u0103 Premium cizm\u0103 mic\u0103 Maro"},{"@type":"BreadcrumbList","@id":"https:\/\/esemineu.ro\/hu\/termek\/premium-barna-kis-csiko-cserepkalyha-fatuzelesu-jobbos-balos-fust-kivezetessel-8kw\/#breadcrumb","itemListElement":[{"@type":"ListItem","position":1,"name":"Kezd\u0151lap","item":"https:\/\/esemineu.ro\/hu\/"},{"@type":"ListItem","position":2,"name":"\u00c1ruh\u00e1z","item":"https:\/\/esemineu.ro\/hu\/aruhaz\/"},{"@type":"ListItem","position":3,"name":"Pr\u00e9mium Barna Kis Csik\u00f3 Cser\u00e9pk\u00e1lyha, Fat\u0171zel\u00e9s\u0171 jobbos\/balos f\u0171st kivezet\u00e9ssel, 8kW"}]},{"@type":"WebSite","@id":"https:\/\/esemineu.ro\/hu\/#website","url":"https:\/\/esemineu.ro\/hu\/","name":"eSemineu","description":"\u0218eminee de cea mai \u00eenalt\u0103 calitate","potentialAction":[{"@type":"SearchAction","target":{"@type":"EntryPoint","urlTemplate":"https:\/\/esemineu.ro\/hu\/?s={search_term_string}"},"query-input":{"@type":"PropertyValueSpecification","valueRequired":true,"valueName":"search_term_string"}}],"inLanguage":"hu"}]}},"_links":{"self":[{"href":"https:\/\/esemineu.ro\/hu\/wp-json\/wp\/v2\/product\/4494","targetHints":{"allow":["GET"]}}],"collection":[{"href":"https:\/\/esemineu.ro\/hu\/wp-json\/wp\/v2\/product"}],"about":[{"href":"https:\/\/esemineu.ro\/hu\/wp-json\/wp\/v2\/types\/product"}],"replies":[{"embeddable":true,"href":"https:\/\/esemineu.ro\/hu\/wp-json\/wp\/v2\/comments?post=4494"}],"wp:featuredmedia":[{"embeddable":true,"href":"https:\/\/esemineu.ro\/hu\/wp-json\/wp\/v2\/media\/22146"}],"wp:attachment":[{"href":"https:\/\/esemineu.ro\/hu\/wp-json\/wp\/v2\/media?parent=4494"}],"wp:term":[{"taxonomy":"product_brand","embeddable":true,"href":"https:\/\/esemineu.ro\/hu\/wp-json\/wp\/v2\/product_brand?post=4494"},{"taxonomy":"product_cat","embeddable":true,"href":"https:\/\/esemineu.ro\/hu\/wp-json\/wp\/v2\/product_cat?post=4494"},{"taxonomy":"product_tag","embeddable":true,"href":"https:\/\/esemineu.ro\/hu\/wp-json\/wp\/v2\/product_tag?post=4494"}],"curies":[{"name":"wp","href":"https:\/\/api.w.org\/{rel}","templated":true}]}}