{"id":4442,"date":"2023-08-22T08:34:37","date_gmt":"2023-08-22T06:34:37","guid":{"rendered":"https:\/\/esemineu.ro\/product\/soba-teracota-vulcano-crem-rustic-4r-cu-usa-din-fonta-6-kw\/"},"modified":"2023-09-18T08:17:28","modified_gmt":"2023-09-18T05:17:28","slug":"soba-teracota-vulcano-crem-rustic-4r-cu-usa-din-fonta-6-kw","status":"publish","type":"product","link":"https:\/\/esemineu.ro\/hu\/termek\/soba-teracota-vulcano-crem-rustic-4r-cu-usa-din-fonta-6-kw\/","title":{"rendered":"Sob\u0103 Teracot\u0103 Vulcano Crem\/Rustic 4R, Cu u\u0219a din font\u0103, 6 kW"},"content":{"rendered":"<p>Sob\u0103 Teracot\u0103 Vulcano Maro 4R, 10 kW construit \u00een ram\u0103 de o\u021bel<\/p>\n<p>Soba de teracot\u0103 pentru gatit este construit \u00een cadru de otel pentru a prelungii durata de via\u021b\u0103 a sobei de teracot\u0103.. Transfer\u0103 c\u0103ldura intr-un mod subtil, este doar cald\u0103 la atingere. Nu exist\u0103 suprafete fierbin\u021bi sau flacar\u0103 deschis\u0103 care ar putea provoc\u0103 arsuri. Este o calitate excep\u021bional\u0103\u00a0<a href=\"https:\/\/www.sobenorbo.ro\/5randurir_ro.html\">f\u0103cut\u0103<\/a>\u00a0exclusiv pentru eSemineu.ro<\/p>\n<p>La prima folosire se inc\u0103lzesc <strong>u\u0219ile din font\u0103.<\/strong> Dup\u0103 2 focuri \u00eencep s\u0103 se inc\u0103lzeasc\u0103 c\u0103ptuseala din \u0219amot \u0219i c\u0103r\u0103mizile de teracot\u0103 dup\u0103 care \u00eencepe s\u0103 radieze c\u0103ldura.<\/p>\n<p>Soba r\u0103m\u0103ne intreaga zi si noapte cald\u0103 cu numai dou\u0103-trei focuri pe zi. Odat\u0103 aprins, focul arde p\u0103n\u0103 se stinge singur, a\u0219a c\u0103 nu este necesar sa reaprovizionati focul. Eliminindu-se astfel riscul lemnelor care ar c\u0103dea din foc si folosirea partilor fierbinti de metal de la u\u0219a sobei.<\/p>\n<p><strong>Sob\u0103 de teracot\u0103 pe lemne tip \u0219emineu<\/strong> are un\u00a0 aspect deosebit<strong>,<\/strong> ce \u00eembin\u0103 perfect stilul tradi\u021bional cu parametrii tehnici excelenti.<\/p>\n<p>Eficient\u0103 procesului de ardere \u0219i men\u021binerea temperaturii pentru un timp mai \u00eendelungat. Cu ajutorul <strong>c\u0103ptu\u0219elii de \u0219amot\u0103<\/strong> dac\u0103 folosi\u021bi lemne uscate geamul din usa focarului ram\u0103ne curat. Este echipat cu <strong>picioare \u0219i u\u0219\u0103 din fonta<\/strong>, <strong>gr\u0103tar de font\u0103<\/strong> \u0219i <strong>cenu\u0219ar.<\/strong><\/p>\n<h4>\u00a0Nu arde\u021bi!<\/h4>\n<p>Resturi casnice, fibr\u0103 lemnoasa lipit\u0103 sau vopsit\u0103, sperplat sau pl\u0103ci din particule din lemn sau alte resturi care contin amestecuri chimice artificiale, \u00eentruc\u0103t otr\u0103vurile nu ard, ci numai i\u0219i schimb\u0103 aspectul si c\u0103nd se arunc\u0103 in atmosfer\u0103 duc la urm\u0103ri imprevizibile. Soba este o instala\u021bie pentru \u00eenc\u0103lzit. Dac\u0103 arde\u021bi reziduri \u00een sob\u0103 se \u00eenfund\u0103 gura de evacuare a sobei de teracot\u0103.<\/p>\n<p>Este indicat la primele focuri sa nu faceti foc intens \u0219i s\u0103 inc\u0103lziti soba treptat. Dup\u0103 2 focuri incepe s\u0103 se inc\u0103lzeasc\u0103 c\u0103ptuseala din \u0219amot si c\u0103ramizile de teracot\u0103 dup\u0103 care incepe sa radieze c\u0103ldura. <strong>Lungimea hornului<\/strong>(burlanului,co\u0219ului) <strong>trebuie s\u0103 fie de minim 5 metri. <\/strong>Vezi instruc\u021biunile de montare co\u0219 pe partea din spatele certificatului de garan\u021bie.<\/p>\n<h5>Cum se face transportul \u0219i ce con\u021bine coletul?<strong>\u00a0<\/strong><\/h5>\n<p>Transportul sobei de teracot\u0103 se face oriunde \u00een \u021bar\u0103 \u00een 2-3 zile lucr\u0103toare, iar \u00een Europa \u00een 5 zile lucr\u0103toare dup\u0103 efectuarea pl\u0103\u021bii confirmate. Pentru a v\u0103 asigura c\u0103 ve\u021bi primi produsul \u00eentr-o stare perfect\u0103, soba de teracot\u0103 este fixat\u0103 pe un palet cu benzi din plastic de 16mm \u0219i \u00eenvelit\u0103 \u00een trei r\u00e2nduri de folii. Astfel, ve\u021bi primi produsul perfect protejat \u0219i \u00een condi\u021bii ideale. \u00cen colet ve\u021bi g\u0103si, pe l\u00e2ng\u0103 soba de teracot\u0103 \u0219i manualul de utilizare, declara\u021bia de conformitate \u0219i certificatul de garan\u021bie. Pentru a face livrarea mai u\u0219oar\u0103, aceasta se va face cu o ma\u0219in\u0103 dotat\u0103 cu lift, p\u00e2n\u0103 la poart\u0103. A\u0219adar, achizi\u021bion\u00e2nd soba de teracot\u0103 pe lemne, ve\u021bi primi un produs de calitate, livrat rapid \u0219i \u00een condi\u021bii perfecte.<\/p>\n<p>Pentru mai multe informa\u021bii urm\u0103ri\u021bi canalul nostru de pe\u00a0<a href=\"https:\/\/www.youtube.com\/@esemineuromania\">YouTube<\/a>\u00a0sau de pe\u00a0<a href=\"https:\/\/www.facebook.com\/eSemineu\">Facebook<\/a>\u00a0\u0219i\u00a0<a href=\"https:\/\/www.instagram.com\/esemineu\/\">Instagram<\/a><\/p>\n<p>Pentru mai multe produse din categoria<a href=\"https:\/\/esemineu.ro\/hu\/?attachment_id=5292\">\u00a0Sobe de teracota<\/a><\/p>\n<p><a href=\"https:\/\/esemineu.ro\/hu\/\">eSemineu.ro<\/a>\u00a0 \u00a0 Tu faci focul noi d\u0103m confortul!<\/p>\n","protected":false},"excerpt":{"rendered":"<p>Sob\u0103 Teracot\u0103 Vulcano Maro 4R, 10 kW construit \u00een ram\u0103 de o\u021bel Soba de teracot\u0103 pentru gatit este construit \u00een cadru de otel pentru a prelungii durata de via\u021b\u0103 a sobei de teracot\u0103.. Transfer\u0103 c\u0103ldura intr-un mod subtil, este doar cald\u0103 la atingere. Nu exist\u0103 suprafete fierbin\u021bi sau flacar\u0103 deschis\u0103 care ar putea provoc\u0103 arsuri. Este o calitate excep\u021bional\u0103\u00a0f\u0103cut\u0103\u00a0exclusiv pentru eSemineu.ro La prima folosire se inc\u0103lzesc u\u0219ile din font\u0103. Dup\u0103 2 focuri \u00eencep s\u0103 se inc\u0103lzeasc\u0103 c\u0103ptuseala din \u0219amot \u0219i c\u0103r\u0103mizile de teracot\u0103 dup\u0103 care \u00eencepe s\u0103 radieze c\u0103ldura. Soba r\u0103m\u0103ne intreaga zi si noapte cald\u0103 cu numai dou\u0103-trei focuri pe zi. Odat\u0103 aprins, focul arde p\u0103n\u0103 se stinge singur, a\u0219a c\u0103 nu este necesar sa reaprovizionati focul. Eliminindu-se astfel riscul lemnelor care ar c\u0103dea din foc si folosirea partilor fierbinti de metal de la u\u0219a sobei. Sob\u0103 de teracot\u0103 pe lemne tip \u0219emineu are un\u00a0 aspect deosebit, ce \u00eembin\u0103 &hellip; <a href=\"https:\/\/esemineu.ro\/hu\/termek\/soba-teracota-vulcano-crem-rustic-4r-cu-usa-din-fonta-6-kw\/\">Folytatva<\/a><\/p>\n","protected":false},"featured_media":16829,"comment_status":"open","ping_status":"closed","template":"","meta":[],"product_brand":[706],"product_cat":[729,1680],"product_tag":[],"class_list":{"0":"post-4442","1":"product","2":"type-product","3":"status-publish","4":"has-post-thumbnail","6":"product_brand-esemineu-premium","7":"product_cat-hordozhato-cserepkalyhak","8":"product_cat-melegito","9":"product_shipping_class-csempekalyhak","10":"pa_combustibil-utilizat-brikett","11":"pa_combustibil-utilizat-szen","12":"pa_combustibil-utilizat-tuzifa-hu","13":"pa_diametru-racordului-la-cos-120-mm-hu","14":"pa_material-kalyhacsempe","15":"pa_material-ontveny-labak-ajtok-fozolap-teto-es-fustcso-kivezetes-hu","16":"pa_putere-6-kw-hu","18":"first","19":"outofstock","20":"shipping-taxable","21":"purchasable","22":"product-type-simple"},"acf":[],"yoast_head":"<!-- This site is optimized with the Yoast SEO Premium plugin v21.0 (Yoast SEO v27.3) - https:\/\/yoast.com\/product\/yoast-seo-premium-wordpress\/ -->\n<title>Sob\u0103 Teracot\u0103 Vulcano Maro 4R, cu plit\u0103 6 kW | eSemineu.ro<\/title>\n<meta name=\"description\" content=\"Sob\u0103 Teracot\u0103 Vulcano Maro 4R, construit in ram\u0103 de o\u021bel. Sob\u0103 teracot\u0103 de \u00eenc\u0103lzit pe lemne, cu u\u0219\u0103 din font\u0103 | eSemineu.ro\" \/>\n<meta name=\"robots\" content=\"index, follow, max-snippet:-1, max-image-preview:large, max-video-preview:-1\" \/>\n<link rel=\"canonical\" href=\"https:\/\/esemineu.ro\/hu\/termek\/soba-teracota-vulcano-crem-rustic-4r-cu-usa-din-fonta-6-kw\/\" \/>\n<meta property=\"og:locale\" content=\"hu_HU\" \/>\n<meta property=\"og:type\" content=\"article\" \/>\n<meta property=\"og:title\" content=\"Sob\u0103 Teracot\u0103 Vulcano Maro 4R, cu plit\u0103 6 kW | eSemineu.ro\" \/>\n<meta property=\"og:description\" content=\"Sob\u0103 Teracot\u0103 Vulcano Maro 4R, construit in ram\u0103 de o\u021bel. Sob\u0103 teracot\u0103 de \u00eenc\u0103lzit pe lemne, cu u\u0219\u0103 din font\u0103 | eSemineu.ro\" \/>\n<meta property=\"og:url\" content=\"https:\/\/esemineu.ro\/hu\/termek\/soba-teracota-vulcano-crem-rustic-4r-cu-usa-din-fonta-6-kw\/\" \/>\n<meta property=\"og:site_name\" content=\"eSemineu\" \/>\n<meta property=\"article:publisher\" content=\"https:\/\/web.facebook.com\/eSemineu\" \/>\n<meta property=\"article:modified_time\" content=\"2023-09-18T05:17:28+00:00\" \/>\n<meta property=\"og:image\" content=\"https:\/\/esemineu.ro\/wp-content\/uploads\/2023\/08\/4r-front-fire.jpg\" \/>\n\t<meta property=\"og:image:width\" content=\"1000\" \/>\n\t<meta property=\"og:image:height\" content=\"1000\" \/>\n\t<meta property=\"og:image:type\" content=\"image\/jpeg\" \/>\n<meta name=\"twitter:card\" content=\"summary_large_image\" \/>\n<meta name=\"twitter:label1\" content=\"Becs\u00fclt olvas\u00e1si id\u0151\" \/>\n\t<meta name=\"twitter:data1\" content=\"3 perc\" \/>\n<script type=\"application\/ld+json\" class=\"yoast-schema-graph\">{\"@context\":\"https:\\\/\\\/schema.org\",\"@graph\":[{\"@type\":\"WebPage\",\"@id\":\"https:\\\/\\\/esemineu.ro\\\/hu\\\/termek\\\/soba-teracota-vulcano-crem-rustic-4r-cu-usa-din-fonta-6-kw\\\/\",\"url\":\"https:\\\/\\\/esemineu.ro\\\/hu\\\/termek\\\/soba-teracota-vulcano-crem-rustic-4r-cu-usa-din-fonta-6-kw\\\/\",\"name\":\"Sob\u0103 Teracot\u0103 Vulcano Maro 4R, cu plit\u0103 6 kW | eSemineu.ro\",\"isPartOf\":{\"@id\":\"https:\\\/\\\/esemineu.ro\\\/hu\\\/#website\"},\"primaryImageOfPage\":{\"@id\":\"https:\\\/\\\/esemineu.ro\\\/hu\\\/termek\\\/soba-teracota-vulcano-crem-rustic-4r-cu-usa-din-fonta-6-kw\\\/#primaryimage\"},\"image\":{\"@id\":\"https:\\\/\\\/esemineu.ro\\\/hu\\\/termek\\\/soba-teracota-vulcano-crem-rustic-4r-cu-usa-din-fonta-6-kw\\\/#primaryimage\"},\"thumbnailUrl\":\"https:\\\/\\\/esemineu.ro\\\/wp-content\\\/uploads\\\/2023\\\/08\\\/4r-front-fire.jpg\",\"datePublished\":\"2023-08-22T06:34:37+00:00\",\"dateModified\":\"2023-09-18T05:17:28+00:00\",\"description\":\"Sob\u0103 Teracot\u0103 Vulcano Maro 4R, construit in ram\u0103 de o\u021bel. Sob\u0103 teracot\u0103 de \u00eenc\u0103lzit pe lemne, cu u\u0219\u0103 din font\u0103 | eSemineu.ro\",\"breadcrumb\":{\"@id\":\"https:\\\/\\\/esemineu.ro\\\/hu\\\/termek\\\/soba-teracota-vulcano-crem-rustic-4r-cu-usa-din-fonta-6-kw\\\/#breadcrumb\"},\"inLanguage\":\"hu\",\"potentialAction\":[{\"@type\":\"ReadAction\",\"target\":[\"https:\\\/\\\/esemineu.ro\\\/hu\\\/termek\\\/soba-teracota-vulcano-crem-rustic-4r-cu-usa-din-fonta-6-kw\\\/\"]}]},{\"@type\":\"ImageObject\",\"inLanguage\":\"hu\",\"@id\":\"https:\\\/\\\/esemineu.ro\\\/hu\\\/termek\\\/soba-teracota-vulcano-crem-rustic-4r-cu-usa-din-fonta-6-kw\\\/#primaryimage\",\"url\":\"https:\\\/\\\/esemineu.ro\\\/wp-content\\\/uploads\\\/2023\\\/08\\\/4r-front-fire.jpg\",\"contentUrl\":\"https:\\\/\\\/esemineu.ro\\\/wp-content\\\/uploads\\\/2023\\\/08\\\/4r-front-fire.jpg\",\"width\":1000,\"height\":1000,\"caption\":\"RusztikusKr\u00e9m Cser\u00e9pk\u00e1lyha 4 soros Vulcano\"},{\"@type\":\"BreadcrumbList\",\"@id\":\"https:\\\/\\\/esemineu.ro\\\/hu\\\/termek\\\/soba-teracota-vulcano-crem-rustic-4r-cu-usa-din-fonta-6-kw\\\/#breadcrumb\",\"itemListElement\":[{\"@type\":\"ListItem\",\"position\":1,\"name\":\"Kezd\u0151lap\",\"item\":\"https:\\\/\\\/esemineu.ro\\\/hu\\\/\"},{\"@type\":\"ListItem\",\"position\":2,\"name\":\"\u00c1ruh\u00e1z\",\"item\":\"https:\\\/\\\/esemineu.ro\\\/hu\\\/aruhaz\\\/\"},{\"@type\":\"ListItem\",\"position\":3,\"name\":\"Sob\u0103 Teracot\u0103 Vulcano Crem\\\/Rustic 4R, Cu u\u0219a din font\u0103, 6 kW\"}]},{\"@type\":\"WebSite\",\"@id\":\"https:\\\/\\\/esemineu.ro\\\/hu\\\/#website\",\"url\":\"https:\\\/\\\/esemineu.ro\\\/hu\\\/\",\"name\":\"eSemineu\",\"description\":\"\u0218eminee de cea mai \u00eenalt\u0103 calitate\",\"potentialAction\":[{\"@type\":\"SearchAction\",\"target\":{\"@type\":\"EntryPoint\",\"urlTemplate\":\"https:\\\/\\\/esemineu.ro\\\/hu\\\/?s={search_term_string}\"},\"query-input\":{\"@type\":\"PropertyValueSpecification\",\"valueRequired\":true,\"valueName\":\"search_term_string\"}}],\"inLanguage\":\"hu\"}]}<\/script>\n<!-- \/ Yoast SEO Premium plugin. -->","yoast_head_json":{"title":"Sob\u0103 Teracot\u0103 Vulcano Maro 4R, cu plit\u0103 6 kW | eSemineu.ro","description":"Sob\u0103 Teracot\u0103 Vulcano Maro 4R, construit in ram\u0103 de o\u021bel. Sob\u0103 teracot\u0103 de \u00eenc\u0103lzit pe lemne, cu u\u0219\u0103 din font\u0103 | eSemineu.ro","robots":{"index":"index","follow":"follow","max-snippet":"max-snippet:-1","max-image-preview":"max-image-preview:large","max-video-preview":"max-video-preview:-1"},"canonical":"https:\/\/esemineu.ro\/hu\/termek\/soba-teracota-vulcano-crem-rustic-4r-cu-usa-din-fonta-6-kw\/","og_locale":"hu_HU","og_type":"article","og_title":"Sob\u0103 Teracot\u0103 Vulcano Maro 4R, cu plit\u0103 6 kW | eSemineu.ro","og_description":"Sob\u0103 Teracot\u0103 Vulcano Maro 4R, construit in ram\u0103 de o\u021bel. Sob\u0103 teracot\u0103 de \u00eenc\u0103lzit pe lemne, cu u\u0219\u0103 din font\u0103 | eSemineu.ro","og_url":"https:\/\/esemineu.ro\/hu\/termek\/soba-teracota-vulcano-crem-rustic-4r-cu-usa-din-fonta-6-kw\/","og_site_name":"eSemineu","article_publisher":"https:\/\/web.facebook.com\/eSemineu","article_modified_time":"2023-09-18T05:17:28+00:00","og_image":[{"width":1000,"height":1000,"url":"https:\/\/esemineu.ro\/wp-content\/uploads\/2023\/08\/4r-front-fire.jpg","type":"image\/jpeg"}],"twitter_card":"summary_large_image","twitter_misc":{"Becs\u00fclt olvas\u00e1si id\u0151":"3 perc"},"schema":{"@context":"https:\/\/schema.org","@graph":[{"@type":"WebPage","@id":"https:\/\/esemineu.ro\/hu\/termek\/soba-teracota-vulcano-crem-rustic-4r-cu-usa-din-fonta-6-kw\/","url":"https:\/\/esemineu.ro\/hu\/termek\/soba-teracota-vulcano-crem-rustic-4r-cu-usa-din-fonta-6-kw\/","name":"Sob\u0103 Teracot\u0103 Vulcano Maro 4R, cu plit\u0103 6 kW | eSemineu.ro","isPartOf":{"@id":"https:\/\/esemineu.ro\/hu\/#website"},"primaryImageOfPage":{"@id":"https:\/\/esemineu.ro\/hu\/termek\/soba-teracota-vulcano-crem-rustic-4r-cu-usa-din-fonta-6-kw\/#primaryimage"},"image":{"@id":"https:\/\/esemineu.ro\/hu\/termek\/soba-teracota-vulcano-crem-rustic-4r-cu-usa-din-fonta-6-kw\/#primaryimage"},"thumbnailUrl":"https:\/\/esemineu.ro\/wp-content\/uploads\/2023\/08\/4r-front-fire.jpg","datePublished":"2023-08-22T06:34:37+00:00","dateModified":"2023-09-18T05:17:28+00:00","description":"Sob\u0103 Teracot\u0103 Vulcano Maro 4R, construit in ram\u0103 de o\u021bel. Sob\u0103 teracot\u0103 de \u00eenc\u0103lzit pe lemne, cu u\u0219\u0103 din font\u0103 | eSemineu.ro","breadcrumb":{"@id":"https:\/\/esemineu.ro\/hu\/termek\/soba-teracota-vulcano-crem-rustic-4r-cu-usa-din-fonta-6-kw\/#breadcrumb"},"inLanguage":"hu","potentialAction":[{"@type":"ReadAction","target":["https:\/\/esemineu.ro\/hu\/termek\/soba-teracota-vulcano-crem-rustic-4r-cu-usa-din-fonta-6-kw\/"]}]},{"@type":"ImageObject","inLanguage":"hu","@id":"https:\/\/esemineu.ro\/hu\/termek\/soba-teracota-vulcano-crem-rustic-4r-cu-usa-din-fonta-6-kw\/#primaryimage","url":"https:\/\/esemineu.ro\/wp-content\/uploads\/2023\/08\/4r-front-fire.jpg","contentUrl":"https:\/\/esemineu.ro\/wp-content\/uploads\/2023\/08\/4r-front-fire.jpg","width":1000,"height":1000,"caption":"RusztikusKr\u00e9m Cser\u00e9pk\u00e1lyha 4 soros Vulcano"},{"@type":"BreadcrumbList","@id":"https:\/\/esemineu.ro\/hu\/termek\/soba-teracota-vulcano-crem-rustic-4r-cu-usa-din-fonta-6-kw\/#breadcrumb","itemListElement":[{"@type":"ListItem","position":1,"name":"Kezd\u0151lap","item":"https:\/\/esemineu.ro\/hu\/"},{"@type":"ListItem","position":2,"name":"\u00c1ruh\u00e1z","item":"https:\/\/esemineu.ro\/hu\/aruhaz\/"},{"@type":"ListItem","position":3,"name":"Sob\u0103 Teracot\u0103 Vulcano Crem\/Rustic 4R, Cu u\u0219a din font\u0103, 6 kW"}]},{"@type":"WebSite","@id":"https:\/\/esemineu.ro\/hu\/#website","url":"https:\/\/esemineu.ro\/hu\/","name":"eSemineu","description":"\u0218eminee de cea mai \u00eenalt\u0103 calitate","potentialAction":[{"@type":"SearchAction","target":{"@type":"EntryPoint","urlTemplate":"https:\/\/esemineu.ro\/hu\/?s={search_term_string}"},"query-input":{"@type":"PropertyValueSpecification","valueRequired":true,"valueName":"search_term_string"}}],"inLanguage":"hu"}]}},"_links":{"self":[{"href":"https:\/\/esemineu.ro\/hu\/wp-json\/wp\/v2\/product\/4442","targetHints":{"allow":["GET"]}}],"collection":[{"href":"https:\/\/esemineu.ro\/hu\/wp-json\/wp\/v2\/product"}],"about":[{"href":"https:\/\/esemineu.ro\/hu\/wp-json\/wp\/v2\/types\/product"}],"replies":[{"embeddable":true,"href":"https:\/\/esemineu.ro\/hu\/wp-json\/wp\/v2\/comments?post=4442"}],"wp:featuredmedia":[{"embeddable":true,"href":"https:\/\/esemineu.ro\/hu\/wp-json\/wp\/v2\/media\/16829"}],"wp:attachment":[{"href":"https:\/\/esemineu.ro\/hu\/wp-json\/wp\/v2\/media?parent=4442"}],"wp:term":[{"taxonomy":"product_brand","embeddable":true,"href":"https:\/\/esemineu.ro\/hu\/wp-json\/wp\/v2\/product_brand?post=4442"},{"taxonomy":"product_cat","embeddable":true,"href":"https:\/\/esemineu.ro\/hu\/wp-json\/wp\/v2\/product_cat?post=4442"},{"taxonomy":"product_tag","embeddable":true,"href":"https:\/\/esemineu.ro\/hu\/wp-json\/wp\/v2\/product_tag?post=4442"}],"curies":[{"name":"wp","href":"https:\/\/api.w.org\/{rel}","templated":true}]}}