{"id":32094,"date":"2025-10-24T18:44:31","date_gmt":"2025-10-24T16:44:31","guid":{"rendered":"https:\/\/esemineu.ro\/?post_type=product&#038;p=32094"},"modified":"2025-11-05T18:30:36","modified_gmt":"2025-11-05T16:30:36","slug":"optima-10kw-piros-pelletkalyha-ontveny-egesterrel-belso-ventilatorral","status":"publish","type":"product","link":"https:\/\/esemineu.ro\/hu\/termek\/optima-10kw-piros-pelletkalyha-ontveny-egesterrel-belso-ventilatorral\/","title":{"rendered":"OPTIMA 10kW piros pelletk\u00e1lyha, \u00f6ntv\u00e9ny \u00e9g\u00e9st\u00e9rrel, bels\u0151 ventil\u00e1torral"},"content":{"rendered":"<p data-start=\"2147\" data-end=\"2410\">OPTIMA 10kW piros pelletk\u00e1lyha<\/p>\n<p>Fedezd fel a modern k\u00e9nyelmet \u00e9s a kiv\u00e9teles hat\u00e9konys\u00e1got az\u00a0<strong data-start=\"2209\" data-end=\"2241\">OPTIMA 10kW pelletk\u00e1lyh\u00e1val<\/strong>, amely eleg\u00e1ns, v\u00e1ltozatos piros sz\u00edn\u0171 kivitelben \u00e9rkezik. Ez a k\u00e1lyha gyorsan \u00e9s egyenletesen f\u0171ti be az otthonod, mik\u00f6zben alacsony fogyaszt\u00e1ssal \u00e9s nagy teljes\u00edtm\u00e9nnyel m\u0171k\u00f6dik.<\/p>\n<p data-start=\"2412\" data-end=\"2614\">Az \u00f6nt\u00f6ttvas \u00e9g\u00e9st\u00e9r hossz\u00fa \u00e9lettartamot \u00e9s biztons\u00e1gos, tiszta \u00e9g\u00e9st biztos\u00edt. A be\u00e9p\u00edtett ventil\u00e1ci\u00f3s rendszer egyenletesen oszlatja el a meleget a lak\u00e1sban, \u00edgy minden szoba kellemesen meleg marad.<\/p>\n<p data-start=\"2616\" data-end=\"2818\">13 kg-os pellet tart\u00e1lya hossz\u00fa m\u0171k\u00f6d\u00e9si id\u0151t biztos\u00edt, \u00edgy ritk\u00e1n kell ut\u00e1nt\u00f6lteni. Fogyaszt\u00e1sa 0,66\u20132,32 kg\/h k\u00f6z\u00f6tt \u00e1ll\u00edthat\u00f3, \u00edgy a k\u00e1lyha teljes\u00edtm\u00e9nye k\u00f6nnyen igaz\u00edthat\u00f3 a mindenkori ig\u00e9nyekhez.<\/p>\n<p data-start=\"2820\" data-end=\"2993\">230V \/ 50Hz fesz\u00fclts\u00e9gen m\u0171k\u00f6dik, 390 W n\u00e9vleges teljes\u00edtm\u00e9nnyel. \u00d6sszes\u00edtett energiafelhaszn\u00e1l\u00e1sa 3,17 \u00e9s 11,16 kW k\u00f6z\u00f6tt mozog, ami stabil \u00e9s hat\u00e9kony m\u0171k\u00f6d\u00e9st garant\u00e1l.<\/p>\n<p data-start=\"2995\" data-end=\"3129\">Az OPTIMA 10kW piros pelletk\u00e1lyha\u00a0modern, eleg\u00e1ns \u00e9s energiatakar\u00e9kos megold\u00e1s, amely a meleget \u00e9s a st\u00edlust t\u00f6k\u00e9letesen \u00f6tv\u00f6zi.<\/p>\n<h4>OPTIMA 10kW pelletk\u00e1lyha Sz\u00e1ll\u00edt\u00e1si hat\u00e1rideje:<\/h4>\n<ul>\n<li><strong>Magyarorsz\u00e1g \u00e9s az eg\u00e9sz Eur\u00f3pai Uni\u00f3 ter\u00fclet\u00e9n<\/strong>\u00a0is sz\u00e1ll\u00edtjuk.<\/li>\n<li>Rom\u00e1ni\u00e1ba 2-3 munkanap alatt sz\u00e1ll\u00edtjuk<\/li>\n<li>Magyarorsz\u00e1gra \u00e9s az EU ter\u00fclet\u00e9re az \u00e1tutal\u00e1s ut\u00e1n 5 munkanapon bel\u00fcl \u00e9rkezik meg a term\u00e9k.<\/li>\n<\/ul>\n<p>Ha b\u00e1rmilyen k\u00e9rd\u00e9se van, k\u00e9rj\u00fck, l\u00e9pjen kapcsolatba vel\u00fcnk.<\/p>\n<p>Tov\u00e1bbi aj\u00e1nlatok\u00e9rt kattintson\u00a0<a href=\"https:\/\/esemineu.ro\/hu\/termek-kategoria\/mobil-hordozhato-szabadon-allo-kandallok\/\">ide<\/a><\/p>\n<p>T\u0151bb inform\u00e1ci\u00f3\u00e9rt l\u00e1togasson el\u00a0<a href=\"https:\/\/www.youtube.com\/@esemineuromania\">YouTube<\/a>-csatorn\u00e1nkra, valamint\u00a0<a href=\"https:\/\/www.facebook.com\/eSemineu\">Facebook<\/a>\u00a0\u00e9s\u00a0<a href=\"https:\/\/www.instagram.com\/esemineu\/\">Instagram<\/a>\u00a0oldalainkra.<\/p>\n<p><a href=\"https:\/\/esemineu.ro\/hu\/\">eSemineu.ro<\/a>\u00a0 \u00a0Te rakod a t\u0171zet mi adjuk a meleget!<\/p>\n","protected":false},"excerpt":{"rendered":"<p>OPTIMA 10kW piros pelletk\u00e1lyha Fedezd fel a modern k\u00e9nyelmet \u00e9s a kiv\u00e9teles hat\u00e9konys\u00e1got az\u00a0OPTIMA 10kW pelletk\u00e1lyh\u00e1val, amely eleg\u00e1ns, v\u00e1ltozatos piros sz\u00edn\u0171 kivitelben \u00e9rkezik. Ez a k\u00e1lyha gyorsan \u00e9s egyenletesen f\u0171ti be az otthonod, mik\u00f6zben alacsony fogyaszt\u00e1ssal \u00e9s nagy teljes\u00edtm\u00e9nnyel m\u0171k\u00f6dik. Az \u00f6nt\u00f6ttvas \u00e9g\u00e9st\u00e9r hossz\u00fa \u00e9lettartamot \u00e9s biztons\u00e1gos, tiszta \u00e9g\u00e9st biztos\u00edt. A be\u00e9p\u00edtett ventil\u00e1ci\u00f3s rendszer egyenletesen oszlatja el a meleget a lak\u00e1sban, \u00edgy minden szoba kellemesen meleg marad. 13 kg-os pellet tart\u00e1lya hossz\u00fa m\u0171k\u00f6d\u00e9si id\u0151t biztos\u00edt, \u00edgy ritk\u00e1n kell ut\u00e1nt\u00f6lteni. Fogyaszt\u00e1sa 0,66\u20132,32 kg\/h k\u00f6z\u00f6tt \u00e1ll\u00edthat\u00f3, \u00edgy a k\u00e1lyha teljes\u00edtm\u00e9nye k\u00f6nnyen igaz\u00edthat\u00f3 a mindenkori ig\u00e9nyekhez. 230V \/ 50Hz fesz\u00fclts\u00e9gen m\u0171k\u00f6dik, 390 W n\u00e9vleges teljes\u00edtm\u00e9nnyel. \u00d6sszes\u00edtett energiafelhaszn\u00e1l\u00e1sa 3,17 \u00e9s 11,16 kW k\u00f6z\u00f6tt mozog, ami stabil \u00e9s hat\u00e9kony m\u0171k\u00f6d\u00e9st garant\u00e1l. Az OPTIMA 10kW piros pelletk\u00e1lyha\u00a0modern, eleg\u00e1ns \u00e9s energiatakar\u00e9kos megold\u00e1s, amely a meleget \u00e9s a st\u00edlust t\u00f6k\u00e9letesen \u00f6tv\u00f6zi. OPTIMA 10kW pelletk\u00e1lyha Sz\u00e1ll\u00edt\u00e1si hat\u00e1rideje: Magyarorsz\u00e1g \u00e9s az eg\u00e9sz Eur\u00f3pai Uni\u00f3 ter\u00fclet\u00e9n\u00a0is sz\u00e1ll\u00edtjuk. Rom\u00e1ni\u00e1ba 2-3 munkanap alatt &hellip; <a href=\"https:\/\/esemineu.ro\/hu\/termek\/optima-10kw-piros-pelletkalyha-ontveny-egesterrel-belso-ventilatorral\/\">Folytatva<\/a><\/p>\n","protected":false},"featured_media":32085,"comment_status":"open","ping_status":"closed","template":"","meta":[],"product_brand":[2352],"product_cat":[836,2345],"product_tag":[],"class_list":{"0":"post-32094","1":"product","2":"type-product","3":"status-publish","4":"has-post-thumbnail","6":"product_brand-blist","7":"product_cat-mobil-hordozhato-szabadon-allo-kandallok","8":"product_cat-peletes-kandallok","9":"product_shipping_class-kandallok","10":"pa_combustibil-utilizat-pelet-hu","11":"pa_culoare-fekete","12":"pa_culoare-piros","13":"pa_diametru-racordului-la-cos-80-mm-hu","14":"pa_material-acel","15":"pa_material-ontottvas-hu","16":"pa_putere-10-kw-hu","18":"first","19":"onbackorder","20":"shipping-taxable","21":"purchasable","22":"product-type-simple"},"acf":[],"yoast_head":"<!-- This site is optimized with the Yoast SEO Premium plugin v21.0 (Yoast SEO v27.3) - https:\/\/yoast.com\/product\/yoast-seo-premium-wordpress\/ -->\n<title>OPTIMA 10kW piros pelletk\u00e1lyha, BLIST<\/title>\n<meta name=\"description\" content=\"OPTIMA 10kW piros pelletk\u00e1lyha, \u00f6nt\u00f6ttvas \u00e9g\u00e9st\u00e9r, ventil\u00e1ci\u00f3s f\u0171t\u00e9s, 13 kg tart\u00e1ly. Alacsony fogyaszt\u00e1s \u00e9s modern, eleg\u00e1ns kivitel.\" \/>\n<meta name=\"robots\" content=\"index, follow, max-snippet:-1, max-image-preview:large, max-video-preview:-1\" \/>\n<link rel=\"canonical\" href=\"https:\/\/esemineu.ro\/hu\/termek\/optima-10kw-piros-pelletkalyha-ontveny-egesterrel-belso-ventilatorral\/\" \/>\n<meta property=\"og:locale\" content=\"hu_HU\" \/>\n<meta property=\"og:type\" content=\"article\" \/>\n<meta property=\"og:title\" content=\"OPTIMA 10kW piros pelletk\u00e1lyha, BLIST\" \/>\n<meta property=\"og:description\" content=\"OPTIMA 10kW piros pelletk\u00e1lyha, \u00f6nt\u00f6ttvas \u00e9g\u00e9st\u00e9r, ventil\u00e1ci\u00f3s f\u0171t\u00e9s, 13 kg tart\u00e1ly. Alacsony fogyaszt\u00e1s \u00e9s modern, eleg\u00e1ns kivitel.\" \/>\n<meta property=\"og:url\" content=\"https:\/\/esemineu.ro\/hu\/termek\/optima-10kw-piros-pelletkalyha-ontveny-egesterrel-belso-ventilatorral\/\" \/>\n<meta property=\"og:site_name\" content=\"eSemineu\" \/>\n<meta property=\"article:publisher\" content=\"https:\/\/web.facebook.com\/eSemineu\" \/>\n<meta property=\"article:modified_time\" content=\"2025-11-05T16:30:36+00:00\" \/>\n<meta property=\"og:image\" content=\"https:\/\/esemineu.ro\/wp-content\/uploads\/2025\/10\/OPTIMA-ROSU-FS.jpg\" \/>\n\t<meta property=\"og:image:width\" content=\"1000\" \/>\n\t<meta property=\"og:image:height\" content=\"1000\" \/>\n\t<meta property=\"og:image:type\" content=\"image\/jpeg\" \/>\n<meta name=\"twitter:card\" content=\"summary_large_image\" \/>\n<meta name=\"twitter:label1\" content=\"Becs\u00fclt olvas\u00e1si id\u0151\" \/>\n\t<meta name=\"twitter:data1\" content=\"2 perc\" \/>\n<script type=\"application\/ld+json\" class=\"yoast-schema-graph\">{\"@context\":\"https:\\\/\\\/schema.org\",\"@graph\":[{\"@type\":\"WebPage\",\"@id\":\"https:\\\/\\\/esemineu.ro\\\/hu\\\/termek\\\/optima-10kw-piros-pelletkalyha-ontveny-egesterrel-belso-ventilatorral\\\/\",\"url\":\"https:\\\/\\\/esemineu.ro\\\/hu\\\/termek\\\/optima-10kw-piros-pelletkalyha-ontveny-egesterrel-belso-ventilatorral\\\/\",\"name\":\"OPTIMA 10kW piros pelletk\u00e1lyha, BLIST\",\"isPartOf\":{\"@id\":\"https:\\\/\\\/esemineu.ro\\\/hu\\\/#website\"},\"primaryImageOfPage\":{\"@id\":\"https:\\\/\\\/esemineu.ro\\\/hu\\\/termek\\\/optima-10kw-piros-pelletkalyha-ontveny-egesterrel-belso-ventilatorral\\\/#primaryimage\"},\"image\":{\"@id\":\"https:\\\/\\\/esemineu.ro\\\/hu\\\/termek\\\/optima-10kw-piros-pelletkalyha-ontveny-egesterrel-belso-ventilatorral\\\/#primaryimage\"},\"thumbnailUrl\":\"https:\\\/\\\/esemineu.ro\\\/wp-content\\\/uploads\\\/2025\\\/10\\\/OPTIMA-ROSU-FS.jpg\",\"datePublished\":\"2025-10-24T16:44:31+00:00\",\"dateModified\":\"2025-11-05T16:30:36+00:00\",\"description\":\"OPTIMA 10kW piros pelletk\u00e1lyha, \u00f6nt\u00f6ttvas \u00e9g\u00e9st\u00e9r, ventil\u00e1ci\u00f3s f\u0171t\u00e9s, 13 kg tart\u00e1ly. Alacsony fogyaszt\u00e1s \u00e9s modern, eleg\u00e1ns kivitel.\",\"breadcrumb\":{\"@id\":\"https:\\\/\\\/esemineu.ro\\\/hu\\\/termek\\\/optima-10kw-piros-pelletkalyha-ontveny-egesterrel-belso-ventilatorral\\\/#breadcrumb\"},\"inLanguage\":\"hu\",\"potentialAction\":[{\"@type\":\"ReadAction\",\"target\":[\"https:\\\/\\\/esemineu.ro\\\/hu\\\/termek\\\/optima-10kw-piros-pelletkalyha-ontveny-egesterrel-belso-ventilatorral\\\/\"]}]},{\"@type\":\"ImageObject\",\"inLanguage\":\"hu\",\"@id\":\"https:\\\/\\\/esemineu.ro\\\/hu\\\/termek\\\/optima-10kw-piros-pelletkalyha-ontveny-egesterrel-belso-ventilatorral\\\/#primaryimage\",\"url\":\"https:\\\/\\\/esemineu.ro\\\/wp-content\\\/uploads\\\/2025\\\/10\\\/OPTIMA-ROSU-FS.jpg\",\"contentUrl\":\"https:\\\/\\\/esemineu.ro\\\/wp-content\\\/uploads\\\/2025\\\/10\\\/OPTIMA-ROSU-FS.jpg\",\"width\":1000,\"height\":1000,\"caption\":\"Sob\u0103 pe pele\u021bi OPTIMA Ro\u0219u\"},{\"@type\":\"BreadcrumbList\",\"@id\":\"https:\\\/\\\/esemineu.ro\\\/hu\\\/termek\\\/optima-10kw-piros-pelletkalyha-ontveny-egesterrel-belso-ventilatorral\\\/#breadcrumb\",\"itemListElement\":[{\"@type\":\"ListItem\",\"position\":1,\"name\":\"Kezd\u0151lap\",\"item\":\"https:\\\/\\\/esemineu.ro\\\/hu\\\/\"},{\"@type\":\"ListItem\",\"position\":2,\"name\":\"\u00c1ruh\u00e1z\",\"item\":\"https:\\\/\\\/esemineu.ro\\\/hu\\\/aruhaz\\\/\"},{\"@type\":\"ListItem\",\"position\":3,\"name\":\"OPTIMA 10kW piros pelletk\u00e1lyha, \u00f6ntv\u00e9ny \u00e9g\u00e9st\u00e9rrel, bels\u0151 ventil\u00e1torral\"}]},{\"@type\":\"WebSite\",\"@id\":\"https:\\\/\\\/esemineu.ro\\\/hu\\\/#website\",\"url\":\"https:\\\/\\\/esemineu.ro\\\/hu\\\/\",\"name\":\"eSemineu\",\"description\":\"\u0218eminee de cea mai \u00eenalt\u0103 calitate\",\"potentialAction\":[{\"@type\":\"SearchAction\",\"target\":{\"@type\":\"EntryPoint\",\"urlTemplate\":\"https:\\\/\\\/esemineu.ro\\\/hu\\\/?s={search_term_string}\"},\"query-input\":{\"@type\":\"PropertyValueSpecification\",\"valueRequired\":true,\"valueName\":\"search_term_string\"}}],\"inLanguage\":\"hu\"}]}<\/script>\n<!-- \/ Yoast SEO Premium plugin. -->","yoast_head_json":{"title":"OPTIMA 10kW piros pelletk\u00e1lyha, BLIST","description":"OPTIMA 10kW piros pelletk\u00e1lyha, \u00f6nt\u00f6ttvas \u00e9g\u00e9st\u00e9r, ventil\u00e1ci\u00f3s f\u0171t\u00e9s, 13 kg tart\u00e1ly. Alacsony fogyaszt\u00e1s \u00e9s modern, eleg\u00e1ns kivitel.","robots":{"index":"index","follow":"follow","max-snippet":"max-snippet:-1","max-image-preview":"max-image-preview:large","max-video-preview":"max-video-preview:-1"},"canonical":"https:\/\/esemineu.ro\/hu\/termek\/optima-10kw-piros-pelletkalyha-ontveny-egesterrel-belso-ventilatorral\/","og_locale":"hu_HU","og_type":"article","og_title":"OPTIMA 10kW piros pelletk\u00e1lyha, BLIST","og_description":"OPTIMA 10kW piros pelletk\u00e1lyha, \u00f6nt\u00f6ttvas \u00e9g\u00e9st\u00e9r, ventil\u00e1ci\u00f3s f\u0171t\u00e9s, 13 kg tart\u00e1ly. Alacsony fogyaszt\u00e1s \u00e9s modern, eleg\u00e1ns kivitel.","og_url":"https:\/\/esemineu.ro\/hu\/termek\/optima-10kw-piros-pelletkalyha-ontveny-egesterrel-belso-ventilatorral\/","og_site_name":"eSemineu","article_publisher":"https:\/\/web.facebook.com\/eSemineu","article_modified_time":"2025-11-05T16:30:36+00:00","og_image":[{"width":1000,"height":1000,"url":"https:\/\/esemineu.ro\/wp-content\/uploads\/2025\/10\/OPTIMA-ROSU-FS.jpg","type":"image\/jpeg"}],"twitter_card":"summary_large_image","twitter_misc":{"Becs\u00fclt olvas\u00e1si id\u0151":"2 perc"},"schema":{"@context":"https:\/\/schema.org","@graph":[{"@type":"WebPage","@id":"https:\/\/esemineu.ro\/hu\/termek\/optima-10kw-piros-pelletkalyha-ontveny-egesterrel-belso-ventilatorral\/","url":"https:\/\/esemineu.ro\/hu\/termek\/optima-10kw-piros-pelletkalyha-ontveny-egesterrel-belso-ventilatorral\/","name":"OPTIMA 10kW piros pelletk\u00e1lyha, BLIST","isPartOf":{"@id":"https:\/\/esemineu.ro\/hu\/#website"},"primaryImageOfPage":{"@id":"https:\/\/esemineu.ro\/hu\/termek\/optima-10kw-piros-pelletkalyha-ontveny-egesterrel-belso-ventilatorral\/#primaryimage"},"image":{"@id":"https:\/\/esemineu.ro\/hu\/termek\/optima-10kw-piros-pelletkalyha-ontveny-egesterrel-belso-ventilatorral\/#primaryimage"},"thumbnailUrl":"https:\/\/esemineu.ro\/wp-content\/uploads\/2025\/10\/OPTIMA-ROSU-FS.jpg","datePublished":"2025-10-24T16:44:31+00:00","dateModified":"2025-11-05T16:30:36+00:00","description":"OPTIMA 10kW piros pelletk\u00e1lyha, \u00f6nt\u00f6ttvas \u00e9g\u00e9st\u00e9r, ventil\u00e1ci\u00f3s f\u0171t\u00e9s, 13 kg tart\u00e1ly. Alacsony fogyaszt\u00e1s \u00e9s modern, eleg\u00e1ns kivitel.","breadcrumb":{"@id":"https:\/\/esemineu.ro\/hu\/termek\/optima-10kw-piros-pelletkalyha-ontveny-egesterrel-belso-ventilatorral\/#breadcrumb"},"inLanguage":"hu","potentialAction":[{"@type":"ReadAction","target":["https:\/\/esemineu.ro\/hu\/termek\/optima-10kw-piros-pelletkalyha-ontveny-egesterrel-belso-ventilatorral\/"]}]},{"@type":"ImageObject","inLanguage":"hu","@id":"https:\/\/esemineu.ro\/hu\/termek\/optima-10kw-piros-pelletkalyha-ontveny-egesterrel-belso-ventilatorral\/#primaryimage","url":"https:\/\/esemineu.ro\/wp-content\/uploads\/2025\/10\/OPTIMA-ROSU-FS.jpg","contentUrl":"https:\/\/esemineu.ro\/wp-content\/uploads\/2025\/10\/OPTIMA-ROSU-FS.jpg","width":1000,"height":1000,"caption":"Sob\u0103 pe pele\u021bi OPTIMA Ro\u0219u"},{"@type":"BreadcrumbList","@id":"https:\/\/esemineu.ro\/hu\/termek\/optima-10kw-piros-pelletkalyha-ontveny-egesterrel-belso-ventilatorral\/#breadcrumb","itemListElement":[{"@type":"ListItem","position":1,"name":"Kezd\u0151lap","item":"https:\/\/esemineu.ro\/hu\/"},{"@type":"ListItem","position":2,"name":"\u00c1ruh\u00e1z","item":"https:\/\/esemineu.ro\/hu\/aruhaz\/"},{"@type":"ListItem","position":3,"name":"OPTIMA 10kW piros pelletk\u00e1lyha, \u00f6ntv\u00e9ny \u00e9g\u00e9st\u00e9rrel, bels\u0151 ventil\u00e1torral"}]},{"@type":"WebSite","@id":"https:\/\/esemineu.ro\/hu\/#website","url":"https:\/\/esemineu.ro\/hu\/","name":"eSemineu","description":"\u0218eminee de cea mai \u00eenalt\u0103 calitate","potentialAction":[{"@type":"SearchAction","target":{"@type":"EntryPoint","urlTemplate":"https:\/\/esemineu.ro\/hu\/?s={search_term_string}"},"query-input":{"@type":"PropertyValueSpecification","valueRequired":true,"valueName":"search_term_string"}}],"inLanguage":"hu"}]}},"_links":{"self":[{"href":"https:\/\/esemineu.ro\/hu\/wp-json\/wp\/v2\/product\/32094","targetHints":{"allow":["GET"]}}],"collection":[{"href":"https:\/\/esemineu.ro\/hu\/wp-json\/wp\/v2\/product"}],"about":[{"href":"https:\/\/esemineu.ro\/hu\/wp-json\/wp\/v2\/types\/product"}],"replies":[{"embeddable":true,"href":"https:\/\/esemineu.ro\/hu\/wp-json\/wp\/v2\/comments?post=32094"}],"wp:featuredmedia":[{"embeddable":true,"href":"https:\/\/esemineu.ro\/hu\/wp-json\/wp\/v2\/media\/32085"}],"wp:attachment":[{"href":"https:\/\/esemineu.ro\/hu\/wp-json\/wp\/v2\/media?parent=32094"}],"wp:term":[{"taxonomy":"product_brand","embeddable":true,"href":"https:\/\/esemineu.ro\/hu\/wp-json\/wp\/v2\/product_brand?post=32094"},{"taxonomy":"product_cat","embeddable":true,"href":"https:\/\/esemineu.ro\/hu\/wp-json\/wp\/v2\/product_cat?post=32094"},{"taxonomy":"product_tag","embeddable":true,"href":"https:\/\/esemineu.ro\/hu\/wp-json\/wp\/v2\/product_tag?post=32094"}],"curies":[{"name":"wp","href":"https:\/\/api.w.org\/{rel}","templated":true}]}}