{"id":29366,"date":"2025-05-21T10:07:29","date_gmt":"2025-05-21T08:07:29","guid":{"rendered":"https:\/\/esemineu.ro\/?post_type=product&#038;p=29366"},"modified":"2025-05-21T10:54:52","modified_gmt":"2025-05-21T08:54:52","slug":"90-os-rozsdamentes-t-idom-d80-pelletkazanhoz","status":"publish","type":"product","link":"https:\/\/esemineu.ro\/hu\/termek\/90-os-rozsdamentes-t-idom-d80-pelletkazanhoz\/","title":{"rendered":"90\u00b0-os rozsdamentes T-idom D80, pelletkaz\u00e1nhoz"},"content":{"rendered":"<p>90\u00b0-os rozsdamentes T-idom D80<\/p>\n<p>Rozsdamentes T-idom pelletkaz\u00e1nhoz, 90\u00b0-os kialak\u00edt\u00e1ssal, 80 mm \u00e1tm\u00e9r\u0151vel, 0,5 mm falvastags\u00e1ggal, t\u00f6m\u00edt\u00e9ssel egy\u00fctt.<br data-start=\"1045\" data-end=\"1048\" \/>AISI 304 rozsdamentes ac\u00e9lb\u00f3l k\u00e9sz\u00fclt, h\u0151- \u00e9s korr\u00f3zi\u00f3\u00e1ll\u00f3 kivitelben.<br data-start=\"1118\" data-end=\"1121\" \/>Lehet\u0151v\u00e9 teszi a f\u00fcgg\u0151leges \u00e9s v\u00edzszintes f\u00fcstcs\u0151csatlakoz\u00e1st.<br data-start=\"1183\" data-end=\"1186\" \/>A szilikon t\u00f6m\u00edt\u00e9s biztos\u00edtja a sziv\u00e1rg\u00e1smentes kapcsolatot.<br data-start=\"1246\" data-end=\"1249\" \/>Ide\u00e1lis pellet- \u00e9s fat\u00fczel\u00e9s\u0171 kaz\u00e1n f\u00fcstg\u00e1zelvezet\u00e9s\u00e9hez.<br data-start=\"1306\" data-end=\"1309\" \/>Gyors \u00e9s stabil szerel\u00e9s anya\u2013apa rendszer\u0171 illeszt\u00e9ssel.<br data-start=\"1366\" data-end=\"1369\" \/><strong data-start=\"1369\" data-end=\"1407\">V\u00e1laszd a 90\u00b0-os inox T-idomot D80<\/strong>, ha tart\u00f3s \u00e9s biztons\u00e1gos megold\u00e1st keresel.<\/p>\n<h4>Sz\u00e1ll\u00edt\u00e1si hat\u00e1rid\u0151:<\/h4>\n<ul>\n<li><strong>Magyarorsz\u00e1g \u00e9s az eg\u00e9sz Eur\u00f3pai Uni\u00f3 ter\u00fclet\u00e9n<\/strong>\u00a0is sz\u00e1ll\u00edtjuk.<\/li>\n<li>Rom\u00e1ni\u00e1ba 2-3 munkanap alatt sz\u00e1ll\u00edtjuk<\/li>\n<li>Magyarorsz\u00e1gra es az EU ter\u00fclet\u00e9re az \u00e1tutal\u00e1s ut\u00e1n 5 munkanapon bel\u00fcl \u00e9rkezik meg a term\u00e9k.<\/li>\n<\/ul>\n<p>B\u00edzunk benne, hogy el\u00e9gedett lesz a 90\u00b0-os rozsdamentes T-idom D80 term\u00e9kkel. Ha b\u00e1rmilyen k\u00e9rd\u00e9se van, k\u00e9rj\u00fck, l\u00e9pjen kapcsolatba vel\u00fcnk.<\/p>\n<p>Tov\u00e1bbi aj\u00e1nlatok\u00e9rt kattintson\u00a0<a href=\"https:\/\/esemineu.ro\/hu\/termek-kategoria\/fustcsovek\/\">ide<\/a><\/p>\n<p>T\u0151bb inform\u00e1ci\u00f3\u00e9rt l\u00e1togasson el\u00a0<a href=\"https:\/\/www.youtube.com\/@esemineuromania\">YouTube<\/a>-csatorn\u00e1nkra, valamint\u00a0<a href=\"https:\/\/www.facebook.com\/eSemineu\">Facebook<\/a>\u00a0\u00e9s\u00a0<a href=\"https:\/\/www.instagram.com\/esemineu\/\">Instagram<\/a>\u00a0oldalainkra.<\/p>\n<p><a href=\"https:\/\/esemineu.ro\/\">eSemineu.ro<\/a>\u00a0 \u00a0Te adod a t\u0171zet mi adjuk a meleget!<\/p>\n","protected":false},"excerpt":{"rendered":"<p>90\u00b0-os rozsdamentes T-idom D80 Rozsdamentes T-idom pelletkaz\u00e1nhoz, 90\u00b0-os kialak\u00edt\u00e1ssal, 80 mm \u00e1tm\u00e9r\u0151vel, 0,5 mm falvastags\u00e1ggal, t\u00f6m\u00edt\u00e9ssel egy\u00fctt.AISI 304 rozsdamentes ac\u00e9lb\u00f3l k\u00e9sz\u00fclt, h\u0151- \u00e9s korr\u00f3zi\u00f3\u00e1ll\u00f3 kivitelben.Lehet\u0151v\u00e9 teszi a f\u00fcgg\u0151leges \u00e9s v\u00edzszintes f\u00fcstcs\u0151csatlakoz\u00e1st.A szilikon t\u00f6m\u00edt\u00e9s biztos\u00edtja a sziv\u00e1rg\u00e1smentes kapcsolatot.Ide\u00e1lis pellet- \u00e9s fat\u00fczel\u00e9s\u0171 kaz\u00e1n f\u00fcstg\u00e1zelvezet\u00e9s\u00e9hez.Gyors \u00e9s stabil szerel\u00e9s anya\u2013apa rendszer\u0171 illeszt\u00e9ssel.V\u00e1laszd a 90\u00b0-os inox T-idomot D80, ha tart\u00f3s \u00e9s biztons\u00e1gos megold\u00e1st keresel. Sz\u00e1ll\u00edt\u00e1si hat\u00e1rid\u0151: Magyarorsz\u00e1g \u00e9s az eg\u00e9sz Eur\u00f3pai Uni\u00f3 ter\u00fclet\u00e9n\u00a0is sz\u00e1ll\u00edtjuk. Rom\u00e1ni\u00e1ba 2-3 munkanap alatt sz\u00e1ll\u00edtjuk Magyarorsz\u00e1gra es az EU ter\u00fclet\u00e9re az \u00e1tutal\u00e1s ut\u00e1n 5 munkanapon bel\u00fcl \u00e9rkezik meg a term\u00e9k. B\u00edzunk benne, hogy el\u00e9gedett lesz a 90\u00b0-os rozsdamentes T-idom D80 term\u00e9kkel. Ha b\u00e1rmilyen k\u00e9rd\u00e9se van, k\u00e9rj\u00fck, l\u00e9pjen kapcsolatba vel\u00fcnk. Tov\u00e1bbi aj\u00e1nlatok\u00e9rt kattintson\u00a0ide T\u0151bb inform\u00e1ci\u00f3\u00e9rt l\u00e1togasson el\u00a0YouTube-csatorn\u00e1nkra, valamint\u00a0Facebook\u00a0\u00e9s\u00a0Instagram\u00a0oldalainkra. eSemineu.ro\u00a0 \u00a0Te adod a t\u0171zet mi adjuk a meleget!<\/p>\n","protected":false},"featured_media":29109,"comment_status":"open","ping_status":"closed","template":"","meta":[],"product_brand":[1572],"product_cat":[2258,779,1472],"product_tag":[],"class_list":{"0":"post-29366","1":"product","2":"type-product","3":"status-publish","4":"has-post-thumbnail","6":"product_brand-pro-invest","7":"product_cat-80-inox","8":"product_cat-fustcsovek","9":"product_cat-rozsdamentes-szigetelt-kemeny","10":"product_shipping_class-fustcsovek","11":"pa_culoare-fenyes-rozsdamentes-acel-hu","12":"pa_material-rozsdamentes-acel-hu","14":"first","15":"instock","16":"shipping-taxable","17":"purchasable","18":"product-type-simple"},"acf":[],"yoast_head":"<!-- This site is optimized with the Yoast SEO Premium plugin v21.0 (Yoast SEO v27.3) - https:\/\/yoast.com\/product\/yoast-seo-premium-wordpress\/ -->\n<title>90\u00b0-os rozsdamentes T-idom D80, pelletkaz\u00e1nhoz - eSemineu<\/title>\n<meta name=\"description\" content=\"90\u00b0-os rozsdamentes T-idom D80 pelletkaz\u00e1nhoz \u2013 t\u00f6k\u00e9letes t\u00f6m\u00edt\u00e9s, gyors csatlakoz\u00e1s, 0,5 mm-es AISI 304 ac\u00e9lb\u00f3l. PRO Invest\" \/>\n<meta name=\"robots\" content=\"index, follow, max-snippet:-1, max-image-preview:large, max-video-preview:-1\" \/>\n<link rel=\"canonical\" href=\"https:\/\/esemineu.ro\/hu\/termek\/90-os-rozsdamentes-t-idom-d80-pelletkazanhoz\/\" \/>\n<meta property=\"og:locale\" content=\"hu_HU\" \/>\n<meta property=\"og:type\" content=\"article\" \/>\n<meta property=\"og:title\" content=\"90\u00b0-os rozsdamentes T-idom D80, pelletkaz\u00e1nhoz - eSemineu\" \/>\n<meta property=\"og:description\" content=\"90\u00b0-os rozsdamentes T-idom D80 pelletkaz\u00e1nhoz \u2013 t\u00f6k\u00e9letes t\u00f6m\u00edt\u00e9s, gyors csatlakoz\u00e1s, 0,5 mm-es AISI 304 ac\u00e9lb\u00f3l. PRO Invest\" \/>\n<meta property=\"og:url\" content=\"https:\/\/esemineu.ro\/hu\/termek\/90-os-rozsdamentes-t-idom-d80-pelletkazanhoz\/\" \/>\n<meta property=\"og:site_name\" content=\"eSemineu\" \/>\n<meta property=\"article:publisher\" content=\"https:\/\/web.facebook.com\/eSemineu\" \/>\n<meta property=\"article:modified_time\" content=\"2025-05-21T08:54:52+00:00\" \/>\n<meta property=\"og:image\" content=\"https:\/\/esemineu.ro\/wp-content\/uploads\/2025\/05\/mare_1_FAA26001.png\" \/>\n\t<meta property=\"og:image:width\" content=\"800\" \/>\n\t<meta property=\"og:image:height\" content=\"800\" \/>\n\t<meta property=\"og:image:type\" content=\"image\/png\" \/>\n<meta name=\"twitter:card\" content=\"summary_large_image\" \/>\n<meta name=\"twitter:label1\" content=\"Becs\u00fclt olvas\u00e1si id\u0151\" \/>\n\t<meta name=\"twitter:data1\" content=\"1 perc\" \/>\n<script type=\"application\/ld+json\" class=\"yoast-schema-graph\">{\"@context\":\"https:\\\/\\\/schema.org\",\"@graph\":[{\"@type\":\"WebPage\",\"@id\":\"https:\\\/\\\/esemineu.ro\\\/hu\\\/termek\\\/90-os-rozsdamentes-t-idom-d80-pelletkazanhoz\\\/\",\"url\":\"https:\\\/\\\/esemineu.ro\\\/hu\\\/termek\\\/90-os-rozsdamentes-t-idom-d80-pelletkazanhoz\\\/\",\"name\":\"90\u00b0-os rozsdamentes T-idom D80, pelletkaz\u00e1nhoz - eSemineu\",\"isPartOf\":{\"@id\":\"https:\\\/\\\/esemineu.ro\\\/hu\\\/#website\"},\"primaryImageOfPage\":{\"@id\":\"https:\\\/\\\/esemineu.ro\\\/hu\\\/termek\\\/90-os-rozsdamentes-t-idom-d80-pelletkazanhoz\\\/#primaryimage\"},\"image\":{\"@id\":\"https:\\\/\\\/esemineu.ro\\\/hu\\\/termek\\\/90-os-rozsdamentes-t-idom-d80-pelletkazanhoz\\\/#primaryimage\"},\"thumbnailUrl\":\"https:\\\/\\\/esemineu.ro\\\/wp-content\\\/uploads\\\/2025\\\/05\\\/mare_1_FAA26001.png\",\"datePublished\":\"2025-05-21T08:07:29+00:00\",\"dateModified\":\"2025-05-21T08:54:52+00:00\",\"description\":\"90\u00b0-os rozsdamentes T-idom D80 pelletkaz\u00e1nhoz \u2013 t\u00f6k\u00e9letes t\u00f6m\u00edt\u00e9s, gyors csatlakoz\u00e1s, 0,5 mm-es AISI 304 ac\u00e9lb\u00f3l. PRO Invest\",\"breadcrumb\":{\"@id\":\"https:\\\/\\\/esemineu.ro\\\/hu\\\/termek\\\/90-os-rozsdamentes-t-idom-d80-pelletkazanhoz\\\/#breadcrumb\"},\"inLanguage\":\"hu\",\"potentialAction\":[{\"@type\":\"ReadAction\",\"target\":[\"https:\\\/\\\/esemineu.ro\\\/hu\\\/termek\\\/90-os-rozsdamentes-t-idom-d80-pelletkazanhoz\\\/\"]}]},{\"@type\":\"ImageObject\",\"inLanguage\":\"hu\",\"@id\":\"https:\\\/\\\/esemineu.ro\\\/hu\\\/termek\\\/90-os-rozsdamentes-t-idom-d80-pelletkazanhoz\\\/#primaryimage\",\"url\":\"https:\\\/\\\/esemineu.ro\\\/wp-content\\\/uploads\\\/2025\\\/05\\\/mare_1_FAA26001.png\",\"contentUrl\":\"https:\\\/\\\/esemineu.ro\\\/wp-content\\\/uploads\\\/2025\\\/05\\\/mare_1_FAA26001.png\",\"width\":800,\"height\":800},{\"@type\":\"BreadcrumbList\",\"@id\":\"https:\\\/\\\/esemineu.ro\\\/hu\\\/termek\\\/90-os-rozsdamentes-t-idom-d80-pelletkazanhoz\\\/#breadcrumb\",\"itemListElement\":[{\"@type\":\"ListItem\",\"position\":1,\"name\":\"Kezd\u0151lap\",\"item\":\"https:\\\/\\\/esemineu.ro\\\/hu\\\/\"},{\"@type\":\"ListItem\",\"position\":2,\"name\":\"\u00c1ruh\u00e1z\",\"item\":\"https:\\\/\\\/esemineu.ro\\\/hu\\\/aruhaz\\\/\"},{\"@type\":\"ListItem\",\"position\":3,\"name\":\"90\u00b0-os rozsdamentes T-idom D80, pelletkaz\u00e1nhoz\"}]},{\"@type\":\"WebSite\",\"@id\":\"https:\\\/\\\/esemineu.ro\\\/hu\\\/#website\",\"url\":\"https:\\\/\\\/esemineu.ro\\\/hu\\\/\",\"name\":\"eSemineu\",\"description\":\"\u0218eminee de cea mai \u00eenalt\u0103 calitate\",\"potentialAction\":[{\"@type\":\"SearchAction\",\"target\":{\"@type\":\"EntryPoint\",\"urlTemplate\":\"https:\\\/\\\/esemineu.ro\\\/hu\\\/?s={search_term_string}\"},\"query-input\":{\"@type\":\"PropertyValueSpecification\",\"valueRequired\":true,\"valueName\":\"search_term_string\"}}],\"inLanguage\":\"hu\"}]}<\/script>\n<!-- \/ Yoast SEO Premium plugin. -->","yoast_head_json":{"title":"90\u00b0-os rozsdamentes T-idom D80, pelletkaz\u00e1nhoz - eSemineu","description":"90\u00b0-os rozsdamentes T-idom D80 pelletkaz\u00e1nhoz \u2013 t\u00f6k\u00e9letes t\u00f6m\u00edt\u00e9s, gyors csatlakoz\u00e1s, 0,5 mm-es AISI 304 ac\u00e9lb\u00f3l. PRO Invest","robots":{"index":"index","follow":"follow","max-snippet":"max-snippet:-1","max-image-preview":"max-image-preview:large","max-video-preview":"max-video-preview:-1"},"canonical":"https:\/\/esemineu.ro\/hu\/termek\/90-os-rozsdamentes-t-idom-d80-pelletkazanhoz\/","og_locale":"hu_HU","og_type":"article","og_title":"90\u00b0-os rozsdamentes T-idom D80, pelletkaz\u00e1nhoz - eSemineu","og_description":"90\u00b0-os rozsdamentes T-idom D80 pelletkaz\u00e1nhoz \u2013 t\u00f6k\u00e9letes t\u00f6m\u00edt\u00e9s, gyors csatlakoz\u00e1s, 0,5 mm-es AISI 304 ac\u00e9lb\u00f3l. PRO Invest","og_url":"https:\/\/esemineu.ro\/hu\/termek\/90-os-rozsdamentes-t-idom-d80-pelletkazanhoz\/","og_site_name":"eSemineu","article_publisher":"https:\/\/web.facebook.com\/eSemineu","article_modified_time":"2025-05-21T08:54:52+00:00","og_image":[{"width":800,"height":800,"url":"https:\/\/esemineu.ro\/wp-content\/uploads\/2025\/05\/mare_1_FAA26001.png","type":"image\/png"}],"twitter_card":"summary_large_image","twitter_misc":{"Becs\u00fclt olvas\u00e1si id\u0151":"1 perc"},"schema":{"@context":"https:\/\/schema.org","@graph":[{"@type":"WebPage","@id":"https:\/\/esemineu.ro\/hu\/termek\/90-os-rozsdamentes-t-idom-d80-pelletkazanhoz\/","url":"https:\/\/esemineu.ro\/hu\/termek\/90-os-rozsdamentes-t-idom-d80-pelletkazanhoz\/","name":"90\u00b0-os rozsdamentes T-idom D80, pelletkaz\u00e1nhoz - eSemineu","isPartOf":{"@id":"https:\/\/esemineu.ro\/hu\/#website"},"primaryImageOfPage":{"@id":"https:\/\/esemineu.ro\/hu\/termek\/90-os-rozsdamentes-t-idom-d80-pelletkazanhoz\/#primaryimage"},"image":{"@id":"https:\/\/esemineu.ro\/hu\/termek\/90-os-rozsdamentes-t-idom-d80-pelletkazanhoz\/#primaryimage"},"thumbnailUrl":"https:\/\/esemineu.ro\/wp-content\/uploads\/2025\/05\/mare_1_FAA26001.png","datePublished":"2025-05-21T08:07:29+00:00","dateModified":"2025-05-21T08:54:52+00:00","description":"90\u00b0-os rozsdamentes T-idom D80 pelletkaz\u00e1nhoz \u2013 t\u00f6k\u00e9letes t\u00f6m\u00edt\u00e9s, gyors csatlakoz\u00e1s, 0,5 mm-es AISI 304 ac\u00e9lb\u00f3l. PRO Invest","breadcrumb":{"@id":"https:\/\/esemineu.ro\/hu\/termek\/90-os-rozsdamentes-t-idom-d80-pelletkazanhoz\/#breadcrumb"},"inLanguage":"hu","potentialAction":[{"@type":"ReadAction","target":["https:\/\/esemineu.ro\/hu\/termek\/90-os-rozsdamentes-t-idom-d80-pelletkazanhoz\/"]}]},{"@type":"ImageObject","inLanguage":"hu","@id":"https:\/\/esemineu.ro\/hu\/termek\/90-os-rozsdamentes-t-idom-d80-pelletkazanhoz\/#primaryimage","url":"https:\/\/esemineu.ro\/wp-content\/uploads\/2025\/05\/mare_1_FAA26001.png","contentUrl":"https:\/\/esemineu.ro\/wp-content\/uploads\/2025\/05\/mare_1_FAA26001.png","width":800,"height":800},{"@type":"BreadcrumbList","@id":"https:\/\/esemineu.ro\/hu\/termek\/90-os-rozsdamentes-t-idom-d80-pelletkazanhoz\/#breadcrumb","itemListElement":[{"@type":"ListItem","position":1,"name":"Kezd\u0151lap","item":"https:\/\/esemineu.ro\/hu\/"},{"@type":"ListItem","position":2,"name":"\u00c1ruh\u00e1z","item":"https:\/\/esemineu.ro\/hu\/aruhaz\/"},{"@type":"ListItem","position":3,"name":"90\u00b0-os rozsdamentes T-idom D80, pelletkaz\u00e1nhoz"}]},{"@type":"WebSite","@id":"https:\/\/esemineu.ro\/hu\/#website","url":"https:\/\/esemineu.ro\/hu\/","name":"eSemineu","description":"\u0218eminee de cea mai \u00eenalt\u0103 calitate","potentialAction":[{"@type":"SearchAction","target":{"@type":"EntryPoint","urlTemplate":"https:\/\/esemineu.ro\/hu\/?s={search_term_string}"},"query-input":{"@type":"PropertyValueSpecification","valueRequired":true,"valueName":"search_term_string"}}],"inLanguage":"hu"}]}},"_links":{"self":[{"href":"https:\/\/esemineu.ro\/hu\/wp-json\/wp\/v2\/product\/29366","targetHints":{"allow":["GET"]}}],"collection":[{"href":"https:\/\/esemineu.ro\/hu\/wp-json\/wp\/v2\/product"}],"about":[{"href":"https:\/\/esemineu.ro\/hu\/wp-json\/wp\/v2\/types\/product"}],"replies":[{"embeddable":true,"href":"https:\/\/esemineu.ro\/hu\/wp-json\/wp\/v2\/comments?post=29366"}],"wp:featuredmedia":[{"embeddable":true,"href":"https:\/\/esemineu.ro\/hu\/wp-json\/wp\/v2\/media\/29109"}],"wp:attachment":[{"href":"https:\/\/esemineu.ro\/hu\/wp-json\/wp\/v2\/media?parent=29366"}],"wp:term":[{"taxonomy":"product_brand","embeddable":true,"href":"https:\/\/esemineu.ro\/hu\/wp-json\/wp\/v2\/product_brand?post=29366"},{"taxonomy":"product_cat","embeddable":true,"href":"https:\/\/esemineu.ro\/hu\/wp-json\/wp\/v2\/product_cat?post=29366"},{"taxonomy":"product_tag","embeddable":true,"href":"https:\/\/esemineu.ro\/hu\/wp-json\/wp\/v2\/product_tag?post=29366"}],"curies":[{"name":"wp","href":"https:\/\/api.w.org\/{rel}","templated":true}]}}