{"id":26249,"date":"2024-09-23T16:35:54","date_gmt":"2024-09-23T14:35:54","guid":{"rendered":"https:\/\/esemineu.ro\/?post_type=product&#038;p=26249"},"modified":"2024-09-24T11:15:33","modified_gmt":"2024-09-24T09:15:33","slug":"rebel-sinus-pur-800va-500w-12v-fali-szunetmentes-tapegyseg","status":"publish","type":"product","link":"https:\/\/esemineu.ro\/hu\/termek\/rebel-sinus-pur-800va-500w-12v-fali-szunetmentes-tapegyseg\/","title":{"rendered":"REBEL Sinus PUR 800VA, 500W 12V fali sz\u00fcnetmentes t\u00e1pegys\u00e9g"},"content":{"rendered":"<p>REBEL Sinus PUR 800VA<\/p>\n<p>A <strong>REBEL Sinus PUR 800VA, 500W 12V fali sz\u00fcnetmentes t\u00e1pegys\u00e9g<\/strong> megb\u00edzhat\u00f3 \u00e1ramell\u00e1t\u00e1st biztos\u00edt kaz\u00e1nokhoz \u00e9s f\u0171t\u00e9si rendszerekhez. <strong>N\u00e9vleges teljes\u00edtm\u00e9nye 500W<\/strong>, \u00edgy hat\u00e9kony v\u00e9delmet ny\u00fajt \u00e1ramsz\u00fcnet eset\u00e9n.<\/p>\n<p>A t\u00e1pegys\u00e9g <strong>12V DC k\u00fcls\u0151 akkumul\u00e1torral<\/strong> m\u0171k\u00f6dik, maxim\u00e1lis akkumul\u00e1tor fesz\u00fclts\u00e9ge <strong>15V DC<\/strong>. A h\u00e1l\u00f3zati bemeneti fesz\u00fclts\u00e9g tartom\u00e1nya <strong>180 ~ 275V AC<\/strong>, frekvenci\u00e1ja <strong>45 ~ 60Hz<\/strong>.<\/p>\n<p>A kimeneti fesz\u00fclts\u00e9g <strong>230V AC +\/-8%<\/strong>, frekvenci\u00e1ja <strong>50\/60Hz +\/-0.5Hz<\/strong>, tiszta szinuszos \u00e1ramform\u00e1t biztos\u00edt a biztons\u00e1gos m\u0171k\u00f6d\u00e9s \u00e9rdek\u00e9ben. <strong>&gt;=85%-os hat\u00e9konys\u00e1ga<\/strong> alacsony energiafogyaszt\u00e1st garant\u00e1l.<\/p>\n<p>Az akkumul\u00e1tor maxim\u00e1lis t\u00f6lt\u0151\u00e1rama <strong>10 A<\/strong>, a v\u00e1lt\u00e1si id\u0151 pedig <strong>&lt;=4ms<\/strong>, \u00edgy az \u00e1t\u00e1ll\u00e1s gyors \u00e9s z\u00f6kken\u0151mentes. A t\u00falterhel\u00e9s, r\u00f6vidz\u00e1rlat \u00e9s fesz\u00fclts\u00e9gingadoz\u00e1sok elleni v\u00e9delem biztos\u00edtja a rendszerek biztons\u00e1g\u00e1t.<\/p>\n<p>Az optim\u00e1lis m\u0171k\u00f6d\u00e9si h\u0151m\u00e9rs\u00e9klet <strong>0-40\u00b0C<\/strong>, a p\u00e1ratartalom pedig <strong>10-90%<\/strong> k\u00f6z\u00f6tt van. Kompakt m\u00e9retei <strong>215x265x100 mm<\/strong>, s\u00falya <strong>4,7 kg<\/strong>, \u00edgy k\u00f6nnyen telep\u00edthet\u0151.<\/p>\n<p>Haszn\u00e1lat \u2013\u00a0<strong>REBEL sz\u00fcnetmentes t\u00e1pegys\u00e9g<\/strong><br \/>\n\u2022 Kaz\u00e1nok<br \/>\n\u2022 Elektronikus eszk\u00f6z\u00f6k (telev\u00edzi\u00f3k, tunerek, hifi, DVD-lej\u00e1tsz\u00f3k)<br \/>\n\u2022 H\u00e1ztart\u00e1si g\u00e9pek (h\u0171t\u0151szekr\u00e9nyek, turmixg\u00e9pek)<br \/>\n\u2022 Elektromos szersz\u00e1mok (f\u00far\u00f3g\u00e9pek, csiszol\u00f3k)<br \/>\n\u2022 Elektronikai eszk\u00f6z\u00f6k (okostelefonok, tabletek, telefonok, laptopok, GPS-ek)<br \/>\n\u2022 Szivatty\u00fak, kompresszorok (v\u00edz, f\u0171t\u00e9s, l\u00e9gkondicion\u00e1l\u00e1s)<br \/>\n\u2022 Irodai berendez\u00e9sek (faxok, sz\u00e1m\u00edt\u00f3g\u00e9pek, monitorok)<\/p>\n<p><strong>A biztons\u00e1g garant\u00e1l\u00e1sa<\/strong><br \/>\nA Rebel UPS-ek t\u00f6bbf\u00e9le v\u00e9delemmel vannak ell\u00e1tva, p\u00e9ld\u00e1ul t\u00falterhel\u00e9s, r\u00f6vidz\u00e1rlat, valamint t\u00fal magas vagy t\u00fal alacsony fesz\u00fclts\u00e9g ellen. Ezek a megold\u00e1sok biztos\u00edtj\u00e1k a nyugalmadat \u00e9s biztons\u00e1godat!<\/p>\n<p>Folyamatos \u00e1ramforr\u00e1sk\u00e9nt t\u00f6lt\u00e9si funkci\u00f3val \u2013 lehet\u0151v\u00e9 teszi, hogy a h\u00e1l\u00f3zati fesz\u00fclts\u00e9g \u00e1tjusson a terhel\u00e9sre \u00e9s felt\u00f6ltse a k\u00fcls\u0151 12 VDC akkumul\u00e1tort. \u2013 felt\u00f6lti a k\u00fcls\u0151 akkumul\u00e1tort (az eszk\u00f6zt 230V AC t\u00e1pell\u00e1t\u00e1shoz kell csatlakoztatni). Inverzork\u00e9nt \u2013 a k\u00fcls\u0151 akkumul\u00e1torb\u00f3l sz\u00e1rmaz\u00f3 12V DC fesz\u00fclts\u00e9get 230V AC v\u00e1ltakoz\u00f3 fesz\u00fclts\u00e9gg\u00e9 alak\u00edtja.<\/p>\n<h6>Sz\u00e1ll\u00edt\u00e1si hat\u00e1rid\u0151:<\/h6>\n<ul>\n<li><strong>Magyarorsz\u00e1g \u00e9s az eg\u00e9sz Eur\u00f3pai Uni\u00f3 ter\u00fclet\u00e9n<\/strong>\u00a0is sz\u00e1ll\u00edtjuk.<\/li>\n<li>Rom\u00e1ni\u00e1ba 2-3 munkanap alatt sz\u00e1ll\u00edtjuk<\/li>\n<li>Magyarorsz\u00e1gra \u00e9s az EU ter\u00fclet\u00e9re az \u00e1tutal\u00e1s ut\u00e1n 5 munkanapon bel\u00fcl \u00e9rkezik meg a term\u00e9k.<\/li>\n<\/ul>\n<p>Ha b\u00e1rmilyen k\u00e9rd\u00e9se van, k\u00e9rj\u00fck, l\u00e9pjen kapcsolatba vel\u00fcnk.<\/p>\n<p>Tov\u00e1bbi aj\u00e1nlatok\u00e9rt kattintson\u00a0<a href=\"https:\/\/esemineu.ro\/hu\/termek-kategoria\/acel-fatuzelesu-kazan\/\">ide<\/a><\/p>\n<p>T\u0151bb inform\u00e1ci\u00f3\u00e9rt l\u00e1togasson el\u00a0<a href=\"https:\/\/www.youtube.com\/@esemineuromania\">YouTube<\/a>-csatorn\u00e1nkra, valamint\u00a0<a href=\"https:\/\/www.facebook.com\/eSemineu\">Facebook<\/a>\u00a0\u00e9s\u00a0<a href=\"https:\/\/www.instagram.com\/esemineu\/\">Instagram<\/a>\u00a0oldalainkra.<\/p>\n<p><a href=\"https:\/\/esemineu.ro\/\">eSemineu.ro<\/a>\u00a0 \u00a0Te rakod a t\u0171zet, mi adjuk a meleget!<\/p>\n","protected":false},"excerpt":{"rendered":"<p>REBEL Sinus PUR 800VA A REBEL Sinus PUR 800VA, 500W 12V fali sz\u00fcnetmentes t\u00e1pegys\u00e9g megb\u00edzhat\u00f3 \u00e1ramell\u00e1t\u00e1st biztos\u00edt kaz\u00e1nokhoz \u00e9s f\u0171t\u00e9si rendszerekhez. N\u00e9vleges teljes\u00edtm\u00e9nye 500W, \u00edgy hat\u00e9kony v\u00e9delmet ny\u00fajt \u00e1ramsz\u00fcnet eset\u00e9n. A t\u00e1pegys\u00e9g 12V DC k\u00fcls\u0151 akkumul\u00e1torral m\u0171k\u00f6dik, maxim\u00e1lis akkumul\u00e1tor fesz\u00fclts\u00e9ge 15V DC. A h\u00e1l\u00f3zati bemeneti fesz\u00fclts\u00e9g tartom\u00e1nya 180 ~ 275V AC, frekvenci\u00e1ja 45 ~ 60Hz. A kimeneti fesz\u00fclts\u00e9g 230V AC +\/-8%, frekvenci\u00e1ja 50\/60Hz +\/-0.5Hz, tiszta szinuszos \u00e1ramform\u00e1t biztos\u00edt a biztons\u00e1gos m\u0171k\u00f6d\u00e9s \u00e9rdek\u00e9ben. &gt;=85%-os hat\u00e9konys\u00e1ga alacsony energiafogyaszt\u00e1st garant\u00e1l. Az akkumul\u00e1tor maxim\u00e1lis t\u00f6lt\u0151\u00e1rama 10 A, a v\u00e1lt\u00e1si id\u0151 pedig &lt;=4ms, \u00edgy az \u00e1t\u00e1ll\u00e1s gyors \u00e9s z\u00f6kken\u0151mentes. A t\u00falterhel\u00e9s, r\u00f6vidz\u00e1rlat \u00e9s fesz\u00fclts\u00e9gingadoz\u00e1sok elleni v\u00e9delem biztos\u00edtja a rendszerek biztons\u00e1g\u00e1t. Az optim\u00e1lis m\u0171k\u00f6d\u00e9si h\u0151m\u00e9rs\u00e9klet 0-40\u00b0C, a p\u00e1ratartalom pedig 10-90% k\u00f6z\u00f6tt van. Kompakt m\u00e9retei 215x265x100 mm, s\u00falya 4,7 kg, \u00edgy k\u00f6nnyen telep\u00edthet\u0151. Haszn\u00e1lat \u2013\u00a0REBEL sz\u00fcnetmentes t\u00e1pegys\u00e9g \u2022 Kaz\u00e1nok \u2022 Elektronikus eszk\u00f6z\u00f6k (telev\u00edzi\u00f3k, tunerek, hifi, DVD-lej\u00e1tsz\u00f3k) \u2022 H\u00e1ztart\u00e1si g\u00e9pek (h\u0171t\u0151szekr\u00e9nyek, turmixg\u00e9pek) \u2022 Elektromos szersz\u00e1mok (f\u00far\u00f3g\u00e9pek, csiszol\u00f3k) \u2022 &hellip; <a href=\"https:\/\/esemineu.ro\/hu\/termek\/rebel-sinus-pur-800va-500w-12v-fali-szunetmentes-tapegyseg\/\">Folytatva<\/a><\/p>\n","protected":false},"featured_media":26233,"comment_status":"open","ping_status":"closed","template":"","meta":[],"product_brand":[2046],"product_cat":[1481,2054],"product_tag":[],"class_list":{"0":"post-26249","1":"product","2":"type-product","3":"status-publish","4":"has-post-thumbnail","6":"product_brand-rebel","7":"product_cat-acel-kazanok-es-kiegeszitok","8":"product_cat-kazan-szunetmentes-tapegyseg","9":"product_shipping_class-fustcsovek","10":"pa_eficienta-85-dc-la-ac-hu","11":"pa_putere-500w-hu","13":"first","14":"onbackorder","15":"shipping-taxable","16":"purchasable","17":"product-type-simple"},"acf":[],"yoast_head":"<!-- This site is optimized with the Yoast SEO Premium plugin v21.0 (Yoast SEO v27.3) - https:\/\/yoast.com\/product\/yoast-seo-premium-wordpress\/ -->\n<title>REBEL Sinus PUR 800VA, 500W 12V fali sz\u00fcnetmentes t\u00e1pegys\u00e9g - eSemineu<\/title>\n<meta name=\"description\" content=\"REBEL Sinus PUR 800VA sz\u00fcnetmentes t\u00e1pegys\u00e9g biztos\u00edtja a megb\u00edzhat\u00f3 \u00e9s stabil \u00e1ramell\u00e1t\u00e1st. Garant\u00e1lja eszk\u00f6zei zavartalan m\u0171k\u00f6d\u00e9s\u00e9t!\" \/>\n<meta name=\"robots\" content=\"index, follow, max-snippet:-1, max-image-preview:large, max-video-preview:-1\" \/>\n<link rel=\"canonical\" href=\"https:\/\/esemineu.ro\/hu\/termek\/rebel-sinus-pur-800va-500w-12v-fali-szunetmentes-tapegyseg\/\" \/>\n<meta property=\"og:locale\" content=\"hu_HU\" \/>\n<meta property=\"og:type\" content=\"article\" \/>\n<meta property=\"og:title\" content=\"REBEL Sinus PUR 800VA, 500W 12V fali sz\u00fcnetmentes t\u00e1pegys\u00e9g - eSemineu\" \/>\n<meta property=\"og:description\" content=\"REBEL Sinus PUR 800VA sz\u00fcnetmentes t\u00e1pegys\u00e9g biztos\u00edtja a megb\u00edzhat\u00f3 \u00e9s stabil \u00e1ramell\u00e1t\u00e1st. Garant\u00e1lja eszk\u00f6zei zavartalan m\u0171k\u00f6d\u00e9s\u00e9t!\" \/>\n<meta property=\"og:url\" content=\"https:\/\/esemineu.ro\/hu\/termek\/rebel-sinus-pur-800va-500w-12v-fali-szunetmentes-tapegyseg\/\" \/>\n<meta property=\"og:site_name\" content=\"eSemineu\" \/>\n<meta property=\"article:publisher\" content=\"https:\/\/web.facebook.com\/eSemineu\" \/>\n<meta property=\"article:modified_time\" content=\"2024-09-24T09:15:33+00:00\" \/>\n<meta property=\"og:image\" content=\"https:\/\/esemineu.ro\/wp-content\/uploads\/2024\/09\/UPSPP-500.jpg\" \/>\n\t<meta property=\"og:image:width\" content=\"1000\" \/>\n\t<meta property=\"og:image:height\" content=\"1000\" \/>\n\t<meta property=\"og:image:type\" content=\"image\/jpeg\" \/>\n<meta name=\"twitter:card\" content=\"summary_large_image\" \/>\n<meta name=\"twitter:label1\" content=\"Becs\u00fclt olvas\u00e1si id\u0151\" \/>\n\t<meta name=\"twitter:data1\" content=\"3 perc\" \/>\n<script type=\"application\/ld+json\" class=\"yoast-schema-graph\">{\"@context\":\"https:\\\/\\\/schema.org\",\"@graph\":[{\"@type\":\"WebPage\",\"@id\":\"https:\\\/\\\/esemineu.ro\\\/hu\\\/termek\\\/rebel-sinus-pur-800va-500w-12v-fali-szunetmentes-tapegyseg\\\/\",\"url\":\"https:\\\/\\\/esemineu.ro\\\/hu\\\/termek\\\/rebel-sinus-pur-800va-500w-12v-fali-szunetmentes-tapegyseg\\\/\",\"name\":\"REBEL Sinus PUR 800VA, 500W 12V fali sz\u00fcnetmentes t\u00e1pegys\u00e9g - eSemineu\",\"isPartOf\":{\"@id\":\"https:\\\/\\\/esemineu.ro\\\/hu\\\/#website\"},\"primaryImageOfPage\":{\"@id\":\"https:\\\/\\\/esemineu.ro\\\/hu\\\/termek\\\/rebel-sinus-pur-800va-500w-12v-fali-szunetmentes-tapegyseg\\\/#primaryimage\"},\"image\":{\"@id\":\"https:\\\/\\\/esemineu.ro\\\/hu\\\/termek\\\/rebel-sinus-pur-800va-500w-12v-fali-szunetmentes-tapegyseg\\\/#primaryimage\"},\"thumbnailUrl\":\"https:\\\/\\\/esemineu.ro\\\/wp-content\\\/uploads\\\/2024\\\/09\\\/UPSPP-500.jpg\",\"datePublished\":\"2024-09-23T14:35:54+00:00\",\"dateModified\":\"2024-09-24T09:15:33+00:00\",\"description\":\"REBEL Sinus PUR 800VA sz\u00fcnetmentes t\u00e1pegys\u00e9g biztos\u00edtja a megb\u00edzhat\u00f3 \u00e9s stabil \u00e1ramell\u00e1t\u00e1st. Garant\u00e1lja eszk\u00f6zei zavartalan m\u0171k\u00f6d\u00e9s\u00e9t!\",\"breadcrumb\":{\"@id\":\"https:\\\/\\\/esemineu.ro\\\/hu\\\/termek\\\/rebel-sinus-pur-800va-500w-12v-fali-szunetmentes-tapegyseg\\\/#breadcrumb\"},\"inLanguage\":\"hu\",\"potentialAction\":[{\"@type\":\"ReadAction\",\"target\":[\"https:\\\/\\\/esemineu.ro\\\/hu\\\/termek\\\/rebel-sinus-pur-800va-500w-12v-fali-szunetmentes-tapegyseg\\\/\"]}]},{\"@type\":\"ImageObject\",\"inLanguage\":\"hu\",\"@id\":\"https:\\\/\\\/esemineu.ro\\\/hu\\\/termek\\\/rebel-sinus-pur-800va-500w-12v-fali-szunetmentes-tapegyseg\\\/#primaryimage\",\"url\":\"https:\\\/\\\/esemineu.ro\\\/wp-content\\\/uploads\\\/2024\\\/09\\\/UPSPP-500.jpg\",\"contentUrl\":\"https:\\\/\\\/esemineu.ro\\\/wp-content\\\/uploads\\\/2024\\\/09\\\/UPSPP-500.jpg\",\"width\":1000,\"height\":1000},{\"@type\":\"BreadcrumbList\",\"@id\":\"https:\\\/\\\/esemineu.ro\\\/hu\\\/termek\\\/rebel-sinus-pur-800va-500w-12v-fali-szunetmentes-tapegyseg\\\/#breadcrumb\",\"itemListElement\":[{\"@type\":\"ListItem\",\"position\":1,\"name\":\"Kezd\u0151lap\",\"item\":\"https:\\\/\\\/esemineu.ro\\\/hu\\\/\"},{\"@type\":\"ListItem\",\"position\":2,\"name\":\"\u00c1ruh\u00e1z\",\"item\":\"https:\\\/\\\/esemineu.ro\\\/hu\\\/aruhaz\\\/\"},{\"@type\":\"ListItem\",\"position\":3,\"name\":\"REBEL Sinus PUR 800VA, 500W 12V fali sz\u00fcnetmentes t\u00e1pegys\u00e9g\"}]},{\"@type\":\"WebSite\",\"@id\":\"https:\\\/\\\/esemineu.ro\\\/hu\\\/#website\",\"url\":\"https:\\\/\\\/esemineu.ro\\\/hu\\\/\",\"name\":\"eSemineu\",\"description\":\"\u0218eminee de cea mai \u00eenalt\u0103 calitate\",\"potentialAction\":[{\"@type\":\"SearchAction\",\"target\":{\"@type\":\"EntryPoint\",\"urlTemplate\":\"https:\\\/\\\/esemineu.ro\\\/hu\\\/?s={search_term_string}\"},\"query-input\":{\"@type\":\"PropertyValueSpecification\",\"valueRequired\":true,\"valueName\":\"search_term_string\"}}],\"inLanguage\":\"hu\"}]}<\/script>\n<!-- \/ Yoast SEO Premium plugin. -->","yoast_head_json":{"title":"REBEL Sinus PUR 800VA, 500W 12V fali sz\u00fcnetmentes t\u00e1pegys\u00e9g - eSemineu","description":"REBEL Sinus PUR 800VA sz\u00fcnetmentes t\u00e1pegys\u00e9g biztos\u00edtja a megb\u00edzhat\u00f3 \u00e9s stabil \u00e1ramell\u00e1t\u00e1st. Garant\u00e1lja eszk\u00f6zei zavartalan m\u0171k\u00f6d\u00e9s\u00e9t!","robots":{"index":"index","follow":"follow","max-snippet":"max-snippet:-1","max-image-preview":"max-image-preview:large","max-video-preview":"max-video-preview:-1"},"canonical":"https:\/\/esemineu.ro\/hu\/termek\/rebel-sinus-pur-800va-500w-12v-fali-szunetmentes-tapegyseg\/","og_locale":"hu_HU","og_type":"article","og_title":"REBEL Sinus PUR 800VA, 500W 12V fali sz\u00fcnetmentes t\u00e1pegys\u00e9g - eSemineu","og_description":"REBEL Sinus PUR 800VA sz\u00fcnetmentes t\u00e1pegys\u00e9g biztos\u00edtja a megb\u00edzhat\u00f3 \u00e9s stabil \u00e1ramell\u00e1t\u00e1st. Garant\u00e1lja eszk\u00f6zei zavartalan m\u0171k\u00f6d\u00e9s\u00e9t!","og_url":"https:\/\/esemineu.ro\/hu\/termek\/rebel-sinus-pur-800va-500w-12v-fali-szunetmentes-tapegyseg\/","og_site_name":"eSemineu","article_publisher":"https:\/\/web.facebook.com\/eSemineu","article_modified_time":"2024-09-24T09:15:33+00:00","og_image":[{"width":1000,"height":1000,"url":"https:\/\/esemineu.ro\/wp-content\/uploads\/2024\/09\/UPSPP-500.jpg","type":"image\/jpeg"}],"twitter_card":"summary_large_image","twitter_misc":{"Becs\u00fclt olvas\u00e1si id\u0151":"3 perc"},"schema":{"@context":"https:\/\/schema.org","@graph":[{"@type":"WebPage","@id":"https:\/\/esemineu.ro\/hu\/termek\/rebel-sinus-pur-800va-500w-12v-fali-szunetmentes-tapegyseg\/","url":"https:\/\/esemineu.ro\/hu\/termek\/rebel-sinus-pur-800va-500w-12v-fali-szunetmentes-tapegyseg\/","name":"REBEL Sinus PUR 800VA, 500W 12V fali sz\u00fcnetmentes t\u00e1pegys\u00e9g - eSemineu","isPartOf":{"@id":"https:\/\/esemineu.ro\/hu\/#website"},"primaryImageOfPage":{"@id":"https:\/\/esemineu.ro\/hu\/termek\/rebel-sinus-pur-800va-500w-12v-fali-szunetmentes-tapegyseg\/#primaryimage"},"image":{"@id":"https:\/\/esemineu.ro\/hu\/termek\/rebel-sinus-pur-800va-500w-12v-fali-szunetmentes-tapegyseg\/#primaryimage"},"thumbnailUrl":"https:\/\/esemineu.ro\/wp-content\/uploads\/2024\/09\/UPSPP-500.jpg","datePublished":"2024-09-23T14:35:54+00:00","dateModified":"2024-09-24T09:15:33+00:00","description":"REBEL Sinus PUR 800VA sz\u00fcnetmentes t\u00e1pegys\u00e9g biztos\u00edtja a megb\u00edzhat\u00f3 \u00e9s stabil \u00e1ramell\u00e1t\u00e1st. Garant\u00e1lja eszk\u00f6zei zavartalan m\u0171k\u00f6d\u00e9s\u00e9t!","breadcrumb":{"@id":"https:\/\/esemineu.ro\/hu\/termek\/rebel-sinus-pur-800va-500w-12v-fali-szunetmentes-tapegyseg\/#breadcrumb"},"inLanguage":"hu","potentialAction":[{"@type":"ReadAction","target":["https:\/\/esemineu.ro\/hu\/termek\/rebel-sinus-pur-800va-500w-12v-fali-szunetmentes-tapegyseg\/"]}]},{"@type":"ImageObject","inLanguage":"hu","@id":"https:\/\/esemineu.ro\/hu\/termek\/rebel-sinus-pur-800va-500w-12v-fali-szunetmentes-tapegyseg\/#primaryimage","url":"https:\/\/esemineu.ro\/wp-content\/uploads\/2024\/09\/UPSPP-500.jpg","contentUrl":"https:\/\/esemineu.ro\/wp-content\/uploads\/2024\/09\/UPSPP-500.jpg","width":1000,"height":1000},{"@type":"BreadcrumbList","@id":"https:\/\/esemineu.ro\/hu\/termek\/rebel-sinus-pur-800va-500w-12v-fali-szunetmentes-tapegyseg\/#breadcrumb","itemListElement":[{"@type":"ListItem","position":1,"name":"Kezd\u0151lap","item":"https:\/\/esemineu.ro\/hu\/"},{"@type":"ListItem","position":2,"name":"\u00c1ruh\u00e1z","item":"https:\/\/esemineu.ro\/hu\/aruhaz\/"},{"@type":"ListItem","position":3,"name":"REBEL Sinus PUR 800VA, 500W 12V fali sz\u00fcnetmentes t\u00e1pegys\u00e9g"}]},{"@type":"WebSite","@id":"https:\/\/esemineu.ro\/hu\/#website","url":"https:\/\/esemineu.ro\/hu\/","name":"eSemineu","description":"\u0218eminee de cea mai \u00eenalt\u0103 calitate","potentialAction":[{"@type":"SearchAction","target":{"@type":"EntryPoint","urlTemplate":"https:\/\/esemineu.ro\/hu\/?s={search_term_string}"},"query-input":{"@type":"PropertyValueSpecification","valueRequired":true,"valueName":"search_term_string"}}],"inLanguage":"hu"}]}},"_links":{"self":[{"href":"https:\/\/esemineu.ro\/hu\/wp-json\/wp\/v2\/product\/26249","targetHints":{"allow":["GET"]}}],"collection":[{"href":"https:\/\/esemineu.ro\/hu\/wp-json\/wp\/v2\/product"}],"about":[{"href":"https:\/\/esemineu.ro\/hu\/wp-json\/wp\/v2\/types\/product"}],"replies":[{"embeddable":true,"href":"https:\/\/esemineu.ro\/hu\/wp-json\/wp\/v2\/comments?post=26249"}],"wp:featuredmedia":[{"embeddable":true,"href":"https:\/\/esemineu.ro\/hu\/wp-json\/wp\/v2\/media\/26233"}],"wp:attachment":[{"href":"https:\/\/esemineu.ro\/hu\/wp-json\/wp\/v2\/media?parent=26249"}],"wp:term":[{"taxonomy":"product_brand","embeddable":true,"href":"https:\/\/esemineu.ro\/hu\/wp-json\/wp\/v2\/product_brand?post=26249"},{"taxonomy":"product_cat","embeddable":true,"href":"https:\/\/esemineu.ro\/hu\/wp-json\/wp\/v2\/product_cat?post=26249"},{"taxonomy":"product_tag","embeddable":true,"href":"https:\/\/esemineu.ro\/hu\/wp-json\/wp\/v2\/product_tag?post=26249"}],"curies":[{"name":"wp","href":"https:\/\/api.w.org\/{rel}","templated":true}]}}