{"id":25961,"date":"2024-09-12T11:41:03","date_gmt":"2024-09-12T09:41:03","guid":{"rendered":"https:\/\/esemineu.ro\/?post_type=product&#038;p=25961"},"modified":"2026-03-02T20:02:34","modified_gmt":"2026-03-02T18:02:34","slug":"csiko-cserepkalyha-toszkana-fatuzelesu-cserepkalyha-jobbos-balos-fust-kivezetes-10kw","status":"publish","type":"product","link":"https:\/\/esemineu.ro\/hu\/termek\/csiko-cserepkalyha-toszkana-fatuzelesu-cserepkalyha-jobbos-balos-fust-kivezetes-10kw\/","title":{"rendered":"Csik\u00f3 cser\u00e9pk\u00e1lyha Toszk\u00e1na, Fat\u00fczel\u00e9s\u0171 Cser\u00e9pk\u00e1lyha jobbos\/balos f\u00fcst kivezet\u00e9s, 10kW"},"content":{"rendered":"<p>Csik\u00f3 cser\u00e9pk\u00e1lyha Toszk\u00e1na<\/p>\n<p>Ez a st\u00edlusos \u00e9s megb\u00edzhat\u00f3 f\u0171t\u0151berendez\u00e9s t\u00f6k\u00e9letes v\u00e1laszt\u00e1s az otthona meleg\u00e9nek megteremt\u00e9s\u00e9hez \u00e9s k\u00e9nyelm\u00e9nek n\u00f6vel\u00e9s\u00e9hez.<\/p>\n<p>A cser\u00e9pk\u00e1lyha f\u0151 jellemz\u0151je a leny\u0171g\u00f6z\u0151 toszk\u00e1na sz\u00edn, ami eleganci\u00e1t \u00e9s meghitts\u00e9get sug\u00e1roz. Az ajt\u00f3 h\u0151\u00e1ll\u00f3 \u00fcveggel ell\u00e1tott, ami lehet\u0151v\u00e9 teszi, hogy gy\u00f6ny\u00f6rk\u00f6dhessen a l\u00e1ngok l\u00e1tv\u00e1ny\u00e1ban, mik\u00f6zben a k\u00e1lyha megb\u00edzhat\u00f3an \u00e9s hat\u00e9konyan f\u0171ti a helyis\u00e9get. Az \u00f6nt\u00f6ttvas l\u00e1bak \u00e9s a cser\u00e9p anyag kombin\u00e1ci\u00f3ja kiv\u00e1l\u00f3 min\u0151s\u00e9get \u00e9s tart\u00f3ss\u00e1got biztos\u00edt, \u00edgy hossz\u00fa \u00e9veken \u00e1t \u00e9lvezheti a k\u00e1lyha el\u0151nyeit.<\/p>\n<p>A magas teljes\u00edtm\u00e9nynek k\u00f6sz\u00f6nhet\u0151en a csempek\u00e1lyha hat\u00e9konyan \u00e9s gazdas\u00e1gosan m\u0171k\u00f6dik. A megfelel\u0151 h\u0151lead\u00e1s mellett a 10 kW-os k\u00e1lyha kev\u00e9sb\u00e9 terheli az elektromos h\u00e1l\u00f3zatot, ami hossz\u00fa t\u00e1von alacsonyabb energiafogyaszt\u00e1shoz \u00e9s k\u00f6lts\u00e9gcs\u00f6kkent\u00e9shez vezethet.<\/p>\n<p>A k\u00e1lyha f\u00fcstcs\u00f6v\u00e9nek m\u00e9rete 120 mm, ami lehet\u0151v\u00e9 teszi a hat\u00e9kony f\u00fcstkivezet\u00e9st \u00e9s a tiszta \u00e9g\u00e9st. A bal \u00e9s jobb oldalon elhelyezett f\u00fcstkivezet\u00e9si lehet\u0151s\u00e9gek rugalmasan alkalmazkodnak a k\u00fcl\u00f6nb\u00f6z\u0151 helyis\u00e9g elrendez\u00e9sekhez, \u00edgy k\u00f6nnyed\u00e9n illeszthet\u0151 a lak\u00e1s\u00e1hoz.<\/p>\n<p>A k\u00e1lyha m\u00e9retei ide\u00e1lisak egy otthon meleg f\u0171t\u00e9s\u00e9hez, hiszen 1000 mm hossz\u00fas\u00e1gban \u00e9s sz\u00e9less\u00e9gben, valamint 470 mm m\u00e9lys\u00e9gben van. A 1000 mm-es magass\u00e1ggal magasabb helyis\u00e9gekben is t\u00f6k\u00e9letesen mutat, mik\u00f6zben hat\u00e9konyan elosztja a meleget a k\u00f6rnyezet\u00e9ben.<\/p>\n<p>A Csik\u00f3 Cser\u00e9pk\u00e1lyha Toszk\u00e1na teljes s\u00falya 270 kg, ami stabil \u00e9s massz\u00edv kivitelt biztos\u00edt, \u00edgy nem csak hat\u00e9kony f\u0171t\u0151berendez\u00e9sk\u00e9nt szolg\u00e1l, hanem st\u00edlusos d\u00edsze is lesz otthon\u00e1nak.<\/p>\n<p>Ha min\u0151s\u00e9gi \u00e9s mutat\u00f3s f\u0171t\u0151berendez\u00e9st keres, ami egyed\u00fcl\u00e1ll\u00f3 hangulatot teremt otthon\u00e1ban, akkor v\u00e1lassza a Csik\u00f3 Cser\u00e9pk\u00e1lyha Toszk\u00e1n\u00e1t!<\/p>\n<h4>Aj\u00e1nl\u00e1s a maxim\u00e1lis hat\u00e1sfok el\u00e9r\u00e9s\u00e9hez:<\/h4>\n<p>Az \u00e9g\u00e9s sor\u00e1n aj\u00e1nljuk, hogy tartsa az hamuz\u00f3 ajtaj\u00e1t legal\u00e1bb egy ujjnyira nyitva, hogy legyen megfelel\u0151 huzat. Miut\u00e1n a t\u0171z lelohadt, z\u00e1rja be az hamuz\u00f3t, hogy ne \u00e1ramoljon leveg\u0151 a k\u00e1lyh\u00e1ba \u00e9s a h\u0151 min\u00e9l hosszabb ideig megmaradjon. Ez el\u0151seg\u00edti az \u00e9g\u00e9si folyamat hat\u00e9konys\u00e1g\u00e1t \u00e9s a h\u0151m\u00e9rs\u00e9klet hosszabb ideig t\u00f6rt\u00e9n\u0151 fenntart\u00e1s\u00e1t. A szamot b\u00e9l\u00e9s seg\u00edts\u00e9g\u00e9vel, ha sz\u00e1raz f\u00e1t haszn\u00e1l, a t\u0171zt\u00e9r ajtaj\u00e1nak \u00fcvege tiszta marad. Az els\u0151 n\u00e9h\u00e1ny t\u0171zn\u00e9l ne f\u0171ts\u00f6n intenz\u00edven \u00e9s meleg\u00edtse fel a k\u00e1lyh\u00e1t fokozatosan. K\u00e9t t\u0171z ut\u00e1n kezd melegedni a szamot b\u00e9l\u00e9s \u00e9s a cser\u00e9pk\u00e1lyha, amelyek ezut\u00e1n kezdik sug\u00e1rozni a h\u0151t. A k\u00e9m\u00e9ny (f\u0171stelvezet\u0151 cs\u0151) hossz\u00e1nak legal\u00e1bb 5 m\u00e9ternek kell lennie, \u00e9s a k\u00e9m\u00e9nybe t\u00f6rt\u00e9n\u0151 kivezet\u00e9s vastags\u00e1g\u00e1nak 150 mm-nek kell lennie. L\u00e1sd a k\u00e9m\u00e9ny telep\u00edt\u00e9si utas\u00edt\u00e1sait a garancialev\u00e9l h\u00e1toldal\u00e1n.<\/p>\n<h4>Ne \u00e9gessen!<\/h4>\n<p>H\u00e1ztart\u00e1si hullad\u00e9kot, ragasztott vagy festett falemezt, forg\u00e1cslapot vagy egy\u00e9b fapartikul\u00e1kat tartalmaz\u00f3 lapokat, vagy m\u00e1s, mesters\u00e9ges k\u00e9miai kever\u00e9keket tartalmaz\u00f3 hullad\u00e9kokat, mivel a m\u00e9rgek nem \u00e9gnek el, csak megv\u00e1ltoztatj\u00e1k form\u00e1jukat, \u00e9s amikor a l\u00e9gk\u00f6rbe ker\u00fclnek, kisz\u00e1m\u00edthatatlan k\u00f6vetkezm\u00e9nyekhez vezethetnek. A cser\u00e9pk\u00e1lyha egy f\u0171t\u0151berendez\u00e9s. Ha hullad\u00e9kot \u00e9get a k\u00e1lyh\u00e1ban, elt\u00f6m\u0151dhet a cser\u00e9pk\u00e1lyha f\u00fcstelvezet\u0151 ny\u00edl\u00e1sa.<\/p>\n<h4>Figyelmeztet\u00e9s!<\/h4>\n<p>Minden kaz\u00e1nt, kandall\u00f3t \u00e9s t\u0171zhelyet a k\u00e9m\u00e9nysepr\u0151nek kell j\u00f3v\u00e1hagynia, amikor azokat csatlakoztatj\u00e1k. Ez t\u00f6rv\u00e9nyileg k\u00f6telez\u0151, ellenkez\u0151 esetben a term\u00e9kre semmilyen garancia nem vonatkozik:<\/p>\n<p>\u2022 A 2012-es XC. EU torv\u00e9ny a k\u00f6zszolg\u00e1lati k\u00e9m\u00e9nysepr\u00e9sr\u0151l \u00e9s a (XII.11) BM rendelet kimondja, hogy egy \u00e9g\u0151berendez\u00e9s k\u00e9m\u00e9nyhez t\u00f6rt\u00e9n\u0151 csatlakoztat\u00e1s\u00e1t a k\u00e9m\u00e9nysepr\u0151nek kell j\u00f3v\u00e1hagynia.<\/p>\n<p>\u2022 Az ipari k\u00e9m\u00e9nytiszt\u00edt\u00e1s nyilatkozata nem helyettes\u00edti a k\u00f6zszolg\u00e1lati k\u00e9m\u00e9nysepr\u0151 igazol\u00e1s\u00e1t.<\/p>\n<h4>Sz\u00e1ll\u00edt\u00e1si hat\u00e1rid\u0151:<\/h4>\n<ul>\n<li><strong>Magyarorsz\u00e1g \u00e9s az eg\u00e9sz Eur\u00f3pai Uni\u00f3 ter\u00fclet\u00e9n<\/strong>\u00a0is sz\u00e1ll\u00edtjuk.<\/li>\n<li>Rom\u00e1ni\u00e1ba 2-3 munkanap alatt sz\u00e1ll\u00edtjuk<\/li>\n<li>Magyarorsz\u00e1gra \u00e9s az EU ter\u00fclet\u00e9re az \u00e1tutal\u00e1s ut\u00e1n 5 munkanapon bel\u00fcl \u00e9rkezik meg a term\u00e9k.<\/li>\n<\/ul>\n<p>Ha b\u00e1rmilyen k\u00e9rd\u00e9se van, k\u00e9rj\u00fck, l\u00e9pjen kapcsolatba vel\u00fcnk.<\/p>\n<p>Tov\u00e1bbi aj\u00e1nlatok\u00e9rt kattintson\u00a0<a href=\"https:\/\/esemineu.ro\/hu\/termek-kategoria\/hordozhato-cserepkalyhak\/\">ide<\/a><\/p>\n<p>T\u0151bb inform\u00e1ci\u00f3\u00e9rt l\u00e1togasson el\u00a0<a href=\"https:\/\/www.youtube.com\/@esemineuromania\">YouTube<\/a>-csatorn\u00e1nkra, valamint\u00a0<a href=\"https:\/\/www.facebook.com\/eSemineu\">Facebook<\/a>\u00a0\u00e9s\u00a0<a href=\"https:\/\/www.instagram.com\/esemineu\/\">Instagram<\/a>\u00a0oldalainkra.<\/p>\n<p><a href=\"https:\/\/esemineu.ro\/\">eSemineu.ro<\/a>\u00a0 \u00a0Te rakod a t\u0171zet mi adjuk a meleget!<\/p>\n","protected":false},"excerpt":{"rendered":"<p>Csik\u00f3 cser\u00e9pk\u00e1lyha Toszk\u00e1na Ez a st\u00edlusos \u00e9s megb\u00edzhat\u00f3 f\u0171t\u0151berendez\u00e9s t\u00f6k\u00e9letes v\u00e1laszt\u00e1s az otthona meleg\u00e9nek megteremt\u00e9s\u00e9hez \u00e9s k\u00e9nyelm\u00e9nek n\u00f6vel\u00e9s\u00e9hez. A cser\u00e9pk\u00e1lyha f\u0151 jellemz\u0151je a leny\u0171g\u00f6z\u0151 toszk\u00e1na sz\u00edn, ami eleganci\u00e1t \u00e9s meghitts\u00e9get sug\u00e1roz. Az ajt\u00f3 h\u0151\u00e1ll\u00f3 \u00fcveggel ell\u00e1tott, ami lehet\u0151v\u00e9 teszi, hogy gy\u00f6ny\u00f6rk\u00f6dhessen a l\u00e1ngok l\u00e1tv\u00e1ny\u00e1ban, mik\u00f6zben a k\u00e1lyha megb\u00edzhat\u00f3an \u00e9s hat\u00e9konyan f\u0171ti a helyis\u00e9get. Az \u00f6nt\u00f6ttvas l\u00e1bak \u00e9s a cser\u00e9p anyag kombin\u00e1ci\u00f3ja kiv\u00e1l\u00f3 min\u0151s\u00e9get \u00e9s tart\u00f3ss\u00e1got biztos\u00edt, \u00edgy hossz\u00fa \u00e9veken \u00e1t \u00e9lvezheti a k\u00e1lyha el\u0151nyeit. A magas teljes\u00edtm\u00e9nynek k\u00f6sz\u00f6nhet\u0151en a csempek\u00e1lyha hat\u00e9konyan \u00e9s gazdas\u00e1gosan m\u0171k\u00f6dik. A megfelel\u0151 h\u0151lead\u00e1s mellett a 10 kW-os k\u00e1lyha kev\u00e9sb\u00e9 terheli az elektromos h\u00e1l\u00f3zatot, ami hossz\u00fa t\u00e1von alacsonyabb energiafogyaszt\u00e1shoz \u00e9s k\u00f6lts\u00e9gcs\u00f6kkent\u00e9shez vezethet. A k\u00e1lyha f\u00fcstcs\u00f6v\u00e9nek m\u00e9rete 120 mm, ami lehet\u0151v\u00e9 teszi a hat\u00e9kony f\u00fcstkivezet\u00e9st \u00e9s a tiszta \u00e9g\u00e9st. A bal \u00e9s jobb oldalon elhelyezett f\u00fcstkivezet\u00e9si lehet\u0151s\u00e9gek rugalmasan alkalmazkodnak a k\u00fcl\u00f6nb\u00f6z\u0151 helyis\u00e9g elrendez\u00e9sekhez, \u00edgy k\u00f6nnyed\u00e9n illeszthet\u0151 a lak\u00e1s\u00e1hoz. A k\u00e1lyha m\u00e9retei ide\u00e1lisak egy otthon meleg f\u0171t\u00e9s\u00e9hez, hiszen 1000 &hellip; <a href=\"https:\/\/esemineu.ro\/hu\/termek\/csiko-cserepkalyha-toszkana-fatuzelesu-cserepkalyha-jobbos-balos-fust-kivezetes-10kw\/\">Folytatva<\/a><\/p>\n","protected":false},"featured_media":25942,"comment_status":"open","ping_status":"closed","template":"","meta":[],"product_brand":[695],"product_cat":[1678,729],"product_tag":[],"class_list":{"0":"post-25961","1":"product","2":"type-product","3":"status-publish","4":"has-post-thumbnail","6":"product_brand-esemineu","7":"product_cat-csiko","8":"product_cat-hordozhato-cserepkalyhak","9":"product_shipping_class-csempekalyhak","10":"pa_combustibil-utilizat-brikett","11":"pa_combustibil-utilizat-fa","12":"pa_culoare-krem","13":"pa_diametru-racordului-la-cos-120-mm-hu","14":"pa_evacuare-fum-bal","15":"pa_evacuare-fum-jobb","16":"pa_material-teracota-hu","17":"pa_material-ontotvas-ajto-hoallo-uveggel","18":"pa_material-ontveny-labak-hu","19":"pa_model-csiko-hu","20":"pa_putere-10-kw-hu","21":"pa_randament-94-hu","22":"pa_suprafata-incalzita-mp-55-60-hu","24":"first","25":"instock","26":"shipping-taxable","27":"purchasable","28":"product-type-variable"},"acf":[],"yoast_head":"<!-- This site is optimized with the Yoast SEO Premium plugin v21.0 (Yoast SEO v27.3) - https:\/\/yoast.com\/product\/yoast-seo-premium-wordpress\/ -->\n<title>Csik\u00f3 cser\u00e9pk\u00e1lyha Toszk\u00e1na, jobbos\/balos f\u00fcst kivezet\u00e9s, 10kW<\/title>\n<meta name=\"description\" content=\"A Csik\u00f3 cser\u00e9pk\u00e1lyha Toszk\u00e1na hat\u00e9kony 10kW-os f\u0171t\u00e9st biztos\u00edt, klasszikus megjelen\u00e9ssel \u00e9s kiv\u00e1l\u00f3 h\u0151lead\u00e1ssal minden otthonba.\" \/>\n<meta name=\"robots\" content=\"index, follow, max-snippet:-1, max-image-preview:large, max-video-preview:-1\" \/>\n<link rel=\"canonical\" href=\"https:\/\/esemineu.ro\/hu\/termek\/csiko-cserepkalyha-toszkana-fatuzelesu-cserepkalyha-jobbos-balos-fust-kivezetes-10kw\/\" \/>\n<meta property=\"og:locale\" content=\"hu_HU\" \/>\n<meta property=\"og:type\" content=\"article\" \/>\n<meta property=\"og:title\" content=\"Csik\u00f3 cser\u00e9pk\u00e1lyha Toszk\u00e1na, jobbos\/balos f\u00fcst kivezet\u00e9s, 10kW\" \/>\n<meta property=\"og:description\" content=\"A Csik\u00f3 cser\u00e9pk\u00e1lyha Toszk\u00e1na hat\u00e9kony 10kW-os f\u0171t\u00e9st biztos\u00edt, klasszikus megjelen\u00e9ssel \u00e9s kiv\u00e1l\u00f3 h\u0151lead\u00e1ssal minden otthonba.\" \/>\n<meta property=\"og:url\" content=\"https:\/\/esemineu.ro\/hu\/termek\/csiko-cserepkalyha-toszkana-fatuzelesu-cserepkalyha-jobbos-balos-fust-kivezetes-10kw\/\" \/>\n<meta property=\"og:site_name\" content=\"eSemineu\" \/>\n<meta property=\"article:publisher\" content=\"https:\/\/web.facebook.com\/eSemineu\" \/>\n<meta property=\"article:modified_time\" content=\"2026-03-02T18:02:34+00:00\" \/>\n<meta property=\"og:image\" content=\"https:\/\/esemineu.ro\/wp-content\/uploads\/2024\/09\/CIZMA-MARE-TOSCANA-LANDING-FR.jpg\" \/>\n\t<meta property=\"og:image:width\" content=\"1000\" \/>\n\t<meta property=\"og:image:height\" content=\"1000\" \/>\n\t<meta property=\"og:image:type\" content=\"image\/jpeg\" \/>\n<meta name=\"twitter:card\" content=\"summary_large_image\" \/>\n<meta name=\"twitter:label1\" content=\"Becs\u00fclt olvas\u00e1si id\u0151\" \/>\n\t<meta name=\"twitter:data1\" content=\"4 perc\" \/>\n<script type=\"application\/ld+json\" class=\"yoast-schema-graph\">{\"@context\":\"https:\\\/\\\/schema.org\",\"@graph\":[{\"@type\":\"WebPage\",\"@id\":\"https:\\\/\\\/esemineu.ro\\\/hu\\\/termek\\\/csiko-cserepkalyha-toszkana-fatuzelesu-cserepkalyha-jobbos-balos-fust-kivezetes-10kw\\\/\",\"url\":\"https:\\\/\\\/esemineu.ro\\\/hu\\\/termek\\\/csiko-cserepkalyha-toszkana-fatuzelesu-cserepkalyha-jobbos-balos-fust-kivezetes-10kw\\\/\",\"name\":\"Csik\u00f3 cser\u00e9pk\u00e1lyha Toszk\u00e1na, jobbos\\\/balos f\u00fcst kivezet\u00e9s, 10kW\",\"isPartOf\":{\"@id\":\"https:\\\/\\\/esemineu.ro\\\/hu\\\/#website\"},\"primaryImageOfPage\":{\"@id\":\"https:\\\/\\\/esemineu.ro\\\/hu\\\/termek\\\/csiko-cserepkalyha-toszkana-fatuzelesu-cserepkalyha-jobbos-balos-fust-kivezetes-10kw\\\/#primaryimage\"},\"image\":{\"@id\":\"https:\\\/\\\/esemineu.ro\\\/hu\\\/termek\\\/csiko-cserepkalyha-toszkana-fatuzelesu-cserepkalyha-jobbos-balos-fust-kivezetes-10kw\\\/#primaryimage\"},\"thumbnailUrl\":\"https:\\\/\\\/esemineu.ro\\\/wp-content\\\/uploads\\\/2024\\\/09\\\/CIZMA-MARE-TOSCANA-LANDING-FR.jpg\",\"datePublished\":\"2024-09-12T09:41:03+00:00\",\"dateModified\":\"2026-03-02T18:02:34+00:00\",\"description\":\"A Csik\u00f3 cser\u00e9pk\u00e1lyha Toszk\u00e1na hat\u00e9kony 10kW-os f\u0171t\u00e9st biztos\u00edt, klasszikus megjelen\u00e9ssel \u00e9s kiv\u00e1l\u00f3 h\u0151lead\u00e1ssal minden otthonba.\",\"breadcrumb\":{\"@id\":\"https:\\\/\\\/esemineu.ro\\\/hu\\\/termek\\\/csiko-cserepkalyha-toszkana-fatuzelesu-cserepkalyha-jobbos-balos-fust-kivezetes-10kw\\\/#breadcrumb\"},\"inLanguage\":\"hu\",\"potentialAction\":[{\"@type\":\"ReadAction\",\"target\":[\"https:\\\/\\\/esemineu.ro\\\/hu\\\/termek\\\/csiko-cserepkalyha-toszkana-fatuzelesu-cserepkalyha-jobbos-balos-fust-kivezetes-10kw\\\/\"]}]},{\"@type\":\"ImageObject\",\"inLanguage\":\"hu\",\"@id\":\"https:\\\/\\\/esemineu.ro\\\/hu\\\/termek\\\/csiko-cserepkalyha-toszkana-fatuzelesu-cserepkalyha-jobbos-balos-fust-kivezetes-10kw\\\/#primaryimage\",\"url\":\"https:\\\/\\\/esemineu.ro\\\/wp-content\\\/uploads\\\/2024\\\/09\\\/CIZMA-MARE-TOSCANA-LANDING-FR.jpg\",\"contentUrl\":\"https:\\\/\\\/esemineu.ro\\\/wp-content\\\/uploads\\\/2024\\\/09\\\/CIZMA-MARE-TOSCANA-LANDING-FR.jpg\",\"width\":1000,\"height\":1000},{\"@type\":\"BreadcrumbList\",\"@id\":\"https:\\\/\\\/esemineu.ro\\\/hu\\\/termek\\\/csiko-cserepkalyha-toszkana-fatuzelesu-cserepkalyha-jobbos-balos-fust-kivezetes-10kw\\\/#breadcrumb\",\"itemListElement\":[{\"@type\":\"ListItem\",\"position\":1,\"name\":\"Kezd\u0151lap\",\"item\":\"https:\\\/\\\/esemineu.ro\\\/hu\\\/\"},{\"@type\":\"ListItem\",\"position\":2,\"name\":\"\u00c1ruh\u00e1z\",\"item\":\"https:\\\/\\\/esemineu.ro\\\/hu\\\/aruhaz\\\/\"},{\"@type\":\"ListItem\",\"position\":3,\"name\":\"Csik\u00f3 cser\u00e9pk\u00e1lyha Toszk\u00e1na, Fat\u00fczel\u00e9s\u0171 Cser\u00e9pk\u00e1lyha jobbos\\\/balos f\u00fcst kivezet\u00e9s, 10kW\"}]},{\"@type\":\"WebSite\",\"@id\":\"https:\\\/\\\/esemineu.ro\\\/hu\\\/#website\",\"url\":\"https:\\\/\\\/esemineu.ro\\\/hu\\\/\",\"name\":\"eSemineu\",\"description\":\"\u0218eminee de cea mai \u00eenalt\u0103 calitate\",\"potentialAction\":[{\"@type\":\"SearchAction\",\"target\":{\"@type\":\"EntryPoint\",\"urlTemplate\":\"https:\\\/\\\/esemineu.ro\\\/hu\\\/?s={search_term_string}\"},\"query-input\":{\"@type\":\"PropertyValueSpecification\",\"valueRequired\":true,\"valueName\":\"search_term_string\"}}],\"inLanguage\":\"hu\"}]}<\/script>\n<!-- \/ Yoast SEO Premium plugin. -->","yoast_head_json":{"title":"Csik\u00f3 cser\u00e9pk\u00e1lyha Toszk\u00e1na, jobbos\/balos f\u00fcst kivezet\u00e9s, 10kW","description":"A Csik\u00f3 cser\u00e9pk\u00e1lyha Toszk\u00e1na hat\u00e9kony 10kW-os f\u0171t\u00e9st biztos\u00edt, klasszikus megjelen\u00e9ssel \u00e9s kiv\u00e1l\u00f3 h\u0151lead\u00e1ssal minden otthonba.","robots":{"index":"index","follow":"follow","max-snippet":"max-snippet:-1","max-image-preview":"max-image-preview:large","max-video-preview":"max-video-preview:-1"},"canonical":"https:\/\/esemineu.ro\/hu\/termek\/csiko-cserepkalyha-toszkana-fatuzelesu-cserepkalyha-jobbos-balos-fust-kivezetes-10kw\/","og_locale":"hu_HU","og_type":"article","og_title":"Csik\u00f3 cser\u00e9pk\u00e1lyha Toszk\u00e1na, jobbos\/balos f\u00fcst kivezet\u00e9s, 10kW","og_description":"A Csik\u00f3 cser\u00e9pk\u00e1lyha Toszk\u00e1na hat\u00e9kony 10kW-os f\u0171t\u00e9st biztos\u00edt, klasszikus megjelen\u00e9ssel \u00e9s kiv\u00e1l\u00f3 h\u0151lead\u00e1ssal minden otthonba.","og_url":"https:\/\/esemineu.ro\/hu\/termek\/csiko-cserepkalyha-toszkana-fatuzelesu-cserepkalyha-jobbos-balos-fust-kivezetes-10kw\/","og_site_name":"eSemineu","article_publisher":"https:\/\/web.facebook.com\/eSemineu","article_modified_time":"2026-03-02T18:02:34+00:00","og_image":[{"width":1000,"height":1000,"url":"https:\/\/esemineu.ro\/wp-content\/uploads\/2024\/09\/CIZMA-MARE-TOSCANA-LANDING-FR.jpg","type":"image\/jpeg"}],"twitter_card":"summary_large_image","twitter_misc":{"Becs\u00fclt olvas\u00e1si id\u0151":"4 perc"},"schema":{"@context":"https:\/\/schema.org","@graph":[{"@type":"WebPage","@id":"https:\/\/esemineu.ro\/hu\/termek\/csiko-cserepkalyha-toszkana-fatuzelesu-cserepkalyha-jobbos-balos-fust-kivezetes-10kw\/","url":"https:\/\/esemineu.ro\/hu\/termek\/csiko-cserepkalyha-toszkana-fatuzelesu-cserepkalyha-jobbos-balos-fust-kivezetes-10kw\/","name":"Csik\u00f3 cser\u00e9pk\u00e1lyha Toszk\u00e1na, jobbos\/balos f\u00fcst kivezet\u00e9s, 10kW","isPartOf":{"@id":"https:\/\/esemineu.ro\/hu\/#website"},"primaryImageOfPage":{"@id":"https:\/\/esemineu.ro\/hu\/termek\/csiko-cserepkalyha-toszkana-fatuzelesu-cserepkalyha-jobbos-balos-fust-kivezetes-10kw\/#primaryimage"},"image":{"@id":"https:\/\/esemineu.ro\/hu\/termek\/csiko-cserepkalyha-toszkana-fatuzelesu-cserepkalyha-jobbos-balos-fust-kivezetes-10kw\/#primaryimage"},"thumbnailUrl":"https:\/\/esemineu.ro\/wp-content\/uploads\/2024\/09\/CIZMA-MARE-TOSCANA-LANDING-FR.jpg","datePublished":"2024-09-12T09:41:03+00:00","dateModified":"2026-03-02T18:02:34+00:00","description":"A Csik\u00f3 cser\u00e9pk\u00e1lyha Toszk\u00e1na hat\u00e9kony 10kW-os f\u0171t\u00e9st biztos\u00edt, klasszikus megjelen\u00e9ssel \u00e9s kiv\u00e1l\u00f3 h\u0151lead\u00e1ssal minden otthonba.","breadcrumb":{"@id":"https:\/\/esemineu.ro\/hu\/termek\/csiko-cserepkalyha-toszkana-fatuzelesu-cserepkalyha-jobbos-balos-fust-kivezetes-10kw\/#breadcrumb"},"inLanguage":"hu","potentialAction":[{"@type":"ReadAction","target":["https:\/\/esemineu.ro\/hu\/termek\/csiko-cserepkalyha-toszkana-fatuzelesu-cserepkalyha-jobbos-balos-fust-kivezetes-10kw\/"]}]},{"@type":"ImageObject","inLanguage":"hu","@id":"https:\/\/esemineu.ro\/hu\/termek\/csiko-cserepkalyha-toszkana-fatuzelesu-cserepkalyha-jobbos-balos-fust-kivezetes-10kw\/#primaryimage","url":"https:\/\/esemineu.ro\/wp-content\/uploads\/2024\/09\/CIZMA-MARE-TOSCANA-LANDING-FR.jpg","contentUrl":"https:\/\/esemineu.ro\/wp-content\/uploads\/2024\/09\/CIZMA-MARE-TOSCANA-LANDING-FR.jpg","width":1000,"height":1000},{"@type":"BreadcrumbList","@id":"https:\/\/esemineu.ro\/hu\/termek\/csiko-cserepkalyha-toszkana-fatuzelesu-cserepkalyha-jobbos-balos-fust-kivezetes-10kw\/#breadcrumb","itemListElement":[{"@type":"ListItem","position":1,"name":"Kezd\u0151lap","item":"https:\/\/esemineu.ro\/hu\/"},{"@type":"ListItem","position":2,"name":"\u00c1ruh\u00e1z","item":"https:\/\/esemineu.ro\/hu\/aruhaz\/"},{"@type":"ListItem","position":3,"name":"Csik\u00f3 cser\u00e9pk\u00e1lyha Toszk\u00e1na, Fat\u00fczel\u00e9s\u0171 Cser\u00e9pk\u00e1lyha jobbos\/balos f\u00fcst kivezet\u00e9s, 10kW"}]},{"@type":"WebSite","@id":"https:\/\/esemineu.ro\/hu\/#website","url":"https:\/\/esemineu.ro\/hu\/","name":"eSemineu","description":"\u0218eminee de cea mai \u00eenalt\u0103 calitate","potentialAction":[{"@type":"SearchAction","target":{"@type":"EntryPoint","urlTemplate":"https:\/\/esemineu.ro\/hu\/?s={search_term_string}"},"query-input":{"@type":"PropertyValueSpecification","valueRequired":true,"valueName":"search_term_string"}}],"inLanguage":"hu"}]}},"_links":{"self":[{"href":"https:\/\/esemineu.ro\/hu\/wp-json\/wp\/v2\/product\/25961","targetHints":{"allow":["GET"]}}],"collection":[{"href":"https:\/\/esemineu.ro\/hu\/wp-json\/wp\/v2\/product"}],"about":[{"href":"https:\/\/esemineu.ro\/hu\/wp-json\/wp\/v2\/types\/product"}],"replies":[{"embeddable":true,"href":"https:\/\/esemineu.ro\/hu\/wp-json\/wp\/v2\/comments?post=25961"}],"wp:featuredmedia":[{"embeddable":true,"href":"https:\/\/esemineu.ro\/hu\/wp-json\/wp\/v2\/media\/25942"}],"wp:attachment":[{"href":"https:\/\/esemineu.ro\/hu\/wp-json\/wp\/v2\/media?parent=25961"}],"wp:term":[{"taxonomy":"product_brand","embeddable":true,"href":"https:\/\/esemineu.ro\/hu\/wp-json\/wp\/v2\/product_brand?post=25961"},{"taxonomy":"product_cat","embeddable":true,"href":"https:\/\/esemineu.ro\/hu\/wp-json\/wp\/v2\/product_cat?post=25961"},{"taxonomy":"product_tag","embeddable":true,"href":"https:\/\/esemineu.ro\/hu\/wp-json\/wp\/v2\/product_tag?post=25961"}],"curies":[{"name":"wp","href":"https:\/\/api.w.org\/{rel}","templated":true}]}}