{"id":25430,"date":"2024-08-08T12:03:27","date_gmt":"2024-08-08T10:03:27","guid":{"rendered":"https:\/\/esemineu.ro\/?post_type=product&#038;p=25430"},"modified":"2025-08-26T20:40:19","modified_gmt":"2025-08-26T18:40:19","slug":"fatuzelesu-6-soros-cserepkalyha-marvanylappal-10-kw-feher-kreta","status":"publish","type":"product","link":"https:\/\/esemineu.ro\/hu\/termek\/fatuzelesu-6-soros-cserepkalyha-marvanylappal-10-kw-feher-kreta\/","title":{"rendered":"Fat\u00fczel\u00e9s\u0171 6 soros cser\u00e9pk\u00e1lyha, m\u00e1rv\u00e1nylappal, 10 kW, Feh\u00e9r Kr\u00e9ta"},"content":{"rendered":"<p>A Fat\u00fczel\u00e9s\u0171 6 soros cser\u00e9pk\u00e1lyha m\u00e1rv\u00e1nylappal \u00e9s 10 kW teljes\u00edtm\u00e9nnyel t\u00f6k\u00e9letes v\u00e1laszt\u00e1s otthona f\u0171t\u00e9s\u00e9re \u00e9s a hangulatos l\u00e9gk\u00f6r kialak\u00edt\u00e1s\u00e1ra. Ez a k\u00e1lyha magas hat\u00e9konys\u00e1ggal m\u0171k\u00f6dik, \u00edgy kiv\u00e1l\u00f3an alkalmas ak\u00e1r k\u00f6zepes m\u00e9ret\u0171 helyis\u00e9gek f\u0171t\u00e9s\u00e9re is.<\/p>\n<p>A k\u00e1lyha egyedi tervez\u00e9s\u0171, a csempe t\u00e9gla \u00e9s m\u00e1rv\u00e1ny kombin\u00e1ci\u00f3ja pedig st\u00edlusos \u00e9s eleg\u00e1ns megjelen\u00e9st k\u00f6lcs\u00f6n\u00f6z neki. Az \u00f6ntv\u00e9ny l\u00e1bak tov\u00e1bb n\u00f6velik az eszt\u00e9tikai \u00e9rt\u00e9ket \u00e9s stabil al\u00e1t\u00e1maszt\u00e1st biztos\u00edtanak.<\/p>\n<p>A k\u00e1lyha 120 mm-es f\u00fcstcs\u0151vel van ell\u00e1tva, amely hat\u00e9kony f\u00fcstelvezet\u00e9st tesz lehet\u0151v\u00e9. A t\u00fczel\u0151anyagk\u00e9nt haszn\u00e1lhat\u00f3 brikett \u00e9s fa lehet\u0151s\u00e9get k\u00edn\u00e1l a felhaszn\u00e1l\u00f3knak az egy\u00e9ni ig\u00e9nyeikhez igaz\u00edtott f\u0171t\u00e9si lehet\u0151s\u00e9gekhez.<\/p>\n<p>A Feh\u00e9r kr\u00e9ta sz\u00ednv\u00e1laszt\u00e1s eleg\u00e1ns \u00e9s term\u00e9szetes megjelen\u00e9st ad a k\u00e1lyh\u00e1nak, amely t\u00f6k\u00e9letesen illeszkedik a modern \u00e9s hagyom\u00e1nyos enteri\u0151r\u00f6kbe egyar\u00e1nt.<\/p>\n<p>A k\u00e1lyha kiv\u00e1l\u00f3 min\u0151s\u00e9g\u0171 anyagokb\u00f3l k\u00e9sz\u00fclt, amelyek garant\u00e1lj\u00e1k a hossz\u00fa \u00e9lettartamot \u00e9s a kiv\u00e1l\u00f3 teljes\u00edtm\u00e9nyt. A 47 cm-es hossz\u00fas\u00e1g \u00e9s sz\u00e9less\u00e9g, valamint a 156 cm-es magass\u00e1g ide\u00e1lis m\u00e9retek a hat\u00e9kony \u00e9s helytakar\u00e9kos elhelyez\u00e9shez.<\/p>\n<p>A cser\u00e9pk\u00e1lyha s\u00falya 350 kg, ami azt jelzi, hogy massz\u00edv \u00e9s tart\u00f3s szerkezettel rendelkezik. Ennek k\u00f6sz\u00f6nhet\u0151en hossz\u00fa \u00e9veken \u00e1t biztos\u00edtja a hat\u00e9kony f\u0171t\u00e9st \u00e9s a meghitt hangulatot a lak\u00e1s\u00e1ban.<\/p>\n<p>A Fat\u00fczel\u00e9s\u0171 6 soros cser\u00e9pk\u00e1lyha, m\u00e1rv\u00e1nylappal \u00e9s 10 kW teljes\u00edtm\u00e9nnyel a modern \u00e9s gazdas\u00e1gos f\u0171t\u00e9si megold\u00e1st k\u00edn\u00e1lja \u00d6nnek, amelyet k\u00f6nnyen beilleszthet otthona dekor\u00e1ci\u00f3j\u00e1ba. Ez a k\u00e1lyha kiv\u00e1l\u00f3 min\u0151s\u00e9g\u0171 anyagokb\u00f3l k\u00e9sz\u00fclt, amelyek garant\u00e1lj\u00e1k a hossz\u00fa \u00e9lettartamot \u00e9s a kiv\u00e1l\u00f3 teljes\u00edtm\u00e9nyt. V\u00e1lassza ezt a k\u00e1lyh\u00e1t, hogy melegebb \u00e9s kellemesebb l\u00e9gk\u00f6rt teremtsen otthon\u00e1ban!<\/p>\n<p>Fontos megjegyezni, hogy a t\u0171zhely hullad\u00e9k \u00e9get\u00e9s\u00e9re nem alkalmas, kiz\u00e1r\u00f3lag f\u0171t\u00e9sre \u00e9s f\u0151z\u00e9sre haszn\u00e1lhat\u00f3. Az ilyen hullad\u00e9k \u00e9get\u00e9sekor a cser\u00e9pk\u00e1lyha f\u00fcstkivezet\u0151 ny\u00edl\u00e1sa k\u00f6nnyen elt\u00f6m\u0151dhet, ez\u00e9rt aj\u00e1nlott kiz\u00e1r\u00f3lag megfelel\u0151 anyagokat \u00e9getni benne.<\/p>\n<p>A Fat\u00fczel\u00e9s\u0171 6 soros cser\u00e9pk\u00e1lyh\u00e1nak a sz\u00e1ll\u00edt\u00e1sa egy palett\u00e1n t\u00f6rt\u00e9nik. A cser\u00e9pk\u00e1lyha teste \u00e9s teteje sz\u00e9tv\u00e1lasztva ker\u00fcl kisz\u00e1ll\u00edt\u00e1sra. Ez a k\u00e9t r\u00e9sz garant\u00e1lja a biztons\u00e1gos sz\u00e1ll\u00edt\u00e1st \u00e9s megk\u00f6nny\u00edti a cser\u00e9pk\u00e1lyha \u00f6ssze\u00e1ll\u00edt\u00e1s\u00e1t az \u00d6n otthon\u00e1ba.<\/p>\n<h6>Sz\u00e1ll\u00edt\u00e1si hat\u00e1rid\u0151:<\/h6>\n<ul>\n<li><strong>Magyarorsz\u00e1g \u00e9s az eg\u00e9sz Eur\u00f3pai Uni\u00f3 ter\u00fclet\u00e9n<\/strong>\u00a0is sz\u00e1ll\u00edtjuk.<\/li>\n<li>Rom\u00e1ni\u00e1ba 2-3 munkanap alatt sz\u00e1ll\u00edtjuk<\/li>\n<li>Magyarorsz\u00e1gra \u00e9s az EU ter\u00fclet\u00e9re az \u00e1tutal\u00e1s ut\u00e1n 5 munkanapon bel\u00fcl \u00e9rkezik meg a term\u00e9k.<\/li>\n<\/ul>\n<p>Ha b\u00e1rmilyen k\u00e9rd\u00e9se van, k\u00e9rj\u00fck, l\u00e9pjen kapcsolatba vel\u00fcnk.<\/p>\n<p>Tov\u00e1bbi aj\u00e1nlatok\u00e9rt kattintson\u00a0<a href=\"https:\/\/esemineu.ro\/hu\/termek-kategoria\/hordozhato-cserepkalyhak\/\">ide<\/a><\/p>\n<p>T\u00f6bb inform\u00e1ci\u00f3\u00e9rt l\u00e1togasson el\u00a0<a href=\"https:\/\/www.youtube.com\/@esemineuromania\">YouTube<\/a>-csatorn\u00e1nkra, valamint\u00a0<a href=\"https:\/\/www.facebook.com\/eSemineu\">Facebook<\/a>\u00a0\u00e9s\u00a0<a href=\"https:\/\/www.instagram.com\/esemineu\/\">Instagram<\/a>\u00a0oldalainkra.<\/p>\n<p><a href=\"https:\/\/esemineu.ro\/\">eSemineu.ro<\/a>\u00a0 \u00a0Te rakod a t\u00fczet, mi adjuk a meleget!<\/p>\n","protected":false},"excerpt":{"rendered":"<p>A Fat\u00fczel\u00e9s\u0171 6 soros cser\u00e9pk\u00e1lyha m\u00e1rv\u00e1nylappal \u00e9s 10 kW teljes\u00edtm\u00e9nnyel t\u00f6k\u00e9letes v\u00e1laszt\u00e1s otthona f\u0171t\u00e9s\u00e9re \u00e9s a hangulatos l\u00e9gk\u00f6r kialak\u00edt\u00e1s\u00e1ra. Ez a k\u00e1lyha magas hat\u00e9konys\u00e1ggal m\u0171k\u00f6dik, \u00edgy kiv\u00e1l\u00f3an alkalmas ak\u00e1r k\u00f6zepes m\u00e9ret\u0171 helyis\u00e9gek f\u0171t\u00e9s\u00e9re is. A k\u00e1lyha egyedi tervez\u00e9s\u0171, a csempe t\u00e9gla \u00e9s m\u00e1rv\u00e1ny kombin\u00e1ci\u00f3ja pedig st\u00edlusos \u00e9s eleg\u00e1ns megjelen\u00e9st k\u00f6lcs\u00f6n\u00f6z neki. Az \u00f6ntv\u00e9ny l\u00e1bak tov\u00e1bb n\u00f6velik az eszt\u00e9tikai \u00e9rt\u00e9ket \u00e9s stabil al\u00e1t\u00e1maszt\u00e1st biztos\u00edtanak. A k\u00e1lyha 120 mm-es f\u00fcstcs\u0151vel van ell\u00e1tva, amely hat\u00e9kony f\u00fcstelvezet\u00e9st tesz lehet\u0151v\u00e9. A t\u00fczel\u0151anyagk\u00e9nt haszn\u00e1lhat\u00f3 brikett \u00e9s fa lehet\u0151s\u00e9get k\u00edn\u00e1l a felhaszn\u00e1l\u00f3knak az egy\u00e9ni ig\u00e9nyeikhez igaz\u00edtott f\u0171t\u00e9si lehet\u0151s\u00e9gekhez. A Feh\u00e9r kr\u00e9ta sz\u00ednv\u00e1laszt\u00e1s eleg\u00e1ns \u00e9s term\u00e9szetes megjelen\u00e9st ad a k\u00e1lyh\u00e1nak, amely t\u00f6k\u00e9letesen illeszkedik a modern \u00e9s hagyom\u00e1nyos enteri\u0151r\u00f6kbe egyar\u00e1nt. A k\u00e1lyha kiv\u00e1l\u00f3 min\u0151s\u00e9g\u0171 anyagokb\u00f3l k\u00e9sz\u00fclt, amelyek garant\u00e1lj\u00e1k a hossz\u00fa \u00e9lettartamot \u00e9s a kiv\u00e1l\u00f3 teljes\u00edtm\u00e9nyt. A 47 cm-es hossz\u00fas\u00e1g \u00e9s sz\u00e9less\u00e9g, valamint a 156 cm-es magass\u00e1g ide\u00e1lis m\u00e9retek a hat\u00e9kony \u00e9s helytakar\u00e9kos elhelyez\u00e9shez. A cser\u00e9pk\u00e1lyha s\u00falya 350 kg, ami &hellip; <a href=\"https:\/\/esemineu.ro\/hu\/termek\/fatuzelesu-6-soros-cserepkalyha-marvanylappal-10-kw-feher-kreta\/\">Folytatva<\/a><\/p>\n","protected":false},"featured_media":25614,"comment_status":"open","ping_status":"closed","template":"","meta":[],"product_brand":[695],"product_cat":[729,1680],"product_tag":[],"class_list":{"0":"post-25430","1":"product","2":"type-product","3":"status-publish","4":"has-post-thumbnail","6":"product_brand-esemineu","7":"product_cat-hordozhato-cserepkalyhak","8":"product_cat-melegito","9":"product_shipping_class-csempekalyhak","10":"pa_combustibil-utilizat-brikett","11":"pa_combustibil-utilizat-fa","12":"pa_culoare-feher","13":"pa_diametru-racordului-la-cos-120-mm-hu","14":"pa_material-teracota-hu","15":"pa_material-ontotvas-ajto-hoallo-uveggel","16":"pa_material-ontveny-labak","17":"pa_model-6-soros-melegito-hu","18":"pa_putere-10-kw-hu","19":"pa_randament-80-hu","20":"pa_suprafata-incalzita-mp-55-59-hu","22":"first","23":"outofstock","24":"featured","25":"shipping-taxable","26":"purchasable","27":"product-type-simple"},"acf":[],"yoast_head":"<!-- This site is optimized with the Yoast SEO Premium plugin v21.0 (Yoast SEO v27.3) - https:\/\/yoast.com\/product\/yoast-seo-premium-wordpress\/ -->\n<title>Fat\u00fczel\u00e9s\u0171 6 soros cser\u00e9pk\u00e1lyha, Feh\u00e9r kr\u00e9ta sz\u00ednben, 10kW<\/title>\n<meta name=\"description\" content=\"Fat\u00fczel\u00e9s\u0171 6 soros cser\u00e9pk\u00e1lyha magas hat\u00e9konys\u00e1got \u00e9s rusztikus diz\u00e1jnt k\u00edn\u00e1l, t\u00f6k\u00e9letes v\u00e1laszt\u00e1s minden otthon sz\u00e1m\u00e1ra\" \/>\n<meta name=\"robots\" content=\"index, follow, max-snippet:-1, max-image-preview:large, max-video-preview:-1\" \/>\n<link rel=\"canonical\" href=\"https:\/\/esemineu.ro\/hu\/termek\/fatuzelesu-6-soros-cserepkalyha-marvanylappal-10-kw-feher-kreta\/\" \/>\n<meta property=\"og:locale\" content=\"hu_HU\" \/>\n<meta property=\"og:type\" content=\"article\" \/>\n<meta property=\"og:title\" content=\"Fat\u00fczel\u00e9s\u0171 6 soros cser\u00e9pk\u00e1lyha, Feh\u00e9r kr\u00e9ta sz\u00ednben, 10kW\" \/>\n<meta property=\"og:description\" content=\"Fat\u00fczel\u00e9s\u0171 6 soros cser\u00e9pk\u00e1lyha magas hat\u00e9konys\u00e1got \u00e9s rusztikus diz\u00e1jnt k\u00edn\u00e1l, t\u00f6k\u00e9letes v\u00e1laszt\u00e1s minden otthon sz\u00e1m\u00e1ra\" \/>\n<meta property=\"og:url\" content=\"https:\/\/esemineu.ro\/hu\/termek\/fatuzelesu-6-soros-cserepkalyha-marvanylappal-10-kw-feher-kreta\/\" \/>\n<meta property=\"og:site_name\" content=\"eSemineu\" \/>\n<meta property=\"article:publisher\" content=\"https:\/\/web.facebook.com\/eSemineu\" \/>\n<meta property=\"article:modified_time\" content=\"2025-08-26T18:40:19+00:00\" \/>\n<meta property=\"og:image\" content=\"https:\/\/esemineu.ro\/wp-content\/uploads\/2024\/08\/6R-ALB-CRETA-LANDING-FR.jpg\" \/>\n\t<meta property=\"og:image:width\" content=\"1000\" \/>\n\t<meta property=\"og:image:height\" content=\"1000\" \/>\n\t<meta property=\"og:image:type\" content=\"image\/jpeg\" \/>\n<meta name=\"twitter:card\" content=\"summary_large_image\" \/>\n<meta name=\"twitter:label1\" content=\"Becs\u00fclt olvas\u00e1si id\u0151\" \/>\n\t<meta name=\"twitter:data1\" content=\"3 perc\" \/>\n<script type=\"application\/ld+json\" class=\"yoast-schema-graph\">{\"@context\":\"https:\\\/\\\/schema.org\",\"@graph\":[{\"@type\":\"WebPage\",\"@id\":\"https:\\\/\\\/esemineu.ro\\\/hu\\\/termek\\\/fatuzelesu-6-soros-cserepkalyha-marvanylappal-10-kw-feher-kreta\\\/\",\"url\":\"https:\\\/\\\/esemineu.ro\\\/hu\\\/termek\\\/fatuzelesu-6-soros-cserepkalyha-marvanylappal-10-kw-feher-kreta\\\/\",\"name\":\"Fat\u00fczel\u00e9s\u0171 6 soros cser\u00e9pk\u00e1lyha, Feh\u00e9r kr\u00e9ta sz\u00ednben, 10kW\",\"isPartOf\":{\"@id\":\"https:\\\/\\\/esemineu.ro\\\/hu\\\/#website\"},\"primaryImageOfPage\":{\"@id\":\"https:\\\/\\\/esemineu.ro\\\/hu\\\/termek\\\/fatuzelesu-6-soros-cserepkalyha-marvanylappal-10-kw-feher-kreta\\\/#primaryimage\"},\"image\":{\"@id\":\"https:\\\/\\\/esemineu.ro\\\/hu\\\/termek\\\/fatuzelesu-6-soros-cserepkalyha-marvanylappal-10-kw-feher-kreta\\\/#primaryimage\"},\"thumbnailUrl\":\"https:\\\/\\\/esemineu.ro\\\/wp-content\\\/uploads\\\/2024\\\/08\\\/6R-ALB-CRETA-LANDING-FR.jpg\",\"datePublished\":\"2024-08-08T10:03:27+00:00\",\"dateModified\":\"2025-08-26T18:40:19+00:00\",\"description\":\"Fat\u00fczel\u00e9s\u0171 6 soros cser\u00e9pk\u00e1lyha magas hat\u00e9konys\u00e1got \u00e9s rusztikus diz\u00e1jnt k\u00edn\u00e1l, t\u00f6k\u00e9letes v\u00e1laszt\u00e1s minden otthon sz\u00e1m\u00e1ra\",\"breadcrumb\":{\"@id\":\"https:\\\/\\\/esemineu.ro\\\/hu\\\/termek\\\/fatuzelesu-6-soros-cserepkalyha-marvanylappal-10-kw-feher-kreta\\\/#breadcrumb\"},\"inLanguage\":\"hu\",\"potentialAction\":[{\"@type\":\"ReadAction\",\"target\":[\"https:\\\/\\\/esemineu.ro\\\/hu\\\/termek\\\/fatuzelesu-6-soros-cserepkalyha-marvanylappal-10-kw-feher-kreta\\\/\"]}]},{\"@type\":\"ImageObject\",\"inLanguage\":\"hu\",\"@id\":\"https:\\\/\\\/esemineu.ro\\\/hu\\\/termek\\\/fatuzelesu-6-soros-cserepkalyha-marvanylappal-10-kw-feher-kreta\\\/#primaryimage\",\"url\":\"https:\\\/\\\/esemineu.ro\\\/wp-content\\\/uploads\\\/2024\\\/08\\\/6R-ALB-CRETA-LANDING-FR.jpg\",\"contentUrl\":\"https:\\\/\\\/esemineu.ro\\\/wp-content\\\/uploads\\\/2024\\\/08\\\/6R-ALB-CRETA-LANDING-FR.jpg\",\"width\":1000,\"height\":1000},{\"@type\":\"BreadcrumbList\",\"@id\":\"https:\\\/\\\/esemineu.ro\\\/hu\\\/termek\\\/fatuzelesu-6-soros-cserepkalyha-marvanylappal-10-kw-feher-kreta\\\/#breadcrumb\",\"itemListElement\":[{\"@type\":\"ListItem\",\"position\":1,\"name\":\"Kezd\u0151lap\",\"item\":\"https:\\\/\\\/esemineu.ro\\\/hu\\\/\"},{\"@type\":\"ListItem\",\"position\":2,\"name\":\"\u00c1ruh\u00e1z\",\"item\":\"https:\\\/\\\/esemineu.ro\\\/hu\\\/aruhaz\\\/\"},{\"@type\":\"ListItem\",\"position\":3,\"name\":\"Fat\u00fczel\u00e9s\u0171 6 soros cser\u00e9pk\u00e1lyha, m\u00e1rv\u00e1nylappal, 10 kW, Feh\u00e9r Kr\u00e9ta\"}]},{\"@type\":\"WebSite\",\"@id\":\"https:\\\/\\\/esemineu.ro\\\/hu\\\/#website\",\"url\":\"https:\\\/\\\/esemineu.ro\\\/hu\\\/\",\"name\":\"eSemineu\",\"description\":\"\u0218eminee de cea mai \u00eenalt\u0103 calitate\",\"potentialAction\":[{\"@type\":\"SearchAction\",\"target\":{\"@type\":\"EntryPoint\",\"urlTemplate\":\"https:\\\/\\\/esemineu.ro\\\/hu\\\/?s={search_term_string}\"},\"query-input\":{\"@type\":\"PropertyValueSpecification\",\"valueRequired\":true,\"valueName\":\"search_term_string\"}}],\"inLanguage\":\"hu\"}]}<\/script>\n<!-- \/ Yoast SEO Premium plugin. -->","yoast_head_json":{"title":"Fat\u00fczel\u00e9s\u0171 6 soros cser\u00e9pk\u00e1lyha, Feh\u00e9r kr\u00e9ta sz\u00ednben, 10kW","description":"Fat\u00fczel\u00e9s\u0171 6 soros cser\u00e9pk\u00e1lyha magas hat\u00e9konys\u00e1got \u00e9s rusztikus diz\u00e1jnt k\u00edn\u00e1l, t\u00f6k\u00e9letes v\u00e1laszt\u00e1s minden otthon sz\u00e1m\u00e1ra","robots":{"index":"index","follow":"follow","max-snippet":"max-snippet:-1","max-image-preview":"max-image-preview:large","max-video-preview":"max-video-preview:-1"},"canonical":"https:\/\/esemineu.ro\/hu\/termek\/fatuzelesu-6-soros-cserepkalyha-marvanylappal-10-kw-feher-kreta\/","og_locale":"hu_HU","og_type":"article","og_title":"Fat\u00fczel\u00e9s\u0171 6 soros cser\u00e9pk\u00e1lyha, Feh\u00e9r kr\u00e9ta sz\u00ednben, 10kW","og_description":"Fat\u00fczel\u00e9s\u0171 6 soros cser\u00e9pk\u00e1lyha magas hat\u00e9konys\u00e1got \u00e9s rusztikus diz\u00e1jnt k\u00edn\u00e1l, t\u00f6k\u00e9letes v\u00e1laszt\u00e1s minden otthon sz\u00e1m\u00e1ra","og_url":"https:\/\/esemineu.ro\/hu\/termek\/fatuzelesu-6-soros-cserepkalyha-marvanylappal-10-kw-feher-kreta\/","og_site_name":"eSemineu","article_publisher":"https:\/\/web.facebook.com\/eSemineu","article_modified_time":"2025-08-26T18:40:19+00:00","og_image":[{"width":1000,"height":1000,"url":"https:\/\/esemineu.ro\/wp-content\/uploads\/2024\/08\/6R-ALB-CRETA-LANDING-FR.jpg","type":"image\/jpeg"}],"twitter_card":"summary_large_image","twitter_misc":{"Becs\u00fclt olvas\u00e1si id\u0151":"3 perc"},"schema":{"@context":"https:\/\/schema.org","@graph":[{"@type":"WebPage","@id":"https:\/\/esemineu.ro\/hu\/termek\/fatuzelesu-6-soros-cserepkalyha-marvanylappal-10-kw-feher-kreta\/","url":"https:\/\/esemineu.ro\/hu\/termek\/fatuzelesu-6-soros-cserepkalyha-marvanylappal-10-kw-feher-kreta\/","name":"Fat\u00fczel\u00e9s\u0171 6 soros cser\u00e9pk\u00e1lyha, Feh\u00e9r kr\u00e9ta sz\u00ednben, 10kW","isPartOf":{"@id":"https:\/\/esemineu.ro\/hu\/#website"},"primaryImageOfPage":{"@id":"https:\/\/esemineu.ro\/hu\/termek\/fatuzelesu-6-soros-cserepkalyha-marvanylappal-10-kw-feher-kreta\/#primaryimage"},"image":{"@id":"https:\/\/esemineu.ro\/hu\/termek\/fatuzelesu-6-soros-cserepkalyha-marvanylappal-10-kw-feher-kreta\/#primaryimage"},"thumbnailUrl":"https:\/\/esemineu.ro\/wp-content\/uploads\/2024\/08\/6R-ALB-CRETA-LANDING-FR.jpg","datePublished":"2024-08-08T10:03:27+00:00","dateModified":"2025-08-26T18:40:19+00:00","description":"Fat\u00fczel\u00e9s\u0171 6 soros cser\u00e9pk\u00e1lyha magas hat\u00e9konys\u00e1got \u00e9s rusztikus diz\u00e1jnt k\u00edn\u00e1l, t\u00f6k\u00e9letes v\u00e1laszt\u00e1s minden otthon sz\u00e1m\u00e1ra","breadcrumb":{"@id":"https:\/\/esemineu.ro\/hu\/termek\/fatuzelesu-6-soros-cserepkalyha-marvanylappal-10-kw-feher-kreta\/#breadcrumb"},"inLanguage":"hu","potentialAction":[{"@type":"ReadAction","target":["https:\/\/esemineu.ro\/hu\/termek\/fatuzelesu-6-soros-cserepkalyha-marvanylappal-10-kw-feher-kreta\/"]}]},{"@type":"ImageObject","inLanguage":"hu","@id":"https:\/\/esemineu.ro\/hu\/termek\/fatuzelesu-6-soros-cserepkalyha-marvanylappal-10-kw-feher-kreta\/#primaryimage","url":"https:\/\/esemineu.ro\/wp-content\/uploads\/2024\/08\/6R-ALB-CRETA-LANDING-FR.jpg","contentUrl":"https:\/\/esemineu.ro\/wp-content\/uploads\/2024\/08\/6R-ALB-CRETA-LANDING-FR.jpg","width":1000,"height":1000},{"@type":"BreadcrumbList","@id":"https:\/\/esemineu.ro\/hu\/termek\/fatuzelesu-6-soros-cserepkalyha-marvanylappal-10-kw-feher-kreta\/#breadcrumb","itemListElement":[{"@type":"ListItem","position":1,"name":"Kezd\u0151lap","item":"https:\/\/esemineu.ro\/hu\/"},{"@type":"ListItem","position":2,"name":"\u00c1ruh\u00e1z","item":"https:\/\/esemineu.ro\/hu\/aruhaz\/"},{"@type":"ListItem","position":3,"name":"Fat\u00fczel\u00e9s\u0171 6 soros cser\u00e9pk\u00e1lyha, m\u00e1rv\u00e1nylappal, 10 kW, Feh\u00e9r Kr\u00e9ta"}]},{"@type":"WebSite","@id":"https:\/\/esemineu.ro\/hu\/#website","url":"https:\/\/esemineu.ro\/hu\/","name":"eSemineu","description":"\u0218eminee de cea mai \u00eenalt\u0103 calitate","potentialAction":[{"@type":"SearchAction","target":{"@type":"EntryPoint","urlTemplate":"https:\/\/esemineu.ro\/hu\/?s={search_term_string}"},"query-input":{"@type":"PropertyValueSpecification","valueRequired":true,"valueName":"search_term_string"}}],"inLanguage":"hu"}]}},"_links":{"self":[{"href":"https:\/\/esemineu.ro\/hu\/wp-json\/wp\/v2\/product\/25430","targetHints":{"allow":["GET"]}}],"collection":[{"href":"https:\/\/esemineu.ro\/hu\/wp-json\/wp\/v2\/product"}],"about":[{"href":"https:\/\/esemineu.ro\/hu\/wp-json\/wp\/v2\/types\/product"}],"replies":[{"embeddable":true,"href":"https:\/\/esemineu.ro\/hu\/wp-json\/wp\/v2\/comments?post=25430"}],"wp:featuredmedia":[{"embeddable":true,"href":"https:\/\/esemineu.ro\/hu\/wp-json\/wp\/v2\/media\/25614"}],"wp:attachment":[{"href":"https:\/\/esemineu.ro\/hu\/wp-json\/wp\/v2\/media?parent=25430"}],"wp:term":[{"taxonomy":"product_brand","embeddable":true,"href":"https:\/\/esemineu.ro\/hu\/wp-json\/wp\/v2\/product_brand?post=25430"},{"taxonomy":"product_cat","embeddable":true,"href":"https:\/\/esemineu.ro\/hu\/wp-json\/wp\/v2\/product_cat?post=25430"},{"taxonomy":"product_tag","embeddable":true,"href":"https:\/\/esemineu.ro\/hu\/wp-json\/wp\/v2\/product_tag?post=25430"}],"curies":[{"name":"wp","href":"https:\/\/api.w.org\/{rel}","templated":true}]}}