{"id":22659,"date":"2024-02-23T06:17:34","date_gmt":"2024-02-23T04:17:34","guid":{"rendered":"https:\/\/esemineu.ro\/?post_type=product&#038;p=22659"},"modified":"2024-03-18T16:33:14","modified_gmt":"2024-03-18T14:33:14","slug":"rozsdamentes-szigetelt-konyok-dp-90-d150-220","status":"publish","type":"product","link":"https:\/\/esemineu.ro\/hu\/termek\/rozsdamentes-szigetelt-konyok-dp-90-d150-220\/","title":{"rendered":"Rozsdamentes szigetelt k\u00f6ny\u00f6k DP 90 D150\/220"},"content":{"rendered":"<p>Rozsdamentes szigetelt k\u00f6ny\u00f6k DP 90 D150\/220<\/p>\n<p>Ez egy m\u00e9retdimenzi\u00f3s elem, amely hozz\u00e1j\u00e1rul a sz\u00fcks\u00e9ges k\u00e9m\u00e9nymagass\u00e1g el\u00e9r\u00e9s\u00e9hez a huzat megval\u00f3s\u00edt\u00e1sa \u00e9rdek\u00e9ben.<\/p>\n<p>A kapcsolat m\u00e1s elemekkel biztons\u00e1gos illeszt\u00e9si rendszeren kereszt\u00fcl val\u00f3sul meg a csatlakoz\u00f3 bilincs seg\u00edts\u00e9g\u00e9vel.<\/p>\n<p>A PRO INVEST a min\u0151s\u00e9get v\u00e1lasztotta az \u00d6n sz\u00e1m\u00e1ra. Elhat\u00e1rozt\u00e1k, hogy a legmagasabb min\u0151s\u00e9gi szint\u0171 term\u00e9keket hozz\u00e1k el \u00d6nnek, hogy biztons\u00e1gban \u00e9rezhesse mag\u00e1t a PRO INVEST mellett. A gy\u00e1rtott term\u00e9kek az \u00e9rv\u00e9nyben l\u00e9v\u0151 eur\u00f3pai \u00e9s nemzetk\u00f6zi szabv\u00e1nyoknak megfelel\u0151en vannak tan\u00fas\u00edtva. Az inoxb\u00f3l k\u00e9sz\u00fclt szigetelt k\u00e9m\u00e9nyek, a csatlakoz\u00f3 elemek \u00e9s a k\u00edn\u00e1latukban l\u00e9v\u0151 kieg\u00e9sz\u00edt\u0151k \u00fagy vannak kialak\u00edtva, hogy biztons\u00e1got \u00e9s k\u00e9nyelmet hozzanak az \u00d6n otthon\u00e1ba. A k\u00e9m\u00e9nytervez\u00e9sben \u00d6n mellett \u00e1ll\u00f3 szak\u00e9rt\u0151i csapatokkal egy\u00fctt a PRO INVEST az \u00d6n \u00e9s csal\u00e1dja nyugalm\u00e1t szolg\u00e1lja.<\/p>\n<p>Az ECO sorozat\u00fa k\u00e9m\u00e9nyrendszerek az SR EN 1856-1 T450-N1-W-Vm-L20-050-G-30 szerint tan\u00fas\u00edtott term\u00e9kek. Szil\u00e1rd, foly\u00e9kony vagy g\u00e1z halmaz\u00e1llapot\u00fa t\u00fczel\u0151anyagokkal m\u0171k\u00f6d\u0151 t\u00fczel\u0151berendez\u00e9sekb\u0151l sz\u00e1rmaz\u00f3 \u00e9g\u00e9sterm\u00e9kek elvezet\u00e9s\u00e9re szolg\u00e1lnak. Az elemek \u00f6sszekapcsol\u00e1sa az \u201eanya-apa\u201d t\u00edpus\u00fa cs\u0151illeszt\u00e9ssel t\u00f6rt\u00e9nik.<\/p>\n<h4>Term\u00e9kle\u00edr\u00e1s:<\/h4>\n<p><strong>Esemineu.ro<\/strong> k\u00edn\u00e1lata egy \u00fajabb kiv\u00e1l\u00f3 term\u00e9kkel b\u0151v\u00fclt: a <strong>Rozsdamentes szigetelt 90 fokos k\u00f6ny\u00f6k<\/strong>, amely ide\u00e1lis eszk\u00f6z minden k\u00e9m\u00e9nyrendszerhez. A <strong>bels\u0151 \u00e1tm\u00e9r\u0151 150 mm<\/strong> \u00e9s a <strong>k\u00fcls\u0151 \u00e1tm\u00e9r\u0151 220 mm<\/strong> garant\u00e1lja, hogy a k\u00f6ny\u00f6k k\u00f6nnyed\u00e9n illeszkedik a legt\u00f6bb standard m\u00e9ret\u0171 k\u00e9m\u00e9nyhez.<\/p>\n<p>A <strong>35 mm szigetel\u00e9s vastags\u00e1g<\/strong> kiv\u00e9teles h\u0151szigetel\u00e9st biztos\u00edt, cs\u00f6kkentve ezzel a h\u0151vesztes\u00e9get \u00e9s n\u00f6velve a f\u0171t\u00e9si rendszer hat\u00e9konys\u00e1g\u00e1t. K\u00e9sz\u00fclt <strong>inox<\/strong> (rozsdamentes ac\u00e9l) anyagb\u00f3l, amely <strong>0,5mm anyagvastags\u00e1ggal<\/strong> rendelkezik, ez a k\u00f6ny\u00f6k nem csak tart\u00f3s \u00e9s ellen\u00e1ll\u00f3 a korr\u00f3zi\u00f3val szemben, hanem eszt\u00e9tikailag is vonz\u00f3.<\/p>\n<p>A <strong>f\u00e9nyes inox<\/strong> sz\u00edn eleg\u00e1ns megjelen\u00e9st k\u00f6lcs\u00f6n\u00f6z, amely t\u00f6k\u00e9letesen illeszkedik minden k\u00e9m\u00e9nyrendszer diz\u00e1jnj\u00e1hoz, mik\u00f6zben meg\u0151rzi funkcion\u00e1lis jellemz\u0151it. <strong>Esemineu.ro<\/strong> <strong>2 \u00e9v garanci\u00e1t<\/strong> ny\u00fajt a term\u00e9kre, ami bizony\u00edtja a magas min\u0151s\u00e9g\u0171 kivitelez\u00e9st \u00e9s a hossz\u00fa t\u00e1v\u00fa megb\u00edzhat\u00f3s\u00e1got.<\/p>\n<p>Ez a <strong>rozsdamentes szigetelt 90 fokos k\u00f6ny\u00f6k<\/strong> nem csup\u00e1n egy praktikus kieg\u00e9sz\u00edt\u0151je a k\u00e9m\u00e9nyrendszernek, hanem egy hossz\u00fa t\u00e1v\u00fa befektet\u00e9s a f\u0171t\u00e9si rendszer hat\u00e9konys\u00e1g\u00e1ba \u00e9s biztons\u00e1g\u00e1ba. A kiv\u00e1l\u00f3 szigetel\u00e9s, a tart\u00f3s anyag \u00e9s a garancia kombin\u00e1ci\u00f3ja biztos\u00edtja, hogy ez a k\u00f6ny\u00f6k kiemelkedik a piacon, k\u00edn\u00e1lva egy megb\u00edzhat\u00f3 megold\u00e1st a f\u00fcstg\u00e1zok ir\u00e1ny\u00edt\u00e1s\u00e1ra.<\/p>\n<p>\u00d6sszefoglalva, ha egy magas min\u0151s\u00e9g\u0171, megb\u00edzhat\u00f3 \u00e9s eszt\u00e9tikailag is megfelel\u0151 megold\u00e1st keres a k\u00e9m\u00e9nyrendszer sz\u00e1m\u00e1ra, a <strong>Rozsdamentes szigetelt 90 fokos k\u00f6ny\u00f6k<\/strong> az <strong>esemineu.ro<\/strong>-r\u00f3l t\u00f6k\u00e9letes v\u00e1laszt\u00e1s. Biztos\u00edtja a f\u00fcstg\u00e1zok hat\u00e9kony elvezet\u00e9s\u00e9t, mik\u00f6zben hozz\u00e1j\u00e1rul a f\u0171t\u00e9si rendszer \u00e1ltal\u00e1nos hat\u00e9konys\u00e1g\u00e1nak \u00e9s biztons\u00e1g\u00e1nak n\u00f6vel\u00e9s\u00e9hez.<\/p>\n<h4>Sz\u00e1ll\u00edt\u00e1si hat\u00e1rid\u0151:<\/h4>\n<ul>\n<li><strong>Magyarorsz\u00e1g \u00e9s az eg\u00e9sz Eur\u00f3pai Uni\u00f3 ter\u00fclet\u00e9n<\/strong>\u00a0is sz\u00e1ll\u00edtjuk.<\/li>\n<li>Rom\u00e1ni\u00e1ba 2-3 munkanap alatt sz\u00e1ll\u00edtjuk<\/li>\n<li>Magyarorsz\u00e1gra es az EU ter\u00fclet\u00e9re az \u00e1tutal\u00e1s ut\u00e1n 5 munkanapon bel\u00fcl \u00e9rkezik meg a term\u00e9k.<\/li>\n<\/ul>\n<p>B\u00edzunk benne, hogy el\u00e9gedett lesz a Rozsdamentes szigetelt k\u00f6ny\u00f6k DP 90 D150\/220 vel. Ha b\u00e1rmilyen k\u00e9rd\u00e9se van, k\u00e9rj\u00fck, l\u00e9pjen kapcsolatba vel\u00fcnk.<\/p>\n<p>Tov\u00e1bbi aj\u00e1nlatok\u00e9rt kattintson\u00a0<a href=\"https:\/\/esemineu.ro\/hu\/termek-kategoria\/fustcsovek\/\">ide<\/a><\/p>\n<p>T\u0151bb inform\u00e1ci\u00f3\u00e9rt l\u00e1togasson el\u00a0<a href=\"https:\/\/www.youtube.com\/@esemineuromania\">YouTube<\/a>-csatorn\u00e1nkra, valamint\u00a0<a href=\"https:\/\/www.facebook.com\/eSemineu\">Facebook<\/a>\u00a0\u00e9s\u00a0<a href=\"https:\/\/www.instagram.com\/esemineu\/\">Instagram<\/a>\u00a0oldalainkra.<\/p>\n<p><a href=\"https:\/\/esemineu.ro\/\">eSemineu.ro<\/a>\u00a0 \u00a0Te adod a t\u0171zet mi adjuk a meleget!<\/p>\n","protected":false},"excerpt":{"rendered":"<p>Rozsdamentes szigetelt k\u00f6ny\u00f6k DP 90 D150\/220 Ez egy m\u00e9retdimenzi\u00f3s elem, amely hozz\u00e1j\u00e1rul a sz\u00fcks\u00e9ges k\u00e9m\u00e9nymagass\u00e1g el\u00e9r\u00e9s\u00e9hez a huzat megval\u00f3s\u00edt\u00e1sa \u00e9rdek\u00e9ben. A kapcsolat m\u00e1s elemekkel biztons\u00e1gos illeszt\u00e9si rendszeren kereszt\u00fcl val\u00f3sul meg a csatlakoz\u00f3 bilincs seg\u00edts\u00e9g\u00e9vel. A PRO INVEST a min\u0151s\u00e9get v\u00e1lasztotta az \u00d6n sz\u00e1m\u00e1ra. Elhat\u00e1rozt\u00e1k, hogy a legmagasabb min\u0151s\u00e9gi szint\u0171 term\u00e9keket hozz\u00e1k el \u00d6nnek, hogy biztons\u00e1gban \u00e9rezhesse mag\u00e1t a PRO INVEST mellett. A gy\u00e1rtott term\u00e9kek az \u00e9rv\u00e9nyben l\u00e9v\u0151 eur\u00f3pai \u00e9s nemzetk\u00f6zi szabv\u00e1nyoknak megfelel\u0151en vannak tan\u00fas\u00edtva. Az inoxb\u00f3l k\u00e9sz\u00fclt szigetelt k\u00e9m\u00e9nyek, a csatlakoz\u00f3 elemek \u00e9s a k\u00edn\u00e1latukban l\u00e9v\u0151 kieg\u00e9sz\u00edt\u0151k \u00fagy vannak kialak\u00edtva, hogy biztons\u00e1got \u00e9s k\u00e9nyelmet hozzanak az \u00d6n otthon\u00e1ba. A k\u00e9m\u00e9nytervez\u00e9sben \u00d6n mellett \u00e1ll\u00f3 szak\u00e9rt\u0151i csapatokkal egy\u00fctt a PRO INVEST az \u00d6n \u00e9s csal\u00e1dja nyugalm\u00e1t szolg\u00e1lja. Az ECO sorozat\u00fa k\u00e9m\u00e9nyrendszerek az SR EN 1856-1 T450-N1-W-Vm-L20-050-G-30 szerint tan\u00fas\u00edtott term\u00e9kek. Szil\u00e1rd, foly\u00e9kony vagy g\u00e1z halmaz\u00e1llapot\u00fa t\u00fczel\u0151anyagokkal m\u0171k\u00f6d\u0151 t\u00fczel\u0151berendez\u00e9sekb\u0151l sz\u00e1rmaz\u00f3 \u00e9g\u00e9sterm\u00e9kek elvezet\u00e9s\u00e9re szolg\u00e1lnak. Az elemek \u00f6sszekapcsol\u00e1sa az \u201eanya-apa\u201d t\u00edpus\u00fa cs\u0151illeszt\u00e9ssel t\u00f6rt\u00e9nik. Term\u00e9kle\u00edr\u00e1s: Esemineu.ro k\u00edn\u00e1lata &hellip; <a href=\"https:\/\/esemineu.ro\/hu\/termek\/rozsdamentes-szigetelt-konyok-dp-90-d150-220\/\">Folytatva<\/a><\/p>\n","protected":false},"featured_media":21979,"comment_status":"open","ping_status":"closed","template":"","meta":[],"product_brand":[1572],"product_cat":[1475,779,1472],"product_tag":[],"class_list":{"0":"post-22659","1":"product","2":"type-product","3":"status-publish","4":"has-post-thumbnail","6":"product_brand-pro-invest","7":"product_cat-150-szigetelt","8":"product_cat-fustcsovek","9":"product_cat-rozsdamentes-szigetelt-kemeny","10":"product_shipping_class-fustcsovek","11":"pa_culoare-fenyes-rozsdamentes-acel-hu","12":"pa_grosime-izolatie-35-mm-hu","13":"pa_grosime-material-05mm-hu","14":"pa_material-rozsdamentes-acel-hu","15":"producer-pro-invest","17":"first","18":"instock","19":"shipping-taxable","20":"purchasable","21":"product-type-simple"},"acf":[],"yoast_head":"<!-- This site is optimized with the Yoast SEO Premium plugin v21.0 (Yoast SEO v27.3) - https:\/\/yoast.com\/product\/yoast-seo-premium-wordpress\/ -->\n<title>Rozsdamentes szigetelt k\u00f6ny\u00f6k DP 90 D150\/220 | eSemineu.ro<\/title>\n<meta name=\"description\" content=\"Rozsdamentes szigetelt k\u00f6ny\u00f6k DP 90 D150\/220 - 90 fokos k\u00f6ny\u00f6k, 150 mm bels\u0151, 220 mm k\u00fcls\u0151 \u00e1tm\u00e9r\u0151, 35 mm szigetel\u00e9s, f\u00e9nyes inox design. 2 \u00e9v garancia.\" \/>\n<meta name=\"robots\" content=\"index, follow, max-snippet:-1, max-image-preview:large, max-video-preview:-1\" \/>\n<link rel=\"canonical\" href=\"https:\/\/esemineu.ro\/hu\/termek\/rozsdamentes-szigetelt-konyok-dp-90-d150-220\/\" \/>\n<meta property=\"og:locale\" content=\"hu_HU\" \/>\n<meta property=\"og:type\" content=\"article\" \/>\n<meta property=\"og:title\" content=\"Rozsdamentes szigetelt k\u00f6ny\u00f6k DP 90 D150\/220 | eSemineu.ro\" \/>\n<meta property=\"og:description\" content=\"Rozsdamentes szigetelt k\u00f6ny\u00f6k DP 90 D150\/220 - 90 fokos k\u00f6ny\u00f6k, 150 mm bels\u0151, 220 mm k\u00fcls\u0151 \u00e1tm\u00e9r\u0151, 35 mm szigetel\u00e9s, f\u00e9nyes inox design. 2 \u00e9v garancia.\" \/>\n<meta property=\"og:url\" content=\"https:\/\/esemineu.ro\/hu\/termek\/rozsdamentes-szigetelt-konyok-dp-90-d150-220\/\" \/>\n<meta property=\"og:site_name\" content=\"eSemineu\" \/>\n<meta property=\"article:publisher\" content=\"https:\/\/web.facebook.com\/eSemineu\" \/>\n<meta property=\"article:modified_time\" content=\"2024-03-18T14:33:14+00:00\" \/>\n<meta property=\"og:image\" content=\"https:\/\/esemineu.ro\/wp-content\/uploads\/2024\/02\/COT-INOX-DP-90.jpg\" \/>\n\t<meta property=\"og:image:width\" content=\"1000\" \/>\n\t<meta property=\"og:image:height\" content=\"1000\" \/>\n\t<meta property=\"og:image:type\" content=\"image\/jpeg\" \/>\n<meta name=\"twitter:card\" content=\"summary_large_image\" \/>\n<meta name=\"twitter:label1\" content=\"Becs\u00fclt olvas\u00e1si id\u0151\" \/>\n\t<meta name=\"twitter:data1\" content=\"4 perc\" \/>\n<script type=\"application\/ld+json\" class=\"yoast-schema-graph\">{\"@context\":\"https:\\\/\\\/schema.org\",\"@graph\":[{\"@type\":\"WebPage\",\"@id\":\"https:\\\/\\\/esemineu.ro\\\/hu\\\/termek\\\/rozsdamentes-szigetelt-konyok-dp-90-d150-220\\\/\",\"url\":\"https:\\\/\\\/esemineu.ro\\\/hu\\\/termek\\\/rozsdamentes-szigetelt-konyok-dp-90-d150-220\\\/\",\"name\":\"Rozsdamentes szigetelt k\u00f6ny\u00f6k DP 90 D150\\\/220 | eSemineu.ro\",\"isPartOf\":{\"@id\":\"https:\\\/\\\/esemineu.ro\\\/hu\\\/#website\"},\"primaryImageOfPage\":{\"@id\":\"https:\\\/\\\/esemineu.ro\\\/hu\\\/termek\\\/rozsdamentes-szigetelt-konyok-dp-90-d150-220\\\/#primaryimage\"},\"image\":{\"@id\":\"https:\\\/\\\/esemineu.ro\\\/hu\\\/termek\\\/rozsdamentes-szigetelt-konyok-dp-90-d150-220\\\/#primaryimage\"},\"thumbnailUrl\":\"https:\\\/\\\/esemineu.ro\\\/wp-content\\\/uploads\\\/2024\\\/02\\\/COT-INOX-DP-90.jpg\",\"datePublished\":\"2024-02-23T04:17:34+00:00\",\"dateModified\":\"2024-03-18T14:33:14+00:00\",\"description\":\"Rozsdamentes szigetelt k\u00f6ny\u00f6k DP 90 D150\\\/220 - 90 fokos k\u00f6ny\u00f6k, 150 mm bels\u0151, 220 mm k\u00fcls\u0151 \u00e1tm\u00e9r\u0151, 35 mm szigetel\u00e9s, f\u00e9nyes inox design. 2 \u00e9v garancia.\",\"breadcrumb\":{\"@id\":\"https:\\\/\\\/esemineu.ro\\\/hu\\\/termek\\\/rozsdamentes-szigetelt-konyok-dp-90-d150-220\\\/#breadcrumb\"},\"inLanguage\":\"hu\",\"potentialAction\":[{\"@type\":\"ReadAction\",\"target\":[\"https:\\\/\\\/esemineu.ro\\\/hu\\\/termek\\\/rozsdamentes-szigetelt-konyok-dp-90-d150-220\\\/\"]}]},{\"@type\":\"ImageObject\",\"inLanguage\":\"hu\",\"@id\":\"https:\\\/\\\/esemineu.ro\\\/hu\\\/termek\\\/rozsdamentes-szigetelt-konyok-dp-90-d150-220\\\/#primaryimage\",\"url\":\"https:\\\/\\\/esemineu.ro\\\/wp-content\\\/uploads\\\/2024\\\/02\\\/COT-INOX-DP-90.jpg\",\"contentUrl\":\"https:\\\/\\\/esemineu.ro\\\/wp-content\\\/uploads\\\/2024\\\/02\\\/COT-INOX-DP-90.jpg\",\"width\":1000,\"height\":1000,\"caption\":\"Rozsdamentes szigetelt k\u00f6ny\u00f6k DP 90 D130\\\/200\"},{\"@type\":\"BreadcrumbList\",\"@id\":\"https:\\\/\\\/esemineu.ro\\\/hu\\\/termek\\\/rozsdamentes-szigetelt-konyok-dp-90-d150-220\\\/#breadcrumb\",\"itemListElement\":[{\"@type\":\"ListItem\",\"position\":1,\"name\":\"Kezd\u0151lap\",\"item\":\"https:\\\/\\\/esemineu.ro\\\/hu\\\/\"},{\"@type\":\"ListItem\",\"position\":2,\"name\":\"\u00c1ruh\u00e1z\",\"item\":\"https:\\\/\\\/esemineu.ro\\\/hu\\\/aruhaz\\\/\"},{\"@type\":\"ListItem\",\"position\":3,\"name\":\"Rozsdamentes szigetelt k\u00f6ny\u00f6k DP 90 D150\\\/220\"}]},{\"@type\":\"WebSite\",\"@id\":\"https:\\\/\\\/esemineu.ro\\\/hu\\\/#website\",\"url\":\"https:\\\/\\\/esemineu.ro\\\/hu\\\/\",\"name\":\"eSemineu\",\"description\":\"\u0218eminee de cea mai \u00eenalt\u0103 calitate\",\"potentialAction\":[{\"@type\":\"SearchAction\",\"target\":{\"@type\":\"EntryPoint\",\"urlTemplate\":\"https:\\\/\\\/esemineu.ro\\\/hu\\\/?s={search_term_string}\"},\"query-input\":{\"@type\":\"PropertyValueSpecification\",\"valueRequired\":true,\"valueName\":\"search_term_string\"}}],\"inLanguage\":\"hu\"}]}<\/script>\n<!-- \/ Yoast SEO Premium plugin. -->","yoast_head_json":{"title":"Rozsdamentes szigetelt k\u00f6ny\u00f6k DP 90 D150\/220 | eSemineu.ro","description":"Rozsdamentes szigetelt k\u00f6ny\u00f6k DP 90 D150\/220 - 90 fokos k\u00f6ny\u00f6k, 150 mm bels\u0151, 220 mm k\u00fcls\u0151 \u00e1tm\u00e9r\u0151, 35 mm szigetel\u00e9s, f\u00e9nyes inox design. 2 \u00e9v garancia.","robots":{"index":"index","follow":"follow","max-snippet":"max-snippet:-1","max-image-preview":"max-image-preview:large","max-video-preview":"max-video-preview:-1"},"canonical":"https:\/\/esemineu.ro\/hu\/termek\/rozsdamentes-szigetelt-konyok-dp-90-d150-220\/","og_locale":"hu_HU","og_type":"article","og_title":"Rozsdamentes szigetelt k\u00f6ny\u00f6k DP 90 D150\/220 | eSemineu.ro","og_description":"Rozsdamentes szigetelt k\u00f6ny\u00f6k DP 90 D150\/220 - 90 fokos k\u00f6ny\u00f6k, 150 mm bels\u0151, 220 mm k\u00fcls\u0151 \u00e1tm\u00e9r\u0151, 35 mm szigetel\u00e9s, f\u00e9nyes inox design. 2 \u00e9v garancia.","og_url":"https:\/\/esemineu.ro\/hu\/termek\/rozsdamentes-szigetelt-konyok-dp-90-d150-220\/","og_site_name":"eSemineu","article_publisher":"https:\/\/web.facebook.com\/eSemineu","article_modified_time":"2024-03-18T14:33:14+00:00","og_image":[{"width":1000,"height":1000,"url":"https:\/\/esemineu.ro\/wp-content\/uploads\/2024\/02\/COT-INOX-DP-90.jpg","type":"image\/jpeg"}],"twitter_card":"summary_large_image","twitter_misc":{"Becs\u00fclt olvas\u00e1si id\u0151":"4 perc"},"schema":{"@context":"https:\/\/schema.org","@graph":[{"@type":"WebPage","@id":"https:\/\/esemineu.ro\/hu\/termek\/rozsdamentes-szigetelt-konyok-dp-90-d150-220\/","url":"https:\/\/esemineu.ro\/hu\/termek\/rozsdamentes-szigetelt-konyok-dp-90-d150-220\/","name":"Rozsdamentes szigetelt k\u00f6ny\u00f6k DP 90 D150\/220 | eSemineu.ro","isPartOf":{"@id":"https:\/\/esemineu.ro\/hu\/#website"},"primaryImageOfPage":{"@id":"https:\/\/esemineu.ro\/hu\/termek\/rozsdamentes-szigetelt-konyok-dp-90-d150-220\/#primaryimage"},"image":{"@id":"https:\/\/esemineu.ro\/hu\/termek\/rozsdamentes-szigetelt-konyok-dp-90-d150-220\/#primaryimage"},"thumbnailUrl":"https:\/\/esemineu.ro\/wp-content\/uploads\/2024\/02\/COT-INOX-DP-90.jpg","datePublished":"2024-02-23T04:17:34+00:00","dateModified":"2024-03-18T14:33:14+00:00","description":"Rozsdamentes szigetelt k\u00f6ny\u00f6k DP 90 D150\/220 - 90 fokos k\u00f6ny\u00f6k, 150 mm bels\u0151, 220 mm k\u00fcls\u0151 \u00e1tm\u00e9r\u0151, 35 mm szigetel\u00e9s, f\u00e9nyes inox design. 2 \u00e9v garancia.","breadcrumb":{"@id":"https:\/\/esemineu.ro\/hu\/termek\/rozsdamentes-szigetelt-konyok-dp-90-d150-220\/#breadcrumb"},"inLanguage":"hu","potentialAction":[{"@type":"ReadAction","target":["https:\/\/esemineu.ro\/hu\/termek\/rozsdamentes-szigetelt-konyok-dp-90-d150-220\/"]}]},{"@type":"ImageObject","inLanguage":"hu","@id":"https:\/\/esemineu.ro\/hu\/termek\/rozsdamentes-szigetelt-konyok-dp-90-d150-220\/#primaryimage","url":"https:\/\/esemineu.ro\/wp-content\/uploads\/2024\/02\/COT-INOX-DP-90.jpg","contentUrl":"https:\/\/esemineu.ro\/wp-content\/uploads\/2024\/02\/COT-INOX-DP-90.jpg","width":1000,"height":1000,"caption":"Rozsdamentes szigetelt k\u00f6ny\u00f6k DP 90 D130\/200"},{"@type":"BreadcrumbList","@id":"https:\/\/esemineu.ro\/hu\/termek\/rozsdamentes-szigetelt-konyok-dp-90-d150-220\/#breadcrumb","itemListElement":[{"@type":"ListItem","position":1,"name":"Kezd\u0151lap","item":"https:\/\/esemineu.ro\/hu\/"},{"@type":"ListItem","position":2,"name":"\u00c1ruh\u00e1z","item":"https:\/\/esemineu.ro\/hu\/aruhaz\/"},{"@type":"ListItem","position":3,"name":"Rozsdamentes szigetelt k\u00f6ny\u00f6k DP 90 D150\/220"}]},{"@type":"WebSite","@id":"https:\/\/esemineu.ro\/hu\/#website","url":"https:\/\/esemineu.ro\/hu\/","name":"eSemineu","description":"\u0218eminee de cea mai \u00eenalt\u0103 calitate","potentialAction":[{"@type":"SearchAction","target":{"@type":"EntryPoint","urlTemplate":"https:\/\/esemineu.ro\/hu\/?s={search_term_string}"},"query-input":{"@type":"PropertyValueSpecification","valueRequired":true,"valueName":"search_term_string"}}],"inLanguage":"hu"}]}},"_links":{"self":[{"href":"https:\/\/esemineu.ro\/hu\/wp-json\/wp\/v2\/product\/22659","targetHints":{"allow":["GET"]}}],"collection":[{"href":"https:\/\/esemineu.ro\/hu\/wp-json\/wp\/v2\/product"}],"about":[{"href":"https:\/\/esemineu.ro\/hu\/wp-json\/wp\/v2\/types\/product"}],"replies":[{"embeddable":true,"href":"https:\/\/esemineu.ro\/hu\/wp-json\/wp\/v2\/comments?post=22659"}],"wp:featuredmedia":[{"embeddable":true,"href":"https:\/\/esemineu.ro\/hu\/wp-json\/wp\/v2\/media\/21979"}],"wp:attachment":[{"href":"https:\/\/esemineu.ro\/hu\/wp-json\/wp\/v2\/media?parent=22659"}],"wp:term":[{"taxonomy":"product_brand","embeddable":true,"href":"https:\/\/esemineu.ro\/hu\/wp-json\/wp\/v2\/product_brand?post=22659"},{"taxonomy":"product_cat","embeddable":true,"href":"https:\/\/esemineu.ro\/hu\/wp-json\/wp\/v2\/product_cat?post=22659"},{"taxonomy":"product_tag","embeddable":true,"href":"https:\/\/esemineu.ro\/hu\/wp-json\/wp\/v2\/product_tag?post=22659"}],"curies":[{"name":"wp","href":"https:\/\/api.w.org\/{rel}","templated":true}]}}