{"id":22021,"date":"2024-02-23T06:22:19","date_gmt":"2024-02-23T04:22:19","guid":{"rendered":"https:\/\/esemineu.ro\/?post_type=product&#038;p=22021"},"modified":"2024-02-23T16:53:10","modified_gmt":"2024-02-23T14:53:10","slug":"rozsdamentes-szigetelt-fustcso-dp0-3m-d150-220o-eco-0-5mm","status":"publish","type":"product","link":"https:\/\/esemineu.ro\/hu\/termek\/rozsdamentes-szigetelt-fustcso-dp0-3m-d150-220o-eco-0-5mm\/","title":{"rendered":"Rozsdamentes szigetelt f\u00fcstcs\u0151 DP0.3M D150\/220\u00d8, ECO 0.5MM"},"content":{"rendered":"<p>Rozsdamentes szigetelt f\u00fcstcs\u0151 DP0.3M D150\/220\u00d8<\/p>\n<p>Ez egy m\u00e9retdimenzi\u00f3s elem, amely hozz\u00e1j\u00e1rul a sz\u00fcks\u00e9ges k\u00e9m\u00e9nymagass\u00e1g el\u00e9r\u00e9s\u00e9hez a huzat megval\u00f3s\u00edt\u00e1sa \u00e9rdek\u00e9ben.<\/p>\n<p>A kapcsolat m\u00e1s elemekkel biztons\u00e1gos illeszt\u00e9si rendszeren kereszt\u00fcl val\u00f3sul meg a csatlakoz\u00f3 bilincs seg\u00edts\u00e9g\u00e9vel.<\/p>\n<p>A PRO INVEST a min\u0151s\u00e9get v\u00e1lasztotta az \u00d6n sz\u00e1m\u00e1ra. Elhat\u00e1rozt\u00e1k, hogy a legmagasabb min\u0151s\u00e9gi szint\u0171 term\u00e9keket hozz\u00e1k el \u00d6nnek, hogy biztons\u00e1gban \u00e9rezhesse mag\u00e1t a PRO INVEST mellett. A gy\u00e1rtott term\u00e9kek az \u00e9rv\u00e9nyben l\u00e9v\u0151 eur\u00f3pai \u00e9s nemzetk\u00f6zi szabv\u00e1nyoknak megfelel\u0151en vannak tan\u00fas\u00edtva. Az inoxb\u00f3l k\u00e9sz\u00fclt szigetelt k\u00e9m\u00e9nyek, a csatlakoz\u00f3 elemek \u00e9s a k\u00edn\u00e1latukban l\u00e9v\u0151 kieg\u00e9sz\u00edt\u0151k \u00fagy vannak kialak\u00edtva, hogy biztons\u00e1got \u00e9s k\u00e9nyelmet hozzanak az \u00d6n otthon\u00e1ba. A k\u00e9m\u00e9nytervez\u00e9sben \u00d6n mellett \u00e1ll\u00f3 szak\u00e9rt\u0151i csapatokkal egy\u00fctt a PRO INVEST az \u00d6n \u00e9s csal\u00e1dja nyugalm\u00e1t szolg\u00e1lja.<\/p>\n<p>Az ECO sorozat\u00fa k\u00e9m\u00e9nyrendszerek az SR EN 1856-1 T450-N1-W-Vm-L20-050-G-30 szerint tan\u00fas\u00edtott term\u00e9kek. Szil\u00e1rd, foly\u00e9kony vagy g\u00e1z halmaz\u00e1llapot\u00fa t\u00fczel\u0151anyagokkal m\u0171k\u00f6d\u0151 t\u00fczel\u0151berendez\u00e9sekb\u0151l sz\u00e1rmaz\u00f3 \u00e9g\u00e9sterm\u00e9kek elvezet\u00e9s\u00e9re szolg\u00e1lnak. Az elemek \u00f6sszekapcsol\u00e1sa az &#8222;anya-apa&#8221; t\u00edpus\u00fa cs\u0151illeszt\u00e9ssel t\u00f6rt\u00e9nik.<\/p>\n<h4>Term\u00e9kle\u00edr\u00e1s:<\/h4>\n<p><strong>Esemineu.ro<\/strong> k\u00edn\u00e1lat\u00e1ban kiemelkedik a <strong>Rozsdamentes szigetelt f\u00fcstcs\u0151 DP0.3M D150\/220\u00d8, ECO 0.5MM<\/strong>, amely kiv\u00e1l\u00f3 v\u00e1laszt\u00e1s mindenki sz\u00e1m\u00e1ra, aki egy megb\u00edzhat\u00f3 \u00e9s tart\u00f3s f\u00fcstelvezet\u0151 rendszert keres. A term\u00e9k <strong>m\u00e9retei 30 \u00d7 22 \u00d7 22 cm<\/strong>, t\u00f6k\u00e9letes m\u00e9ret a legt\u00f6bb f\u0171t\u00e9si rendszerhez val\u00f3 illeszked\u00e9shez.<\/p>\n<p>A f\u00fcstcs\u0151 <strong>bels\u0151 \u00e1tm\u00e9r\u0151je 150 mm<\/strong>, m\u00edg a <strong>k\u00fcls\u0151 \u00e1tm\u00e9r\u0151 220 mm<\/strong>, biztos\u00edtva ezzel a kiv\u00e1l\u00f3 l\u00e9g\u00e1raml\u00e1st \u00e9s a f\u00fcstg\u00e1zok hat\u00e9kony elvezet\u00e9s\u00e9t. A <strong>szigetel\u00e9s vastags\u00e1ga 35 mm<\/strong>, ami jelent\u0151s m\u00e9rt\u00e9kben hozz\u00e1j\u00e1rul a h\u0151vesztes\u00e9g cs\u00f6kkent\u00e9s\u00e9hez, n\u00f6velve ezzel a rendszer hat\u00e9konys\u00e1g\u00e1t.<\/p>\n<p>K\u00e9sz\u00fclt <strong>inox<\/strong> (rozsdamentes ac\u00e9l) anyagb\u00f3l, amely ismert a magas korr\u00f3zi\u00f3\u00e1ll\u00f3s\u00e1g\u00e1r\u00f3l \u00e9s hossz\u00fa \u00e9lettartam\u00e1r\u00f3l. Az <strong>1mm-es anyagvastags\u00e1g<\/strong> tov\u00e1bb er\u0151s\u00edti a term\u00e9k tart\u00f3ss\u00e1g\u00e1t, ellen\u00e1llva a magas h\u0151m\u00e9rs\u00e9kleteknek \u00e9s a k\u00f6rnyezeti hat\u00e1soknak. A <strong>f\u00e9nyes inox<\/strong> sz\u00edn eleg\u00e1ns megjelen\u00e9st biztos\u00edt, ami eszt\u00e9tikailag is illeszkedik a modern k\u00e1lyh\u00e1khoz \u00e9s k\u00e9m\u00e9nyrendszerekhez.<\/p>\n<p><strong>Esemineu.ro<\/strong> <strong>2 \u00e9v garanci\u00e1t<\/strong> k\u00edn\u00e1l erre a term\u00e9kre, amely kiemeli a v\u00e1llalat elk\u00f6telezetts\u00e9g\u00e9t a min\u0151s\u00e9g \u00e9s az \u00fcgyf\u00e9l-el\u00e9gedetts\u00e9g ir\u00e1nt. Ez a garancia biztos\u00edtja a v\u00e1s\u00e1rl\u00f3k sz\u00e1m\u00e1ra, hogy hossz\u00fa t\u00e1v\u00fa befektet\u00e9st tesznek egy megb\u00edzhat\u00f3 \u00e9s fenntarthat\u00f3 f\u00fcstelvezet\u0151 rendszerbe.<\/p>\n<p>\u00d6sszess\u00e9g\u00e9ben, a <strong>Rozsdamentes szigetelt f\u00fcstcs\u0151 DP0.3M D150\/220\u00d8, ECO 0.5MM<\/strong> az <strong>esemineu.ro<\/strong>-t\u00f3l nem csak egy praktikus megold\u00e1s a f\u00fcstg\u00e1zok elvezet\u00e9s\u00e9re, hanem egy hossz\u00fa t\u00e1v\u00fa befektet\u00e9s a f\u0171t\u00e9si rendszer hat\u00e9konys\u00e1g\u00e1nak \u00e9s biztons\u00e1g\u00e1nak jav\u00edt\u00e1s\u00e1ra. A term\u00e9k kiv\u00e1l\u00f3 anyagmin\u0151s\u00e9ge, hat\u00e9kony szigetel\u00e9se \u00e9s eleg\u00e1ns megjelen\u00e9se minden szempontb\u00f3l ide\u00e1lis v\u00e1laszt\u00e1s.<\/p>\n<h4>Sz\u00e1ll\u00edt\u00e1si hat\u00e1rid\u0151:<\/h4>\n<ul>\n<li><strong>Magyarorsz\u00e1g \u00e9s az eg\u00e9sz Eur\u00f3pai Uni\u00f3 ter\u00fclet\u00e9n<\/strong>\u00a0is sz\u00e1ll\u00edtjuk.<\/li>\n<li>Rom\u00e1ni\u00e1ba 2-3 munkanap alatt sz\u00e1ll\u00edtjuk<\/li>\n<li>Magyarorsz\u00e1gra es az EU ter\u00fclet\u00e9re az \u00e1tutal\u00e1s ut\u00e1n 5 munkanapon bel\u00fcl \u00e9rkezik meg a term\u00e9k.<\/li>\n<\/ul>\n<p>B\u00edzunk benne, hogy el\u00e9gedett lesz a Rozsdamentes szigetelt f\u00fcstcs\u0151 FI150\u00d8 vel. Ha b\u00e1rmilyen k\u00e9rd\u00e9se van, k\u00e9rj\u00fck, l\u00e9pjen kapcsolatba vel\u00fcnk.<\/p>\n<p>Tov\u00e1bbi aj\u00e1nlatok\u00e9rt kattintson <a href=\"https:\/\/esemineu.ro\/hu\/termek-kategoria\/fustcsovek\/\">ide<\/a><\/p>\n<p>T\u0151bb inform\u00e1ci\u00f3\u00e9rt l\u00e1togasson el <a href=\"https:\/\/www.youtube.com\/@esemineuromania\">YouTube<\/a>-csatorn\u00e1nkra, valamint\u00a0<a href=\"https:\/\/www.facebook.com\/eSemineu\">Facebook<\/a>\u00a0\u00e9s\u00a0<a href=\"https:\/\/www.instagram.com\/esemineu\/\">Instagram<\/a>\u00a0oldalainkra.<\/p>\n<p><a href=\"https:\/\/esemineu.ro\/\">eSemineu.ro<\/a>\u00a0 \u00a0Te adod a t\u0171zet mi adjuk a meleget!<\/p>\n","protected":false},"excerpt":{"rendered":"<p>Rozsdamentes szigetelt f\u00fcstcs\u0151 DP0.3M D150\/220\u00d8 Ez egy m\u00e9retdimenzi\u00f3s elem, amely hozz\u00e1j\u00e1rul a sz\u00fcks\u00e9ges k\u00e9m\u00e9nymagass\u00e1g el\u00e9r\u00e9s\u00e9hez a huzat megval\u00f3s\u00edt\u00e1sa \u00e9rdek\u00e9ben. A kapcsolat m\u00e1s elemekkel biztons\u00e1gos illeszt\u00e9si rendszeren kereszt\u00fcl val\u00f3sul meg a csatlakoz\u00f3 bilincs seg\u00edts\u00e9g\u00e9vel. A PRO INVEST a min\u0151s\u00e9get v\u00e1lasztotta az \u00d6n sz\u00e1m\u00e1ra. Elhat\u00e1rozt\u00e1k, hogy a legmagasabb min\u0151s\u00e9gi szint\u0171 term\u00e9keket hozz\u00e1k el \u00d6nnek, hogy biztons\u00e1gban \u00e9rezhesse mag\u00e1t a PRO INVEST mellett. A gy\u00e1rtott term\u00e9kek az \u00e9rv\u00e9nyben l\u00e9v\u0151 eur\u00f3pai \u00e9s nemzetk\u00f6zi szabv\u00e1nyoknak megfelel\u0151en vannak tan\u00fas\u00edtva. Az inoxb\u00f3l k\u00e9sz\u00fclt szigetelt k\u00e9m\u00e9nyek, a csatlakoz\u00f3 elemek \u00e9s a k\u00edn\u00e1latukban l\u00e9v\u0151 kieg\u00e9sz\u00edt\u0151k \u00fagy vannak kialak\u00edtva, hogy biztons\u00e1got \u00e9s k\u00e9nyelmet hozzanak az \u00d6n otthon\u00e1ba. A k\u00e9m\u00e9nytervez\u00e9sben \u00d6n mellett \u00e1ll\u00f3 szak\u00e9rt\u0151i csapatokkal egy\u00fctt a PRO INVEST az \u00d6n \u00e9s csal\u00e1dja nyugalm\u00e1t szolg\u00e1lja. Az ECO sorozat\u00fa k\u00e9m\u00e9nyrendszerek az SR EN 1856-1 T450-N1-W-Vm-L20-050-G-30 szerint tan\u00fas\u00edtott term\u00e9kek. Szil\u00e1rd, foly\u00e9kony vagy g\u00e1z halmaz\u00e1llapot\u00fa t\u00fczel\u0151anyagokkal m\u0171k\u00f6d\u0151 t\u00fczel\u0151berendez\u00e9sekb\u0151l sz\u00e1rmaz\u00f3 \u00e9g\u00e9sterm\u00e9kek elvezet\u00e9s\u00e9re szolg\u00e1lnak. Az elemek \u00f6sszekapcsol\u00e1sa az &#8222;anya-apa&#8221; t\u00edpus\u00fa cs\u0151illeszt\u00e9ssel t\u00f6rt\u00e9nik. Term\u00e9kle\u00edr\u00e1s: Esemineu.ro k\u00edn\u00e1lat\u00e1ban kiemelkedik &hellip; <a href=\"https:\/\/esemineu.ro\/hu\/termek\/rozsdamentes-szigetelt-fustcso-dp0-3m-d150-220o-eco-0-5mm\/\">Folytatva<\/a><\/p>\n","protected":false},"featured_media":21981,"comment_status":"open","ping_status":"closed","template":"","meta":[],"product_brand":[1572],"product_cat":[1475,779,1472],"product_tag":[],"class_list":{"0":"post-22021","1":"product","2":"type-product","3":"status-publish","4":"has-post-thumbnail","6":"product_brand-pro-invest","7":"product_cat-150-szigetelt","8":"product_cat-fustcsovek","9":"product_cat-rozsdamentes-szigetelt-kemeny","10":"product_shipping_class-fustcsovek","11":"pa_culoare-fenyes-rozsdamentes-acel-hu","12":"pa_grosime-izolatie-35-mm-hu","13":"pa_grosime-material-05mm-hu","14":"pa_material-rozsdamentes-acel-hu","15":"producer-pro-invest","17":"first","18":"instock","19":"shipping-taxable","20":"purchasable","21":"product-type-simple"},"acf":[],"yoast_head":"<!-- This site is optimized with the Yoast SEO Premium plugin v21.0 (Yoast SEO v27.3) - https:\/\/yoast.com\/product\/yoast-seo-premium-wordpress\/ -->\n<title>Rozsdamentes szigetelt f\u00fcstcs\u0151 DP0.3M D150\/220\u00d8<\/title>\n<meta name=\"description\" content=\"Fedezd fel az esemineu.ro Rozsdamentes szigetelt f\u00fcstcs\u0151 DP0.3M D150\/220\u00d8, ECO 0.5MM term\u00e9k\u00e9t: 30x22x22 cm, 2 \u00e9v garancia. Tart\u00f3s f\u00fcstelvezet\u00e9sre.\" \/>\n<meta name=\"robots\" content=\"index, follow, max-snippet:-1, max-image-preview:large, max-video-preview:-1\" \/>\n<link rel=\"canonical\" href=\"https:\/\/esemineu.ro\/hu\/termek\/rozsdamentes-szigetelt-fustcso-dp0-3m-d150-220o-eco-0-5mm\/\" \/>\n<meta property=\"og:locale\" content=\"hu_HU\" \/>\n<meta property=\"og:type\" content=\"article\" \/>\n<meta property=\"og:title\" content=\"Rozsdamentes szigetelt f\u00fcstcs\u0151 DP0.3M D150\/220\u00d8\" \/>\n<meta property=\"og:description\" content=\"Fedezd fel az esemineu.ro Rozsdamentes szigetelt f\u00fcstcs\u0151 DP0.3M D150\/220\u00d8, ECO 0.5MM term\u00e9k\u00e9t: 30x22x22 cm, 2 \u00e9v garancia. Tart\u00f3s f\u00fcstelvezet\u00e9sre.\" \/>\n<meta property=\"og:url\" content=\"https:\/\/esemineu.ro\/hu\/termek\/rozsdamentes-szigetelt-fustcso-dp0-3m-d150-220o-eco-0-5mm\/\" \/>\n<meta property=\"og:site_name\" content=\"eSemineu\" \/>\n<meta property=\"article:publisher\" content=\"https:\/\/web.facebook.com\/eSemineu\" \/>\n<meta property=\"article:modified_time\" content=\"2024-02-23T14:53:10+00:00\" \/>\n<meta property=\"og:image\" content=\"https:\/\/esemineu.ro\/wp-content\/uploads\/2024\/02\/BURLAN-INOX-DP-0.3M-D160-220-ECO-0.5MM.jpg\" \/>\n\t<meta property=\"og:image:width\" content=\"1000\" \/>\n\t<meta property=\"og:image:height\" content=\"1000\" \/>\n\t<meta property=\"og:image:type\" content=\"image\/jpeg\" \/>\n<meta name=\"twitter:card\" content=\"summary_large_image\" \/>\n<meta name=\"twitter:label1\" content=\"Becs\u00fclt olvas\u00e1si id\u0151\" \/>\n\t<meta name=\"twitter:data1\" content=\"4 perc\" \/>\n<script type=\"application\/ld+json\" class=\"yoast-schema-graph\">{\"@context\":\"https:\\\/\\\/schema.org\",\"@graph\":[{\"@type\":\"WebPage\",\"@id\":\"https:\\\/\\\/esemineu.ro\\\/hu\\\/termek\\\/rozsdamentes-szigetelt-fustcso-dp0-3m-d150-220o-eco-0-5mm\\\/\",\"url\":\"https:\\\/\\\/esemineu.ro\\\/hu\\\/termek\\\/rozsdamentes-szigetelt-fustcso-dp0-3m-d150-220o-eco-0-5mm\\\/\",\"name\":\"Rozsdamentes szigetelt f\u00fcstcs\u0151 DP0.3M D150\\\/220\u00d8\",\"isPartOf\":{\"@id\":\"https:\\\/\\\/esemineu.ro\\\/hu\\\/#website\"},\"primaryImageOfPage\":{\"@id\":\"https:\\\/\\\/esemineu.ro\\\/hu\\\/termek\\\/rozsdamentes-szigetelt-fustcso-dp0-3m-d150-220o-eco-0-5mm\\\/#primaryimage\"},\"image\":{\"@id\":\"https:\\\/\\\/esemineu.ro\\\/hu\\\/termek\\\/rozsdamentes-szigetelt-fustcso-dp0-3m-d150-220o-eco-0-5mm\\\/#primaryimage\"},\"thumbnailUrl\":\"https:\\\/\\\/esemineu.ro\\\/wp-content\\\/uploads\\\/2024\\\/02\\\/BURLAN-INOX-DP-0.3M-D160-220-ECO-0.5MM.jpg\",\"datePublished\":\"2024-02-23T04:22:19+00:00\",\"dateModified\":\"2024-02-23T14:53:10+00:00\",\"description\":\"Fedezd fel az esemineu.ro Rozsdamentes szigetelt f\u00fcstcs\u0151 DP0.3M D150\\\/220\u00d8, ECO 0.5MM term\u00e9k\u00e9t: 30x22x22 cm, 2 \u00e9v garancia. Tart\u00f3s f\u00fcstelvezet\u00e9sre.\",\"breadcrumb\":{\"@id\":\"https:\\\/\\\/esemineu.ro\\\/hu\\\/termek\\\/rozsdamentes-szigetelt-fustcso-dp0-3m-d150-220o-eco-0-5mm\\\/#breadcrumb\"},\"inLanguage\":\"hu\",\"potentialAction\":[{\"@type\":\"ReadAction\",\"target\":[\"https:\\\/\\\/esemineu.ro\\\/hu\\\/termek\\\/rozsdamentes-szigetelt-fustcso-dp0-3m-d150-220o-eco-0-5mm\\\/\"]}]},{\"@type\":\"ImageObject\",\"inLanguage\":\"hu\",\"@id\":\"https:\\\/\\\/esemineu.ro\\\/hu\\\/termek\\\/rozsdamentes-szigetelt-fustcso-dp0-3m-d150-220o-eco-0-5mm\\\/#primaryimage\",\"url\":\"https:\\\/\\\/esemineu.ro\\\/wp-content\\\/uploads\\\/2024\\\/02\\\/BURLAN-INOX-DP-0.3M-D160-220-ECO-0.5MM.jpg\",\"contentUrl\":\"https:\\\/\\\/esemineu.ro\\\/wp-content\\\/uploads\\\/2024\\\/02\\\/BURLAN-INOX-DP-0.3M-D160-220-ECO-0.5MM.jpg\",\"width\":1000,\"height\":1000,\"caption\":\"Rozsdamentes szigetelt f\u00fcstcs\u0151 DP0.3M D150\\\/220\u00d8\"},{\"@type\":\"BreadcrumbList\",\"@id\":\"https:\\\/\\\/esemineu.ro\\\/hu\\\/termek\\\/rozsdamentes-szigetelt-fustcso-dp0-3m-d150-220o-eco-0-5mm\\\/#breadcrumb\",\"itemListElement\":[{\"@type\":\"ListItem\",\"position\":1,\"name\":\"Kezd\u0151lap\",\"item\":\"https:\\\/\\\/esemineu.ro\\\/hu\\\/\"},{\"@type\":\"ListItem\",\"position\":2,\"name\":\"\u00c1ruh\u00e1z\",\"item\":\"https:\\\/\\\/esemineu.ro\\\/hu\\\/aruhaz\\\/\"},{\"@type\":\"ListItem\",\"position\":3,\"name\":\"Rozsdamentes szigetelt f\u00fcstcs\u0151 DP0.3M D150\\\/220\u00d8, ECO 0.5MM\"}]},{\"@type\":\"WebSite\",\"@id\":\"https:\\\/\\\/esemineu.ro\\\/hu\\\/#website\",\"url\":\"https:\\\/\\\/esemineu.ro\\\/hu\\\/\",\"name\":\"eSemineu\",\"description\":\"\u0218eminee de cea mai \u00eenalt\u0103 calitate\",\"potentialAction\":[{\"@type\":\"SearchAction\",\"target\":{\"@type\":\"EntryPoint\",\"urlTemplate\":\"https:\\\/\\\/esemineu.ro\\\/hu\\\/?s={search_term_string}\"},\"query-input\":{\"@type\":\"PropertyValueSpecification\",\"valueRequired\":true,\"valueName\":\"search_term_string\"}}],\"inLanguage\":\"hu\"}]}<\/script>\n<!-- \/ Yoast SEO Premium plugin. -->","yoast_head_json":{"title":"Rozsdamentes szigetelt f\u00fcstcs\u0151 DP0.3M D150\/220\u00d8","description":"Fedezd fel az esemineu.ro Rozsdamentes szigetelt f\u00fcstcs\u0151 DP0.3M D150\/220\u00d8, ECO 0.5MM term\u00e9k\u00e9t: 30x22x22 cm, 2 \u00e9v garancia. Tart\u00f3s f\u00fcstelvezet\u00e9sre.","robots":{"index":"index","follow":"follow","max-snippet":"max-snippet:-1","max-image-preview":"max-image-preview:large","max-video-preview":"max-video-preview:-1"},"canonical":"https:\/\/esemineu.ro\/hu\/termek\/rozsdamentes-szigetelt-fustcso-dp0-3m-d150-220o-eco-0-5mm\/","og_locale":"hu_HU","og_type":"article","og_title":"Rozsdamentes szigetelt f\u00fcstcs\u0151 DP0.3M D150\/220\u00d8","og_description":"Fedezd fel az esemineu.ro Rozsdamentes szigetelt f\u00fcstcs\u0151 DP0.3M D150\/220\u00d8, ECO 0.5MM term\u00e9k\u00e9t: 30x22x22 cm, 2 \u00e9v garancia. Tart\u00f3s f\u00fcstelvezet\u00e9sre.","og_url":"https:\/\/esemineu.ro\/hu\/termek\/rozsdamentes-szigetelt-fustcso-dp0-3m-d150-220o-eco-0-5mm\/","og_site_name":"eSemineu","article_publisher":"https:\/\/web.facebook.com\/eSemineu","article_modified_time":"2024-02-23T14:53:10+00:00","og_image":[{"width":1000,"height":1000,"url":"https:\/\/esemineu.ro\/wp-content\/uploads\/2024\/02\/BURLAN-INOX-DP-0.3M-D160-220-ECO-0.5MM.jpg","type":"image\/jpeg"}],"twitter_card":"summary_large_image","twitter_misc":{"Becs\u00fclt olvas\u00e1si id\u0151":"4 perc"},"schema":{"@context":"https:\/\/schema.org","@graph":[{"@type":"WebPage","@id":"https:\/\/esemineu.ro\/hu\/termek\/rozsdamentes-szigetelt-fustcso-dp0-3m-d150-220o-eco-0-5mm\/","url":"https:\/\/esemineu.ro\/hu\/termek\/rozsdamentes-szigetelt-fustcso-dp0-3m-d150-220o-eco-0-5mm\/","name":"Rozsdamentes szigetelt f\u00fcstcs\u0151 DP0.3M D150\/220\u00d8","isPartOf":{"@id":"https:\/\/esemineu.ro\/hu\/#website"},"primaryImageOfPage":{"@id":"https:\/\/esemineu.ro\/hu\/termek\/rozsdamentes-szigetelt-fustcso-dp0-3m-d150-220o-eco-0-5mm\/#primaryimage"},"image":{"@id":"https:\/\/esemineu.ro\/hu\/termek\/rozsdamentes-szigetelt-fustcso-dp0-3m-d150-220o-eco-0-5mm\/#primaryimage"},"thumbnailUrl":"https:\/\/esemineu.ro\/wp-content\/uploads\/2024\/02\/BURLAN-INOX-DP-0.3M-D160-220-ECO-0.5MM.jpg","datePublished":"2024-02-23T04:22:19+00:00","dateModified":"2024-02-23T14:53:10+00:00","description":"Fedezd fel az esemineu.ro Rozsdamentes szigetelt f\u00fcstcs\u0151 DP0.3M D150\/220\u00d8, ECO 0.5MM term\u00e9k\u00e9t: 30x22x22 cm, 2 \u00e9v garancia. Tart\u00f3s f\u00fcstelvezet\u00e9sre.","breadcrumb":{"@id":"https:\/\/esemineu.ro\/hu\/termek\/rozsdamentes-szigetelt-fustcso-dp0-3m-d150-220o-eco-0-5mm\/#breadcrumb"},"inLanguage":"hu","potentialAction":[{"@type":"ReadAction","target":["https:\/\/esemineu.ro\/hu\/termek\/rozsdamentes-szigetelt-fustcso-dp0-3m-d150-220o-eco-0-5mm\/"]}]},{"@type":"ImageObject","inLanguage":"hu","@id":"https:\/\/esemineu.ro\/hu\/termek\/rozsdamentes-szigetelt-fustcso-dp0-3m-d150-220o-eco-0-5mm\/#primaryimage","url":"https:\/\/esemineu.ro\/wp-content\/uploads\/2024\/02\/BURLAN-INOX-DP-0.3M-D160-220-ECO-0.5MM.jpg","contentUrl":"https:\/\/esemineu.ro\/wp-content\/uploads\/2024\/02\/BURLAN-INOX-DP-0.3M-D160-220-ECO-0.5MM.jpg","width":1000,"height":1000,"caption":"Rozsdamentes szigetelt f\u00fcstcs\u0151 DP0.3M D150\/220\u00d8"},{"@type":"BreadcrumbList","@id":"https:\/\/esemineu.ro\/hu\/termek\/rozsdamentes-szigetelt-fustcso-dp0-3m-d150-220o-eco-0-5mm\/#breadcrumb","itemListElement":[{"@type":"ListItem","position":1,"name":"Kezd\u0151lap","item":"https:\/\/esemineu.ro\/hu\/"},{"@type":"ListItem","position":2,"name":"\u00c1ruh\u00e1z","item":"https:\/\/esemineu.ro\/hu\/aruhaz\/"},{"@type":"ListItem","position":3,"name":"Rozsdamentes szigetelt f\u00fcstcs\u0151 DP0.3M D150\/220\u00d8, ECO 0.5MM"}]},{"@type":"WebSite","@id":"https:\/\/esemineu.ro\/hu\/#website","url":"https:\/\/esemineu.ro\/hu\/","name":"eSemineu","description":"\u0218eminee de cea mai \u00eenalt\u0103 calitate","potentialAction":[{"@type":"SearchAction","target":{"@type":"EntryPoint","urlTemplate":"https:\/\/esemineu.ro\/hu\/?s={search_term_string}"},"query-input":{"@type":"PropertyValueSpecification","valueRequired":true,"valueName":"search_term_string"}}],"inLanguage":"hu"}]}},"_links":{"self":[{"href":"https:\/\/esemineu.ro\/hu\/wp-json\/wp\/v2\/product\/22021","targetHints":{"allow":["GET"]}}],"collection":[{"href":"https:\/\/esemineu.ro\/hu\/wp-json\/wp\/v2\/product"}],"about":[{"href":"https:\/\/esemineu.ro\/hu\/wp-json\/wp\/v2\/types\/product"}],"replies":[{"embeddable":true,"href":"https:\/\/esemineu.ro\/hu\/wp-json\/wp\/v2\/comments?post=22021"}],"wp:featuredmedia":[{"embeddable":true,"href":"https:\/\/esemineu.ro\/hu\/wp-json\/wp\/v2\/media\/21981"}],"wp:attachment":[{"href":"https:\/\/esemineu.ro\/hu\/wp-json\/wp\/v2\/media?parent=22021"}],"wp:term":[{"taxonomy":"product_brand","embeddable":true,"href":"https:\/\/esemineu.ro\/hu\/wp-json\/wp\/v2\/product_brand?post=22021"},{"taxonomy":"product_cat","embeddable":true,"href":"https:\/\/esemineu.ro\/hu\/wp-json\/wp\/v2\/product_cat?post=22021"},{"taxonomy":"product_tag","embeddable":true,"href":"https:\/\/esemineu.ro\/hu\/wp-json\/wp\/v2\/product_tag?post=22021"}],"curies":[{"name":"wp","href":"https:\/\/api.w.org\/{rel}","templated":true}]}}