{"id":17304,"date":"2023-09-26T15:16:06","date_gmt":"2023-09-26T12:16:06","guid":{"rendered":"https:\/\/esemineu.ro\/?post_type=product&#038;p=17304"},"modified":"2025-12-03T16:30:53","modified_gmt":"2025-12-03T14:30:53","slug":"norbo-zold-cserepkalyha-uvegajtoval-fekete-acel-keretbe-epitve-10kw","status":"publish","type":"product","link":"https:\/\/esemineu.ro\/hu\/termek\/norbo-zold-cserepkalyha-uvegajtoval-fekete-acel-keretbe-epitve-10kw\/","title":{"rendered":"Norbo z\u00f6ld cser\u00e9pk\u00e1lyha \u00fcvegajt\u00f3val, Fekete ac\u00e9l keretbe \u00e9p\u00edtve, 10kW"},"content":{"rendered":"<p>Norbo z\u00f6ld cser\u00e9pk\u00e1lyha \u00fcvegajt\u00f3val<\/p>\n<p>Norbo f\u0151z\u0151 cser\u00e9pk\u00e1lyha egy k\u00e9zm\u0171ves Erd\u00e9lyi cser\u00e9pk\u00e1lyha, amely hagyom\u00e1nyos elj\u00e1r\u00e1ssal kov\u00e1csoltvas keretre \u00e9p\u00edtett \u00fcvegezett ajt\u00f3val k\u00e9sz\u00fcl.<\/p>\n<p>Az <strong>Esemineu<\/strong> b\u00fcszk\u00e9n mutatja be leg\u00fajabb <strong>z\u00f6ld cser\u00e9pk\u00e1lyh\u00e1j\u00e1t<\/strong>, a Norbot, amely kimagasl\u00f3an hat\u00e9kony \u00e9s st\u00edlusos megold\u00e1st k\u00edn\u00e1l otthona f\u0171t\u00e9s\u00e9re. K\u00e9pzelje el, ahogy a hideg t\u00e9li est\u00e9ken egy meleg, k\u00e9nyelmes \u00e9s otthonos helyis\u00e9gben \u00fcl, \u00e9s a t\u0171z pattog\u00e1s\u00e1t hallgatja az <strong>\u00fcvegajt\u00f3n<\/strong> kereszt\u00fcl. A <strong>Norbo cser\u00e9pk\u00e1lyha<\/strong> ezt az \u00e9lm\u00e9nyt k\u00edn\u00e1lja, \u00e9s m\u00e9g enn\u00e9l is sokkal t\u00f6bbet.<\/p>\n<p>Az 10<strong>kW<\/strong> teljes\u00edtm\u00e9nye garant\u00e1lja, hogy a k\u00e1lyha hat\u00e9konyan \u00e9s gyorsan k\u00e9pes felf\u0171teni a teret. A t\u0171zhely tervez\u00e9sekor k\u00fcl\u00f6n\u00f6s figyelmet ford\u00edtottak az energiah\u00e1ztart\u00e1sra, \u00edgy a <strong>z\u00f6ld cser\u00e9pk\u00e1lyha<\/strong> a lehet\u0151 leghat\u00e9konyabban haszn\u00e1lja fel a fa energi\u00e1j\u00e1t. Az eszt\u00e9tikai szempontok sem maradhattak el: a leny\u0171g\u00f6z\u0151 <strong>z\u00f6ld sz\u00edn<\/strong> \u00e9s a <strong>matt fekete ac\u00e9l keret<\/strong> modern, de m\u00e9gis id\u0151t\u00e1ll\u00f3 megjelen\u00e9st k\u00f6lcs\u00f6n\u00f6z a term\u00e9knek, mely t\u00f6k\u00e9letesen illeszkedik b\u00e1rmelyik lakberendez\u00e9si st\u00edlushoz.<\/p>\n<p>A <strong>h\u0151\u00e1ll\u00f3 \u00fcvegajt\u00f3<\/strong> lehet\u0151v\u00e9 teszi, hogy a t\u0171z l\u00e1ngjainak csod\u00e1latos l\u00e1tv\u00e1ny\u00e1t \u00e9lvezhesse, mik\u00f6zben a k\u00e1lyha optim\u00e1lis h\u0151m\u00e9rs\u00e9kleten tartja a helyis\u00e9get. A <strong>vastag \u00f6nt\u00f6ttvas f\u0151z\u0151lap<\/strong> tov\u00e1bbi hasznoss\u00e1got \u00e9s funkcionalit\u00e1st k\u00edn\u00e1l, lehet\u0151v\u00e9 t\u00e9ve a hagyom\u00e1nyos f\u0151z\u00e9si m\u00f3dszerekkel val\u00f3 k\u00eds\u00e9rletez\u00e9st vagy az egyszer\u0171 meleg\u00edt\u00e9st.<\/p>\n<p>A <strong>samottal val\u00f3 b\u00e9lel\u00e9s<\/strong> az egyik legf\u0151bb el\u0151nye ennek a k\u00e1lyh\u00e1nak. A samott kiv\u00e1l\u00f3 h\u0151t\u00e1rol\u00f3 k\u00e9pess\u00e9g\u00e9vel rendelkezik, ami hosszabb ideig tartja a h\u0151t, \u00edgy kevesebb f\u00e1t ig\u00e9nyel. Ez nemcsak k\u00f6rnyezetbar\u00e1t, de k\u00f6lts\u00e9ghat\u00e9kony is.<\/p>\n<p>A <strong>120 mm-es f\u00fcstelvezet\u00e9s<\/strong> kiv\u00e1l\u00f3 hat\u00e9konys\u00e1ggal vezeti el a f\u00fcst\u00f6t, \u00e9s gondoskodik a biztons\u00e1gos haszn\u00e1latr\u00f3l. R\u00e1ad\u00e1sul a <strong>z\u00f6ld cser\u00e9pk\u00e1lyha<\/strong> mobil kivitelben k\u00e9sz\u00fclt, \u00edgy k\u00f6nnyed\u00e9n \u00e1thelyezhet\u0151 a helyis\u00e9gben, az \u00d6n k\u00e9nyelme \u00e9s preferenci\u00e1ja szerint.<\/p>\n<p>V\u00e1lassza az <strong>Esemineu<\/strong> \u00e1ltal aj\u00e1nlott <strong>Norbo z\u00f6ld cser\u00e9pk\u00e1lyh\u00e1t<\/strong> \u00e9s \u00e9lvezze a min\u0151s\u00e9get, hat\u00e9konys\u00e1got \u00e9s st\u00edlust, amit ez a kiv\u00e9teles term\u00e9k k\u00edn\u00e1l!<\/p>\n<h4><strong>Vigy\u00e1zat! Ne \u00e9gessen!<\/strong><\/h4>\n<p><strong>H\u00e1ztart\u00e1si hullad\u00e9kot<\/strong>, ragasztott vagy <strong>festett faanyagot<\/strong>, faforg\u00e1cs vagy forg\u00e1cslap vagy m\u00e1s mesters\u00e9ges <strong>vegyi kever\u00e9ket<\/strong> tartalmaz\u00f3 hullad\u00e9kot. <strong>A t\u0171zhely kiz\u00e1r\u00f3lag f\u0171t\u00e9sre \u00e9s f\u0151z\u00e9sre haszn\u00e1lhat\u00f3, hullad\u00e9k \u00e9get\u00e9s\u00e9re nem alkalmas. Hullad\u00e9k \u00e9get\u00e9sekor a cser\u00e9pk\u00e1lyha f\u00fcstkivezet\u0151 ny\u00edl\u00e1sa elt\u00f6m\u0151dhet.\u00a0<\/strong><\/p>\n<p>Aj\u00e1nlott fokozatosan felf\u0171teni a cser\u00e9pk\u00e1lyh\u00e1t, c\u00e9lszer\u0171 az els\u0151 t\u0171zrak\u00e1sokn\u00e1l nem er\u0151s t\u00fczet gy\u00fajtani mivel nincs telyesen ki sz\u00e1radva. A <strong>f\u00fcstkivezet\u0151 k\u00e9m\u00e9ny<\/strong> (cs\u0151) <strong>hossz\u00e1nak legal\u00e1bb 5 m\u00e9ternek kell lennie \u00e9s min 130 cm vastagnak<\/strong>. L\u00e1sd a f\u00fcstkivezet\u0151 szerel\u00e9si \u00fatmutat\u00f3j\u00e1t a garancialev\u00e9l h\u00e1toldal\u00e1n.<\/p>\n<h3>Norbo z\u00f6ld cser\u00e9pk\u00e1lyha \u00fcvegajt\u00f3val &#8211; Sz\u00e1ll\u00edt\u00e1s \u00e9s Garancia:<\/h3>\n<p>Az \u00d6n z\u00f6ld f\u0151z\u0151 cser\u00e9pk\u00e1lyh\u00e1j\u00e1t biztons\u00e1gosan \u00e9s hat\u00e9konyan sz\u00e1ll\u00edtjuk. A cser\u00e9pk\u00e1lyha raklapra van r\u00f6gz\u00edtve 16mm-es m\u0171anyag szalagokkal, hogy megakad\u00e1lyozzuk az esetleges lees\u00e9st a sz\u00e1ll\u00edt\u00e1s sor\u00e1n. A raklapon h\u00e1rom soros f\u00f3li\u00e1ba csomagoljuk, hogy v\u00e9delmet ny\u00fajtsunk a s\u00e9r\u00fcl\u00e9sek ellen. A cser\u00e9pk\u00e1lyha tov\u00e1bbi v\u00e9delme \u00e9rdek\u00e9ben l\u00e9gbubor\u00e9kos- \u00e9s sztreccsf\u00f3li\u00e1ba csomagoljuk.<\/p>\n<p><strong>Mell\u00e9kelt dokumentumok<\/strong>: Haszn\u00e1lati \u00fatmutat\u00f3, Megfelel\u0151s\u00e9gi Nyilatkozat \u00e9s Garancialevelet biztos\u00edtunk a cser\u00e9pk\u00e1lyh\u00e1hoz.<\/p>\n<h4>Sz\u00e1ll\u00edt\u00e1si hat\u00e1rid\u0151:<\/h4>\n<ul>\n<li>Rom\u00e1ni\u00e1ba 2-3 munkanap alatt sz\u00e1ll\u00edtjuk<\/li>\n<li>Magyarorsz\u00e1gra az \u00e1tutal\u00e1s ut\u00e1n 5 munkanapon bel\u00fcl \u00e9rkezik meg a cser\u00e9pk\u00e1lyha<\/li>\n<\/ul>\n<p>B\u00edzunk benne, hogy el\u00e9gedett lesz a f\u0151z\u0151 \u00e9s meleg\u00edt\u0151 cser\u00e9pk\u00e1lyh\u00e1val. Ha b\u00e1rmilyen k\u00e9rd\u00e9se van, k\u00e9rj\u00fck, l\u00e9pjen kapcsolatba vel\u00fcnk.<\/p>\n<p>M\u00e9g t\u00f6bb cser\u00e9pk\u00e1lyh\u00e1\u00e9rt kattintson a hordozhat\u00f3-csempek\u00e1lyh\u00e1k <a href=\"https:\/\/esemineu.ro\/hu\/termek-kategoria\/hordozhato-cserepkalyhak\/\">kategori\u00e1ra<\/a><\/p>\n<p>Tov\u00e1bbi inform\u00e1ci\u00f3\u00e9rt l\u00e1togasson el <a href=\"https:\/\/www.youtube.com\/@esemineuromania\">YouTube<\/a>-csatorn\u00e1nkra, valamint <a href=\"https:\/\/www.facebook.com\/eSemineu\">Facebook<\/a> \u00e9s <a href=\"https:\/\/www.instagram.com\/esemineu\/\">Instagram<\/a> oldalainkra.<\/p>\n<p><strong>A f\u0151z\u0151 cser\u00e9pk\u00e1lyh\u00e1t mat fekete vasalattal Magyarorsz\u00e1g \u00e9s az eg\u00e9sz Eur\u00f3pai Uni\u00f3 ter\u00fclet\u00e9n<\/strong> <strong>is sz\u00e1ll\u00edtjuk<\/strong>.<\/p>\n<p><a href=\"https:\/\/esemineu.ro\/\">eSemineu.ro<\/a>\u00a0 \u00a0Te adod a t\u0171zet mi adjuk a meleget!<\/p>\n","protected":false},"excerpt":{"rendered":"<p>Norbo z\u00f6ld cser\u00e9pk\u00e1lyha \u00fcvegajt\u00f3val Norbo f\u0151z\u0151 cser\u00e9pk\u00e1lyha egy k\u00e9zm\u0171ves Erd\u00e9lyi cser\u00e9pk\u00e1lyha, amely hagyom\u00e1nyos elj\u00e1r\u00e1ssal kov\u00e1csoltvas keretre \u00e9p\u00edtett \u00fcvegezett ajt\u00f3val k\u00e9sz\u00fcl. Az Esemineu b\u00fcszk\u00e9n mutatja be leg\u00fajabb z\u00f6ld cser\u00e9pk\u00e1lyh\u00e1j\u00e1t, a Norbot, amely kimagasl\u00f3an hat\u00e9kony \u00e9s st\u00edlusos megold\u00e1st k\u00edn\u00e1l otthona f\u0171t\u00e9s\u00e9re. K\u00e9pzelje el, ahogy a hideg t\u00e9li est\u00e9ken egy meleg, k\u00e9nyelmes \u00e9s otthonos helyis\u00e9gben \u00fcl, \u00e9s a t\u0171z pattog\u00e1s\u00e1t hallgatja az \u00fcvegajt\u00f3n kereszt\u00fcl. A Norbo cser\u00e9pk\u00e1lyha ezt az \u00e9lm\u00e9nyt k\u00edn\u00e1lja, \u00e9s m\u00e9g enn\u00e9l is sokkal t\u00f6bbet. Az 10kW teljes\u00edtm\u00e9nye garant\u00e1lja, hogy a k\u00e1lyha hat\u00e9konyan \u00e9s gyorsan k\u00e9pes felf\u0171teni a teret. A t\u0171zhely tervez\u00e9sekor k\u00fcl\u00f6n\u00f6s figyelmet ford\u00edtottak az energiah\u00e1ztart\u00e1sra, \u00edgy a z\u00f6ld cser\u00e9pk\u00e1lyha a lehet\u0151 leghat\u00e9konyabban haszn\u00e1lja fel a fa energi\u00e1j\u00e1t. Az eszt\u00e9tikai szempontok sem maradhattak el: a leny\u0171g\u00f6z\u0151 z\u00f6ld sz\u00edn \u00e9s a matt fekete ac\u00e9l keret modern, de m\u00e9gis id\u0151t\u00e1ll\u00f3 megjelen\u00e9st k\u00f6lcs\u00f6n\u00f6z a term\u00e9knek, mely t\u00f6k\u00e9letesen illeszkedik b\u00e1rmelyik lakberendez\u00e9si st\u00edlushoz. A h\u0151\u00e1ll\u00f3 \u00fcvegajt\u00f3 lehet\u0151v\u00e9 teszi, hogy a t\u0171z l\u00e1ngjainak csod\u00e1latos l\u00e1tv\u00e1ny\u00e1t \u00e9lvezhesse, &hellip; <a href=\"https:\/\/esemineu.ro\/hu\/termek\/norbo-zold-cserepkalyha-uvegajtoval-fekete-acel-keretbe-epitve-10kw\/\">Folytatva<\/a><\/p>\n","protected":false},"featured_media":17464,"comment_status":"open","ping_status":"closed","template":"","meta":[],"product_brand":[],"product_cat":[1682,729],"product_tag":[],"class_list":{"0":"post-17304","1":"product","2":"type-product","3":"status-publish","4":"has-post-thumbnail","6":"product_cat-fozo","7":"product_cat-hordozhato-cserepkalyhak","8":"product_shipping_class-csempekalyhak","9":"pa_combustibil-utilizat-brikett","10":"pa_combustibil-utilizat-tuzifa-hu","11":"pa_culoare-zold","12":"pa_diametru-racordului-la-cos-120-mm-hu","13":"pa_evacuare-fum-bal","14":"pa_evacuare-fum-jobb","15":"pa_material-teracota-hu","16":"pa_material-ontotvas-ajto-hoallo-uveggel","17":"pa_material-ontveny-fozolap","18":"pa_material-ontveny-labak","19":"pa_model-asztal-tipusu-hu","20":"pa_putere-10-kw-hu","21":"pa_randament-94-hu","22":"pa_suprafata-incalzita-mp-55-60-hu","23":"producer-norbo","25":"first","26":"instock","27":"shipping-taxable","28":"purchasable","29":"product-type-variable"},"acf":[],"yoast_head":"<!-- This site is optimized with the Yoast SEO Premium plugin v21.0 (Yoast SEO v27.3) - https:\/\/yoast.com\/product\/yoast-seo-premium-wordpress\/ -->\n<title>Norbo z\u00f6ld cser\u00e9pk\u00e1lyha \u00fcvegajt\u00f3val | Z\u00f6ld cser\u00e9pk\u00e1lyha<\/title>\n<meta name=\"description\" content=\"Norbo z\u00f6ld cser\u00e9pk\u00e1lyha \u00fcvegajt\u00f3val - 10kW teljes\u00edtm\u00e9ny, ac\u00e9l keret ben h\u0151\u00e1ll\u00f3 \u00fcveg ajt\u00f3val \u00e9s vastag \u00f6nt\u00f6ttvas f\u0151z\u0151lappal. Az Esemineu k\u00edn\u00e1lat\u00e1ban.\" \/>\n<meta name=\"robots\" content=\"index, follow, max-snippet:-1, max-image-preview:large, max-video-preview:-1\" \/>\n<link rel=\"canonical\" href=\"https:\/\/esemineu.ro\/hu\/termek\/norbo-zold-cserepkalyha-uvegajtoval-fekete-acel-keretbe-epitve-10kw\/\" \/>\n<meta property=\"og:locale\" content=\"hu_HU\" \/>\n<meta property=\"og:type\" content=\"article\" \/>\n<meta property=\"og:title\" content=\"Norbo z\u00f6ld cser\u00e9pk\u00e1lyha \u00fcvegajt\u00f3val | Z\u00f6ld cser\u00e9pk\u00e1lyha\" \/>\n<meta property=\"og:description\" content=\"Norbo z\u00f6ld cser\u00e9pk\u00e1lyha \u00fcvegajt\u00f3val - 10kW teljes\u00edtm\u00e9ny, ac\u00e9l keret ben h\u0151\u00e1ll\u00f3 \u00fcveg ajt\u00f3val \u00e9s vastag \u00f6nt\u00f6ttvas f\u0151z\u0151lappal. Az Esemineu k\u00edn\u00e1lat\u00e1ban.\" \/>\n<meta property=\"og:url\" content=\"https:\/\/esemineu.ro\/hu\/termek\/norbo-zold-cserepkalyha-uvegajtoval-fekete-acel-keretbe-epitve-10kw\/\" \/>\n<meta property=\"og:site_name\" content=\"eSemineu\" \/>\n<meta property=\"article:publisher\" content=\"https:\/\/web.facebook.com\/eSemineu\" \/>\n<meta property=\"article:modified_time\" content=\"2025-12-03T14:30:53+00:00\" \/>\n<meta property=\"og:image\" content=\"https:\/\/esemineu.ro\/wp-content\/uploads\/2023\/09\/4R-VERDE-VULCANO-FRONT-FR-1.jpg\" \/>\n\t<meta property=\"og:image:width\" content=\"1000\" \/>\n\t<meta property=\"og:image:height\" content=\"1000\" \/>\n\t<meta property=\"og:image:type\" content=\"image\/jpeg\" \/>\n<meta name=\"twitter:card\" content=\"summary_large_image\" \/>\n<meta name=\"twitter:label1\" content=\"Becs\u00fclt olvas\u00e1si id\u0151\" \/>\n\t<meta name=\"twitter:data1\" content=\"4 perc\" \/>\n<script type=\"application\/ld+json\" class=\"yoast-schema-graph\">{\"@context\":\"https:\\\/\\\/schema.org\",\"@graph\":[{\"@type\":\"WebPage\",\"@id\":\"https:\\\/\\\/esemineu.ro\\\/hu\\\/termek\\\/norbo-zold-cserepkalyha-uvegajtoval-fekete-acel-keretbe-epitve-10kw\\\/\",\"url\":\"https:\\\/\\\/esemineu.ro\\\/hu\\\/termek\\\/norbo-zold-cserepkalyha-uvegajtoval-fekete-acel-keretbe-epitve-10kw\\\/\",\"name\":\"Norbo z\u00f6ld cser\u00e9pk\u00e1lyha \u00fcvegajt\u00f3val | Z\u00f6ld cser\u00e9pk\u00e1lyha\",\"isPartOf\":{\"@id\":\"https:\\\/\\\/esemineu.ro\\\/hu\\\/#website\"},\"primaryImageOfPage\":{\"@id\":\"https:\\\/\\\/esemineu.ro\\\/hu\\\/termek\\\/norbo-zold-cserepkalyha-uvegajtoval-fekete-acel-keretbe-epitve-10kw\\\/#primaryimage\"},\"image\":{\"@id\":\"https:\\\/\\\/esemineu.ro\\\/hu\\\/termek\\\/norbo-zold-cserepkalyha-uvegajtoval-fekete-acel-keretbe-epitve-10kw\\\/#primaryimage\"},\"thumbnailUrl\":\"https:\\\/\\\/esemineu.ro\\\/wp-content\\\/uploads\\\/2023\\\/09\\\/4R-VERDE-VULCANO-FRONT-FR-1.jpg\",\"datePublished\":\"2023-09-26T12:16:06+00:00\",\"dateModified\":\"2025-12-03T14:30:53+00:00\",\"description\":\"Norbo z\u00f6ld cser\u00e9pk\u00e1lyha \u00fcvegajt\u00f3val - 10kW teljes\u00edtm\u00e9ny, ac\u00e9l keret ben h\u0151\u00e1ll\u00f3 \u00fcveg ajt\u00f3val \u00e9s vastag \u00f6nt\u00f6ttvas f\u0151z\u0151lappal. Az Esemineu k\u00edn\u00e1lat\u00e1ban.\",\"breadcrumb\":{\"@id\":\"https:\\\/\\\/esemineu.ro\\\/hu\\\/termek\\\/norbo-zold-cserepkalyha-uvegajtoval-fekete-acel-keretbe-epitve-10kw\\\/#breadcrumb\"},\"inLanguage\":\"hu\",\"potentialAction\":[{\"@type\":\"ReadAction\",\"target\":[\"https:\\\/\\\/esemineu.ro\\\/hu\\\/termek\\\/norbo-zold-cserepkalyha-uvegajtoval-fekete-acel-keretbe-epitve-10kw\\\/\"]}]},{\"@type\":\"ImageObject\",\"inLanguage\":\"hu\",\"@id\":\"https:\\\/\\\/esemineu.ro\\\/hu\\\/termek\\\/norbo-zold-cserepkalyha-uvegajtoval-fekete-acel-keretbe-epitve-10kw\\\/#primaryimage\",\"url\":\"https:\\\/\\\/esemineu.ro\\\/wp-content\\\/uploads\\\/2023\\\/09\\\/4R-VERDE-VULCANO-FRONT-FR-1.jpg\",\"contentUrl\":\"https:\\\/\\\/esemineu.ro\\\/wp-content\\\/uploads\\\/2023\\\/09\\\/4R-VERDE-VULCANO-FRONT-FR-1.jpg\",\"width\":1000,\"height\":1000,\"caption\":\"Norbo z\u00f6ld cser\u00e9pk\u00e1lyha \u00fcvegajt\u00f3val\"},{\"@type\":\"BreadcrumbList\",\"@id\":\"https:\\\/\\\/esemineu.ro\\\/hu\\\/termek\\\/norbo-zold-cserepkalyha-uvegajtoval-fekete-acel-keretbe-epitve-10kw\\\/#breadcrumb\",\"itemListElement\":[{\"@type\":\"ListItem\",\"position\":1,\"name\":\"Kezd\u0151lap\",\"item\":\"https:\\\/\\\/esemineu.ro\\\/hu\\\/\"},{\"@type\":\"ListItem\",\"position\":2,\"name\":\"\u00c1ruh\u00e1z\",\"item\":\"https:\\\/\\\/esemineu.ro\\\/hu\\\/aruhaz\\\/\"},{\"@type\":\"ListItem\",\"position\":3,\"name\":\"Norbo z\u00f6ld cser\u00e9pk\u00e1lyha \u00fcvegajt\u00f3val, Fekete ac\u00e9l keretbe \u00e9p\u00edtve, 10kW\"}]},{\"@type\":\"WebSite\",\"@id\":\"https:\\\/\\\/esemineu.ro\\\/hu\\\/#website\",\"url\":\"https:\\\/\\\/esemineu.ro\\\/hu\\\/\",\"name\":\"eSemineu\",\"description\":\"\u0218eminee de cea mai \u00eenalt\u0103 calitate\",\"potentialAction\":[{\"@type\":\"SearchAction\",\"target\":{\"@type\":\"EntryPoint\",\"urlTemplate\":\"https:\\\/\\\/esemineu.ro\\\/hu\\\/?s={search_term_string}\"},\"query-input\":{\"@type\":\"PropertyValueSpecification\",\"valueRequired\":true,\"valueName\":\"search_term_string\"}}],\"inLanguage\":\"hu\"}]}<\/script>\n<!-- \/ Yoast SEO Premium plugin. -->","yoast_head_json":{"title":"Norbo z\u00f6ld cser\u00e9pk\u00e1lyha \u00fcvegajt\u00f3val | Z\u00f6ld cser\u00e9pk\u00e1lyha","description":"Norbo z\u00f6ld cser\u00e9pk\u00e1lyha \u00fcvegajt\u00f3val - 10kW teljes\u00edtm\u00e9ny, ac\u00e9l keret ben h\u0151\u00e1ll\u00f3 \u00fcveg ajt\u00f3val \u00e9s vastag \u00f6nt\u00f6ttvas f\u0151z\u0151lappal. Az Esemineu k\u00edn\u00e1lat\u00e1ban.","robots":{"index":"index","follow":"follow","max-snippet":"max-snippet:-1","max-image-preview":"max-image-preview:large","max-video-preview":"max-video-preview:-1"},"canonical":"https:\/\/esemineu.ro\/hu\/termek\/norbo-zold-cserepkalyha-uvegajtoval-fekete-acel-keretbe-epitve-10kw\/","og_locale":"hu_HU","og_type":"article","og_title":"Norbo z\u00f6ld cser\u00e9pk\u00e1lyha \u00fcvegajt\u00f3val | Z\u00f6ld cser\u00e9pk\u00e1lyha","og_description":"Norbo z\u00f6ld cser\u00e9pk\u00e1lyha \u00fcvegajt\u00f3val - 10kW teljes\u00edtm\u00e9ny, ac\u00e9l keret ben h\u0151\u00e1ll\u00f3 \u00fcveg ajt\u00f3val \u00e9s vastag \u00f6nt\u00f6ttvas f\u0151z\u0151lappal. Az Esemineu k\u00edn\u00e1lat\u00e1ban.","og_url":"https:\/\/esemineu.ro\/hu\/termek\/norbo-zold-cserepkalyha-uvegajtoval-fekete-acel-keretbe-epitve-10kw\/","og_site_name":"eSemineu","article_publisher":"https:\/\/web.facebook.com\/eSemineu","article_modified_time":"2025-12-03T14:30:53+00:00","og_image":[{"width":1000,"height":1000,"url":"https:\/\/esemineu.ro\/wp-content\/uploads\/2023\/09\/4R-VERDE-VULCANO-FRONT-FR-1.jpg","type":"image\/jpeg"}],"twitter_card":"summary_large_image","twitter_misc":{"Becs\u00fclt olvas\u00e1si id\u0151":"4 perc"},"schema":{"@context":"https:\/\/schema.org","@graph":[{"@type":"WebPage","@id":"https:\/\/esemineu.ro\/hu\/termek\/norbo-zold-cserepkalyha-uvegajtoval-fekete-acel-keretbe-epitve-10kw\/","url":"https:\/\/esemineu.ro\/hu\/termek\/norbo-zold-cserepkalyha-uvegajtoval-fekete-acel-keretbe-epitve-10kw\/","name":"Norbo z\u00f6ld cser\u00e9pk\u00e1lyha \u00fcvegajt\u00f3val | Z\u00f6ld cser\u00e9pk\u00e1lyha","isPartOf":{"@id":"https:\/\/esemineu.ro\/hu\/#website"},"primaryImageOfPage":{"@id":"https:\/\/esemineu.ro\/hu\/termek\/norbo-zold-cserepkalyha-uvegajtoval-fekete-acel-keretbe-epitve-10kw\/#primaryimage"},"image":{"@id":"https:\/\/esemineu.ro\/hu\/termek\/norbo-zold-cserepkalyha-uvegajtoval-fekete-acel-keretbe-epitve-10kw\/#primaryimage"},"thumbnailUrl":"https:\/\/esemineu.ro\/wp-content\/uploads\/2023\/09\/4R-VERDE-VULCANO-FRONT-FR-1.jpg","datePublished":"2023-09-26T12:16:06+00:00","dateModified":"2025-12-03T14:30:53+00:00","description":"Norbo z\u00f6ld cser\u00e9pk\u00e1lyha \u00fcvegajt\u00f3val - 10kW teljes\u00edtm\u00e9ny, ac\u00e9l keret ben h\u0151\u00e1ll\u00f3 \u00fcveg ajt\u00f3val \u00e9s vastag \u00f6nt\u00f6ttvas f\u0151z\u0151lappal. Az Esemineu k\u00edn\u00e1lat\u00e1ban.","breadcrumb":{"@id":"https:\/\/esemineu.ro\/hu\/termek\/norbo-zold-cserepkalyha-uvegajtoval-fekete-acel-keretbe-epitve-10kw\/#breadcrumb"},"inLanguage":"hu","potentialAction":[{"@type":"ReadAction","target":["https:\/\/esemineu.ro\/hu\/termek\/norbo-zold-cserepkalyha-uvegajtoval-fekete-acel-keretbe-epitve-10kw\/"]}]},{"@type":"ImageObject","inLanguage":"hu","@id":"https:\/\/esemineu.ro\/hu\/termek\/norbo-zold-cserepkalyha-uvegajtoval-fekete-acel-keretbe-epitve-10kw\/#primaryimage","url":"https:\/\/esemineu.ro\/wp-content\/uploads\/2023\/09\/4R-VERDE-VULCANO-FRONT-FR-1.jpg","contentUrl":"https:\/\/esemineu.ro\/wp-content\/uploads\/2023\/09\/4R-VERDE-VULCANO-FRONT-FR-1.jpg","width":1000,"height":1000,"caption":"Norbo z\u00f6ld cser\u00e9pk\u00e1lyha \u00fcvegajt\u00f3val"},{"@type":"BreadcrumbList","@id":"https:\/\/esemineu.ro\/hu\/termek\/norbo-zold-cserepkalyha-uvegajtoval-fekete-acel-keretbe-epitve-10kw\/#breadcrumb","itemListElement":[{"@type":"ListItem","position":1,"name":"Kezd\u0151lap","item":"https:\/\/esemineu.ro\/hu\/"},{"@type":"ListItem","position":2,"name":"\u00c1ruh\u00e1z","item":"https:\/\/esemineu.ro\/hu\/aruhaz\/"},{"@type":"ListItem","position":3,"name":"Norbo z\u00f6ld cser\u00e9pk\u00e1lyha \u00fcvegajt\u00f3val, Fekete ac\u00e9l keretbe \u00e9p\u00edtve, 10kW"}]},{"@type":"WebSite","@id":"https:\/\/esemineu.ro\/hu\/#website","url":"https:\/\/esemineu.ro\/hu\/","name":"eSemineu","description":"\u0218eminee de cea mai \u00eenalt\u0103 calitate","potentialAction":[{"@type":"SearchAction","target":{"@type":"EntryPoint","urlTemplate":"https:\/\/esemineu.ro\/hu\/?s={search_term_string}"},"query-input":{"@type":"PropertyValueSpecification","valueRequired":true,"valueName":"search_term_string"}}],"inLanguage":"hu"}]}},"_links":{"self":[{"href":"https:\/\/esemineu.ro\/hu\/wp-json\/wp\/v2\/product\/17304","targetHints":{"allow":["GET"]}}],"collection":[{"href":"https:\/\/esemineu.ro\/hu\/wp-json\/wp\/v2\/product"}],"about":[{"href":"https:\/\/esemineu.ro\/hu\/wp-json\/wp\/v2\/types\/product"}],"replies":[{"embeddable":true,"href":"https:\/\/esemineu.ro\/hu\/wp-json\/wp\/v2\/comments?post=17304"}],"wp:featuredmedia":[{"embeddable":true,"href":"https:\/\/esemineu.ro\/hu\/wp-json\/wp\/v2\/media\/17464"}],"wp:attachment":[{"href":"https:\/\/esemineu.ro\/hu\/wp-json\/wp\/v2\/media?parent=17304"}],"wp:term":[{"taxonomy":"product_brand","embeddable":true,"href":"https:\/\/esemineu.ro\/hu\/wp-json\/wp\/v2\/product_brand?post=17304"},{"taxonomy":"product_cat","embeddable":true,"href":"https:\/\/esemineu.ro\/hu\/wp-json\/wp\/v2\/product_cat?post=17304"},{"taxonomy":"product_tag","embeddable":true,"href":"https:\/\/esemineu.ro\/hu\/wp-json\/wp\/v2\/product_tag?post=17304"}],"curies":[{"name":"wp","href":"https:\/\/api.w.org\/{rel}","templated":true}]}}