{"id":16904,"date":"2023-09-18T13:34:00","date_gmt":"2023-09-18T10:34:00","guid":{"rendered":"https:\/\/esemineu.ro\/?post_type=product&#038;p=16904"},"modified":"2025-11-12T09:23:23","modified_gmt":"2025-11-12T07:23:23","slug":"rozsdamentes-szigetelt-fustcso-fi150o-inox-szigetelt-dupla-falu-fust-cso-1m","status":"publish","type":"product","link":"https:\/\/esemineu.ro\/hu\/termek\/rozsdamentes-szigetelt-fustcso-fi150o-inox-szigetelt-dupla-falu-fust-cso-1m\/","title":{"rendered":"Rozsdamentes szigetelt f\u00fcstcs\u0151 FI150\u00d8, Inox szigetelt dupla falu f\u00fcst cs\u0151 1m"},"content":{"rendered":"<p>Rozsdamentes szigetelt f\u00fcstcs\u0151 FI150\u00d8<\/p>\n<p>Egy megb\u00edzhat\u00f3, kiv\u00e1l\u00f3 min\u0151s\u00e9g\u0171 <strong>f\u00fcstcs\u0151<\/strong> kiv\u00e1laszt\u00e1sa l\u00e9tfontoss\u00e1g\u00fa a biztons\u00e1g \u00e9s az optim\u00e1lis teljes\u00edtm\u00e9ny szempontj\u00e1b\u00f3l. Az <strong>esemineu.ro<\/strong> \u00e1ltal k\u00edn\u00e1lt <strong>rozsdamentes szigetelt f\u00fcstcs\u0151 FI150\u00d8<\/strong> a piacon a legjobb v\u00e1laszt\u00e1snak bizonyul, ha hossz\u00fa t\u00e1v\u00fa, megb\u00edzhat\u00f3 megold\u00e1st keresel.<\/p>\n<p>A <strong>rozsdamentes<\/strong> kivitel garant\u00e1lja, hogy a cs\u0151 nem rozsd\u00e1sodik el, m\u00e9g a legextr\u00e9mebb id\u0151j\u00e1r\u00e1si k\u00f6r\u00fclm\u00e9nyek k\u00f6z\u00f6tt sem, \u00edgy hossz\u00fa t\u00e1von is meg\u0151rzi eredeti \u00e1llapot\u00e1t \u00e9s teljes\u00edtm\u00e9ny\u00e9t. A <strong>dupla fal\u00fa szigetel\u00e9s<\/strong> nemcsak azt biztos\u00edtja, hogy a f\u00fcstg\u00e1zok a legoptim\u00e1lisabb h\u0151m\u00e9rs\u00e9kleten t\u00e1vozzanak, de egy\u00fattal n\u00f6veli a t\u0171zbiztons\u00e1got is.<\/p>\n<p>K\u00fcl\u00f6n\u00f6sen kiemelked\u0151 jellemz\u0151je a <strong>f\u00fcstcs\u0151nek<\/strong> az <strong>inox<\/strong>, vagyis rozsdamentes ac\u00e9lb\u00f3l k\u00e9sz\u00fclt kivitele, ami ellen\u00e1ll a korr\u00f3zi\u00f3nak, \u00e9s hossz\u00fa \u00e9lettartamot biztos\u00edt. A <strong>150mm<\/strong> \u00e1tm\u00e9r\u0151 ide\u00e1lis v\u00e1laszt\u00e1s sz\u00e1mos kandall\u00f3hoz vagy k\u00e1lyh\u00e1hoz, biztos\u00edtva az optim\u00e1lis l\u00e9g\u00e1raml\u00e1st \u00e9s a f\u00fcstg\u00e1zok zavartalan elvezet\u00e9s\u00e9t.<\/p>\n<p>Ez a term\u00e9k, a <strong>1 m\u00e9teres inox szigetelt dupla fal\u00fa f\u00fcstcs\u0151<\/strong>, t\u00f6k\u00e9letesen alkalmas a legt\u00f6bb otthoni \u00e9s ipari alkalmaz\u00e1shoz. Az <strong>esemineu.ro<\/strong> nemcsak a term\u00e9k kiv\u00e1l\u00f3 min\u0151s\u00e9g\u00e9t garant\u00e1lja, de a piac legversenyk\u00e9pesebb \u00e1r\u00e1n is k\u00edn\u00e1lja azt.<\/p>\n<p>Egy j\u00f3 min\u0151s\u00e9g\u0171 f\u00fcstelvezet\u0151 rendszer nem csak a hat\u00e9konys\u00e1got n\u00f6veli, hanem jelent\u0151sen cs\u00f6kkenti a vesz\u00e9lyt is, amit a nem megfelel\u0151en m\u0171k\u00f6d\u0151 rendszerek okozhatnak. V\u00e1laszd a <strong>rozsdamentes szigetelt f\u00fcstcs\u0151t<\/strong> az esemineu.ro-t\u00f3l, \u00e9s biztos lehetsz benne, hogy a legjobbat v\u00e1lasztottad a biztons\u00e1g \u00e9s a hat\u00e9konys\u00e1g \u00e9rdek\u00e9ben!<\/p>\n<p>Rozsdamentes szigetelt f\u00fcstcs\u0151 FI150\u00d8 t\u00f6k\u00e9letes v\u00e1laszt\u00e1s azok sz\u00e1m\u00e1ra, akik hat\u00e9kony \u00e9s megb\u00edzhat\u00f3 f\u0171t\u00e9si \u00e9s \u00e9g\u00e9sterm\u00e9k-elvezet\u0151 rendszert szeretn\u00e9nek.<\/p>\n<h4>Sz\u00e1ll\u00edt\u00e1si hat\u00e1rid\u0151:<\/h4>\n<ul>\n<li><strong>Magyarorsz\u00e1g \u00e9s az eg\u00e9sz Eur\u00f3pai Uni\u00f3 ter\u00fclet\u00e9n<\/strong>\u00a0is sz\u00e1ll\u00edtjuk.<\/li>\n<li>Rom\u00e1ni\u00e1ba 2-3 munkanap alatt sz\u00e1ll\u00edtjuk<\/li>\n<li>Magyarorsz\u00e1gra es az EU ter\u00fclet\u00e9re az \u00e1tutal\u00e1s ut\u00e1n 5 munkanapon bel\u00fcl \u00e9rkezik meg a term\u00e9k.<\/li>\n<\/ul>\n<p>B\u00edzunk benne, hogy el\u00e9gedett lesz a Rozsdamentes szigetelt f\u00fcstcs\u0151 FI150\u00d8 vel. Ha b\u00e1rmilyen k\u00e9rd\u00e9se van, k\u00e9rj\u00fck, l\u00e9pjen kapcsolatba vel\u00fcnk.<\/p>\n<p>Tov\u00e1bbi aj\u00e1nlatok\u00e9rt kattintson <a href=\"https:\/\/esemineu.ro\/hu\/termek-kategoria\/fustcsovek\/\">ide<\/a><\/p>\n<p>T\u0151bb inform\u00e1ci\u00f3\u00e9rt l\u00e1togasson el <a href=\"https:\/\/www.youtube.com\/@esemineuromania\">YouTube<\/a>-csatorn\u00e1nkra, valamint\u00a0<a href=\"https:\/\/www.facebook.com\/eSemineu\">Facebook<\/a>\u00a0\u00e9s\u00a0<a href=\"https:\/\/www.instagram.com\/esemineu\/\">Instagram<\/a>\u00a0oldalainkra.<\/p>\n<p><a href=\"https:\/\/esemineu.ro\/\">eSemineu.ro<\/a>\u00a0 \u00a0Te adod a t\u0171zet mi adjuk a meleget!<\/p>\n","protected":false},"excerpt":{"rendered":"<p>Rozsdamentes szigetelt f\u00fcstcs\u0151 FI150\u00d8 Egy megb\u00edzhat\u00f3, kiv\u00e1l\u00f3 min\u0151s\u00e9g\u0171 f\u00fcstcs\u0151 kiv\u00e1laszt\u00e1sa l\u00e9tfontoss\u00e1g\u00fa a biztons\u00e1g \u00e9s az optim\u00e1lis teljes\u00edtm\u00e9ny szempontj\u00e1b\u00f3l. Az esemineu.ro \u00e1ltal k\u00edn\u00e1lt rozsdamentes szigetelt f\u00fcstcs\u0151 FI150\u00d8 a piacon a legjobb v\u00e1laszt\u00e1snak bizonyul, ha hossz\u00fa t\u00e1v\u00fa, megb\u00edzhat\u00f3 megold\u00e1st keresel. A rozsdamentes kivitel garant\u00e1lja, hogy a cs\u0151 nem rozsd\u00e1sodik el, m\u00e9g a legextr\u00e9mebb id\u0151j\u00e1r\u00e1si k\u00f6r\u00fclm\u00e9nyek k\u00f6z\u00f6tt sem, \u00edgy hossz\u00fa t\u00e1von is meg\u0151rzi eredeti \u00e1llapot\u00e1t \u00e9s teljes\u00edtm\u00e9ny\u00e9t. A dupla fal\u00fa szigetel\u00e9s nemcsak azt biztos\u00edtja, hogy a f\u00fcstg\u00e1zok a legoptim\u00e1lisabb h\u0151m\u00e9rs\u00e9kleten t\u00e1vozzanak, de egy\u00fattal n\u00f6veli a t\u0171zbiztons\u00e1got is. K\u00fcl\u00f6n\u00f6sen kiemelked\u0151 jellemz\u0151je a f\u00fcstcs\u0151nek az inox, vagyis rozsdamentes ac\u00e9lb\u00f3l k\u00e9sz\u00fclt kivitele, ami ellen\u00e1ll a korr\u00f3zi\u00f3nak, \u00e9s hossz\u00fa \u00e9lettartamot biztos\u00edt. A 150mm \u00e1tm\u00e9r\u0151 ide\u00e1lis v\u00e1laszt\u00e1s sz\u00e1mos kandall\u00f3hoz vagy k\u00e1lyh\u00e1hoz, biztos\u00edtva az optim\u00e1lis l\u00e9g\u00e1raml\u00e1st \u00e9s a f\u00fcstg\u00e1zok zavartalan elvezet\u00e9s\u00e9t. Ez a term\u00e9k, a 1 m\u00e9teres inox szigetelt dupla fal\u00fa f\u00fcstcs\u0151, t\u00f6k\u00e9letesen alkalmas a legt\u00f6bb otthoni \u00e9s ipari alkalmaz\u00e1shoz. Az esemineu.ro nemcsak a term\u00e9k kiv\u00e1l\u00f3 min\u0151s\u00e9g\u00e9t garant\u00e1lja, de &hellip; <a href=\"https:\/\/esemineu.ro\/hu\/termek\/rozsdamentes-szigetelt-fustcso-fi150o-inox-szigetelt-dupla-falu-fust-cso-1m\/\">Folytatva<\/a><\/p>\n","protected":false},"featured_media":16908,"comment_status":"open","ping_status":"closed","template":"","meta":[],"product_brand":[1572],"product_cat":[1475,779,1472],"product_tag":[],"class_list":{"0":"post-16904","1":"product","2":"type-product","3":"status-publish","4":"has-post-thumbnail","6":"product_brand-pro-invest","7":"product_cat-150-szigetelt","8":"product_cat-fustcsovek","9":"product_cat-rozsdamentes-szigetelt-kemeny","10":"product_shipping_class-fustcsovek","11":"pa_diametru-150mm-hu","12":"pa_grosime-material-1mm-hu","13":"pa_material-rozsdamentes-acel-hu","14":"producer-pro-invest","16":"first","17":"instock","18":"shipping-taxable","19":"purchasable","20":"product-type-simple"},"acf":[],"yoast_head":"<!-- This site is optimized with the Yoast SEO Premium plugin v21.0 (Yoast SEO v27.3) - https:\/\/yoast.com\/product\/yoast-seo-premium-wordpress\/ -->\n<title>Rozsdamentes szigetelt f\u00fcstcs\u0151 FI150\u00d8 I eSemineu.ro<\/title>\n<meta name=\"description\" content=\"Rozsdamentes szigetelt f\u00fcstcs\u0151 FI150\u00d8 - Az esemineu.ro-t\u00f3l. Inox dupla fal\u00fa kialak\u00edt\u00e1s. 1Mx150mm \u00e1tm\u00e9r\u0151. Tart\u00f3s, biztons\u00e1gos, kiv\u00e1l\u00f3 \u00e1r-\u00e9rt\u00e9k ar\u00e1ny.\" \/>\n<meta name=\"robots\" content=\"index, follow, max-snippet:-1, max-image-preview:large, max-video-preview:-1\" \/>\n<link rel=\"canonical\" href=\"https:\/\/esemineu.ro\/hu\/termek\/rozsdamentes-szigetelt-fustcso-fi150o-inox-szigetelt-dupla-falu-fust-cso-1m\/\" \/>\n<meta property=\"og:locale\" content=\"hu_HU\" \/>\n<meta property=\"og:type\" content=\"article\" \/>\n<meta property=\"og:title\" content=\"Rozsdamentes szigetelt f\u00fcstcs\u0151 FI150\u00d8 I eSemineu.ro\" \/>\n<meta property=\"og:description\" content=\"Rozsdamentes szigetelt f\u00fcstcs\u0151 FI150\u00d8 - Az esemineu.ro-t\u00f3l. Inox dupla fal\u00fa kialak\u00edt\u00e1s. 1Mx150mm \u00e1tm\u00e9r\u0151. Tart\u00f3s, biztons\u00e1gos, kiv\u00e1l\u00f3 \u00e1r-\u00e9rt\u00e9k ar\u00e1ny.\" \/>\n<meta property=\"og:url\" content=\"https:\/\/esemineu.ro\/hu\/termek\/rozsdamentes-szigetelt-fustcso-fi150o-inox-szigetelt-dupla-falu-fust-cso-1m\/\" \/>\n<meta property=\"og:site_name\" content=\"eSemineu\" \/>\n<meta property=\"article:publisher\" content=\"https:\/\/web.facebook.com\/eSemineu\" \/>\n<meta property=\"article:modified_time\" content=\"2025-11-12T07:23:23+00:00\" \/>\n<meta property=\"og:image\" content=\"https:\/\/esemineu.ro\/wp-content\/uploads\/2023\/09\/Burlan-de-1-m-1.jpg\" \/>\n\t<meta property=\"og:image:width\" content=\"1000\" \/>\n\t<meta property=\"og:image:height\" content=\"1000\" \/>\n\t<meta property=\"og:image:type\" content=\"image\/jpeg\" \/>\n<meta name=\"twitter:card\" content=\"summary_large_image\" \/>\n<meta name=\"twitter:label1\" content=\"Becs\u00fclt olvas\u00e1si id\u0151\" \/>\n\t<meta name=\"twitter:data1\" content=\"1 perc\" \/>\n<script type=\"application\/ld+json\" class=\"yoast-schema-graph\">{\"@context\":\"https:\\\/\\\/schema.org\",\"@graph\":[{\"@type\":\"WebPage\",\"@id\":\"https:\\\/\\\/esemineu.ro\\\/hu\\\/termek\\\/rozsdamentes-szigetelt-fustcso-fi150o-inox-szigetelt-dupla-falu-fust-cso-1m\\\/\",\"url\":\"https:\\\/\\\/esemineu.ro\\\/hu\\\/termek\\\/rozsdamentes-szigetelt-fustcso-fi150o-inox-szigetelt-dupla-falu-fust-cso-1m\\\/\",\"name\":\"Rozsdamentes szigetelt f\u00fcstcs\u0151 FI150\u00d8 I eSemineu.ro\",\"isPartOf\":{\"@id\":\"https:\\\/\\\/esemineu.ro\\\/hu\\\/#website\"},\"primaryImageOfPage\":{\"@id\":\"https:\\\/\\\/esemineu.ro\\\/hu\\\/termek\\\/rozsdamentes-szigetelt-fustcso-fi150o-inox-szigetelt-dupla-falu-fust-cso-1m\\\/#primaryimage\"},\"image\":{\"@id\":\"https:\\\/\\\/esemineu.ro\\\/hu\\\/termek\\\/rozsdamentes-szigetelt-fustcso-fi150o-inox-szigetelt-dupla-falu-fust-cso-1m\\\/#primaryimage\"},\"thumbnailUrl\":\"https:\\\/\\\/esemineu.ro\\\/wp-content\\\/uploads\\\/2023\\\/09\\\/Burlan-de-1-m-1.jpg\",\"datePublished\":\"2023-09-18T10:34:00+00:00\",\"dateModified\":\"2025-11-12T07:23:23+00:00\",\"description\":\"Rozsdamentes szigetelt f\u00fcstcs\u0151 FI150\u00d8 - Az esemineu.ro-t\u00f3l. Inox dupla fal\u00fa kialak\u00edt\u00e1s. 1Mx150mm \u00e1tm\u00e9r\u0151. Tart\u00f3s, biztons\u00e1gos, kiv\u00e1l\u00f3 \u00e1r-\u00e9rt\u00e9k ar\u00e1ny.\",\"breadcrumb\":{\"@id\":\"https:\\\/\\\/esemineu.ro\\\/hu\\\/termek\\\/rozsdamentes-szigetelt-fustcso-fi150o-inox-szigetelt-dupla-falu-fust-cso-1m\\\/#breadcrumb\"},\"inLanguage\":\"hu\",\"potentialAction\":[{\"@type\":\"ReadAction\",\"target\":[\"https:\\\/\\\/esemineu.ro\\\/hu\\\/termek\\\/rozsdamentes-szigetelt-fustcso-fi150o-inox-szigetelt-dupla-falu-fust-cso-1m\\\/\"]}]},{\"@type\":\"ImageObject\",\"inLanguage\":\"hu\",\"@id\":\"https:\\\/\\\/esemineu.ro\\\/hu\\\/termek\\\/rozsdamentes-szigetelt-fustcso-fi150o-inox-szigetelt-dupla-falu-fust-cso-1m\\\/#primaryimage\",\"url\":\"https:\\\/\\\/esemineu.ro\\\/wp-content\\\/uploads\\\/2023\\\/09\\\/Burlan-de-1-m-1.jpg\",\"contentUrl\":\"https:\\\/\\\/esemineu.ro\\\/wp-content\\\/uploads\\\/2023\\\/09\\\/Burlan-de-1-m-1.jpg\",\"width\":1000,\"height\":1000,\"caption\":\"Szigetelt rozsdamentes f\u00fcstcs\u0151 DP 1M D130\\\/200\"},{\"@type\":\"BreadcrumbList\",\"@id\":\"https:\\\/\\\/esemineu.ro\\\/hu\\\/termek\\\/rozsdamentes-szigetelt-fustcso-fi150o-inox-szigetelt-dupla-falu-fust-cso-1m\\\/#breadcrumb\",\"itemListElement\":[{\"@type\":\"ListItem\",\"position\":1,\"name\":\"Kezd\u0151lap\",\"item\":\"https:\\\/\\\/esemineu.ro\\\/hu\\\/\"},{\"@type\":\"ListItem\",\"position\":2,\"name\":\"\u00c1ruh\u00e1z\",\"item\":\"https:\\\/\\\/esemineu.ro\\\/hu\\\/aruhaz\\\/\"},{\"@type\":\"ListItem\",\"position\":3,\"name\":\"Rozsdamentes szigetelt f\u00fcstcs\u0151 FI150\u00d8, Inox szigetelt dupla falu f\u00fcst cs\u0151 1m\"}]},{\"@type\":\"WebSite\",\"@id\":\"https:\\\/\\\/esemineu.ro\\\/hu\\\/#website\",\"url\":\"https:\\\/\\\/esemineu.ro\\\/hu\\\/\",\"name\":\"eSemineu\",\"description\":\"\u0218eminee de cea mai \u00eenalt\u0103 calitate\",\"potentialAction\":[{\"@type\":\"SearchAction\",\"target\":{\"@type\":\"EntryPoint\",\"urlTemplate\":\"https:\\\/\\\/esemineu.ro\\\/hu\\\/?s={search_term_string}\"},\"query-input\":{\"@type\":\"PropertyValueSpecification\",\"valueRequired\":true,\"valueName\":\"search_term_string\"}}],\"inLanguage\":\"hu\"}]}<\/script>\n<!-- \/ Yoast SEO Premium plugin. -->","yoast_head_json":{"title":"Rozsdamentes szigetelt f\u00fcstcs\u0151 FI150\u00d8 I eSemineu.ro","description":"Rozsdamentes szigetelt f\u00fcstcs\u0151 FI150\u00d8 - Az esemineu.ro-t\u00f3l. Inox dupla fal\u00fa kialak\u00edt\u00e1s. 1Mx150mm \u00e1tm\u00e9r\u0151. Tart\u00f3s, biztons\u00e1gos, kiv\u00e1l\u00f3 \u00e1r-\u00e9rt\u00e9k ar\u00e1ny.","robots":{"index":"index","follow":"follow","max-snippet":"max-snippet:-1","max-image-preview":"max-image-preview:large","max-video-preview":"max-video-preview:-1"},"canonical":"https:\/\/esemineu.ro\/hu\/termek\/rozsdamentes-szigetelt-fustcso-fi150o-inox-szigetelt-dupla-falu-fust-cso-1m\/","og_locale":"hu_HU","og_type":"article","og_title":"Rozsdamentes szigetelt f\u00fcstcs\u0151 FI150\u00d8 I eSemineu.ro","og_description":"Rozsdamentes szigetelt f\u00fcstcs\u0151 FI150\u00d8 - Az esemineu.ro-t\u00f3l. Inox dupla fal\u00fa kialak\u00edt\u00e1s. 1Mx150mm \u00e1tm\u00e9r\u0151. Tart\u00f3s, biztons\u00e1gos, kiv\u00e1l\u00f3 \u00e1r-\u00e9rt\u00e9k ar\u00e1ny.","og_url":"https:\/\/esemineu.ro\/hu\/termek\/rozsdamentes-szigetelt-fustcso-fi150o-inox-szigetelt-dupla-falu-fust-cso-1m\/","og_site_name":"eSemineu","article_publisher":"https:\/\/web.facebook.com\/eSemineu","article_modified_time":"2025-11-12T07:23:23+00:00","og_image":[{"width":1000,"height":1000,"url":"https:\/\/esemineu.ro\/wp-content\/uploads\/2023\/09\/Burlan-de-1-m-1.jpg","type":"image\/jpeg"}],"twitter_card":"summary_large_image","twitter_misc":{"Becs\u00fclt olvas\u00e1si id\u0151":"1 perc"},"schema":{"@context":"https:\/\/schema.org","@graph":[{"@type":"WebPage","@id":"https:\/\/esemineu.ro\/hu\/termek\/rozsdamentes-szigetelt-fustcso-fi150o-inox-szigetelt-dupla-falu-fust-cso-1m\/","url":"https:\/\/esemineu.ro\/hu\/termek\/rozsdamentes-szigetelt-fustcso-fi150o-inox-szigetelt-dupla-falu-fust-cso-1m\/","name":"Rozsdamentes szigetelt f\u00fcstcs\u0151 FI150\u00d8 I eSemineu.ro","isPartOf":{"@id":"https:\/\/esemineu.ro\/hu\/#website"},"primaryImageOfPage":{"@id":"https:\/\/esemineu.ro\/hu\/termek\/rozsdamentes-szigetelt-fustcso-fi150o-inox-szigetelt-dupla-falu-fust-cso-1m\/#primaryimage"},"image":{"@id":"https:\/\/esemineu.ro\/hu\/termek\/rozsdamentes-szigetelt-fustcso-fi150o-inox-szigetelt-dupla-falu-fust-cso-1m\/#primaryimage"},"thumbnailUrl":"https:\/\/esemineu.ro\/wp-content\/uploads\/2023\/09\/Burlan-de-1-m-1.jpg","datePublished":"2023-09-18T10:34:00+00:00","dateModified":"2025-11-12T07:23:23+00:00","description":"Rozsdamentes szigetelt f\u00fcstcs\u0151 FI150\u00d8 - Az esemineu.ro-t\u00f3l. Inox dupla fal\u00fa kialak\u00edt\u00e1s. 1Mx150mm \u00e1tm\u00e9r\u0151. Tart\u00f3s, biztons\u00e1gos, kiv\u00e1l\u00f3 \u00e1r-\u00e9rt\u00e9k ar\u00e1ny.","breadcrumb":{"@id":"https:\/\/esemineu.ro\/hu\/termek\/rozsdamentes-szigetelt-fustcso-fi150o-inox-szigetelt-dupla-falu-fust-cso-1m\/#breadcrumb"},"inLanguage":"hu","potentialAction":[{"@type":"ReadAction","target":["https:\/\/esemineu.ro\/hu\/termek\/rozsdamentes-szigetelt-fustcso-fi150o-inox-szigetelt-dupla-falu-fust-cso-1m\/"]}]},{"@type":"ImageObject","inLanguage":"hu","@id":"https:\/\/esemineu.ro\/hu\/termek\/rozsdamentes-szigetelt-fustcso-fi150o-inox-szigetelt-dupla-falu-fust-cso-1m\/#primaryimage","url":"https:\/\/esemineu.ro\/wp-content\/uploads\/2023\/09\/Burlan-de-1-m-1.jpg","contentUrl":"https:\/\/esemineu.ro\/wp-content\/uploads\/2023\/09\/Burlan-de-1-m-1.jpg","width":1000,"height":1000,"caption":"Szigetelt rozsdamentes f\u00fcstcs\u0151 DP 1M D130\/200"},{"@type":"BreadcrumbList","@id":"https:\/\/esemineu.ro\/hu\/termek\/rozsdamentes-szigetelt-fustcso-fi150o-inox-szigetelt-dupla-falu-fust-cso-1m\/#breadcrumb","itemListElement":[{"@type":"ListItem","position":1,"name":"Kezd\u0151lap","item":"https:\/\/esemineu.ro\/hu\/"},{"@type":"ListItem","position":2,"name":"\u00c1ruh\u00e1z","item":"https:\/\/esemineu.ro\/hu\/aruhaz\/"},{"@type":"ListItem","position":3,"name":"Rozsdamentes szigetelt f\u00fcstcs\u0151 FI150\u00d8, Inox szigetelt dupla falu f\u00fcst cs\u0151 1m"}]},{"@type":"WebSite","@id":"https:\/\/esemineu.ro\/hu\/#website","url":"https:\/\/esemineu.ro\/hu\/","name":"eSemineu","description":"\u0218eminee de cea mai \u00eenalt\u0103 calitate","potentialAction":[{"@type":"SearchAction","target":{"@type":"EntryPoint","urlTemplate":"https:\/\/esemineu.ro\/hu\/?s={search_term_string}"},"query-input":{"@type":"PropertyValueSpecification","valueRequired":true,"valueName":"search_term_string"}}],"inLanguage":"hu"}]}},"_links":{"self":[{"href":"https:\/\/esemineu.ro\/hu\/wp-json\/wp\/v2\/product\/16904","targetHints":{"allow":["GET"]}}],"collection":[{"href":"https:\/\/esemineu.ro\/hu\/wp-json\/wp\/v2\/product"}],"about":[{"href":"https:\/\/esemineu.ro\/hu\/wp-json\/wp\/v2\/types\/product"}],"replies":[{"embeddable":true,"href":"https:\/\/esemineu.ro\/hu\/wp-json\/wp\/v2\/comments?post=16904"}],"wp:featuredmedia":[{"embeddable":true,"href":"https:\/\/esemineu.ro\/hu\/wp-json\/wp\/v2\/media\/16908"}],"wp:attachment":[{"href":"https:\/\/esemineu.ro\/hu\/wp-json\/wp\/v2\/media?parent=16904"}],"wp:term":[{"taxonomy":"product_brand","embeddable":true,"href":"https:\/\/esemineu.ro\/hu\/wp-json\/wp\/v2\/product_brand?post=16904"},{"taxonomy":"product_cat","embeddable":true,"href":"https:\/\/esemineu.ro\/hu\/wp-json\/wp\/v2\/product_cat?post=16904"},{"taxonomy":"product_tag","embeddable":true,"href":"https:\/\/esemineu.ro\/hu\/wp-json\/wp\/v2\/product_tag?post=16904"}],"curies":[{"name":"wp","href":"https:\/\/api.w.org\/{rel}","templated":true}]}}