{"id":16646,"date":"2023-09-07T09:57:40","date_gmt":"2023-09-07T06:57:40","guid":{"rendered":"https:\/\/esemineu.ro\/?post_type=product&#038;p=16646"},"modified":"2026-02-09T08:42:29","modified_gmt":"2026-02-09T06:42:29","slug":"zold-cserepkalyha-vulkano-5-soros-keretben-10kw","status":"publish","type":"product","link":"https:\/\/esemineu.ro\/hu\/termek\/zold-cserepkalyha-vulkano-5-soros-keretben-10kw\/","title":{"rendered":"Z\u00f6ld Cser\u00e9pk\u00e1lyha Vulkano 5 soros, Keretben 10kW"},"content":{"rendered":"<p>Z\u00f6ld Cser\u00e9pk\u00e1lyha Vulkano 5 soros<\/p>\n<p>Azok sz\u00e1m\u00e1ra, akik nem csak a funkcionalit\u00e1st \u00e9rt\u00e9kelik, hanem a diz\u00e1jnt \u00e9s az eszt\u00e9tikumot is. Ez a z\u00f6ld, 5 soros meleg\u00edt\u0151 cser\u00e9pk\u00e1lyha t\u00f6k\u00e9letes v\u00e1laszt\u00e1s lehet.<\/p>\n<p>Az innovat\u00edv tervez\u00e9s sor\u00e1n k\u00fcl\u00f6n\u00f6s figyelmet ford\u00edtottunk arra, hogy a k\u00e1lyha ne csak mutat\u00f3s, de kiv\u00e9telesen praktikus \u00e9s hat\u00e9kony is legyen. Az ac\u00e9l keretben be\u00e9p\u00edtett k\u00e1lyha designja nem csak vizu\u00e1lis \u00e9lm\u00e9nyt ny\u00fajt. A robusztus szerkezetnek k\u00f6sz\u00f6nhet\u0151en hossz\u00fa t\u00e1von is megb\u00edzhat\u00f3 t\u00e1rsa lesz a hideg t\u00e9li est\u00e9ken. A <strong>h\u0151\u00e1ll\u00f3 \u00fcveggel ell\u00e1tott ajt\u00f3<\/strong> kiv\u00e1l\u00f3an ellen\u00e1ll a h\u0151nek, mik\u00f6zben betekint\u00e9st enged a t\u0171z ropog\u00e1s\u00e1ba. A <strong>pr\u00e9mium z\u00f6ld sz\u00edn<\/strong> pedig azoknak k\u00edn\u00e1l k\u00fcl\u00f6nleges megjelen\u00e9st, akik szeretn\u00e9nek egy kis sz\u00ednt vinni otthonukba.<\/p>\n<h5>De a Vulkano nem \u00e1ll meg itt!<\/h5>\n<p>A be\u00e9p\u00edtett f\u0151z\u0151lappal a k\u00e1lyha sokoldal\u00fas\u00e1ga tov\u00e1bb b\u0151v\u00fcl. Egy hideg t\u00e9li est\u00e9n elk\u00e9pzelhet\u0151-e kellemesebb program, mint egy forr\u00f3 tea vagy forralt bor elk\u00e9sz\u00edt\u00e9se k\u00f6zvetlen\u00fcl a cser\u00e9pk\u00e1lyh\u00e1n. A t\u0171z ropog\u00e1sa \u00e9s a k\u00e1lyha melege \u00e1t\u00f6leli az eg\u00e9sz szob\u00e1t? A <strong>120 mm-es f\u00fcstelvezet\u00e9s<\/strong> pedig garant\u00e1lja, hogy a k\u00e1lyha m\u0171k\u00f6d\u00e9se k\u00f6zben minden biztons\u00e1gi el\u0151\u00edr\u00e1snak megfeleljen, \u00e9s az otthona leveg\u0151je tiszta maradjon.<\/p>\n<p>Az <strong>esemineu.ro<\/strong> web\u00e1ruh\u00e1zban a min\u0151s\u00e9g \u00e9s a v\u00e1s\u00e1rl\u00f3i el\u00e9gedetts\u00e9g mindig az els\u0151 helyen szerepel. A Z\u00f6ld Cser\u00e9pk\u00e1lyha Vulkano 5 soros modell\u00fcnkkel \u00fagy \u00e9rezz\u00fck, egy \u00fajabb l\u00e9p\u00e9st tett\u00fcnk ezen elk\u00f6telezetts\u00e9g\u00fcnk betart\u00e1sa fel\u00e9. V\u00e1lassza ezt a kiv\u00e9teles term\u00e9ket, \u00e9s tegye otthon\u00e1t m\u00e9g melegebb\u00e9 \u00e9s hangulatosabb\u00e1 a k\u00f6zelg\u0151 h\u00f3napokban!<\/p>\n<p>A k\u00e1lyha t\u00fczel\u0151anyagk\u00e9nt brikettet, sz\u00e9n \u00e9s t\u0171zif\u00e1t is k\u00e9pes elfogadni. \u00d6nnek szabad v\u00e1laszt\u00e1sa van a legmegfelel\u0151bb \u00e9s legk\u00e9nyelmesebb t\u00fczel\u0151anyag haszn\u00e1lat\u00e1hoz. Fontos azonban, hogy a t\u00fczel\u0151anyag mindig sz\u00e1raz \u00e9s megfelel\u0151 min\u0151s\u00e9g\u0171 legyen a hat\u00e9kony f\u0171t\u00e9s \u00e9rdek\u00e9ben.<\/p>\n<p>Az \u00f6ntv\u00e9ny l\u00e1bak, ajt\u00f3k, f\u0151z\u0151lap, tet\u0151 \u00e9s f\u00fcstcs\u0151 kivezet\u00e9s magas min\u0151s\u00e9g\u0171 anyagokb\u00f3l k\u00e9sz\u00fclnek. Ezek biztos\u00edtj\u00e1k a k\u00e1lyha tart\u00f3ss\u00e1g\u00e1t \u00e9s megb\u00edzhat\u00f3s\u00e1g\u00e1t hossz\u00fa \u00e9veken kereszt\u00fcl.<\/p>\n<p>A Z\u00f6ld Cser\u00e9pk\u00e1lyha Vulkano 5 soros m\u00e9retei ide\u00e1lisak ahhoz, hogy kisebb vagy k\u00f6zepes m\u00e9ret\u0171 helyis\u00e9gekben elhelyezze. A k\u00e1lyha magass\u00e1ga 1300 mm, sz\u00e9less\u00e9ge pedig 460 mm. A k\u00e1lyha alacsony m\u00e9lys\u00e9ge mind\u00f6ssze 370 mm, ami praktikus \u00e9s helytakar\u00e9kos megold\u00e1st k\u00edn\u00e1l az elhelyez\u00e9shez.<\/p>\n<p>A z\u00f6ld Cser\u00e9pk\u00e1lyha Vulkano 5 soros nemcsak kiv\u00e1l\u00f3 f\u0171t\u00e9si teljes\u00edtm\u00e9nyt ny\u00fajt, hanem eszt\u00e9tikus megjelen\u00e9st is biztos\u00edt otthon\u00e1nak. A letisztult design \u00e9s a term\u00e9szetes sz\u00ednek kombin\u00e1ci\u00f3ja eleg\u00e1ns \u00e9s modern megjelen\u00e9st k\u00f6lcs\u00f6n\u00f6z a k\u00f6rnyezet\u00e9nek.<\/p>\n<h4>Sz\u00e1ll\u00edt\u00e1si hat\u00e1rid\u0151:<\/h4>\n<ul>\n<li><strong>Magyarorsz\u00e1g \u00e9s az eg\u00e9sz Eur\u00f3pai Uni\u00f3 ter\u00fclet\u00e9n<\/strong>\u00a0is sz\u00e1ll\u00edtjuk.<\/li>\n<li>Rom\u00e1ni\u00e1ba 2-3 munkanap alatt sz\u00e1ll\u00edtjuk<\/li>\n<li>Magyarorsz\u00e1gra \u00e9s az EU ter\u00fclet\u00e9re az \u00e1tutal\u00e1s ut\u00e1n 5 munkanapon bel\u00fcl \u00e9rkezik meg a term\u00e9k.<\/li>\n<\/ul>\n<p>Ha b\u00e1rmilyen k\u00e9rd\u00e9se van, k\u00e9rj\u00fck, l\u00e9pjen kapcsolatba vel\u00fcnk.<\/p>\n<p>Tov\u00e1bbi aj\u00e1nlatok\u00e9rt kattintson\u00a0<a href=\"https:\/\/esemineu.ro\/hu\/termek-kategoria\/hordozhato-cserepkalyhak\/\">ide<\/a><\/p>\n<p>T\u0151bb inform\u00e1ci\u00f3\u00e9rt l\u00e1togasson el\u00a0<a href=\"https:\/\/www.youtube.com\/@esemineuromania\">YouTube<\/a>-csatorn\u00e1nkra, valamint\u00a0<a href=\"https:\/\/www.facebook.com\/eSemineu\">Facebook<\/a>\u00a0\u00e9s\u00a0<a href=\"https:\/\/www.instagram.com\/esemineu\/\">Instagram<\/a>\u00a0oldalainkra.<\/p>\n<p><a href=\"https:\/\/esemineu.ro\/\">eSemineu.ro<\/a>\u00a0 \u00a0Te rakod a t\u0171zet mi adjuk a meleget!<\/p>\n","protected":false},"excerpt":{"rendered":"<p>Z\u00f6ld Cser\u00e9pk\u00e1lyha Vulkano 5 soros Azok sz\u00e1m\u00e1ra, akik nem csak a funkcionalit\u00e1st \u00e9rt\u00e9kelik, hanem a diz\u00e1jnt \u00e9s az eszt\u00e9tikumot is. Ez a z\u00f6ld, 5 soros meleg\u00edt\u0151 cser\u00e9pk\u00e1lyha t\u00f6k\u00e9letes v\u00e1laszt\u00e1s lehet. Az innovat\u00edv tervez\u00e9s sor\u00e1n k\u00fcl\u00f6n\u00f6s figyelmet ford\u00edtottunk arra, hogy a k\u00e1lyha ne csak mutat\u00f3s, de kiv\u00e9telesen praktikus \u00e9s hat\u00e9kony is legyen. Az ac\u00e9l keretben be\u00e9p\u00edtett k\u00e1lyha designja nem csak vizu\u00e1lis \u00e9lm\u00e9nyt ny\u00fajt. A robusztus szerkezetnek k\u00f6sz\u00f6nhet\u0151en hossz\u00fa t\u00e1von is megb\u00edzhat\u00f3 t\u00e1rsa lesz a hideg t\u00e9li est\u00e9ken. A h\u0151\u00e1ll\u00f3 \u00fcveggel ell\u00e1tott ajt\u00f3 kiv\u00e1l\u00f3an ellen\u00e1ll a h\u0151nek, mik\u00f6zben betekint\u00e9st enged a t\u0171z ropog\u00e1s\u00e1ba. A pr\u00e9mium z\u00f6ld sz\u00edn pedig azoknak k\u00edn\u00e1l k\u00fcl\u00f6nleges megjelen\u00e9st, akik szeretn\u00e9nek egy kis sz\u00ednt vinni otthonukba. De a Vulkano nem \u00e1ll meg itt! A be\u00e9p\u00edtett f\u0151z\u0151lappal a k\u00e1lyha sokoldal\u00fas\u00e1ga tov\u00e1bb b\u0151v\u00fcl. Egy hideg t\u00e9li est\u00e9n elk\u00e9pzelhet\u0151-e kellemesebb program, mint egy forr\u00f3 tea vagy forralt bor elk\u00e9sz\u00edt\u00e9se k\u00f6zvetlen\u00fcl a cser\u00e9pk\u00e1lyh\u00e1n. A t\u0171z ropog\u00e1sa \u00e9s a k\u00e1lyha melege \u00e1t\u00f6leli az eg\u00e9sz &hellip; <a href=\"https:\/\/esemineu.ro\/hu\/termek\/zold-cserepkalyha-vulkano-5-soros-keretben-10kw\/\">Folytatva<\/a><\/p>\n","protected":false},"featured_media":16861,"comment_status":"open","ping_status":"closed","template":"","meta":[],"product_brand":[],"product_cat":[729,1680],"product_tag":[],"class_list":{"0":"post-16646","1":"product","2":"type-product","3":"status-publish","4":"has-post-thumbnail","6":"product_cat-hordozhato-cserepkalyhak","7":"product_cat-melegito","8":"product_shipping_class-csempekalyhak","9":"pa_combustibil-utilizat-brikett","10":"pa_combustibil-utilizat-fa","11":"pa_culoare-zold","12":"pa_diametru-racordului-la-cos-120-mm-hu","13":"pa_material-teracota-hu","14":"pa_material-ontotvas-ajto-hoallo-uveggel","15":"pa_material-ontveny-labak","16":"pa_model-5-soros-melegito-acel-keretben-hu","17":"pa_putere-10-kw-hu","18":"pa_randament-94-hu","19":"pa_suprafata-incalzita-mp-55-59-hu","20":"producer-norbo","22":"first","23":"instock","24":"shipping-taxable","25":"purchasable","26":"product-type-simple"},"acf":[],"yoast_head":"<!-- This site is optimized with the Yoast SEO Premium plugin v21.0 (Yoast SEO v27.3) - https:\/\/yoast.com\/product\/yoast-seo-premium-wordpress\/ -->\n<title>Z\u00f6ld Cser\u00e9pk\u00e1lyha Vulkano 5 soros, f\u0151z\u0151lappal \u00e9s h\u0151\u00e1ll\u00f3 \u00fcveggel<\/title>\n<meta name=\"description\" content=\"Z\u00f6ld Cser\u00e9pk\u00e1lyha Vulkano 5 soros - A t\u00f6k\u00e9letes v\u00e1laszt\u00e1s az otthonoss\u00e1g \u00e9s a modern design kedvel\u0151inek! Pr\u00e9mium min\u0151s\u00e9g\u0171, z\u00f6ld cser\u00e9pk\u00e1lyha.\" \/>\n<meta name=\"robots\" content=\"index, follow, max-snippet:-1, max-image-preview:large, max-video-preview:-1\" \/>\n<link rel=\"canonical\" href=\"https:\/\/esemineu.ro\/hu\/termek\/zold-cserepkalyha-vulkano-5-soros-keretben-10kw\/\" \/>\n<meta property=\"og:locale\" content=\"hu_HU\" \/>\n<meta property=\"og:type\" content=\"article\" \/>\n<meta property=\"og:title\" content=\"Z\u00f6ld Cser\u00e9pk\u00e1lyha Vulkano 5 soros, f\u0151z\u0151lappal \u00e9s h\u0151\u00e1ll\u00f3 \u00fcveggel\" \/>\n<meta property=\"og:description\" content=\"Z\u00f6ld Cser\u00e9pk\u00e1lyha Vulkano 5 soros - A t\u00f6k\u00e9letes v\u00e1laszt\u00e1s az otthonoss\u00e1g \u00e9s a modern design kedvel\u0151inek! Pr\u00e9mium min\u0151s\u00e9g\u0171, z\u00f6ld cser\u00e9pk\u00e1lyha.\" \/>\n<meta property=\"og:url\" content=\"https:\/\/esemineu.ro\/hu\/termek\/zold-cserepkalyha-vulkano-5-soros-keretben-10kw\/\" \/>\n<meta property=\"og:site_name\" content=\"eSemineu\" \/>\n<meta property=\"article:publisher\" content=\"https:\/\/web.facebook.com\/eSemineu\" \/>\n<meta property=\"article:modified_time\" content=\"2026-02-09T06:42:29+00:00\" \/>\n<meta property=\"og:image\" content=\"https:\/\/esemineu.ro\/wp-content\/uploads\/2023\/09\/5R-VULCANO-ZOLD-FIRE.jpg\" \/>\n\t<meta property=\"og:image:width\" content=\"1000\" \/>\n\t<meta property=\"og:image:height\" content=\"1000\" \/>\n\t<meta property=\"og:image:type\" content=\"image\/jpeg\" \/>\n<meta name=\"twitter:card\" content=\"summary_large_image\" \/>\n<meta name=\"twitter:label1\" content=\"Becs\u00fclt olvas\u00e1si id\u0151\" \/>\n\t<meta name=\"twitter:data1\" content=\"3 perc\" \/>\n<script type=\"application\/ld+json\" class=\"yoast-schema-graph\">{\"@context\":\"https:\\\/\\\/schema.org\",\"@graph\":[{\"@type\":\"WebPage\",\"@id\":\"https:\\\/\\\/esemineu.ro\\\/hu\\\/termek\\\/zold-cserepkalyha-vulkano-5-soros-keretben-10kw\\\/\",\"url\":\"https:\\\/\\\/esemineu.ro\\\/hu\\\/termek\\\/zold-cserepkalyha-vulkano-5-soros-keretben-10kw\\\/\",\"name\":\"Z\u00f6ld Cser\u00e9pk\u00e1lyha Vulkano 5 soros, f\u0151z\u0151lappal \u00e9s h\u0151\u00e1ll\u00f3 \u00fcveggel\",\"isPartOf\":{\"@id\":\"https:\\\/\\\/esemineu.ro\\\/hu\\\/#website\"},\"primaryImageOfPage\":{\"@id\":\"https:\\\/\\\/esemineu.ro\\\/hu\\\/termek\\\/zold-cserepkalyha-vulkano-5-soros-keretben-10kw\\\/#primaryimage\"},\"image\":{\"@id\":\"https:\\\/\\\/esemineu.ro\\\/hu\\\/termek\\\/zold-cserepkalyha-vulkano-5-soros-keretben-10kw\\\/#primaryimage\"},\"thumbnailUrl\":\"https:\\\/\\\/esemineu.ro\\\/wp-content\\\/uploads\\\/2023\\\/09\\\/5R-VULCANO-ZOLD-FIRE.jpg\",\"datePublished\":\"2023-09-07T06:57:40+00:00\",\"dateModified\":\"2026-02-09T06:42:29+00:00\",\"description\":\"Z\u00f6ld Cser\u00e9pk\u00e1lyha Vulkano 5 soros - A t\u00f6k\u00e9letes v\u00e1laszt\u00e1s az otthonoss\u00e1g \u00e9s a modern design kedvel\u0151inek! Pr\u00e9mium min\u0151s\u00e9g\u0171, z\u00f6ld cser\u00e9pk\u00e1lyha.\",\"breadcrumb\":{\"@id\":\"https:\\\/\\\/esemineu.ro\\\/hu\\\/termek\\\/zold-cserepkalyha-vulkano-5-soros-keretben-10kw\\\/#breadcrumb\"},\"inLanguage\":\"hu\",\"potentialAction\":[{\"@type\":\"ReadAction\",\"target\":[\"https:\\\/\\\/esemineu.ro\\\/hu\\\/termek\\\/zold-cserepkalyha-vulkano-5-soros-keretben-10kw\\\/\"]}]},{\"@type\":\"ImageObject\",\"inLanguage\":\"hu\",\"@id\":\"https:\\\/\\\/esemineu.ro\\\/hu\\\/termek\\\/zold-cserepkalyha-vulkano-5-soros-keretben-10kw\\\/#primaryimage\",\"url\":\"https:\\\/\\\/esemineu.ro\\\/wp-content\\\/uploads\\\/2023\\\/09\\\/5R-VULCANO-ZOLD-FIRE.jpg\",\"contentUrl\":\"https:\\\/\\\/esemineu.ro\\\/wp-content\\\/uploads\\\/2023\\\/09\\\/5R-VULCANO-ZOLD-FIRE.jpg\",\"width\":1000,\"height\":1000,\"caption\":\"Z\u00f6ld Cser\u00e9pk\u00e1lyha Vulkano 5 soros\"},{\"@type\":\"BreadcrumbList\",\"@id\":\"https:\\\/\\\/esemineu.ro\\\/hu\\\/termek\\\/zold-cserepkalyha-vulkano-5-soros-keretben-10kw\\\/#breadcrumb\",\"itemListElement\":[{\"@type\":\"ListItem\",\"position\":1,\"name\":\"Kezd\u0151lap\",\"item\":\"https:\\\/\\\/esemineu.ro\\\/hu\\\/\"},{\"@type\":\"ListItem\",\"position\":2,\"name\":\"\u00c1ruh\u00e1z\",\"item\":\"https:\\\/\\\/esemineu.ro\\\/hu\\\/aruhaz\\\/\"},{\"@type\":\"ListItem\",\"position\":3,\"name\":\"Z\u00f6ld Cser\u00e9pk\u00e1lyha Vulkano 5 soros, Keretben 10kW\"}]},{\"@type\":\"WebSite\",\"@id\":\"https:\\\/\\\/esemineu.ro\\\/hu\\\/#website\",\"url\":\"https:\\\/\\\/esemineu.ro\\\/hu\\\/\",\"name\":\"eSemineu\",\"description\":\"\u0218eminee de cea mai \u00eenalt\u0103 calitate\",\"potentialAction\":[{\"@type\":\"SearchAction\",\"target\":{\"@type\":\"EntryPoint\",\"urlTemplate\":\"https:\\\/\\\/esemineu.ro\\\/hu\\\/?s={search_term_string}\"},\"query-input\":{\"@type\":\"PropertyValueSpecification\",\"valueRequired\":true,\"valueName\":\"search_term_string\"}}],\"inLanguage\":\"hu\"}]}<\/script>\n<!-- \/ Yoast SEO Premium plugin. -->","yoast_head_json":{"title":"Z\u00f6ld Cser\u00e9pk\u00e1lyha Vulkano 5 soros, f\u0151z\u0151lappal \u00e9s h\u0151\u00e1ll\u00f3 \u00fcveggel","description":"Z\u00f6ld Cser\u00e9pk\u00e1lyha Vulkano 5 soros - A t\u00f6k\u00e9letes v\u00e1laszt\u00e1s az otthonoss\u00e1g \u00e9s a modern design kedvel\u0151inek! Pr\u00e9mium min\u0151s\u00e9g\u0171, z\u00f6ld cser\u00e9pk\u00e1lyha.","robots":{"index":"index","follow":"follow","max-snippet":"max-snippet:-1","max-image-preview":"max-image-preview:large","max-video-preview":"max-video-preview:-1"},"canonical":"https:\/\/esemineu.ro\/hu\/termek\/zold-cserepkalyha-vulkano-5-soros-keretben-10kw\/","og_locale":"hu_HU","og_type":"article","og_title":"Z\u00f6ld Cser\u00e9pk\u00e1lyha Vulkano 5 soros, f\u0151z\u0151lappal \u00e9s h\u0151\u00e1ll\u00f3 \u00fcveggel","og_description":"Z\u00f6ld Cser\u00e9pk\u00e1lyha Vulkano 5 soros - A t\u00f6k\u00e9letes v\u00e1laszt\u00e1s az otthonoss\u00e1g \u00e9s a modern design kedvel\u0151inek! Pr\u00e9mium min\u0151s\u00e9g\u0171, z\u00f6ld cser\u00e9pk\u00e1lyha.","og_url":"https:\/\/esemineu.ro\/hu\/termek\/zold-cserepkalyha-vulkano-5-soros-keretben-10kw\/","og_site_name":"eSemineu","article_publisher":"https:\/\/web.facebook.com\/eSemineu","article_modified_time":"2026-02-09T06:42:29+00:00","og_image":[{"width":1000,"height":1000,"url":"https:\/\/esemineu.ro\/wp-content\/uploads\/2023\/09\/5R-VULCANO-ZOLD-FIRE.jpg","type":"image\/jpeg"}],"twitter_card":"summary_large_image","twitter_misc":{"Becs\u00fclt olvas\u00e1si id\u0151":"3 perc"},"schema":{"@context":"https:\/\/schema.org","@graph":[{"@type":"WebPage","@id":"https:\/\/esemineu.ro\/hu\/termek\/zold-cserepkalyha-vulkano-5-soros-keretben-10kw\/","url":"https:\/\/esemineu.ro\/hu\/termek\/zold-cserepkalyha-vulkano-5-soros-keretben-10kw\/","name":"Z\u00f6ld Cser\u00e9pk\u00e1lyha Vulkano 5 soros, f\u0151z\u0151lappal \u00e9s h\u0151\u00e1ll\u00f3 \u00fcveggel","isPartOf":{"@id":"https:\/\/esemineu.ro\/hu\/#website"},"primaryImageOfPage":{"@id":"https:\/\/esemineu.ro\/hu\/termek\/zold-cserepkalyha-vulkano-5-soros-keretben-10kw\/#primaryimage"},"image":{"@id":"https:\/\/esemineu.ro\/hu\/termek\/zold-cserepkalyha-vulkano-5-soros-keretben-10kw\/#primaryimage"},"thumbnailUrl":"https:\/\/esemineu.ro\/wp-content\/uploads\/2023\/09\/5R-VULCANO-ZOLD-FIRE.jpg","datePublished":"2023-09-07T06:57:40+00:00","dateModified":"2026-02-09T06:42:29+00:00","description":"Z\u00f6ld Cser\u00e9pk\u00e1lyha Vulkano 5 soros - A t\u00f6k\u00e9letes v\u00e1laszt\u00e1s az otthonoss\u00e1g \u00e9s a modern design kedvel\u0151inek! Pr\u00e9mium min\u0151s\u00e9g\u0171, z\u00f6ld cser\u00e9pk\u00e1lyha.","breadcrumb":{"@id":"https:\/\/esemineu.ro\/hu\/termek\/zold-cserepkalyha-vulkano-5-soros-keretben-10kw\/#breadcrumb"},"inLanguage":"hu","potentialAction":[{"@type":"ReadAction","target":["https:\/\/esemineu.ro\/hu\/termek\/zold-cserepkalyha-vulkano-5-soros-keretben-10kw\/"]}]},{"@type":"ImageObject","inLanguage":"hu","@id":"https:\/\/esemineu.ro\/hu\/termek\/zold-cserepkalyha-vulkano-5-soros-keretben-10kw\/#primaryimage","url":"https:\/\/esemineu.ro\/wp-content\/uploads\/2023\/09\/5R-VULCANO-ZOLD-FIRE.jpg","contentUrl":"https:\/\/esemineu.ro\/wp-content\/uploads\/2023\/09\/5R-VULCANO-ZOLD-FIRE.jpg","width":1000,"height":1000,"caption":"Z\u00f6ld Cser\u00e9pk\u00e1lyha Vulkano 5 soros"},{"@type":"BreadcrumbList","@id":"https:\/\/esemineu.ro\/hu\/termek\/zold-cserepkalyha-vulkano-5-soros-keretben-10kw\/#breadcrumb","itemListElement":[{"@type":"ListItem","position":1,"name":"Kezd\u0151lap","item":"https:\/\/esemineu.ro\/hu\/"},{"@type":"ListItem","position":2,"name":"\u00c1ruh\u00e1z","item":"https:\/\/esemineu.ro\/hu\/aruhaz\/"},{"@type":"ListItem","position":3,"name":"Z\u00f6ld Cser\u00e9pk\u00e1lyha Vulkano 5 soros, Keretben 10kW"}]},{"@type":"WebSite","@id":"https:\/\/esemineu.ro\/hu\/#website","url":"https:\/\/esemineu.ro\/hu\/","name":"eSemineu","description":"\u0218eminee de cea mai \u00eenalt\u0103 calitate","potentialAction":[{"@type":"SearchAction","target":{"@type":"EntryPoint","urlTemplate":"https:\/\/esemineu.ro\/hu\/?s={search_term_string}"},"query-input":{"@type":"PropertyValueSpecification","valueRequired":true,"valueName":"search_term_string"}}],"inLanguage":"hu"}]}},"_links":{"self":[{"href":"https:\/\/esemineu.ro\/hu\/wp-json\/wp\/v2\/product\/16646","targetHints":{"allow":["GET"]}}],"collection":[{"href":"https:\/\/esemineu.ro\/hu\/wp-json\/wp\/v2\/product"}],"about":[{"href":"https:\/\/esemineu.ro\/hu\/wp-json\/wp\/v2\/types\/product"}],"replies":[{"embeddable":true,"href":"https:\/\/esemineu.ro\/hu\/wp-json\/wp\/v2\/comments?post=16646"}],"wp:featuredmedia":[{"embeddable":true,"href":"https:\/\/esemineu.ro\/hu\/wp-json\/wp\/v2\/media\/16861"}],"wp:attachment":[{"href":"https:\/\/esemineu.ro\/hu\/wp-json\/wp\/v2\/media?parent=16646"}],"wp:term":[{"taxonomy":"product_brand","embeddable":true,"href":"https:\/\/esemineu.ro\/hu\/wp-json\/wp\/v2\/product_brand?post=16646"},{"taxonomy":"product_cat","embeddable":true,"href":"https:\/\/esemineu.ro\/hu\/wp-json\/wp\/v2\/product_cat?post=16646"},{"taxonomy":"product_tag","embeddable":true,"href":"https:\/\/esemineu.ro\/hu\/wp-json\/wp\/v2\/product_tag?post=16646"}],"curies":[{"name":"wp","href":"https:\/\/api.w.org\/{rel}","templated":true}]}}